{"type":"survey","doc_desc":{"title":"PER_2022_FM-TUMBES-ENT_v01_M","idno":"DDI_PER_2022_FM-TUMBES-ENT_v01_M","producers":[{"name":"UN Refugee Agency","abbreviation":"UNHCR","affiliation":"UN","role":"Metadata producer"},{"name":"Development Economics Data Group","abbreviation":"DECDG","affiliation":"The World Bank","role":"Metadata adapted for World Bank Microdata Library"}],"prod_date":"2022-12-15","version_statement":{"version":"Version 01 (December 2022): This metadata was downloaded from the UNHCR catalog (https:\/\/microdata.unhcr.org\/index.php\/home) and it is identical to UNHCR version (UNHCR_PER_2022_FM_TUMBES_ENTRIES_v2.1). The following two metadata fields were edited - Document ID and Survey ID."}},"study_desc":{"title_statement":{"idno":"PER_2022_FM-TUMBES-ENT_v01_M","title":"Flow Monitoring Tumbes (Entries) 2022","alt_title":"FM-TUMBES-ENT 2022"},"authoring_entity":[{"name":"UN Refugee Agency (UNHCR)","affiliation":"UN"}],"distribution_statement":{"contact":[{"name":"Curation team","affiliation":"UNHCR","email":"microdata@unhcr.org","uri":""}]},"series_statement":{"series_name":"Other Household Survey [hh\/oth]"},"version_statement":{"version":"Version 2.1: Edited, cleaned and anonymised data."},"study_info":{"topics":[{"topic":"Protection","vocab":"","uri":""},{"topic":"Transport\/Logistics","vocab":"","uri":""}],"abstract":"UNHCR Peru undertakes flow monitoring of Venezuelan refugees and migrants to analyze their movement dynamics at the border, their protection needs and vulnerabilities. For the most part, families in transit are walking or asking for hitchhiking and crossing the borders using irregular routes, which increases protection risks along the way. The analysis of this information contributes to the design of responses to mitigate these protection risks. The results are not statistically representative and should be considered as a general indicator of the trends.","coll_dates":[{"start":"2021-10-25","end":"2022-07-19","cycle":""}],"nation":[{"name":"Peru","abbreviation":"PER"}],"geog_coverage":"Tumbes","analysis_unit":"Group and member","data_kind":"Event\/transaction data [evn]","notes":"The scope of the survey includes:\n- household and member demographics\n- reasons for moving\n- incidents\n- coping strategies\n- risks\n- specific needs\n- documents"},"method":{"data_collection":{"data_collectors":[{"name":"UN Refugee Agency","abbreviation":"UNHCR","affiliation":"UN"}],"coll_mode":["Computer Assisted Personal Interview [capi]"],"research_instrument":"The questionnaire contained the following sections: general information, route, family characteristics, member characteristics, incidents, coping strategies."}},"data_access":{"dataset_use":{"cit_req":"UNHCR (2022). Peru: Flow Monitoring Tumbes (Entries), 2022. Accessed from: https:\/\/microdata.unhcr.org"}}},"schematype":"survey","data_files":[{"file_id":"F1","file_name":"Group","description":"This file contains the groups data collected during the survey.","case_count":"0","var_count":"199","producer":null,"data_checks":null,"missing_data":null,"version":null,"notes":null,"metadata":null},{"file_id":"F2","file_name":"Members","description":"This file contains the members data collected during the survey.","case_count":"0","var_count":"199","producer":null,"data_checks":null,"missing_data":null,"version":null,"notes":null,"metadata":null}],"variables":[{"file_id":"F1","vid":"V1","name":"fecha_monitoreo","var_intrvl":"discrete","var_dcml":"0","var_wgt":null,"var_is_wgt":null,"loc_start_pos":null,"loc_end_pos":null,"loc_width":null,"loc_rec_seg_no":null,"labl":"INFORMACI\u00d3N GENERAL\/Fecha de monitoreo","var_imputation":"INFORMACI\u00d3N GENERAL\/Fecha de monitoreo","var_security":"INFORMACI\u00d3N GENERAL\/Fecha de monitoreo","var_resp_unit":"INFORMACI\u00d3N GENERAL\/Fecha de monitoreo","var_analysis_unit":null,"var_qstn_preqtxt":null,"var_qstn_qstnlit":null,"var_qstn_postqtxt":null,"var_qstn_ivuinstr":null,"var_universe":null,"var_universe_clusion":null,"var_sumstat":[{"value":"0","type":"vald","wgtd":null},{"value":"0","type":"invd","wgtd":null}],"var_txt":null,"var_catgry":[{"value":"1","labl":"2021-10-25","is_missing":null,"stats":[]},{"value":"2","labl":"2022-05-02","is_missing":null,"stats":[]},{"value":"3","labl":"2022-05-04","is_missing":null,"stats":[]},{"value":"4","labl":"2022-05-09","is_missing":null,"stats":[]},{"value":"5","labl":"2022-05-11","is_missing":null,"stats":[]},{"value":"6","labl":"2022-05-16","is_missing":null,"stats":[]},{"value":"7","labl":"2022-05-17","is_missing":null,"stats":[]},{"value":"8","labl":"2022-05-23","is_missing":null,"stats":[]},{"value":"9","labl":"2022-05-24","is_missing":null,"stats":[]},{"value":"10","labl":"2022-06-28","is_missing":null,"stats":[]},{"value":"11","labl":"2022-07-12","is_missing":null,"stats":[]},{"value":"12","labl":"2022-07-18","is_missing":null,"stats":[]},{"value":"13","labl":"2022-07-19","is_missing":null,"stats":[]}],"var_codinstr":null,"var_concept":[],"var_format":{"type":"numeric","schema":"other","category":null,"name":null},"var_notes":null,"var_val_range":{"min":"1","max":"13"},"fid":"F1"},{"file_id":"F1","vid":"V2","name":"lugar_monitoreo","var_intrvl":"discrete","var_dcml":"0","var_wgt":null,"var_is_wgt":null,"loc_start_pos":null,"loc_end_pos":null,"loc_width":null,"loc_rec_seg_no":null,"labl":"INFORMACI\u00d3N GENERAL\/Lugar de monitoreo","var_imputation":"INFORMACI\u00d3N GENERAL\/Lugar de monitoreo","var_security":"INFORMACI\u00d3N GENERAL\/Lugar de monitoreo","var_resp_unit":"INFORMACI\u00d3N GENERAL\/Lugar de monitoreo","var_analysis_unit":null,"var_qstn_preqtxt":null,"var_qstn_qstnlit":null,"var_qstn_postqtxt":null,"var_qstn_ivuinstr":null,"var_universe":null,"var_universe_clusion":null,"var_sumstat":[{"value":"0","type":"vald","wgtd":null},{"value":"0","type":"invd","wgtd":null}],"var_txt":null,"var_catgry":[{"value":"1","labl":"Carretera Panamericana","is_missing":null,"stats":[]},{"value":"2","labl":"PAO Aguas Verdes","is_missing":null,"stats":[]}],"var_codinstr":null,"var_concept":[],"var_format":{"type":"numeric","schema":"other","category":null,"name":null},"var_notes":null,"var_val_range":{"min":"1","max":"2"},"fid":"F1"},{"file_id":"F1","vid":"V3","name":"consentimiento","var_intrvl":"discrete","var_dcml":"0","var_wgt":null,"var_is_wgt":null,"loc_start_pos":null,"loc_end_pos":null,"loc_width":null,"loc_rec_seg_no":null,"labl":"INFORMACI\u00d3N GENERAL\/ \u00bfEst\u00e1 usted dispuesto a responder a algunas preguntas?","var_imputation":"INFORMACI\u00d3N GENERAL\/ \u00bfEst\u00e1 usted dispuesto a responder a algunas preguntas?","var_security":"INFORMACI\u00d3N GENERAL\/ \u00bfEst\u00e1 usted dispuesto a responder a algunas preguntas?","var_resp_unit":"INFORMACI\u00d3N GENERAL\/ \u00bfEst\u00e1 usted dispuesto a responder a algunas preguntas?","var_analysis_unit":null,"var_qstn_preqtxt":null,"var_qstn_qstnlit":null,"var_qstn_postqtxt":null,"var_qstn_ivuinstr":null,"var_universe":null,"var_universe_clusion":null,"var_sumstat":[{"value":"0","type":"vald","wgtd":null},{"value":"0","type":"invd","wgtd":null}],"var_txt":null,"var_catgry":[{"value":"1","labl":"No","is_missing":null,"stats":[]},{"value":"2","labl":"Si","is_missing":null,"stats":[]}],"var_codinstr":null,"var_concept":[],"var_format":{"type":"numeric","schema":"other","category":null,"name":null},"var_notes":null,"var_val_range":{"min":"1","max":"2"},"fid":"F1"},{"file_id":"F1","vid":"V4","name":"puntos_tumbes","var_intrvl":"discrete","var_dcml":"0","var_wgt":null,"var_is_wgt":null,"loc_start_pos":null,"loc_end_pos":null,"loc_width":null,"loc_rec_seg_no":null,"labl":"SITUACI\u00d3N EN LA RUTA\/\u00bfPor cu\u00e1l punto ingres\u00f3 en Per\u00fa?","var_imputation":"SITUACI\u00d3N EN LA RUTA\/\u00bfPor cu\u00e1l punto ingres\u00f3 en Per\u00fa?","var_security":"SITUACI\u00d3N EN LA RUTA\/\u00bfPor cu\u00e1l punto ingres\u00f3 en Per\u00fa?","var_resp_unit":"SITUACI\u00d3N EN LA RUTA\/\u00bfPor cu\u00e1l punto ingres\u00f3 en Per\u00fa?","var_analysis_unit":null,"var_qstn_preqtxt":null,"var_qstn_qstnlit":null,"var_qstn_postqtxt":null,"var_qstn_ivuinstr":null,"var_universe":null,"var_universe_clusion":null,"var_sumstat":[{"value":"0","type":"vald","wgtd":null},{"value":"0","type":"invd","wgtd":null}],"var_txt":null,"var_catgry":[{"value":"1","labl":"Puente Internacional","is_missing":null,"stats":[]},{"value":"2","labl":"Trocha","is_missing":null,"stats":[]}],"var_codinstr":null,"var_concept":[],"var_format":{"type":"numeric","schema":"other","category":null,"name":null},"var_notes":null,"var_val_range":{"min":"1","max":"2"},"fid":"F1"},{"file_id":"F1","vid":"V5","name":"entra_peru","var_intrvl":"discrete","var_dcml":"0","var_wgt":null,"var_is_wgt":null,"loc_start_pos":null,"loc_end_pos":null,"loc_width":null,"loc_rec_seg_no":null,"labl":"SITUACI\u00d3N EN LA RUTA\/\u00bfEs la primera vez que ingresa a Per\u00fa?","var_imputation":"SITUACI\u00d3N EN LA RUTA\/\u00bfEs la primera vez que ingresa a Per\u00fa?","var_security":"SITUACI\u00d3N EN LA RUTA\/\u00bfEs la primera vez que ingresa a Per\u00fa?","var_resp_unit":"SITUACI\u00d3N EN LA RUTA\/\u00bfEs la primera vez que ingresa a Per\u00fa?","var_analysis_unit":null,"var_qstn_preqtxt":null,"var_qstn_qstnlit":null,"var_qstn_postqtxt":null,"var_qstn_ivuinstr":null,"var_universe":null,"var_universe_clusion":null,"var_sumstat":[{"value":"0","type":"vald","wgtd":null},{"value":"0","type":"invd","wgtd":null}],"var_txt":null,"var_catgry":[{"value":"1","labl":"No","is_missing":null,"stats":[]},{"value":"2","labl":"Si","is_missing":null,"stats":[]}],"var_codinstr":null,"var_concept":[],"var_format":{"type":"numeric","schema":"other","category":null,"name":null},"var_notes":null,"var_val_range":{"min":"1","max":"2"},"fid":"F1"},{"file_id":"F1","vid":"V6","name":"antes_peru","var_intrvl":"discrete","var_dcml":"0","var_wgt":null,"var_is_wgt":null,"loc_start_pos":null,"loc_end_pos":null,"loc_width":null,"loc_rec_seg_no":null,"labl":"SITUACI\u00d3N EN LA RUTA\/\u00bfCu\u00e1ndo ingres\u00f3 a Per\u00fa la primera vez?","var_imputation":"SITUACI\u00d3N EN LA RUTA\/\u00bfCu\u00e1ndo ingres\u00f3 a Per\u00fa la primera vez?","var_security":"SITUACI\u00d3N EN LA RUTA\/\u00bfCu\u00e1ndo ingres\u00f3 a Per\u00fa la primera vez?","var_resp_unit":"SITUACI\u00d3N EN LA RUTA\/\u00bfCu\u00e1ndo ingres\u00f3 a Per\u00fa la primera vez?","var_analysis_unit":null,"var_qstn_preqtxt":null,"var_qstn_qstnlit":null,"var_qstn_postqtxt":null,"var_qstn_ivuinstr":null,"var_universe":null,"var_universe_clusion":null,"var_sumstat":[{"value":"0","type":"vald","wgtd":null},{"value":"0","type":"invd","wgtd":null}],"var_txt":null,"var_catgry":[{"value":"1","labl":"2018-04-17","is_missing":null,"stats":[]},{"value":"2","labl":"2021-01-01","is_missing":null,"stats":[]},{"value":"3","labl":"2021-06-17","is_missing":null,"stats":[]},{"value":"4","labl":"2022-02-10","is_missing":null,"stats":[]},{"value":"5","labl":"2022-03-01","is_missing":null,"stats":[]},{"value":"6","labl":"2022-05-09","is_missing":null,"stats":[]},{"value":"7","labl":"2022-05-10","is_missing":null,"stats":[]},{"value":"8","labl":"2022-06-06","is_missing":null,"stats":[]},{"value":"9","labl":"2022-06-28","is_missing":null,"stats":[]}],"var_codinstr":null,"var_concept":[],"var_format":{"type":"numeric","schema":"other","category":null,"name":null},"var_notes":null,"var_val_range":{"min":"1","max":"9"},"fid":"F1"},{"file_id":"F1","vid":"V7","name":"pais","var_intrvl":"discrete","var_dcml":"0","var_wgt":null,"var_is_wgt":null,"loc_start_pos":null,"loc_end_pos":null,"loc_width":null,"loc_rec_seg_no":null,"labl":"SITUACI\u00d3N EN LA RUTA\/\u00bfEn qu\u00e9 pa\u00eds estuvo viviendo antes de iniciar este viaje a Per\u00fa?","var_imputation":"SITUACI\u00d3N EN LA RUTA\/\u00bfEn qu\u00e9 pa\u00eds estuvo viviendo antes de iniciar este viaje a Per\u00fa?","var_security":"SITUACI\u00d3N EN LA RUTA\/\u00bfEn qu\u00e9 pa\u00eds estuvo viviendo antes de iniciar este viaje a Per\u00fa?","var_resp_unit":"SITUACI\u00d3N EN LA RUTA\/\u00bfEn qu\u00e9 pa\u00eds estuvo viviendo antes de iniciar este viaje a Per\u00fa?","var_analysis_unit":null,"var_qstn_preqtxt":null,"var_qstn_qstnlit":null,"var_qstn_postqtxt":null,"var_qstn_ivuinstr":null,"var_universe":null,"var_universe_clusion":null,"var_sumstat":[{"value":"0","type":"vald","wgtd":null},{"value":"0","type":"invd","wgtd":null}],"var_txt":null,"var_catgry":[{"value":"1","labl":"Argentina","is_missing":null,"stats":[]},{"value":"2","labl":"Bolivia","is_missing":null,"stats":[]},{"value":"3","labl":"Colombia","is_missing":null,"stats":[]},{"value":"4","labl":"Ecuador","is_missing":null,"stats":[]},{"value":"5","labl":"Per\u00fa","is_missing":null,"stats":[]},{"value":"6","labl":"Venezuela","is_missing":null,"stats":[]}],"var_codinstr":null,"var_concept":[],"var_format":{"type":"numeric","schema":"other","category":null,"name":null},"var_notes":null,"var_val_range":{"min":"1","max":"6"},"fid":"F1"},{"file_id":"F1","vid":"V8","name":"otro_pais","var_intrvl":"discrete","var_dcml":"0","var_wgt":null,"var_is_wgt":null,"loc_start_pos":null,"loc_end_pos":null,"loc_width":null,"loc_rec_seg_no":null,"labl":"SITUACI\u00d3N EN LA RUTA\/\u00bfQu\u00e9 otro pais?","var_imputation":"SITUACI\u00d3N EN LA RUTA\/\u00bfQu\u00e9 otro pais?","var_security":"SITUACI\u00d3N EN LA RUTA\/\u00bfQu\u00e9 otro pais?","var_resp_unit":"SITUACI\u00d3N EN LA RUTA\/\u00bfQu\u00e9 otro pais?","var_analysis_unit":null,"var_qstn_preqtxt":null,"var_qstn_qstnlit":null,"var_qstn_postqtxt":null,"var_qstn_ivuinstr":null,"var_universe":null,"var_universe_clusion":null,"var_sumstat":[{"value":"0","type":"vald","wgtd":null},{"value":"0","type":"invd","wgtd":null}],"var_txt":null,"var_catgry":[{"value":"1","labl":"TRUE","is_missing":null,"stats":[]}],"var_codinstr":null,"var_concept":[],"var_format":{"type":"numeric","schema":"other","category":null,"name":null},"var_notes":null,"var_val_range":{"min":"1","max":"1"},"fid":"F1"},{"file_id":"F1","vid":"V9","name":"tiempo_pais","var_intrvl":"discrete","var_dcml":"0","var_wgt":null,"var_is_wgt":null,"loc_start_pos":null,"loc_end_pos":null,"loc_width":null,"loc_rec_seg_no":null,"labl":"SITUACI\u00d3N EN LA RUTA\/\u00bfCu\u00e1nto tiempo estuvo viviendo en ese pa\u00eds?","var_imputation":"SITUACI\u00d3N EN LA RUTA\/\u00bfCu\u00e1nto tiempo estuvo viviendo en ese pa\u00eds?","var_security":"SITUACI\u00d3N EN LA RUTA\/\u00bfCu\u00e1nto tiempo estuvo viviendo en ese pa\u00eds?","var_resp_unit":"SITUACI\u00d3N EN LA RUTA\/\u00bfCu\u00e1nto tiempo estuvo viviendo en ese pa\u00eds?","var_analysis_unit":null,"var_qstn_preqtxt":null,"var_qstn_qstnlit":null,"var_qstn_postqtxt":null,"var_qstn_ivuinstr":null,"var_universe":null,"var_universe_clusion":null,"var_sumstat":[{"value":"0","type":"vald","wgtd":null},{"value":"0","type":"invd","wgtd":null}],"var_txt":null,"var_catgry":[{"value":"1","labl":"0 a 6 meses","is_missing":null,"stats":[]},{"value":"2","labl":"1 a\u00f1o a 3 a\u00f1os","is_missing":null,"stats":[]},{"value":"3","labl":"3 a\u00f1os a 5 a\u00f1os","is_missing":null,"stats":[]},{"value":"4","labl":"6 meses a 1 a\u00f1o","is_missing":null,"stats":[]},{"value":"5","labl":"M\u00e1s de 5 a\u00f1os","is_missing":null,"stats":[]},{"value":"6","labl":"Toda la vida","is_missing":null,"stats":[]}],"var_codinstr":null,"var_concept":[],"var_format":{"type":"numeric","schema":"other","category":null,"name":null},"var_notes":null,"var_val_range":{"min":"1","max":"6"},"fid":"F1"},{"file_id":"F1","vid":"V10","name":"tiempo_fuera","var_intrvl":"discrete","var_dcml":"0","var_wgt":null,"var_is_wgt":null,"loc_start_pos":null,"loc_end_pos":null,"loc_width":null,"loc_rec_seg_no":null,"labl":"SITUACI\u00d3N EN LA RUTA\/\u00bfEn qu\u00e9 fecha iniciaron este viaje hacia Per\u00fa?","var_imputation":"SITUACI\u00d3N EN LA RUTA\/\u00bfEn qu\u00e9 fecha iniciaron este viaje hacia Per\u00fa?","var_security":"SITUACI\u00d3N EN LA RUTA\/\u00bfEn qu\u00e9 fecha iniciaron este viaje hacia Per\u00fa?","var_resp_unit":"SITUACI\u00d3N EN LA RUTA\/\u00bfEn qu\u00e9 fecha iniciaron este viaje hacia Per\u00fa?","var_analysis_unit":null,"var_qstn_preqtxt":null,"var_qstn_qstnlit":null,"var_qstn_postqtxt":null,"var_qstn_ivuinstr":null,"var_universe":null,"var_universe_clusion":null,"var_sumstat":[{"value":"0","type":"vald","wgtd":null},{"value":"0","type":"invd","wgtd":null}],"var_txt":null,"var_catgry":[{"value":"1","labl":"2021-09-09","is_missing":null,"stats":[]},{"value":"2","labl":"2021-09-15","is_missing":null,"stats":[]},{"value":"3","labl":"2021-09-17","is_missing":null,"stats":[]},{"value":"4","labl":"2021-10-01","is_missing":null,"stats":[]},{"value":"5","labl":"2021-10-07","is_missing":null,"stats":[]},{"value":"6","labl":"2021-10-09","is_missing":null,"stats":[]},{"value":"7","labl":"2021-12-27","is_missing":null,"stats":[]},{"value":"8","labl":"2022-03-09","is_missing":null,"stats":[]},{"value":"9","labl":"2022-03-15","is_missing":null,"stats":[]},{"value":"10","labl":"2022-04-04","is_missing":null,"stats":[]},{"value":"11","labl":"2022-04-08","is_missing":null,"stats":[]},{"value":"12","labl":"2022-04-11","is_missing":null,"stats":[]},{"value":"13","labl":"2022-04-13","is_missing":null,"stats":[]},{"value":"14","labl":"2022-04-14","is_missing":null,"stats":[]},{"value":"15","labl":"2022-04-15","is_missing":null,"stats":[]},{"value":"16","labl":"2022-04-18","is_missing":null,"stats":[]},{"value":"17","labl":"2022-04-20","is_missing":null,"stats":[]},{"value":"18","labl":"2022-04-21","is_missing":null,"stats":[]},{"value":"19","labl":"2022-04-22","is_missing":null,"stats":[]},{"value":"20","labl":"2022-04-30","is_missing":null,"stats":[]},{"value":"21","labl":"2022-05-02","is_missing":null,"stats":[]},{"value":"22","labl":"2022-05-04","is_missing":null,"stats":[]},{"value":"23","labl":"2022-05-05","is_missing":null,"stats":[]},{"value":"24","labl":"2022-05-06","is_missing":null,"stats":[]},{"value":"25","labl":"2022-05-07","is_missing":null,"stats":[]},{"value":"26","labl":"2022-05-09","is_missing":null,"stats":[]},{"value":"27","labl":"2022-05-10","is_missing":null,"stats":[]},{"value":"28","labl":"2022-05-11","is_missing":null,"stats":[]},{"value":"29","labl":"2022-05-12","is_missing":null,"stats":[]},{"value":"30","labl":"2022-05-14","is_missing":null,"stats":[]},{"value":"31","labl":"2022-05-15","is_missing":null,"stats":[]},{"value":"32","labl":"2022-05-19","is_missing":null,"stats":[]},{"value":"33","labl":"2022-05-20","is_missing":null,"stats":[]},{"value":"34","labl":"2022-06-01","is_missing":null,"stats":[]},{"value":"35","labl":"2022-06-02","is_missing":null,"stats":[]},{"value":"36","labl":"2022-06-08","is_missing":null,"stats":[]},{"value":"37","labl":"2022-06-09","is_missing":null,"stats":[]},{"value":"38","labl":"2022-06-10","is_missing":null,"stats":[]},{"value":"39","labl":"2022-06-11","is_missing":null,"stats":[]},{"value":"40","labl":"2022-06-15","is_missing":null,"stats":[]},{"value":"41","labl":"2022-06-18","is_missing":null,"stats":[]},{"value":"42","labl":"2022-06-23","is_missing":null,"stats":[]},{"value":"43","labl":"2022-06-27","is_missing":null,"stats":[]}],"var_codinstr":null,"var_concept":[],"var_format":{"type":"numeric","schema":"other","category":null,"name":null},"var_notes":null,"var_val_range":{"min":"1","max":"43"},"fid":"F1"},{"file_id":"F1","vid":"V11","name":"meses_fuera","var_intrvl":"discrete","var_dcml":"0","var_wgt":null,"var_is_wgt":null,"loc_start_pos":null,"loc_end_pos":null,"loc_width":null,"loc_rec_seg_no":null,"labl":"SITUACI\u00d3N EN LA RUTA\/Tiempo de viaje (meses):","var_imputation":"SITUACI\u00d3N EN LA RUTA\/Tiempo de viaje (meses):","var_security":"SITUACI\u00d3N EN LA RUTA\/Tiempo de viaje (meses):","var_resp_unit":"SITUACI\u00d3N EN LA RUTA\/Tiempo de viaje (meses):","var_analysis_unit":null,"var_qstn_preqtxt":null,"var_qstn_qstnlit":null,"var_qstn_postqtxt":null,"var_qstn_ivuinstr":null,"var_universe":null,"var_universe_clusion":null,"var_sumstat":[{"value":"0","type":"vald","wgtd":null},{"value":"0","type":"invd","wgtd":null}],"var_txt":null,"var_catgry":[],"var_codinstr":null,"var_concept":[],"var_format":{"type":"numeric","schema":"other","category":null,"name":null},"var_notes":null,"var_val_range":{"min":null,"max":null},"fid":"F1"},{"file_id":"F1","vid":"V12","name":"pais_destino","var_intrvl":"discrete","var_dcml":"0","var_wgt":null,"var_is_wgt":null,"loc_start_pos":null,"loc_end_pos":null,"loc_width":null,"loc_rec_seg_no":null,"labl":"SITUACI\u00d3N EN LA RUTA\/\u00bfTiene planes de quedarse en Per\u00fa o est\u00e1 en camino a otro pa\u00eds?","var_imputation":"SITUACI\u00d3N EN LA RUTA\/\u00bfTiene planes de quedarse en Per\u00fa o est\u00e1 en camino a otro pa\u00eds?","var_security":"SITUACI\u00d3N EN LA RUTA\/\u00bfTiene planes de quedarse en Per\u00fa o est\u00e1 en camino a otro pa\u00eds?","var_resp_unit":"SITUACI\u00d3N EN LA RUTA\/\u00bfTiene planes de quedarse en Per\u00fa o est\u00e1 en camino a otro pa\u00eds?","var_analysis_unit":null,"var_qstn_preqtxt":null,"var_qstn_qstnlit":null,"var_qstn_postqtxt":null,"var_qstn_ivuinstr":null,"var_universe":null,"var_universe_clusion":null,"var_sumstat":[{"value":"0","type":"vald","wgtd":null},{"value":"0","type":"invd","wgtd":null}],"var_txt":null,"var_catgry":[{"value":"1","labl":"Se quedar\u00e1 en Per\u00fa","is_missing":null,"stats":[]},{"value":"2","labl":"Seguir\u00e1 a otro pa\u00eds","is_missing":null,"stats":[]},{"value":"3","labl":"Seguir\u00e1 hasta Argentina","is_missing":null,"stats":[]},{"value":"4","labl":"Seguir\u00e1 hasta Chile","is_missing":null,"stats":[]}],"var_codinstr":null,"var_concept":[],"var_format":{"type":"numeric","schema":"other","category":null,"name":null},"var_notes":null,"var_val_range":{"min":"1","max":"4"},"fid":"F1"},{"file_id":"F1","vid":"V13","name":"otro_pais_destino","var_intrvl":"discrete","var_dcml":"0","var_wgt":null,"var_is_wgt":null,"loc_start_pos":null,"loc_end_pos":null,"loc_width":null,"loc_rec_seg_no":null,"labl":"SITUACI\u00d3N EN LA RUTA\/\u00bfHacia qu\u00e9 otro pais se dirige?","var_imputation":"SITUACI\u00d3N EN LA RUTA\/\u00bfHacia qu\u00e9 otro pais se dirige?","var_security":"SITUACI\u00d3N EN LA RUTA\/\u00bfHacia qu\u00e9 otro pais se dirige?","var_resp_unit":"SITUACI\u00d3N EN LA RUTA\/\u00bfHacia qu\u00e9 otro pais se dirige?","var_analysis_unit":null,"var_qstn_preqtxt":null,"var_qstn_qstnlit":null,"var_qstn_postqtxt":null,"var_qstn_ivuinstr":null,"var_universe":null,"var_universe_clusion":null,"var_sumstat":[{"value":"0","type":"vald","wgtd":null},{"value":"0","type":"invd","wgtd":null}],"var_txt":null,"var_catgry":[{"value":"1","labl":"Brasil","is_missing":null,"stats":[]}],"var_codinstr":null,"var_concept":[],"var_format":{"type":"numeric","schema":"other","category":null,"name":null},"var_notes":null,"var_val_range":{"min":"1","max":"1"},"fid":"F1"},{"file_id":"F1","vid":"V14","name":"departamento","var_intrvl":"discrete","var_dcml":"0","var_wgt":null,"var_is_wgt":null,"loc_start_pos":null,"loc_end_pos":null,"loc_width":null,"loc_rec_seg_no":null,"labl":"SITUACI\u00d3N EN LA RUTA\/\u00bfA qu\u00e9 ciudad de Per\u00fa van usted y su familia?","var_imputation":"SITUACI\u00d3N EN LA RUTA\/\u00bfA qu\u00e9 ciudad de Per\u00fa van usted y su familia?","var_security":"SITUACI\u00d3N EN LA RUTA\/\u00bfA qu\u00e9 ciudad de Per\u00fa van usted y su familia?","var_resp_unit":"SITUACI\u00d3N EN LA RUTA\/\u00bfA qu\u00e9 ciudad de Per\u00fa van usted y su familia?","var_analysis_unit":null,"var_qstn_preqtxt":null,"var_qstn_qstnlit":null,"var_qstn_postqtxt":null,"var_qstn_ivuinstr":null,"var_universe":null,"var_universe_clusion":null,"var_sumstat":[{"value":"0","type":"vald","wgtd":null},{"value":"0","type":"invd","wgtd":null}],"var_txt":null,"var_catgry":[{"value":"1","labl":"Arequipa","is_missing":null,"stats":[]},{"value":"2","labl":"Cusco","is_missing":null,"stats":[]},{"value":"3","labl":"Huancavelica","is_missing":null,"stats":[]},{"value":"4","labl":"La Libertad","is_missing":null,"stats":[]},{"value":"5","labl":"Lambayeque","is_missing":null,"stats":[]},{"value":"6","labl":"Lima","is_missing":null,"stats":[]},{"value":"7","labl":"Piura","is_missing":null,"stats":[]},{"value":"8","labl":"Tumbes","is_missing":null,"stats":[]}],"var_codinstr":null,"var_concept":[],"var_format":{"type":"numeric","schema":"other","category":null,"name":null},"var_notes":null,"var_val_range":{"min":"1","max":"8"},"fid":"F1"},{"file_id":"F1","vid":"V15","name":"puntos","var_intrvl":"discrete","var_dcml":"0","var_wgt":null,"var_is_wgt":null,"loc_start_pos":null,"loc_end_pos":null,"loc_width":null,"loc_rec_seg_no":null,"labl":"SITUACI\u00d3N EN LA RUTA\/\u00bfPor qu\u00e9 punto piensan salir de Per\u00fa para llegar a su destino?","var_imputation":"SITUACI\u00d3N EN LA RUTA\/\u00bfPor qu\u00e9 punto piensan salir de Per\u00fa para llegar a su destino?","var_security":"SITUACI\u00d3N EN LA RUTA\/\u00bfPor qu\u00e9 punto piensan salir de Per\u00fa para llegar a su destino?","var_resp_unit":"SITUACI\u00d3N EN LA RUTA\/\u00bfPor qu\u00e9 punto piensan salir de Per\u00fa para llegar a su destino?","var_analysis_unit":null,"var_qstn_preqtxt":null,"var_qstn_qstnlit":null,"var_qstn_postqtxt":null,"var_qstn_ivuinstr":null,"var_universe":null,"var_universe_clusion":null,"var_sumstat":[{"value":"0","type":"vald","wgtd":null},{"value":"0","type":"invd","wgtd":null}],"var_txt":null,"var_catgry":[{"value":"1","labl":"Desaguadero (Puno)","is_missing":null,"stats":[]},{"value":"2","labl":"Madre de Dios","is_missing":null,"stats":[]},{"value":"3","labl":"No s\u00e9","is_missing":null,"stats":[]},{"value":"4","labl":"Otro punto geogr\u00e1fico","is_missing":null,"stats":[]},{"value":"5","labl":"Tacna","is_missing":null,"stats":[]}],"var_codinstr":null,"var_concept":[],"var_format":{"type":"numeric","schema":"other","category":null,"name":null},"var_notes":null,"var_val_range":{"min":"1","max":"5"},"fid":"F1"},{"file_id":"F1","vid":"V16","name":"razones_peru1_1","var_intrvl":"discrete","var_dcml":"0","var_wgt":null,"var_is_wgt":null,"loc_start_pos":null,"loc_end_pos":null,"loc_width":null,"loc_rec_seg_no":null,"labl":"SITUACI\u00d3N EN LA RUTA\/\u00bfPor qu\u00e9 motivos decidieron salir de Per\u00fa en ese momento?\/Fui a recoger a mis familiares","var_imputation":"SITUACI\u00d3N EN LA RUTA\/\u00bfPor qu\u00e9 motivos decidieron salir de Per\u00fa en ese momento?\/Fui a recoger a mis familiares","var_security":"SITUACI\u00d3N EN LA RUTA\/\u00bfPor qu\u00e9 motivos decidieron salir de Per\u00fa en ese momento?\/Fui a recoger a mis familiares","var_resp_unit":"SITUACI\u00d3N EN LA RUTA\/\u00bfPor qu\u00e9 motivos decidieron salir de Per\u00fa en ese momento?\/Fui a recoger a mis familiares","var_analysis_unit":null,"var_qstn_preqtxt":null,"var_qstn_qstnlit":null,"var_qstn_postqtxt":null,"var_qstn_ivuinstr":null,"var_universe":null,"var_universe_clusion":null,"var_sumstat":[{"value":"0","type":"vald","wgtd":null},{"value":"0","type":"invd","wgtd":null}],"var_txt":null,"var_catgry":[],"var_codinstr":null,"var_concept":[],"var_format":{"type":"numeric","schema":"other","category":null,"name":null},"var_notes":null,"var_val_range":{"min":null,"max":null},"fid":"F1"},{"file_id":"F1","vid":"V17","name":"razones_peru1_2","var_intrvl":"discrete","var_dcml":"0","var_wgt":null,"var_is_wgt":null,"loc_start_pos":null,"loc_end_pos":null,"loc_width":null,"loc_rec_seg_no":null,"labl":"SITUACI\u00d3N EN LA RUTA\/\u00bfPor qu\u00e9 motivos decidieron salir de Per\u00fa en ese momento?\/Fui a visitar a un familiar que estaba mal de salud","var_imputation":"SITUACI\u00d3N EN LA RUTA\/\u00bfPor qu\u00e9 motivos decidieron salir de Per\u00fa en ese momento?\/Fui a visitar a un familiar que estaba mal de salud","var_security":"SITUACI\u00d3N EN LA RUTA\/\u00bfPor qu\u00e9 motivos decidieron salir de Per\u00fa en ese momento?\/Fui a visitar a un familiar que estaba mal de salud","var_resp_unit":"SITUACI\u00d3N EN LA RUTA\/\u00bfPor qu\u00e9 motivos decidieron salir de Per\u00fa en ese momento?\/Fui a visitar a un familiar que estaba mal de salud","var_analysis_unit":null,"var_qstn_preqtxt":null,"var_qstn_qstnlit":null,"var_qstn_postqtxt":null,"var_qstn_ivuinstr":null,"var_universe":null,"var_universe_clusion":null,"var_sumstat":[{"value":"0","type":"vald","wgtd":null},{"value":"0","type":"invd","wgtd":null}],"var_txt":null,"var_catgry":[],"var_codinstr":null,"var_concept":[],"var_format":{"type":"numeric","schema":"other","category":null,"name":null},"var_notes":null,"var_val_range":{"min":null,"max":null},"fid":"F1"},{"file_id":"F1","vid":"V18","name":"razones_peru1_3","var_intrvl":"discrete","var_dcml":"0","var_wgt":null,"var_is_wgt":null,"loc_start_pos":null,"loc_end_pos":null,"loc_width":null,"loc_rec_seg_no":null,"labl":"SITUACI\u00d3N EN LA RUTA\/\u00bfPor qu\u00e9 motivos decidieron salir de Per\u00fa en ese momento?\/No ten\u00eda trabajo en Per\u00fa","var_imputation":"SITUACI\u00d3N EN LA RUTA\/\u00bfPor qu\u00e9 motivos decidieron salir de Per\u00fa en ese momento?\/No ten\u00eda trabajo en Per\u00fa","var_security":"SITUACI\u00d3N EN LA RUTA\/\u00bfPor qu\u00e9 motivos decidieron salir de Per\u00fa en ese momento?\/No ten\u00eda trabajo en Per\u00fa","var_resp_unit":"SITUACI\u00d3N EN LA RUTA\/\u00bfPor qu\u00e9 motivos decidieron salir de Per\u00fa en ese momento?\/No ten\u00eda trabajo en Per\u00fa","var_analysis_unit":null,"var_qstn_preqtxt":null,"var_qstn_qstnlit":null,"var_qstn_postqtxt":null,"var_qstn_ivuinstr":null,"var_universe":null,"var_universe_clusion":null,"var_sumstat":[{"value":"0","type":"vald","wgtd":null},{"value":"0","type":"invd","wgtd":null}],"var_txt":null,"var_catgry":[],"var_codinstr":null,"var_concept":[],"var_format":{"type":"numeric","schema":"other","category":null,"name":null},"var_notes":null,"var_val_range":{"min":null,"max":null},"fid":"F1"},{"file_id":"F1","vid":"V19","name":"razones_peru1_4","var_intrvl":"discrete","var_dcml":"0","var_wgt":null,"var_is_wgt":null,"loc_start_pos":null,"loc_end_pos":null,"loc_width":null,"loc_rec_seg_no":null,"labl":"SITUACI\u00d3N EN LA RUTA\/\u00bfPor qu\u00e9 motivos decidieron salir de Per\u00fa en ese momento?\/No pod\u00eda acceder a servicios de salud en Per\u00fa","var_imputation":"SITUACI\u00d3N EN LA RUTA\/\u00bfPor qu\u00e9 motivos decidieron salir de Per\u00fa en ese momento?\/No pod\u00eda acceder a servicios de salud en Per\u00fa","var_security":"SITUACI\u00d3N EN LA RUTA\/\u00bfPor qu\u00e9 motivos decidieron salir de Per\u00fa en ese momento?\/No pod\u00eda acceder a servicios de salud en Per\u00fa","var_resp_unit":"SITUACI\u00d3N EN LA RUTA\/\u00bfPor qu\u00e9 motivos decidieron salir de Per\u00fa en ese momento?\/No pod\u00eda acceder a servicios de salud en Per\u00fa","var_analysis_unit":null,"var_qstn_preqtxt":null,"var_qstn_qstnlit":null,"var_qstn_postqtxt":null,"var_qstn_ivuinstr":null,"var_universe":null,"var_universe_clusion":null,"var_sumstat":[{"value":"0","type":"vald","wgtd":null},{"value":"0","type":"invd","wgtd":null}],"var_txt":null,"var_catgry":[],"var_codinstr":null,"var_concept":[],"var_format":{"type":"numeric","schema":"other","category":null,"name":null},"var_notes":null,"var_val_range":{"min":null,"max":null},"fid":"F1"},{"file_id":"F1","vid":"V20","name":"razones_peru1_5","var_intrvl":"discrete","var_dcml":"0","var_wgt":null,"var_is_wgt":null,"loc_start_pos":null,"loc_end_pos":null,"loc_width":null,"loc_rec_seg_no":null,"labl":"SITUACI\u00d3N EN LA RUTA\/\u00bfPor qu\u00e9 motivos decidieron salir de Per\u00fa en ese momento?\/No pod\u00eda acceder a educaci\u00f3n en Per\u00fa","var_imputation":"SITUACI\u00d3N EN LA RUTA\/\u00bfPor qu\u00e9 motivos decidieron salir de Per\u00fa en ese momento?\/No pod\u00eda acceder a educaci\u00f3n en Per\u00fa","var_security":"SITUACI\u00d3N EN LA RUTA\/\u00bfPor qu\u00e9 motivos decidieron salir de Per\u00fa en ese momento?\/No pod\u00eda acceder a educaci\u00f3n en Per\u00fa","var_resp_unit":"SITUACI\u00d3N EN LA RUTA\/\u00bfPor qu\u00e9 motivos decidieron salir de Per\u00fa en ese momento?\/No pod\u00eda acceder a educaci\u00f3n en Per\u00fa","var_analysis_unit":null,"var_qstn_preqtxt":null,"var_qstn_qstnlit":null,"var_qstn_postqtxt":null,"var_qstn_ivuinstr":null,"var_universe":null,"var_universe_clusion":null,"var_sumstat":[{"value":"0","type":"vald","wgtd":null},{"value":"0","type":"invd","wgtd":null}],"var_txt":null,"var_catgry":[],"var_codinstr":null,"var_concept":[],"var_format":{"type":"numeric","schema":"other","category":null,"name":null},"var_notes":null,"var_val_range":{"min":null,"max":null},"fid":"F1"},{"file_id":"F1","vid":"V21","name":"razones_peru1_6","var_intrvl":"discrete","var_dcml":"0","var_wgt":null,"var_is_wgt":null,"loc_start_pos":null,"loc_end_pos":null,"loc_width":null,"loc_rec_seg_no":null,"labl":"SITUACI\u00d3N EN LA RUTA\/\u00bfPor qu\u00e9 motivos decidieron salir de Per\u00fa en ese momento?\/No pod\u00eda cubrir alimentaci\u00f3n","var_imputation":"SITUACI\u00d3N EN LA RUTA\/\u00bfPor qu\u00e9 motivos decidieron salir de Per\u00fa en ese momento?\/No pod\u00eda cubrir alimentaci\u00f3n","var_security":"SITUACI\u00d3N EN LA RUTA\/\u00bfPor qu\u00e9 motivos decidieron salir de Per\u00fa en ese momento?\/No pod\u00eda cubrir alimentaci\u00f3n","var_resp_unit":"SITUACI\u00d3N EN LA RUTA\/\u00bfPor qu\u00e9 motivos decidieron salir de Per\u00fa en ese momento?\/No pod\u00eda cubrir alimentaci\u00f3n","var_analysis_unit":null,"var_qstn_preqtxt":null,"var_qstn_qstnlit":null,"var_qstn_postqtxt":null,"var_qstn_ivuinstr":null,"var_universe":null,"var_universe_clusion":null,"var_sumstat":[{"value":"0","type":"vald","wgtd":null},{"value":"0","type":"invd","wgtd":null}],"var_txt":null,"var_catgry":[],"var_codinstr":null,"var_concept":[],"var_format":{"type":"numeric","schema":"other","category":null,"name":null},"var_notes":null,"var_val_range":{"min":null,"max":null},"fid":"F1"},{"file_id":"F1","vid":"V22","name":"razones_peru1_7","var_intrvl":"discrete","var_dcml":"0","var_wgt":null,"var_is_wgt":null,"loc_start_pos":null,"loc_end_pos":null,"loc_width":null,"loc_rec_seg_no":null,"labl":"SITUACI\u00d3N EN LA RUTA\/\u00bfPor qu\u00e9 motivos decidieron salir de Per\u00fa en ese momento?\/Me hab\u00edan desalojado y no ten\u00eda donde vivir en Per\u00fa","var_imputation":"SITUACI\u00d3N EN LA RUTA\/\u00bfPor qu\u00e9 motivos decidieron salir de Per\u00fa en ese momento?\/Me hab\u00edan desalojado y no ten\u00eda donde vivir en Per\u00fa","var_security":"SITUACI\u00d3N EN LA RUTA\/\u00bfPor qu\u00e9 motivos decidieron salir de Per\u00fa en ese momento?\/Me hab\u00edan desalojado y no ten\u00eda donde vivir en Per\u00fa","var_resp_unit":"SITUACI\u00d3N EN LA RUTA\/\u00bfPor qu\u00e9 motivos decidieron salir de Per\u00fa en ese momento?\/Me hab\u00edan desalojado y no ten\u00eda donde vivir en Per\u00fa","var_analysis_unit":null,"var_qstn_preqtxt":null,"var_qstn_qstnlit":null,"var_qstn_postqtxt":null,"var_qstn_ivuinstr":null,"var_universe":null,"var_universe_clusion":null,"var_sumstat":[{"value":"0","type":"vald","wgtd":null},{"value":"0","type":"invd","wgtd":null}],"var_txt":null,"var_catgry":[],"var_codinstr":null,"var_concept":[],"var_format":{"type":"numeric","schema":"other","category":null,"name":null},"var_notes":null,"var_val_range":{"min":null,"max":null},"fid":"F1"},{"file_id":"F1","vid":"V23","name":"razones_peru1_8","var_intrvl":"discrete","var_dcml":"0","var_wgt":null,"var_is_wgt":null,"loc_start_pos":null,"loc_end_pos":null,"loc_width":null,"loc_rec_seg_no":null,"labl":"SITUACI\u00d3N EN LA RUTA\/\u00bfPor qu\u00e9 motivos decidieron salir de Per\u00fa en ese momento?\/Ten\u00eda muchas deudas en Per\u00fa","var_imputation":"SITUACI\u00d3N EN LA RUTA\/\u00bfPor qu\u00e9 motivos decidieron salir de Per\u00fa en ese momento?\/Ten\u00eda muchas deudas en Per\u00fa","var_security":"SITUACI\u00d3N EN LA RUTA\/\u00bfPor qu\u00e9 motivos decidieron salir de Per\u00fa en ese momento?\/Ten\u00eda muchas deudas en Per\u00fa","var_resp_unit":"SITUACI\u00d3N EN LA RUTA\/\u00bfPor qu\u00e9 motivos decidieron salir de Per\u00fa en ese momento?\/Ten\u00eda muchas deudas en Per\u00fa","var_analysis_unit":null,"var_qstn_preqtxt":null,"var_qstn_qstnlit":null,"var_qstn_postqtxt":null,"var_qstn_ivuinstr":null,"var_universe":null,"var_universe_clusion":null,"var_sumstat":[{"value":"0","type":"vald","wgtd":null},{"value":"0","type":"invd","wgtd":null}],"var_txt":null,"var_catgry":[],"var_codinstr":null,"var_concept":[],"var_format":{"type":"numeric","schema":"other","category":null,"name":null},"var_notes":null,"var_val_range":{"min":null,"max":null},"fid":"F1"},{"file_id":"F1","vid":"V24","name":"razones_peru1_9","var_intrvl":"discrete","var_dcml":"0","var_wgt":null,"var_is_wgt":null,"loc_start_pos":null,"loc_end_pos":null,"loc_width":null,"loc_rec_seg_no":null,"labl":"SITUACI\u00d3N EN LA RUTA\/\u00bfPor qu\u00e9 motivos decidieron salir de Per\u00fa en ese momento?\/Otro","var_imputation":"SITUACI\u00d3N EN LA RUTA\/\u00bfPor qu\u00e9 motivos decidieron salir de Per\u00fa en ese momento?\/Otro","var_security":"SITUACI\u00d3N EN LA RUTA\/\u00bfPor qu\u00e9 motivos decidieron salir de Per\u00fa en ese momento?\/Otro","var_resp_unit":"SITUACI\u00d3N EN LA RUTA\/\u00bfPor qu\u00e9 motivos decidieron salir de Per\u00fa en ese momento?\/Otro","var_analysis_unit":null,"var_qstn_preqtxt":null,"var_qstn_qstnlit":null,"var_qstn_postqtxt":null,"var_qstn_ivuinstr":null,"var_universe":null,"var_universe_clusion":null,"var_sumstat":[{"value":"0","type":"vald","wgtd":null},{"value":"0","type":"invd","wgtd":null}],"var_txt":null,"var_catgry":[],"var_codinstr":null,"var_concept":[],"var_format":{"type":"numeric","schema":"other","category":null,"name":null},"var_notes":null,"var_val_range":{"min":null,"max":null},"fid":"F1"},{"file_id":"F1","vid":"V25","name":"razones_col_1","var_intrvl":"discrete","var_dcml":"0","var_wgt":null,"var_is_wgt":null,"loc_start_pos":null,"loc_end_pos":null,"loc_width":null,"loc_rec_seg_no":null,"labl":"SITUACI\u00d3N EN LA RUTA\/\u00bfPor qu\u00e9 motivos decidieron salir de Colombia?\/Falta de alimentos","var_imputation":"SITUACI\u00d3N EN LA RUTA\/\u00bfPor qu\u00e9 motivos decidieron salir de Colombia?\/Falta de alimentos","var_security":"SITUACI\u00d3N EN LA RUTA\/\u00bfPor qu\u00e9 motivos decidieron salir de Colombia?\/Falta de alimentos","var_resp_unit":"SITUACI\u00d3N EN LA RUTA\/\u00bfPor qu\u00e9 motivos decidieron salir de Colombia?\/Falta de alimentos","var_analysis_unit":null,"var_qstn_preqtxt":null,"var_qstn_qstnlit":null,"var_qstn_postqtxt":null,"var_qstn_ivuinstr":null,"var_universe":null,"var_universe_clusion":null,"var_sumstat":[{"value":"0","type":"vald","wgtd":null},{"value":"0","type":"invd","wgtd":null}],"var_txt":null,"var_catgry":[],"var_codinstr":null,"var_concept":[],"var_format":{"type":"numeric","schema":"other","category":null,"name":null},"var_notes":null,"var_val_range":{"min":null,"max":null},"fid":"F1"},{"file_id":"F1","vid":"V26","name":"razones_col_2","var_intrvl":"discrete","var_dcml":"0","var_wgt":null,"var_is_wgt":null,"loc_start_pos":null,"loc_end_pos":null,"loc_width":null,"loc_rec_seg_no":null,"labl":"SITUACI\u00d3N EN LA RUTA\/\u00bfPor qu\u00e9 motivos decidieron salir de Colombia?\/Falta de trabajo","var_imputation":"SITUACI\u00d3N EN LA RUTA\/\u00bfPor qu\u00e9 motivos decidieron salir de Colombia?\/Falta de trabajo","var_security":"SITUACI\u00d3N EN LA RUTA\/\u00bfPor qu\u00e9 motivos decidieron salir de Colombia?\/Falta de trabajo","var_resp_unit":"SITUACI\u00d3N EN LA RUTA\/\u00bfPor qu\u00e9 motivos decidieron salir de Colombia?\/Falta de trabajo","var_analysis_unit":null,"var_qstn_preqtxt":null,"var_qstn_qstnlit":null,"var_qstn_postqtxt":null,"var_qstn_ivuinstr":null,"var_universe":null,"var_universe_clusion":null,"var_sumstat":[{"value":"0","type":"vald","wgtd":null},{"value":"0","type":"invd","wgtd":null}],"var_txt":null,"var_catgry":[],"var_codinstr":null,"var_concept":[],"var_format":{"type":"numeric","schema":"other","category":null,"name":null},"var_notes":null,"var_val_range":{"min":null,"max":null},"fid":"F1"},{"file_id":"F1","vid":"V27","name":"razones_col_3","var_intrvl":"discrete","var_dcml":"0","var_wgt":null,"var_is_wgt":null,"loc_start_pos":null,"loc_end_pos":null,"loc_width":null,"loc_rec_seg_no":null,"labl":"SITUACI\u00d3N EN LA RUTA\/\u00bfPor qu\u00e9 motivos decidieron salir de Colombia?\/Sin acceso a salud","var_imputation":"SITUACI\u00d3N EN LA RUTA\/\u00bfPor qu\u00e9 motivos decidieron salir de Colombia?\/Sin acceso a salud","var_security":"SITUACI\u00d3N EN LA RUTA\/\u00bfPor qu\u00e9 motivos decidieron salir de Colombia?\/Sin acceso a salud","var_resp_unit":"SITUACI\u00d3N EN LA RUTA\/\u00bfPor qu\u00e9 motivos decidieron salir de Colombia?\/Sin acceso a salud","var_analysis_unit":null,"var_qstn_preqtxt":null,"var_qstn_qstnlit":null,"var_qstn_postqtxt":null,"var_qstn_ivuinstr":null,"var_universe":null,"var_universe_clusion":null,"var_sumstat":[{"value":"0","type":"vald","wgtd":null},{"value":"0","type":"invd","wgtd":null}],"var_txt":null,"var_catgry":[],"var_codinstr":null,"var_concept":[],"var_format":{"type":"numeric","schema":"other","category":null,"name":null},"var_notes":null,"var_val_range":{"min":null,"max":null},"fid":"F1"},{"file_id":"F1","vid":"V28","name":"razones_col_4","var_intrvl":"discrete","var_dcml":"0","var_wgt":null,"var_is_wgt":null,"loc_start_pos":null,"loc_end_pos":null,"loc_width":null,"loc_rec_seg_no":null,"labl":"SITUACI\u00d3N EN LA RUTA\/\u00bfPor qu\u00e9 motivos decidieron salir de Colombia?\/Sin acceso a educaci\u00f3n","var_imputation":"SITUACI\u00d3N EN LA RUTA\/\u00bfPor qu\u00e9 motivos decidieron salir de Colombia?\/Sin acceso a educaci\u00f3n","var_security":"SITUACI\u00d3N EN LA RUTA\/\u00bfPor qu\u00e9 motivos decidieron salir de Colombia?\/Sin acceso a educaci\u00f3n","var_resp_unit":"SITUACI\u00d3N EN LA RUTA\/\u00bfPor qu\u00e9 motivos decidieron salir de Colombia?\/Sin acceso a educaci\u00f3n","var_analysis_unit":null,"var_qstn_preqtxt":null,"var_qstn_qstnlit":null,"var_qstn_postqtxt":null,"var_qstn_ivuinstr":null,"var_universe":null,"var_universe_clusion":null,"var_sumstat":[{"value":"0","type":"vald","wgtd":null},{"value":"0","type":"invd","wgtd":null}],"var_txt":null,"var_catgry":[],"var_codinstr":null,"var_concept":[],"var_format":{"type":"numeric","schema":"other","category":null,"name":null},"var_notes":null,"var_val_range":{"min":null,"max":null},"fid":"F1"},{"file_id":"F1","vid":"V29","name":"razones_col_5","var_intrvl":"discrete","var_dcml":"0","var_wgt":null,"var_is_wgt":null,"loc_start_pos":null,"loc_end_pos":null,"loc_width":null,"loc_rec_seg_no":null,"labl":"SITUACI\u00d3N EN LA RUTA\/\u00bfPor qu\u00e9 motivos decidieron salir de Colombia?\/Desalojado por no poder pagar el arriendo","var_imputation":"SITUACI\u00d3N EN LA RUTA\/\u00bfPor qu\u00e9 motivos decidieron salir de Colombia?\/Desalojado por no poder pagar el arriendo","var_security":"SITUACI\u00d3N EN LA RUTA\/\u00bfPor qu\u00e9 motivos decidieron salir de Colombia?\/Desalojado por no poder pagar el arriendo","var_resp_unit":"SITUACI\u00d3N EN LA RUTA\/\u00bfPor qu\u00e9 motivos decidieron salir de Colombia?\/Desalojado por no poder pagar el arriendo","var_analysis_unit":null,"var_qstn_preqtxt":null,"var_qstn_qstnlit":null,"var_qstn_postqtxt":null,"var_qstn_ivuinstr":null,"var_universe":null,"var_universe_clusion":null,"var_sumstat":[{"value":"0","type":"vald","wgtd":null},{"value":"0","type":"invd","wgtd":null}],"var_txt":null,"var_catgry":[],"var_codinstr":null,"var_concept":[],"var_format":{"type":"numeric","schema":"other","category":null,"name":null},"var_notes":null,"var_val_range":{"min":null,"max":null},"fid":"F1"},{"file_id":"F1","vid":"V30","name":"razones_col_6","var_intrvl":"discrete","var_dcml":"0","var_wgt":null,"var_is_wgt":null,"loc_start_pos":null,"loc_end_pos":null,"loc_width":null,"loc_rec_seg_no":null,"labl":"SITUACI\u00d3N EN LA RUTA\/\u00bfPor qu\u00e9 motivos decidieron salir de Colombia?\/Deudas en el pa\u00eds de acogida","var_imputation":"SITUACI\u00d3N EN LA RUTA\/\u00bfPor qu\u00e9 motivos decidieron salir de Colombia?\/Deudas en el pa\u00eds de acogida","var_security":"SITUACI\u00d3N EN LA RUTA\/\u00bfPor qu\u00e9 motivos decidieron salir de Colombia?\/Deudas en el pa\u00eds de acogida","var_resp_unit":"SITUACI\u00d3N EN LA RUTA\/\u00bfPor qu\u00e9 motivos decidieron salir de Colombia?\/Deudas en el pa\u00eds de acogida","var_analysis_unit":null,"var_qstn_preqtxt":null,"var_qstn_qstnlit":null,"var_qstn_postqtxt":null,"var_qstn_ivuinstr":null,"var_universe":null,"var_universe_clusion":null,"var_sumstat":[{"value":"0","type":"vald","wgtd":null},{"value":"0","type":"invd","wgtd":null}],"var_txt":null,"var_catgry":[],"var_codinstr":null,"var_concept":[],"var_format":{"type":"numeric","schema":"other","category":null,"name":null},"var_notes":null,"var_val_range":{"min":null,"max":null},"fid":"F1"},{"file_id":"F1","vid":"V31","name":"razones_col_7","var_intrvl":"discrete","var_dcml":"0","var_wgt":null,"var_is_wgt":null,"loc_start_pos":null,"loc_end_pos":null,"loc_width":null,"loc_rec_seg_no":null,"labl":"SITUACI\u00d3N EN LA RUTA\/\u00bfPor qu\u00e9 motivos decidieron salir de Colombia?\/Acoso sexual","var_imputation":"SITUACI\u00d3N EN LA RUTA\/\u00bfPor qu\u00e9 motivos decidieron salir de Colombia?\/Acoso sexual","var_security":"SITUACI\u00d3N EN LA RUTA\/\u00bfPor qu\u00e9 motivos decidieron salir de Colombia?\/Acoso sexual","var_resp_unit":"SITUACI\u00d3N EN LA RUTA\/\u00bfPor qu\u00e9 motivos decidieron salir de Colombia?\/Acoso sexual","var_analysis_unit":null,"var_qstn_preqtxt":null,"var_qstn_qstnlit":null,"var_qstn_postqtxt":null,"var_qstn_ivuinstr":null,"var_universe":null,"var_universe_clusion":null,"var_sumstat":[{"value":"0","type":"vald","wgtd":null},{"value":"0","type":"invd","wgtd":null}],"var_txt":null,"var_catgry":[],"var_codinstr":null,"var_concept":[],"var_format":{"type":"numeric","schema":"other","category":null,"name":null},"var_notes":null,"var_val_range":{"min":null,"max":null},"fid":"F1"},{"file_id":"F1","vid":"V32","name":"razones_col_8","var_intrvl":"discrete","var_dcml":"0","var_wgt":null,"var_is_wgt":null,"loc_start_pos":null,"loc_end_pos":null,"loc_width":null,"loc_rec_seg_no":null,"labl":"SITUACI\u00d3N EN LA RUTA\/\u00bfPor qu\u00e9 motivos decidieron salir de Colombia?\/Acoso laboral","var_imputation":"SITUACI\u00d3N EN LA RUTA\/\u00bfPor qu\u00e9 motivos decidieron salir de Colombia?\/Acoso laboral","var_security":"SITUACI\u00d3N EN LA RUTA\/\u00bfPor qu\u00e9 motivos decidieron salir de Colombia?\/Acoso laboral","var_resp_unit":"SITUACI\u00d3N EN LA RUTA\/\u00bfPor qu\u00e9 motivos decidieron salir de Colombia?\/Acoso laboral","var_analysis_unit":null,"var_qstn_preqtxt":null,"var_qstn_qstnlit":null,"var_qstn_postqtxt":null,"var_qstn_ivuinstr":null,"var_universe":null,"var_universe_clusion":null,"var_sumstat":[{"value":"0","type":"vald","wgtd":null},{"value":"0","type":"invd","wgtd":null}],"var_txt":null,"var_catgry":[],"var_codinstr":null,"var_concept":[],"var_format":{"type":"numeric","schema":"other","category":null,"name":null},"var_notes":null,"var_val_range":{"min":null,"max":null},"fid":"F1"},{"file_id":"F1","vid":"V33","name":"razones_col_9","var_intrvl":"discrete","var_dcml":"0","var_wgt":null,"var_is_wgt":null,"loc_start_pos":null,"loc_end_pos":null,"loc_width":null,"loc_rec_seg_no":null,"labl":"SITUACI\u00d3N EN LA RUTA\/\u00bfPor qu\u00e9 motivos decidieron salir de Colombia?\/Persecusi\u00f3n","var_imputation":"SITUACI\u00d3N EN LA RUTA\/\u00bfPor qu\u00e9 motivos decidieron salir de Colombia?\/Persecusi\u00f3n","var_security":"SITUACI\u00d3N EN LA RUTA\/\u00bfPor qu\u00e9 motivos decidieron salir de Colombia?\/Persecusi\u00f3n","var_resp_unit":"SITUACI\u00d3N EN LA RUTA\/\u00bfPor qu\u00e9 motivos decidieron salir de Colombia?\/Persecusi\u00f3n","var_analysis_unit":null,"var_qstn_preqtxt":null,"var_qstn_qstnlit":null,"var_qstn_postqtxt":null,"var_qstn_ivuinstr":null,"var_universe":null,"var_universe_clusion":null,"var_sumstat":[{"value":"0","type":"vald","wgtd":null},{"value":"0","type":"invd","wgtd":null}],"var_txt":null,"var_catgry":[],"var_codinstr":null,"var_concept":[],"var_format":{"type":"numeric","schema":"other","category":null,"name":null},"var_notes":null,"var_val_range":{"min":null,"max":null},"fid":"F1"},{"file_id":"F1","vid":"V34","name":"razones_col_10","var_intrvl":"discrete","var_dcml":"0","var_wgt":null,"var_is_wgt":null,"loc_start_pos":null,"loc_end_pos":null,"loc_width":null,"loc_rec_seg_no":null,"labl":"SITUACI\u00d3N EN LA RUTA\/\u00bfPor qu\u00e9 motivos decidieron salir de Colombia?\/Discriminaci\u00f3n","var_imputation":"SITUACI\u00d3N EN LA RUTA\/\u00bfPor qu\u00e9 motivos decidieron salir de Colombia?\/Discriminaci\u00f3n","var_security":"SITUACI\u00d3N EN LA RUTA\/\u00bfPor qu\u00e9 motivos decidieron salir de Colombia?\/Discriminaci\u00f3n","var_resp_unit":"SITUACI\u00d3N EN LA RUTA\/\u00bfPor qu\u00e9 motivos decidieron salir de Colombia?\/Discriminaci\u00f3n","var_analysis_unit":null,"var_qstn_preqtxt":null,"var_qstn_qstnlit":null,"var_qstn_postqtxt":null,"var_qstn_ivuinstr":null,"var_universe":null,"var_universe_clusion":null,"var_sumstat":[{"value":"0","type":"vald","wgtd":null},{"value":"0","type":"invd","wgtd":null}],"var_txt":null,"var_catgry":[],"var_codinstr":null,"var_concept":[],"var_format":{"type":"numeric","schema":"other","category":null,"name":null},"var_notes":null,"var_val_range":{"min":null,"max":null},"fid":"F1"},{"file_id":"F1","vid":"V35","name":"razones_col_11","var_intrvl":"discrete","var_dcml":"0","var_wgt":null,"var_is_wgt":null,"loc_start_pos":null,"loc_end_pos":null,"loc_width":null,"loc_rec_seg_no":null,"labl":"SITUACI\u00d3N EN LA RUTA\/\u00bfPor qu\u00e9 motivos decidieron salir de Colombia?\/Reunificaci\u00f3n familiar","var_imputation":"SITUACI\u00d3N EN LA RUTA\/\u00bfPor qu\u00e9 motivos decidieron salir de Colombia?\/Reunificaci\u00f3n familiar","var_security":"SITUACI\u00d3N EN LA RUTA\/\u00bfPor qu\u00e9 motivos decidieron salir de Colombia?\/Reunificaci\u00f3n familiar","var_resp_unit":"SITUACI\u00d3N EN LA RUTA\/\u00bfPor qu\u00e9 motivos decidieron salir de Colombia?\/Reunificaci\u00f3n familiar","var_analysis_unit":null,"var_qstn_preqtxt":null,"var_qstn_qstnlit":null,"var_qstn_postqtxt":null,"var_qstn_ivuinstr":null,"var_universe":null,"var_universe_clusion":null,"var_sumstat":[{"value":"0","type":"vald","wgtd":null},{"value":"0","type":"invd","wgtd":null}],"var_txt":null,"var_catgry":[],"var_codinstr":null,"var_concept":[],"var_format":{"type":"numeric","schema":"other","category":null,"name":null},"var_notes":null,"var_val_range":{"min":null,"max":null},"fid":"F1"},{"file_id":"F1","vid":"V36","name":"razones_col_12","var_intrvl":"discrete","var_dcml":"0","var_wgt":null,"var_is_wgt":null,"loc_start_pos":null,"loc_end_pos":null,"loc_width":null,"loc_rec_seg_no":null,"labl":"SITUACI\u00d3N EN LA RUTA\/\u00bfPor qu\u00e9 motivos decidieron salir de Colombia?\/Violencia e inseguridad por protestas","var_imputation":"SITUACI\u00d3N EN LA RUTA\/\u00bfPor qu\u00e9 motivos decidieron salir de Colombia?\/Violencia e inseguridad por protestas","var_security":"SITUACI\u00d3N EN LA RUTA\/\u00bfPor qu\u00e9 motivos decidieron salir de Colombia?\/Violencia e inseguridad por protestas","var_resp_unit":"SITUACI\u00d3N EN LA RUTA\/\u00bfPor qu\u00e9 motivos decidieron salir de Colombia?\/Violencia e inseguridad por protestas","var_analysis_unit":null,"var_qstn_preqtxt":null,"var_qstn_qstnlit":null,"var_qstn_postqtxt":null,"var_qstn_ivuinstr":null,"var_universe":null,"var_universe_clusion":null,"var_sumstat":[{"value":"0","type":"vald","wgtd":null},{"value":"0","type":"invd","wgtd":null}],"var_txt":null,"var_catgry":[],"var_codinstr":null,"var_concept":[],"var_format":{"type":"numeric","schema":"other","category":null,"name":null},"var_notes":null,"var_val_range":{"min":null,"max":null},"fid":"F1"},{"file_id":"F1","vid":"V37","name":"razones_col_13","var_intrvl":"discrete","var_dcml":"0","var_wgt":null,"var_is_wgt":null,"loc_start_pos":null,"loc_end_pos":null,"loc_width":null,"loc_rec_seg_no":null,"labl":"SITUACI\u00d3N EN LA RUTA\/\u00bfPor qu\u00e9 motivos decidieron salir de Colombia?\/Paro nacional","var_imputation":"SITUACI\u00d3N EN LA RUTA\/\u00bfPor qu\u00e9 motivos decidieron salir de Colombia?\/Paro nacional","var_security":"SITUACI\u00d3N EN LA RUTA\/\u00bfPor qu\u00e9 motivos decidieron salir de Colombia?\/Paro nacional","var_resp_unit":"SITUACI\u00d3N EN LA RUTA\/\u00bfPor qu\u00e9 motivos decidieron salir de Colombia?\/Paro nacional","var_analysis_unit":null,"var_qstn_preqtxt":null,"var_qstn_qstnlit":null,"var_qstn_postqtxt":null,"var_qstn_ivuinstr":null,"var_universe":null,"var_universe_clusion":null,"var_sumstat":[{"value":"0","type":"vald","wgtd":null},{"value":"0","type":"invd","wgtd":null}],"var_txt":null,"var_catgry":[],"var_codinstr":null,"var_concept":[],"var_format":{"type":"numeric","schema":"other","category":null,"name":null},"var_notes":null,"var_val_range":{"min":null,"max":null},"fid":"F1"},{"file_id":"F1","vid":"V38","name":"razones_col_14","var_intrvl":"discrete","var_dcml":"0","var_wgt":null,"var_is_wgt":null,"loc_start_pos":null,"loc_end_pos":null,"loc_width":null,"loc_rec_seg_no":null,"labl":"SITUACI\u00d3N EN LA RUTA\/\u00bfPor qu\u00e9 motivos decidieron salir de Colombia?\/Imposibilidad de enviar remesas a Venezuela","var_imputation":"SITUACI\u00d3N EN LA RUTA\/\u00bfPor qu\u00e9 motivos decidieron salir de Colombia?\/Imposibilidad de enviar remesas a Venezuela","var_security":"SITUACI\u00d3N EN LA RUTA\/\u00bfPor qu\u00e9 motivos decidieron salir de Colombia?\/Imposibilidad de enviar remesas a Venezuela","var_resp_unit":"SITUACI\u00d3N EN LA RUTA\/\u00bfPor qu\u00e9 motivos decidieron salir de Colombia?\/Imposibilidad de enviar remesas a Venezuela","var_analysis_unit":null,"var_qstn_preqtxt":null,"var_qstn_qstnlit":null,"var_qstn_postqtxt":null,"var_qstn_ivuinstr":null,"var_universe":null,"var_universe_clusion":null,"var_sumstat":[{"value":"0","type":"vald","wgtd":null},{"value":"0","type":"invd","wgtd":null}],"var_txt":null,"var_catgry":[],"var_codinstr":null,"var_concept":[],"var_format":{"type":"numeric","schema":"other","category":null,"name":null},"var_notes":null,"var_val_range":{"min":null,"max":null},"fid":"F1"},{"file_id":"F1","vid":"V39","name":"razones_col_15","var_intrvl":"discrete","var_dcml":"0","var_wgt":null,"var_is_wgt":null,"loc_start_pos":null,"loc_end_pos":null,"loc_width":null,"loc_rec_seg_no":null,"labl":"SITUACI\u00d3N EN LA RUTA\/\u00bfPor qu\u00e9 motivos decidieron salir de Colombia?\/Otro","var_imputation":"SITUACI\u00d3N EN LA RUTA\/\u00bfPor qu\u00e9 motivos decidieron salir de Colombia?\/Otro","var_security":"SITUACI\u00d3N EN LA RUTA\/\u00bfPor qu\u00e9 motivos decidieron salir de Colombia?\/Otro","var_resp_unit":"SITUACI\u00d3N EN LA RUTA\/\u00bfPor qu\u00e9 motivos decidieron salir de Colombia?\/Otro","var_analysis_unit":null,"var_qstn_preqtxt":null,"var_qstn_qstnlit":null,"var_qstn_postqtxt":null,"var_qstn_ivuinstr":null,"var_universe":null,"var_universe_clusion":null,"var_sumstat":[{"value":"0","type":"vald","wgtd":null},{"value":"0","type":"invd","wgtd":null}],"var_txt":null,"var_catgry":[],"var_codinstr":null,"var_concept":[],"var_format":{"type":"numeric","schema":"other","category":null,"name":null},"var_notes":null,"var_val_range":{"min":null,"max":null},"fid":"F1"},{"file_id":"F1","vid":"V40","name":"razones_peru2_1","var_intrvl":"discrete","var_dcml":"0","var_wgt":null,"var_is_wgt":null,"loc_start_pos":null,"loc_end_pos":null,"loc_width":null,"loc_rec_seg_no":null,"labl":"SITUACI\u00d3N EN LA RUTA\/\u00bfPor qu\u00e9 motivos decidieron venir a Per\u00fa?\/Tengo familiares en Per\u00fa","var_imputation":"SITUACI\u00d3N EN LA RUTA\/\u00bfPor qu\u00e9 motivos decidieron venir a Per\u00fa?\/Tengo familiares en Per\u00fa","var_security":"SITUACI\u00d3N EN LA RUTA\/\u00bfPor qu\u00e9 motivos decidieron venir a Per\u00fa?\/Tengo familiares en Per\u00fa","var_resp_unit":"SITUACI\u00d3N EN LA RUTA\/\u00bfPor qu\u00e9 motivos decidieron venir a Per\u00fa?\/Tengo familiares en Per\u00fa","var_analysis_unit":null,"var_qstn_preqtxt":null,"var_qstn_qstnlit":null,"var_qstn_postqtxt":null,"var_qstn_ivuinstr":null,"var_universe":null,"var_universe_clusion":null,"var_sumstat":[{"value":"0","type":"vald","wgtd":null},{"value":"0","type":"invd","wgtd":null}],"var_txt":null,"var_catgry":[],"var_codinstr":null,"var_concept":[],"var_format":{"type":"numeric","schema":"other","category":null,"name":null},"var_notes":null,"var_val_range":{"min":null,"max":null},"fid":"F1"},{"file_id":"F1","vid":"V41","name":"razones_peru2_2","var_intrvl":"discrete","var_dcml":"0","var_wgt":null,"var_is_wgt":null,"loc_start_pos":null,"loc_end_pos":null,"loc_width":null,"loc_rec_seg_no":null,"labl":"SITUACI\u00d3N EN LA RUTA\/\u00bfPor qu\u00e9 motivos decidieron venir a Per\u00fa?\/Tengo conocidos en Per\u00fa","var_imputation":"SITUACI\u00d3N EN LA RUTA\/\u00bfPor qu\u00e9 motivos decidieron venir a Per\u00fa?\/Tengo conocidos en Per\u00fa","var_security":"SITUACI\u00d3N EN LA RUTA\/\u00bfPor qu\u00e9 motivos decidieron venir a Per\u00fa?\/Tengo conocidos en Per\u00fa","var_resp_unit":"SITUACI\u00d3N EN LA RUTA\/\u00bfPor qu\u00e9 motivos decidieron venir a Per\u00fa?\/Tengo conocidos en Per\u00fa","var_analysis_unit":null,"var_qstn_preqtxt":null,"var_qstn_qstnlit":null,"var_qstn_postqtxt":null,"var_qstn_ivuinstr":null,"var_universe":null,"var_universe_clusion":null,"var_sumstat":[{"value":"0","type":"vald","wgtd":null},{"value":"0","type":"invd","wgtd":null}],"var_txt":null,"var_catgry":[],"var_codinstr":null,"var_concept":[],"var_format":{"type":"numeric","schema":"other","category":null,"name":null},"var_notes":null,"var_val_range":{"min":null,"max":null},"fid":"F1"},{"file_id":"F1","vid":"V42","name":"razones_peru2_3","var_intrvl":"discrete","var_dcml":"0","var_wgt":null,"var_is_wgt":null,"loc_start_pos":null,"loc_end_pos":null,"loc_width":null,"loc_rec_seg_no":null,"labl":"SITUACI\u00d3N EN LA RUTA\/\u00bfPor qu\u00e9 motivos decidieron venir a Per\u00fa?\/Tengo opciones de trabajo concretas en Per\u00fa","var_imputation":"SITUACI\u00d3N EN LA RUTA\/\u00bfPor qu\u00e9 motivos decidieron venir a Per\u00fa?\/Tengo opciones de trabajo concretas en Per\u00fa","var_security":"SITUACI\u00d3N EN LA RUTA\/\u00bfPor qu\u00e9 motivos decidieron venir a Per\u00fa?\/Tengo opciones de trabajo concretas en Per\u00fa","var_resp_unit":"SITUACI\u00d3N EN LA RUTA\/\u00bfPor qu\u00e9 motivos decidieron venir a Per\u00fa?\/Tengo opciones de trabajo concretas en Per\u00fa","var_analysis_unit":null,"var_qstn_preqtxt":null,"var_qstn_qstnlit":null,"var_qstn_postqtxt":null,"var_qstn_ivuinstr":null,"var_universe":null,"var_universe_clusion":null,"var_sumstat":[{"value":"0","type":"vald","wgtd":null},{"value":"0","type":"invd","wgtd":null}],"var_txt":null,"var_catgry":[],"var_codinstr":null,"var_concept":[],"var_format":{"type":"numeric","schema":"other","category":null,"name":null},"var_notes":null,"var_val_range":{"min":null,"max":null},"fid":"F1"},{"file_id":"F1","vid":"V43","name":"razones_peru2_4","var_intrvl":"discrete","var_dcml":"0","var_wgt":null,"var_is_wgt":null,"loc_start_pos":null,"loc_end_pos":null,"loc_width":null,"loc_rec_seg_no":null,"labl":"SITUACI\u00d3N EN LA RUTA\/\u00bfPor qu\u00e9 motivos decidieron venir a Per\u00fa?\/Creo que en Per\u00fa tengo m\u00e1s opciones de encontrar trabajo","var_imputation":"SITUACI\u00d3N EN LA RUTA\/\u00bfPor qu\u00e9 motivos decidieron venir a Per\u00fa?\/Creo que en Per\u00fa tengo m\u00e1s opciones de encontrar trabajo","var_security":"SITUACI\u00d3N EN LA RUTA\/\u00bfPor qu\u00e9 motivos decidieron venir a Per\u00fa?\/Creo que en Per\u00fa tengo m\u00e1s opciones de encontrar trabajo","var_resp_unit":"SITUACI\u00d3N EN LA RUTA\/\u00bfPor qu\u00e9 motivos decidieron venir a Per\u00fa?\/Creo que en Per\u00fa tengo m\u00e1s opciones de encontrar trabajo","var_analysis_unit":null,"var_qstn_preqtxt":null,"var_qstn_qstnlit":null,"var_qstn_postqtxt":null,"var_qstn_ivuinstr":null,"var_universe":null,"var_universe_clusion":null,"var_sumstat":[{"value":"0","type":"vald","wgtd":null},{"value":"0","type":"invd","wgtd":null}],"var_txt":null,"var_catgry":[],"var_codinstr":null,"var_concept":[],"var_format":{"type":"numeric","schema":"other","category":null,"name":null},"var_notes":null,"var_val_range":{"min":null,"max":null},"fid":"F1"},{"file_id":"F1","vid":"V44","name":"razones_peru2_5","var_intrvl":"discrete","var_dcml":"0","var_wgt":null,"var_is_wgt":null,"loc_start_pos":null,"loc_end_pos":null,"loc_width":null,"loc_rec_seg_no":null,"labl":"SITUACI\u00d3N EN LA RUTA\/\u00bfPor qu\u00e9 motivos decidieron venir a Per\u00fa?\/Creo que en Per\u00fa tengo m\u00e1s opciones de acceder a servicios de salud","var_imputation":"SITUACI\u00d3N EN LA RUTA\/\u00bfPor qu\u00e9 motivos decidieron venir a Per\u00fa?\/Creo que en Per\u00fa tengo m\u00e1s opciones de acceder a servicios de salud","var_security":"SITUACI\u00d3N EN LA RUTA\/\u00bfPor qu\u00e9 motivos decidieron venir a Per\u00fa?\/Creo que en Per\u00fa tengo m\u00e1s opciones de acceder a servicios de salud","var_resp_unit":"SITUACI\u00d3N EN LA RUTA\/\u00bfPor qu\u00e9 motivos decidieron venir a Per\u00fa?\/Creo que en Per\u00fa tengo m\u00e1s opciones de acceder a servicios de salud","var_analysis_unit":null,"var_qstn_preqtxt":null,"var_qstn_qstnlit":null,"var_qstn_postqtxt":null,"var_qstn_ivuinstr":null,"var_universe":null,"var_universe_clusion":null,"var_sumstat":[{"value":"0","type":"vald","wgtd":null},{"value":"0","type":"invd","wgtd":null}],"var_txt":null,"var_catgry":[],"var_codinstr":null,"var_concept":[],"var_format":{"type":"numeric","schema":"other","category":null,"name":null},"var_notes":null,"var_val_range":{"min":null,"max":null},"fid":"F1"},{"file_id":"F1","vid":"V45","name":"razones_peru2_6","var_intrvl":"discrete","var_dcml":"0","var_wgt":null,"var_is_wgt":null,"loc_start_pos":null,"loc_end_pos":null,"loc_width":null,"loc_rec_seg_no":null,"labl":"SITUACI\u00d3N EN LA RUTA\/\u00bfPor qu\u00e9 motivos decidieron venir a Per\u00fa?\/Creo que en Per\u00fa tengo m\u00e1s opciones de acceder a servicios de educaci\u00f3n","var_imputation":"SITUACI\u00d3N EN LA RUTA\/\u00bfPor qu\u00e9 motivos decidieron venir a Per\u00fa?\/Creo que en Per\u00fa tengo m\u00e1s opciones de acceder a servicios de educaci\u00f3n","var_security":"SITUACI\u00d3N EN LA RUTA\/\u00bfPor qu\u00e9 motivos decidieron venir a Per\u00fa?\/Creo que en Per\u00fa tengo m\u00e1s opciones de acceder a servicios de educaci\u00f3n","var_resp_unit":"SITUACI\u00d3N EN LA RUTA\/\u00bfPor qu\u00e9 motivos decidieron venir a Per\u00fa?\/Creo que en Per\u00fa tengo m\u00e1s opciones de acceder a servicios de educaci\u00f3n","var_analysis_unit":null,"var_qstn_preqtxt":null,"var_qstn_qstnlit":null,"var_qstn_postqtxt":null,"var_qstn_ivuinstr":null,"var_universe":null,"var_universe_clusion":null,"var_sumstat":[{"value":"0","type":"vald","wgtd":null},{"value":"0","type":"invd","wgtd":null}],"var_txt":null,"var_catgry":[],"var_codinstr":null,"var_concept":[],"var_format":{"type":"numeric","schema":"other","category":null,"name":null},"var_notes":null,"var_val_range":{"min":null,"max":null},"fid":"F1"},{"file_id":"F1","vid":"V46","name":"razones_peru2_7","var_intrvl":"discrete","var_dcml":"0","var_wgt":null,"var_is_wgt":null,"loc_start_pos":null,"loc_end_pos":null,"loc_width":null,"loc_rec_seg_no":null,"labl":"SITUACI\u00d3N EN LA RUTA\/\u00bfPor qu\u00e9 motivos decidieron venir a Per\u00fa?\/Creo que en Per\u00fa tengo m\u00e1s opciones de acceder a alimentaci\u00f3n","var_imputation":"SITUACI\u00d3N EN LA RUTA\/\u00bfPor qu\u00e9 motivos decidieron venir a Per\u00fa?\/Creo que en Per\u00fa tengo m\u00e1s opciones de acceder a alimentaci\u00f3n","var_security":"SITUACI\u00d3N EN LA RUTA\/\u00bfPor qu\u00e9 motivos decidieron venir a Per\u00fa?\/Creo que en Per\u00fa tengo m\u00e1s opciones de acceder a alimentaci\u00f3n","var_resp_unit":"SITUACI\u00d3N EN LA RUTA\/\u00bfPor qu\u00e9 motivos decidieron venir a Per\u00fa?\/Creo que en Per\u00fa tengo m\u00e1s opciones de acceder a alimentaci\u00f3n","var_analysis_unit":null,"var_qstn_preqtxt":null,"var_qstn_qstnlit":null,"var_qstn_postqtxt":null,"var_qstn_ivuinstr":null,"var_universe":null,"var_universe_clusion":null,"var_sumstat":[{"value":"0","type":"vald","wgtd":null},{"value":"0","type":"invd","wgtd":null}],"var_txt":null,"var_catgry":[],"var_codinstr":null,"var_concept":[],"var_format":{"type":"numeric","schema":"other","category":null,"name":null},"var_notes":null,"var_val_range":{"min":null,"max":null},"fid":"F1"},{"file_id":"F1","vid":"V47","name":"razones_peru2_8","var_intrvl":"discrete","var_dcml":"0","var_wgt":null,"var_is_wgt":null,"loc_start_pos":null,"loc_end_pos":null,"loc_width":null,"loc_rec_seg_no":null,"labl":"SITUACI\u00d3N EN LA RUTA\/\u00bfPor qu\u00e9 motivos decidieron venir a Per\u00fa?\/Otro","var_imputation":"SITUACI\u00d3N EN LA RUTA\/\u00bfPor qu\u00e9 motivos decidieron venir a Per\u00fa?\/Otro","var_security":"SITUACI\u00d3N EN LA RUTA\/\u00bfPor qu\u00e9 motivos decidieron venir a Per\u00fa?\/Otro","var_resp_unit":"SITUACI\u00d3N EN LA RUTA\/\u00bfPor qu\u00e9 motivos decidieron venir a Per\u00fa?\/Otro","var_analysis_unit":null,"var_qstn_preqtxt":null,"var_qstn_qstnlit":null,"var_qstn_postqtxt":null,"var_qstn_ivuinstr":null,"var_universe":null,"var_universe_clusion":null,"var_sumstat":[{"value":"0","type":"vald","wgtd":null},{"value":"0","type":"invd","wgtd":null}],"var_txt":null,"var_catgry":[],"var_codinstr":null,"var_concept":[],"var_format":{"type":"numeric","schema":"other","category":null,"name":null},"var_notes":null,"var_val_range":{"min":null,"max":null},"fid":"F1"},{"file_id":"F1","vid":"V48","name":"miembros","var_intrvl":"discrete","var_dcml":"0","var_wgt":null,"var_is_wgt":null,"loc_start_pos":null,"loc_end_pos":null,"loc_width":null,"loc_rec_seg_no":null,"labl":"INFORMACI\u00d3N DE MIEMBROS DE LA FAMILIA\/\u00bfCu\u00e1ntos miembros de su familia est\u00e1n ingresando a Per\u00fa, incluido usted?","var_imputation":"INFORMACI\u00d3N DE MIEMBROS DE LA FAMILIA\/\u00bfCu\u00e1ntos miembros de su familia est\u00e1n ingresando a Per\u00fa, incluido usted?","var_security":"INFORMACI\u00d3N DE MIEMBROS DE LA FAMILIA\/\u00bfCu\u00e1ntos miembros de su familia est\u00e1n ingresando a Per\u00fa, incluido usted?","var_resp_unit":"INFORMACI\u00d3N DE MIEMBROS DE LA FAMILIA\/\u00bfCu\u00e1ntos miembros de su familia est\u00e1n ingresando a Per\u00fa, incluido usted?","var_analysis_unit":null,"var_qstn_preqtxt":null,"var_qstn_qstnlit":null,"var_qstn_postqtxt":null,"var_qstn_ivuinstr":null,"var_universe":null,"var_universe_clusion":null,"var_sumstat":[{"value":"0","type":"vald","wgtd":null},{"value":"0","type":"invd","wgtd":null}],"var_txt":null,"var_catgry":[],"var_codinstr":null,"var_concept":[],"var_format":{"type":"numeric","schema":"other","category":null,"name":null},"var_notes":null,"var_val_range":{"min":null,"max":null},"fid":"F1"},{"file_id":"F1","vid":"V49","name":"pagos_frontera","var_intrvl":"discrete","var_dcml":"0","var_wgt":null,"var_is_wgt":null,"loc_start_pos":null,"loc_end_pos":null,"loc_width":null,"loc_rec_seg_no":null,"labl":"RUTA A PER\u00da E INCIDENTES DE PROTECCI\u00d3N\/\u00bfTuvo que realizar alg\u00fan pago para que lo ayudaran a pasar la frontera?","var_imputation":"RUTA A PER\u00da E INCIDENTES DE PROTECCI\u00d3N\/\u00bfTuvo que realizar alg\u00fan pago para que lo ayudaran a pasar la frontera?","var_security":"RUTA A PER\u00da E INCIDENTES DE PROTECCI\u00d3N\/\u00bfTuvo que realizar alg\u00fan pago para que lo ayudaran a pasar la frontera?","var_resp_unit":"RUTA A PER\u00da E INCIDENTES DE PROTECCI\u00d3N\/\u00bfTuvo que realizar alg\u00fan pago para que lo ayudaran a pasar la frontera?","var_analysis_unit":null,"var_qstn_preqtxt":null,"var_qstn_qstnlit":null,"var_qstn_postqtxt":null,"var_qstn_ivuinstr":null,"var_universe":null,"var_universe_clusion":null,"var_sumstat":[{"value":"0","type":"vald","wgtd":null},{"value":"0","type":"invd","wgtd":null}],"var_txt":null,"var_catgry":[{"value":"1","labl":"No","is_missing":null,"stats":[]},{"value":"2","labl":"Si","is_missing":null,"stats":[]}],"var_codinstr":null,"var_concept":[],"var_format":{"type":"numeric","schema":"other","category":null,"name":null},"var_notes":null,"var_val_range":{"min":"1","max":"2"},"fid":"F1"},{"file_id":"F1","vid":"V50","name":"incidentes_1","var_intrvl":"discrete","var_dcml":"0","var_wgt":null,"var_is_wgt":null,"loc_start_pos":null,"loc_end_pos":null,"loc_width":null,"loc_rec_seg_no":null,"labl":"RUTA A PER\u00da E INCIDENTES DE PROTECCI\u00d3N\/Desde que inici\u00f3 su viaje, \u00bfusted o algui\u00e9n de su familia sufri\u00f3 alguno de estos incidentes?\/Trato denigrante e intimidaci\u00f3n","var_imputation":"RUTA A PER\u00da E INCIDENTES DE PROTECCI\u00d3N\/Desde que inici\u00f3 su viaje, \u00bfusted o algui\u00e9n de su familia sufri\u00f3 alguno de estos incidentes?\/Trato denigrante e intimidaci\u00f3n","var_security":"RUTA A PER\u00da E INCIDENTES DE PROTECCI\u00d3N\/Desde que inici\u00f3 su viaje, \u00bfusted o algui\u00e9n de su familia sufri\u00f3 alguno de estos incidentes?\/Trato denigrante e intimidaci\u00f3n","var_resp_unit":"RUTA A PER\u00da E INCIDENTES DE PROTECCI\u00d3N\/Desde que inici\u00f3 su viaje, \u00bfusted o algui\u00e9n de su familia sufri\u00f3 alguno de estos incidentes?\/Trato denigrante e intimidaci\u00f3n","var_analysis_unit":null,"var_qstn_preqtxt":null,"var_qstn_qstnlit":null,"var_qstn_postqtxt":null,"var_qstn_ivuinstr":null,"var_universe":null,"var_universe_clusion":null,"var_sumstat":[{"value":"0","type":"vald","wgtd":null},{"value":"0","type":"invd","wgtd":null}],"var_txt":null,"var_catgry":[],"var_codinstr":null,"var_concept":[],"var_format":{"type":"numeric","schema":"other","category":null,"name":null},"var_notes":null,"var_val_range":{"min":null,"max":null},"fid":"F1"},{"file_id":"F1","vid":"V51","name":"incidentes_2","var_intrvl":"discrete","var_dcml":"0","var_wgt":null,"var_is_wgt":null,"loc_start_pos":null,"loc_end_pos":null,"loc_width":null,"loc_rec_seg_no":null,"labl":"RUTA A PER\u00da E INCIDENTES DE PROTECCI\u00d3N\/Desde que inici\u00f3 su viaje, \u00bfusted o algui\u00e9n de su familia sufri\u00f3 alguno de estos incidentes?\/Agresi\u00f3n\/violencia f\u00edsica","var_imputation":"RUTA A PER\u00da E INCIDENTES DE PROTECCI\u00d3N\/Desde que inici\u00f3 su viaje, \u00bfusted o algui\u00e9n de su familia sufri\u00f3 alguno de estos incidentes?\/Agresi\u00f3n\/violencia f\u00edsica","var_security":"RUTA A PER\u00da E INCIDENTES DE PROTECCI\u00d3N\/Desde que inici\u00f3 su viaje, \u00bfusted o algui\u00e9n de su familia sufri\u00f3 alguno de estos incidentes?\/Agresi\u00f3n\/violencia f\u00edsica","var_resp_unit":"RUTA A PER\u00da E INCIDENTES DE PROTECCI\u00d3N\/Desde que inici\u00f3 su viaje, \u00bfusted o algui\u00e9n de su familia sufri\u00f3 alguno de estos incidentes?\/Agresi\u00f3n\/violencia f\u00edsica","var_analysis_unit":null,"var_qstn_preqtxt":null,"var_qstn_qstnlit":null,"var_qstn_postqtxt":null,"var_qstn_ivuinstr":null,"var_universe":null,"var_universe_clusion":null,"var_sumstat":[{"value":"0","type":"vald","wgtd":null},{"value":"0","type":"invd","wgtd":null}],"var_txt":null,"var_catgry":[],"var_codinstr":null,"var_concept":[],"var_format":{"type":"numeric","schema":"other","category":null,"name":null},"var_notes":null,"var_val_range":{"min":null,"max":null},"fid":"F1"},{"file_id":"F1","vid":"V52","name":"incidentes_3","var_intrvl":"discrete","var_dcml":"0","var_wgt":null,"var_is_wgt":null,"loc_start_pos":null,"loc_end_pos":null,"loc_width":null,"loc_rec_seg_no":null,"labl":"RUTA A PER\u00da E INCIDENTES DE PROTECCI\u00d3N\/Desde que inici\u00f3 su viaje, \u00bfusted o algui\u00e9n de su familia sufri\u00f3 alguno de estos incidentes?\/Manifestaciones xen\u00f3fobas\/discriminatorias","var_imputation":"RUTA A PER\u00da E INCIDENTES DE PROTECCI\u00d3N\/Desde que inici\u00f3 su viaje, \u00bfusted o algui\u00e9n de su familia sufri\u00f3 alguno de estos incidentes?\/Manifestaciones xen\u00f3fobas\/discriminatorias","var_security":"RUTA A PER\u00da E INCIDENTES DE PROTECCI\u00d3N\/Desde que inici\u00f3 su viaje, \u00bfusted o algui\u00e9n de su familia sufri\u00f3 alguno de estos incidentes?\/Manifestaciones xen\u00f3fobas\/discriminatorias","var_resp_unit":"RUTA A PER\u00da E INCIDENTES DE PROTECCI\u00d3N\/Desde que inici\u00f3 su viaje, \u00bfusted o algui\u00e9n de su familia sufri\u00f3 alguno de estos incidentes?\/Manifestaciones xen\u00f3fobas\/discriminatorias","var_analysis_unit":null,"var_qstn_preqtxt":null,"var_qstn_qstnlit":null,"var_qstn_postqtxt":null,"var_qstn_ivuinstr":null,"var_universe":null,"var_universe_clusion":null,"var_sumstat":[{"value":"0","type":"vald","wgtd":null},{"value":"0","type":"invd","wgtd":null}],"var_txt":null,"var_catgry":[],"var_codinstr":null,"var_concept":[],"var_format":{"type":"numeric","schema":"other","category":null,"name":null},"var_notes":null,"var_val_range":{"min":null,"max":null},"fid":"F1"},{"file_id":"F1","vid":"V53","name":"incidentes_4","var_intrvl":"discrete","var_dcml":"0","var_wgt":null,"var_is_wgt":null,"loc_start_pos":null,"loc_end_pos":null,"loc_width":null,"loc_rec_seg_no":null,"labl":"RUTA A PER\u00da E INCIDENTES DE PROTECCI\u00d3N\/Desde que inici\u00f3 su viaje, \u00bfusted o algui\u00e9n de su familia sufri\u00f3 alguno de estos incidentes?\/Robo de dinero, pertenencias o documentos","var_imputation":"RUTA A PER\u00da E INCIDENTES DE PROTECCI\u00d3N\/Desde que inici\u00f3 su viaje, \u00bfusted o algui\u00e9n de su familia sufri\u00f3 alguno de estos incidentes?\/Robo de dinero, pertenencias o documentos","var_security":"RUTA A PER\u00da E INCIDENTES DE PROTECCI\u00d3N\/Desde que inici\u00f3 su viaje, \u00bfusted o algui\u00e9n de su familia sufri\u00f3 alguno de estos incidentes?\/Robo de dinero, pertenencias o documentos","var_resp_unit":"RUTA A PER\u00da E INCIDENTES DE PROTECCI\u00d3N\/Desde que inici\u00f3 su viaje, \u00bfusted o algui\u00e9n de su familia sufri\u00f3 alguno de estos incidentes?\/Robo de dinero, pertenencias o documentos","var_analysis_unit":null,"var_qstn_preqtxt":null,"var_qstn_qstnlit":null,"var_qstn_postqtxt":null,"var_qstn_ivuinstr":null,"var_universe":null,"var_universe_clusion":null,"var_sumstat":[{"value":"0","type":"vald","wgtd":null},{"value":"0","type":"invd","wgtd":null}],"var_txt":null,"var_catgry":[],"var_codinstr":null,"var_concept":[],"var_format":{"type":"numeric","schema":"other","category":null,"name":null},"var_notes":null,"var_val_range":{"min":null,"max":null},"fid":"F1"},{"file_id":"F1","vid":"V54","name":"incidentes_5","var_intrvl":"discrete","var_dcml":"0","var_wgt":null,"var_is_wgt":null,"loc_start_pos":null,"loc_end_pos":null,"loc_width":null,"loc_rec_seg_no":null,"labl":"RUTA A PER\u00da E INCIDENTES DE PROTECCI\u00d3N\/Desde que inici\u00f3 su viaje, \u00bfusted o algui\u00e9n de su familia sufri\u00f3 alguno de estos incidentes?\/Destrucci\u00f3n de pertenencias o documentos","var_imputation":"RUTA A PER\u00da E INCIDENTES DE PROTECCI\u00d3N\/Desde que inici\u00f3 su viaje, \u00bfusted o algui\u00e9n de su familia sufri\u00f3 alguno de estos incidentes?\/Destrucci\u00f3n de pertenencias o documentos","var_security":"RUTA A PER\u00da E INCIDENTES DE PROTECCI\u00d3N\/Desde que inici\u00f3 su viaje, \u00bfusted o algui\u00e9n de su familia sufri\u00f3 alguno de estos incidentes?\/Destrucci\u00f3n de pertenencias o documentos","var_resp_unit":"RUTA A PER\u00da E INCIDENTES DE PROTECCI\u00d3N\/Desde que inici\u00f3 su viaje, \u00bfusted o algui\u00e9n de su familia sufri\u00f3 alguno de estos incidentes?\/Destrucci\u00f3n de pertenencias o documentos","var_analysis_unit":null,"var_qstn_preqtxt":null,"var_qstn_qstnlit":null,"var_qstn_postqtxt":null,"var_qstn_ivuinstr":null,"var_universe":null,"var_universe_clusion":null,"var_sumstat":[{"value":"0","type":"vald","wgtd":null},{"value":"0","type":"invd","wgtd":null}],"var_txt":null,"var_catgry":[],"var_codinstr":null,"var_concept":[],"var_format":{"type":"numeric","schema":"other","category":null,"name":null},"var_notes":null,"var_val_range":{"min":null,"max":null},"fid":"F1"},{"file_id":"F1","vid":"V55","name":"incidentes_6","var_intrvl":"discrete","var_dcml":"0","var_wgt":null,"var_is_wgt":null,"loc_start_pos":null,"loc_end_pos":null,"loc_width":null,"loc_rec_seg_no":null,"labl":"RUTA A PER\u00da E INCIDENTES DE PROTECCI\u00d3N\/Desde que inici\u00f3 su viaje, \u00bfusted o algui\u00e9n de su familia sufri\u00f3 alguno de estos incidentes?\/Accidentes f\u00edsicos por la dificultad del terreno","var_imputation":"RUTA A PER\u00da E INCIDENTES DE PROTECCI\u00d3N\/Desde que inici\u00f3 su viaje, \u00bfusted o algui\u00e9n de su familia sufri\u00f3 alguno de estos incidentes?\/Accidentes f\u00edsicos por la dificultad del terreno","var_security":"RUTA A PER\u00da E INCIDENTES DE PROTECCI\u00d3N\/Desde que inici\u00f3 su viaje, \u00bfusted o algui\u00e9n de su familia sufri\u00f3 alguno de estos incidentes?\/Accidentes f\u00edsicos por la dificultad del terreno","var_resp_unit":"RUTA A PER\u00da E INCIDENTES DE PROTECCI\u00d3N\/Desde que inici\u00f3 su viaje, \u00bfusted o algui\u00e9n de su familia sufri\u00f3 alguno de estos incidentes?\/Accidentes f\u00edsicos por la dificultad del terreno","var_analysis_unit":null,"var_qstn_preqtxt":null,"var_qstn_qstnlit":null,"var_qstn_postqtxt":null,"var_qstn_ivuinstr":null,"var_universe":null,"var_universe_clusion":null,"var_sumstat":[{"value":"0","type":"vald","wgtd":null},{"value":"0","type":"invd","wgtd":null}],"var_txt":null,"var_catgry":[],"var_codinstr":null,"var_concept":[],"var_format":{"type":"numeric","schema":"other","category":null,"name":null},"var_notes":null,"var_val_range":{"min":null,"max":null},"fid":"F1"},{"file_id":"F1","vid":"V56","name":"incidentes_7","var_intrvl":"discrete","var_dcml":"0","var_wgt":null,"var_is_wgt":null,"loc_start_pos":null,"loc_end_pos":null,"loc_width":null,"loc_rec_seg_no":null,"labl":"RUTA A PER\u00da E INCIDENTES DE PROTECCI\u00d3N\/Desde que inici\u00f3 su viaje, \u00bfusted o algui\u00e9n de su familia sufri\u00f3 alguno de estos incidentes?\/Violencia Basada en G\u00e9nero","var_imputation":"RUTA A PER\u00da E INCIDENTES DE PROTECCI\u00d3N\/Desde que inici\u00f3 su viaje, \u00bfusted o algui\u00e9n de su familia sufri\u00f3 alguno de estos incidentes?\/Violencia Basada en G\u00e9nero","var_security":"RUTA A PER\u00da E INCIDENTES DE PROTECCI\u00d3N\/Desde que inici\u00f3 su viaje, \u00bfusted o algui\u00e9n de su familia sufri\u00f3 alguno de estos incidentes?\/Violencia Basada en G\u00e9nero","var_resp_unit":"RUTA A PER\u00da E INCIDENTES DE PROTECCI\u00d3N\/Desde que inici\u00f3 su viaje, \u00bfusted o algui\u00e9n de su familia sufri\u00f3 alguno de estos incidentes?\/Violencia Basada en G\u00e9nero","var_analysis_unit":null,"var_qstn_preqtxt":null,"var_qstn_qstnlit":null,"var_qstn_postqtxt":null,"var_qstn_ivuinstr":null,"var_universe":null,"var_universe_clusion":null,"var_sumstat":[{"value":"0","type":"vald","wgtd":null},{"value":"0","type":"invd","wgtd":null}],"var_txt":null,"var_catgry":[],"var_codinstr":null,"var_concept":[],"var_format":{"type":"numeric","schema":"other","category":null,"name":null},"var_notes":null,"var_val_range":{"min":null,"max":null},"fid":"F1"},{"file_id":"F1","vid":"V57","name":"incidentes_8","var_intrvl":"discrete","var_dcml":"0","var_wgt":null,"var_is_wgt":null,"loc_start_pos":null,"loc_end_pos":null,"loc_width":null,"loc_rec_seg_no":null,"labl":"RUTA A PER\u00da E INCIDENTES DE PROTECCI\u00d3N\/Desde que inici\u00f3 su viaje, \u00bfusted o algui\u00e9n de su familia sufri\u00f3 alguno de estos incidentes?\/Secuestro o rapto","var_imputation":"RUTA A PER\u00da E INCIDENTES DE PROTECCI\u00d3N\/Desde que inici\u00f3 su viaje, \u00bfusted o algui\u00e9n de su familia sufri\u00f3 alguno de estos incidentes?\/Secuestro o rapto","var_security":"RUTA A PER\u00da E INCIDENTES DE PROTECCI\u00d3N\/Desde que inici\u00f3 su viaje, \u00bfusted o algui\u00e9n de su familia sufri\u00f3 alguno de estos incidentes?\/Secuestro o rapto","var_resp_unit":"RUTA A PER\u00da E INCIDENTES DE PROTECCI\u00d3N\/Desde que inici\u00f3 su viaje, \u00bfusted o algui\u00e9n de su familia sufri\u00f3 alguno de estos incidentes?\/Secuestro o rapto","var_analysis_unit":null,"var_qstn_preqtxt":null,"var_qstn_qstnlit":null,"var_qstn_postqtxt":null,"var_qstn_ivuinstr":null,"var_universe":null,"var_universe_clusion":null,"var_sumstat":[{"value":"0","type":"vald","wgtd":null},{"value":"0","type":"invd","wgtd":null}],"var_txt":null,"var_catgry":[],"var_codinstr":null,"var_concept":[],"var_format":{"type":"numeric","schema":"other","category":null,"name":null},"var_notes":null,"var_val_range":{"min":null,"max":null},"fid":"F1"},{"file_id":"F1","vid":"V58","name":"incidentes_9","var_intrvl":"discrete","var_dcml":"0","var_wgt":null,"var_is_wgt":null,"loc_start_pos":null,"loc_end_pos":null,"loc_width":null,"loc_rec_seg_no":null,"labl":"RUTA A PER\u00da E INCIDENTES DE PROTECCI\u00d3N\/Desde que inici\u00f3 su viaje, \u00bfusted o algui\u00e9n de su familia sufri\u00f3 alguno de estos incidentes?\/Soborno por parte de funcionarios\/personal del Estado","var_imputation":"RUTA A PER\u00da E INCIDENTES DE PROTECCI\u00d3N\/Desde que inici\u00f3 su viaje, \u00bfusted o algui\u00e9n de su familia sufri\u00f3 alguno de estos incidentes?\/Soborno por parte de funcionarios\/personal del Estado","var_security":"RUTA A PER\u00da E INCIDENTES DE PROTECCI\u00d3N\/Desde que inici\u00f3 su viaje, \u00bfusted o algui\u00e9n de su familia sufri\u00f3 alguno de estos incidentes?\/Soborno por parte de funcionarios\/personal del Estado","var_resp_unit":"RUTA A PER\u00da E INCIDENTES DE PROTECCI\u00d3N\/Desde que inici\u00f3 su viaje, \u00bfusted o algui\u00e9n de su familia sufri\u00f3 alguno de estos incidentes?\/Soborno por parte de funcionarios\/personal del Estado","var_analysis_unit":null,"var_qstn_preqtxt":null,"var_qstn_qstnlit":null,"var_qstn_postqtxt":null,"var_qstn_ivuinstr":null,"var_universe":null,"var_universe_clusion":null,"var_sumstat":[{"value":"0","type":"vald","wgtd":null},{"value":"0","type":"invd","wgtd":null}],"var_txt":null,"var_catgry":[],"var_codinstr":null,"var_concept":[],"var_format":{"type":"numeric","schema":"other","category":null,"name":null},"var_notes":null,"var_val_range":{"min":null,"max":null},"fid":"F1"},{"file_id":"F1","vid":"V59","name":"incidentes_10","var_intrvl":"discrete","var_dcml":"0","var_wgt":null,"var_is_wgt":null,"loc_start_pos":null,"loc_end_pos":null,"loc_width":null,"loc_rec_seg_no":null,"labl":"RUTA A PER\u00da E INCIDENTES DE PROTECCI\u00d3N\/Desde que inici\u00f3 su viaje, \u00bfusted o algui\u00e9n de su familia sufri\u00f3 alguno de estos incidentes?\/Estafa","var_imputation":"RUTA A PER\u00da E INCIDENTES DE PROTECCI\u00d3N\/Desde que inici\u00f3 su viaje, \u00bfusted o algui\u00e9n de su familia sufri\u00f3 alguno de estos incidentes?\/Estafa","var_security":"RUTA A PER\u00da E INCIDENTES DE PROTECCI\u00d3N\/Desde que inici\u00f3 su viaje, \u00bfusted o algui\u00e9n de su familia sufri\u00f3 alguno de estos incidentes?\/Estafa","var_resp_unit":"RUTA A PER\u00da E INCIDENTES DE PROTECCI\u00d3N\/Desde que inici\u00f3 su viaje, \u00bfusted o algui\u00e9n de su familia sufri\u00f3 alguno de estos incidentes?\/Estafa","var_analysis_unit":null,"var_qstn_preqtxt":null,"var_qstn_qstnlit":null,"var_qstn_postqtxt":null,"var_qstn_ivuinstr":null,"var_universe":null,"var_universe_clusion":null,"var_sumstat":[{"value":"0","type":"vald","wgtd":null},{"value":"0","type":"invd","wgtd":null}],"var_txt":null,"var_catgry":[],"var_codinstr":null,"var_concept":[],"var_format":{"type":"numeric","schema":"other","category":null,"name":null},"var_notes":null,"var_val_range":{"min":null,"max":null},"fid":"F1"},{"file_id":"F1","vid":"V60","name":"incidentes_11","var_intrvl":"discrete","var_dcml":"0","var_wgt":null,"var_is_wgt":null,"loc_start_pos":null,"loc_end_pos":null,"loc_width":null,"loc_rec_seg_no":null,"labl":"RUTA A PER\u00da E INCIDENTES DE PROTECCI\u00d3N\/Desde que inici\u00f3 su viaje, \u00bfusted o algui\u00e9n de su familia sufri\u00f3 alguno de estos incidentes?\/Prefiero no decir","var_imputation":"RUTA A PER\u00da E INCIDENTES DE PROTECCI\u00d3N\/Desde que inici\u00f3 su viaje, \u00bfusted o algui\u00e9n de su familia sufri\u00f3 alguno de estos incidentes?\/Prefiero no decir","var_security":"RUTA A PER\u00da E INCIDENTES DE PROTECCI\u00d3N\/Desde que inici\u00f3 su viaje, \u00bfusted o algui\u00e9n de su familia sufri\u00f3 alguno de estos incidentes?\/Prefiero no decir","var_resp_unit":"RUTA A PER\u00da E INCIDENTES DE PROTECCI\u00d3N\/Desde que inici\u00f3 su viaje, \u00bfusted o algui\u00e9n de su familia sufri\u00f3 alguno de estos incidentes?\/Prefiero no decir","var_analysis_unit":null,"var_qstn_preqtxt":null,"var_qstn_qstnlit":null,"var_qstn_postqtxt":null,"var_qstn_ivuinstr":null,"var_universe":null,"var_universe_clusion":null,"var_sumstat":[{"value":"0","type":"vald","wgtd":null},{"value":"0","type":"invd","wgtd":null}],"var_txt":null,"var_catgry":[],"var_codinstr":null,"var_concept":[],"var_format":{"type":"numeric","schema":"other","category":null,"name":null},"var_notes":null,"var_val_range":{"min":null,"max":null},"fid":"F1"},{"file_id":"F1","vid":"V61","name":"incidentes_12","var_intrvl":"discrete","var_dcml":"0","var_wgt":null,"var_is_wgt":null,"loc_start_pos":null,"loc_end_pos":null,"loc_width":null,"loc_rec_seg_no":null,"labl":"RUTA A PER\u00da E INCIDENTES DE PROTECCI\u00d3N\/Desde que inici\u00f3 su viaje, \u00bfusted o algui\u00e9n de su familia sufri\u00f3 alguno de estos incidentes?\/Ninguno de los anteriores","var_imputation":"RUTA A PER\u00da E INCIDENTES DE PROTECCI\u00d3N\/Desde que inici\u00f3 su viaje, \u00bfusted o algui\u00e9n de su familia sufri\u00f3 alguno de estos incidentes?\/Ninguno de los anteriores","var_security":"RUTA A PER\u00da E INCIDENTES DE PROTECCI\u00d3N\/Desde que inici\u00f3 su viaje, \u00bfusted o algui\u00e9n de su familia sufri\u00f3 alguno de estos incidentes?\/Ninguno de los anteriores","var_resp_unit":"RUTA A PER\u00da E INCIDENTES DE PROTECCI\u00d3N\/Desde que inici\u00f3 su viaje, \u00bfusted o algui\u00e9n de su familia sufri\u00f3 alguno de estos incidentes?\/Ninguno de los anteriores","var_analysis_unit":null,"var_qstn_preqtxt":null,"var_qstn_qstnlit":null,"var_qstn_postqtxt":null,"var_qstn_ivuinstr":null,"var_universe":null,"var_universe_clusion":null,"var_sumstat":[{"value":"0","type":"vald","wgtd":null},{"value":"0","type":"invd","wgtd":null}],"var_txt":null,"var_catgry":[],"var_codinstr":null,"var_concept":[],"var_format":{"type":"numeric","schema":"other","category":null,"name":null},"var_notes":null,"var_val_range":{"min":null,"max":null},"fid":"F1"},{"file_id":"F1","vid":"V62","name":"donde_incidentes_1","var_intrvl":"discrete","var_dcml":"0","var_wgt":null,"var_is_wgt":null,"loc_start_pos":null,"loc_end_pos":null,"loc_width":null,"loc_rec_seg_no":null,"labl":"RUTA A PER\u00da E INCIDENTES DE PROTECCI\u00d3N\/\u00bfEn cuales paises ocurrieron estos incidentes?\/Colombia","var_imputation":"RUTA A PER\u00da E INCIDENTES DE PROTECCI\u00d3N\/\u00bfEn cuales paises ocurrieron estos incidentes?\/Colombia","var_security":"RUTA A PER\u00da E INCIDENTES DE PROTECCI\u00d3N\/\u00bfEn cuales paises ocurrieron estos incidentes?\/Colombia","var_resp_unit":"RUTA A PER\u00da E INCIDENTES DE PROTECCI\u00d3N\/\u00bfEn cuales paises ocurrieron estos incidentes?\/Colombia","var_analysis_unit":null,"var_qstn_preqtxt":null,"var_qstn_qstnlit":null,"var_qstn_postqtxt":null,"var_qstn_ivuinstr":null,"var_universe":null,"var_universe_clusion":null,"var_sumstat":[{"value":"0","type":"vald","wgtd":null},{"value":"0","type":"invd","wgtd":null}],"var_txt":null,"var_catgry":[],"var_codinstr":null,"var_concept":[],"var_format":{"type":"numeric","schema":"other","category":null,"name":null},"var_notes":null,"var_val_range":{"min":null,"max":null},"fid":"F1"},{"file_id":"F1","vid":"V63","name":"donde_incidentes_2","var_intrvl":"discrete","var_dcml":"0","var_wgt":null,"var_is_wgt":null,"loc_start_pos":null,"loc_end_pos":null,"loc_width":null,"loc_rec_seg_no":null,"labl":"RUTA A PER\u00da E INCIDENTES DE PROTECCI\u00d3N\/\u00bfEn cuales paises ocurrieron estos incidentes?\/Ecuador","var_imputation":"RUTA A PER\u00da E INCIDENTES DE PROTECCI\u00d3N\/\u00bfEn cuales paises ocurrieron estos incidentes?\/Ecuador","var_security":"RUTA A PER\u00da E INCIDENTES DE PROTECCI\u00d3N\/\u00bfEn cuales paises ocurrieron estos incidentes?\/Ecuador","var_resp_unit":"RUTA A PER\u00da E INCIDENTES DE PROTECCI\u00d3N\/\u00bfEn cuales paises ocurrieron estos incidentes?\/Ecuador","var_analysis_unit":null,"var_qstn_preqtxt":null,"var_qstn_qstnlit":null,"var_qstn_postqtxt":null,"var_qstn_ivuinstr":null,"var_universe":null,"var_universe_clusion":null,"var_sumstat":[{"value":"0","type":"vald","wgtd":null},{"value":"0","type":"invd","wgtd":null}],"var_txt":null,"var_catgry":[],"var_codinstr":null,"var_concept":[],"var_format":{"type":"numeric","schema":"other","category":null,"name":null},"var_notes":null,"var_val_range":{"min":null,"max":null},"fid":"F1"},{"file_id":"F1","vid":"V64","name":"donde_incidentes_3","var_intrvl":"discrete","var_dcml":"0","var_wgt":null,"var_is_wgt":null,"loc_start_pos":null,"loc_end_pos":null,"loc_width":null,"loc_rec_seg_no":null,"labl":"RUTA A PER\u00da E INCIDENTES DE PROTECCI\u00d3N\/\u00bfEn cuales paises ocurrieron estos incidentes?\/Argentina","var_imputation":"RUTA A PER\u00da E INCIDENTES DE PROTECCI\u00d3N\/\u00bfEn cuales paises ocurrieron estos incidentes?\/Argentina","var_security":"RUTA A PER\u00da E INCIDENTES DE PROTECCI\u00d3N\/\u00bfEn cuales paises ocurrieron estos incidentes?\/Argentina","var_resp_unit":"RUTA A PER\u00da E INCIDENTES DE PROTECCI\u00d3N\/\u00bfEn cuales paises ocurrieron estos incidentes?\/Argentina","var_analysis_unit":null,"var_qstn_preqtxt":null,"var_qstn_qstnlit":null,"var_qstn_postqtxt":null,"var_qstn_ivuinstr":null,"var_universe":null,"var_universe_clusion":null,"var_sumstat":[{"value":"0","type":"vald","wgtd":null},{"value":"0","type":"invd","wgtd":null}],"var_txt":null,"var_catgry":[],"var_codinstr":null,"var_concept":[],"var_format":{"type":"numeric","schema":"other","category":null,"name":null},"var_notes":null,"var_val_range":{"min":null,"max":null},"fid":"F1"},{"file_id":"F1","vid":"V65","name":"donde_incidentes_4","var_intrvl":"discrete","var_dcml":"0","var_wgt":null,"var_is_wgt":null,"loc_start_pos":null,"loc_end_pos":null,"loc_width":null,"loc_rec_seg_no":null,"labl":"RUTA A PER\u00da E INCIDENTES DE PROTECCI\u00d3N\/\u00bfEn cuales paises ocurrieron estos incidentes?\/Bolivia","var_imputation":"RUTA A PER\u00da E INCIDENTES DE PROTECCI\u00d3N\/\u00bfEn cuales paises ocurrieron estos incidentes?\/Bolivia","var_security":"RUTA A PER\u00da E INCIDENTES DE PROTECCI\u00d3N\/\u00bfEn cuales paises ocurrieron estos incidentes?\/Bolivia","var_resp_unit":"RUTA A PER\u00da E INCIDENTES DE PROTECCI\u00d3N\/\u00bfEn cuales paises ocurrieron estos incidentes?\/Bolivia","var_analysis_unit":null,"var_qstn_preqtxt":null,"var_qstn_qstnlit":null,"var_qstn_postqtxt":null,"var_qstn_ivuinstr":null,"var_universe":null,"var_universe_clusion":null,"var_sumstat":[{"value":"0","type":"vald","wgtd":null},{"value":"0","type":"invd","wgtd":null}],"var_txt":null,"var_catgry":[],"var_codinstr":null,"var_concept":[],"var_format":{"type":"numeric","schema":"other","category":null,"name":null},"var_notes":null,"var_val_range":{"min":null,"max":null},"fid":"F1"},{"file_id":"F1","vid":"V66","name":"donde_incidentes_5","var_intrvl":"discrete","var_dcml":"0","var_wgt":null,"var_is_wgt":null,"loc_start_pos":null,"loc_end_pos":null,"loc_width":null,"loc_rec_seg_no":null,"labl":"RUTA A PER\u00da E INCIDENTES DE PROTECCI\u00d3N\/\u00bfEn cuales paises ocurrieron estos incidentes?\/Brasil","var_imputation":"RUTA A PER\u00da E INCIDENTES DE PROTECCI\u00d3N\/\u00bfEn cuales paises ocurrieron estos incidentes?\/Brasil","var_security":"RUTA A PER\u00da E INCIDENTES DE PROTECCI\u00d3N\/\u00bfEn cuales paises ocurrieron estos incidentes?\/Brasil","var_resp_unit":"RUTA A PER\u00da E INCIDENTES DE PROTECCI\u00d3N\/\u00bfEn cuales paises ocurrieron estos incidentes?\/Brasil","var_analysis_unit":null,"var_qstn_preqtxt":null,"var_qstn_qstnlit":null,"var_qstn_postqtxt":null,"var_qstn_ivuinstr":null,"var_universe":null,"var_universe_clusion":null,"var_sumstat":[{"value":"0","type":"vald","wgtd":null},{"value":"0","type":"invd","wgtd":null}],"var_txt":null,"var_catgry":[],"var_codinstr":null,"var_concept":[],"var_format":{"type":"numeric","schema":"other","category":null,"name":null},"var_notes":null,"var_val_range":{"min":null,"max":null},"fid":"F1"},{"file_id":"F1","vid":"V67","name":"donde_incidentes_6","var_intrvl":"discrete","var_dcml":"0","var_wgt":null,"var_is_wgt":null,"loc_start_pos":null,"loc_end_pos":null,"loc_width":null,"loc_rec_seg_no":null,"labl":"RUTA A PER\u00da E INCIDENTES DE PROTECCI\u00d3N\/\u00bfEn cuales paises ocurrieron estos incidentes?\/Venezuela","var_imputation":"RUTA A PER\u00da E INCIDENTES DE PROTECCI\u00d3N\/\u00bfEn cuales paises ocurrieron estos incidentes?\/Venezuela","var_security":"RUTA A PER\u00da E INCIDENTES DE PROTECCI\u00d3N\/\u00bfEn cuales paises ocurrieron estos incidentes?\/Venezuela","var_resp_unit":"RUTA A PER\u00da E INCIDENTES DE PROTECCI\u00d3N\/\u00bfEn cuales paises ocurrieron estos incidentes?\/Venezuela","var_analysis_unit":null,"var_qstn_preqtxt":null,"var_qstn_qstnlit":null,"var_qstn_postqtxt":null,"var_qstn_ivuinstr":null,"var_universe":null,"var_universe_clusion":null,"var_sumstat":[{"value":"0","type":"vald","wgtd":null},{"value":"0","type":"invd","wgtd":null}],"var_txt":null,"var_catgry":[],"var_codinstr":null,"var_concept":[],"var_format":{"type":"numeric","schema":"other","category":null,"name":null},"var_notes":null,"var_val_range":{"min":null,"max":null},"fid":"F1"},{"file_id":"F1","vid":"V68","name":"donde_incidentes_7","var_intrvl":"discrete","var_dcml":"0","var_wgt":null,"var_is_wgt":null,"loc_start_pos":null,"loc_end_pos":null,"loc_width":null,"loc_rec_seg_no":null,"labl":"RUTA A PER\u00da E INCIDENTES DE PROTECCI\u00d3N\/\u00bfEn cuales paises ocurrieron estos incidentes?\/Chile","var_imputation":"RUTA A PER\u00da E INCIDENTES DE PROTECCI\u00d3N\/\u00bfEn cuales paises ocurrieron estos incidentes?\/Chile","var_security":"RUTA A PER\u00da E INCIDENTES DE PROTECCI\u00d3N\/\u00bfEn cuales paises ocurrieron estos incidentes?\/Chile","var_resp_unit":"RUTA A PER\u00da E INCIDENTES DE PROTECCI\u00d3N\/\u00bfEn cuales paises ocurrieron estos incidentes?\/Chile","var_analysis_unit":null,"var_qstn_preqtxt":null,"var_qstn_qstnlit":null,"var_qstn_postqtxt":null,"var_qstn_ivuinstr":null,"var_universe":null,"var_universe_clusion":null,"var_sumstat":[{"value":"0","type":"vald","wgtd":null},{"value":"0","type":"invd","wgtd":null}],"var_txt":null,"var_catgry":[],"var_codinstr":null,"var_concept":[],"var_format":{"type":"numeric","schema":"other","category":null,"name":null},"var_notes":null,"var_val_range":{"min":null,"max":null},"fid":"F1"},{"file_id":"F1","vid":"V69","name":"donde_incidentes_8","var_intrvl":"discrete","var_dcml":"0","var_wgt":null,"var_is_wgt":null,"loc_start_pos":null,"loc_end_pos":null,"loc_width":null,"loc_rec_seg_no":null,"labl":"RUTA A PER\u00da E INCIDENTES DE PROTECCI\u00d3N\/\u00bfEn cuales paises ocurrieron estos incidentes?\/Otro","var_imputation":"RUTA A PER\u00da E INCIDENTES DE PROTECCI\u00d3N\/\u00bfEn cuales paises ocurrieron estos incidentes?\/Otro","var_security":"RUTA A PER\u00da E INCIDENTES DE PROTECCI\u00d3N\/\u00bfEn cuales paises ocurrieron estos incidentes?\/Otro","var_resp_unit":"RUTA A PER\u00da E INCIDENTES DE PROTECCI\u00d3N\/\u00bfEn cuales paises ocurrieron estos incidentes?\/Otro","var_analysis_unit":null,"var_qstn_preqtxt":null,"var_qstn_qstnlit":null,"var_qstn_postqtxt":null,"var_qstn_ivuinstr":null,"var_universe":null,"var_universe_clusion":null,"var_sumstat":[{"value":"0","type":"vald","wgtd":null},{"value":"0","type":"invd","wgtd":null}],"var_txt":null,"var_catgry":[],"var_codinstr":null,"var_concept":[],"var_format":{"type":"numeric","schema":"other","category":null,"name":null},"var_notes":null,"var_val_range":{"min":null,"max":null},"fid":"F1"},{"file_id":"F1","vid":"V70","name":"donde_incidentes_9","var_intrvl":"discrete","var_dcml":"0","var_wgt":null,"var_is_wgt":null,"loc_start_pos":null,"loc_end_pos":null,"loc_width":null,"loc_rec_seg_no":null,"labl":"RUTA A PER\u00da E INCIDENTES DE PROTECCI\u00d3N\/\u00bfEn cuales paises ocurrieron estos incidentes?\/Per\u00fa","var_imputation":"RUTA A PER\u00da E INCIDENTES DE PROTECCI\u00d3N\/\u00bfEn cuales paises ocurrieron estos incidentes?\/Per\u00fa","var_security":"RUTA A PER\u00da E INCIDENTES DE PROTECCI\u00d3N\/\u00bfEn cuales paises ocurrieron estos incidentes?\/Per\u00fa","var_resp_unit":"RUTA A PER\u00da E INCIDENTES DE PROTECCI\u00d3N\/\u00bfEn cuales paises ocurrieron estos incidentes?\/Per\u00fa","var_analysis_unit":null,"var_qstn_preqtxt":null,"var_qstn_qstnlit":null,"var_qstn_postqtxt":null,"var_qstn_ivuinstr":null,"var_universe":null,"var_universe_clusion":null,"var_sumstat":[{"value":"0","type":"vald","wgtd":null},{"value":"0","type":"invd","wgtd":null}],"var_txt":null,"var_catgry":[],"var_codinstr":null,"var_concept":[],"var_format":{"type":"numeric","schema":"other","category":null,"name":null},"var_notes":null,"var_val_range":{"min":null,"max":null},"fid":"F1"},{"file_id":"F1","vid":"V71","name":"quienes_incidentes_per_1","var_intrvl":"discrete","var_dcml":"0","var_wgt":null,"var_is_wgt":null,"loc_start_pos":null,"loc_end_pos":null,"loc_width":null,"loc_rec_seg_no":null,"labl":"RUTA A PER\u00da E INCIDENTES DE PROTECCI\u00d3N\/\u00bfQui\u00e9nes ocacionaron estos incidentes en Per\u00fa?\/Fuerzas del orden","var_imputation":"RUTA A PER\u00da E INCIDENTES DE PROTECCI\u00d3N\/\u00bfQui\u00e9nes ocacionaron estos incidentes en Per\u00fa?\/Fuerzas del orden","var_security":"RUTA A PER\u00da E INCIDENTES DE PROTECCI\u00d3N\/\u00bfQui\u00e9nes ocacionaron estos incidentes en Per\u00fa?\/Fuerzas del orden","var_resp_unit":"RUTA A PER\u00da E INCIDENTES DE PROTECCI\u00d3N\/\u00bfQui\u00e9nes ocacionaron estos incidentes en Per\u00fa?\/Fuerzas del orden","var_analysis_unit":null,"var_qstn_preqtxt":null,"var_qstn_qstnlit":null,"var_qstn_postqtxt":null,"var_qstn_ivuinstr":null,"var_universe":null,"var_universe_clusion":null,"var_sumstat":[{"value":"0","type":"vald","wgtd":null},{"value":"0","type":"invd","wgtd":null}],"var_txt":null,"var_catgry":[],"var_codinstr":null,"var_concept":[],"var_format":{"type":"numeric","schema":"other","category":null,"name":null},"var_notes":null,"var_val_range":{"min":null,"max":null},"fid":"F1"},{"file_id":"F1","vid":"V72","name":"quienes_incidentes_per_2","var_intrvl":"discrete","var_dcml":"0","var_wgt":null,"var_is_wgt":null,"loc_start_pos":null,"loc_end_pos":null,"loc_width":null,"loc_rec_seg_no":null,"labl":"RUTA A PER\u00da E INCIDENTES DE PROTECCI\u00d3N\/\u00bfQui\u00e9nes ocacionaron estos incidentes en Per\u00fa?\/Fuerzas del orden peruanas","var_imputation":"RUTA A PER\u00da E INCIDENTES DE PROTECCI\u00d3N\/\u00bfQui\u00e9nes ocacionaron estos incidentes en Per\u00fa?\/Fuerzas del orden peruanas","var_security":"RUTA A PER\u00da E INCIDENTES DE PROTECCI\u00d3N\/\u00bfQui\u00e9nes ocacionaron estos incidentes en Per\u00fa?\/Fuerzas del orden peruanas","var_resp_unit":"RUTA A PER\u00da E INCIDENTES DE PROTECCI\u00d3N\/\u00bfQui\u00e9nes ocacionaron estos incidentes en Per\u00fa?\/Fuerzas del orden peruanas","var_analysis_unit":null,"var_qstn_preqtxt":null,"var_qstn_qstnlit":null,"var_qstn_postqtxt":null,"var_qstn_ivuinstr":null,"var_universe":null,"var_universe_clusion":null,"var_sumstat":[{"value":"0","type":"vald","wgtd":null},{"value":"0","type":"invd","wgtd":null}],"var_txt":null,"var_catgry":[{"value":"1","labl":"TRUE","is_missing":null,"stats":[]}],"var_codinstr":null,"var_concept":[],"var_format":{"type":"numeric","schema":"other","category":null,"name":null},"var_notes":null,"var_val_range":{"min":"1","max":"1"},"fid":"F1"},{"file_id":"F1","vid":"V73","name":"quienes_incidentes_per_3","var_intrvl":"discrete","var_dcml":"0","var_wgt":null,"var_is_wgt":null,"loc_start_pos":null,"loc_end_pos":null,"loc_width":null,"loc_rec_seg_no":null,"labl":"RUTA A PER\u00da E INCIDENTES DE PROTECCI\u00d3N\/\u00bfQui\u00e9nes ocacionaron estos incidentes en Per\u00fa?\/Trocheros","var_imputation":"RUTA A PER\u00da E INCIDENTES DE PROTECCI\u00d3N\/\u00bfQui\u00e9nes ocacionaron estos incidentes en Per\u00fa?\/Trocheros","var_security":"RUTA A PER\u00da E INCIDENTES DE PROTECCI\u00d3N\/\u00bfQui\u00e9nes ocacionaron estos incidentes en Per\u00fa?\/Trocheros","var_resp_unit":"RUTA A PER\u00da E INCIDENTES DE PROTECCI\u00d3N\/\u00bfQui\u00e9nes ocacionaron estos incidentes en Per\u00fa?\/Trocheros","var_analysis_unit":null,"var_qstn_preqtxt":null,"var_qstn_qstnlit":null,"var_qstn_postqtxt":null,"var_qstn_ivuinstr":null,"var_universe":null,"var_universe_clusion":null,"var_sumstat":[{"value":"0","type":"vald","wgtd":null},{"value":"0","type":"invd","wgtd":null}],"var_txt":null,"var_catgry":[],"var_codinstr":null,"var_concept":[],"var_format":{"type":"numeric","schema":"other","category":null,"name":null},"var_notes":null,"var_val_range":{"min":null,"max":null},"fid":"F1"},{"file_id":"F1","vid":"V74","name":"quienes_incidentes_per_4","var_intrvl":"discrete","var_dcml":"0","var_wgt":null,"var_is_wgt":null,"loc_start_pos":null,"loc_end_pos":null,"loc_width":null,"loc_rec_seg_no":null,"labl":"RUTA A PER\u00da E INCIDENTES DE PROTECCI\u00d3N\/\u00bfQui\u00e9nes ocacionaron estos incidentes en Per\u00fa?\/Mototaxistas\/Transportistas","var_imputation":"RUTA A PER\u00da E INCIDENTES DE PROTECCI\u00d3N\/\u00bfQui\u00e9nes ocacionaron estos incidentes en Per\u00fa?\/Mototaxistas\/Transportistas","var_security":"RUTA A PER\u00da E INCIDENTES DE PROTECCI\u00d3N\/\u00bfQui\u00e9nes ocacionaron estos incidentes en Per\u00fa?\/Mototaxistas\/Transportistas","var_resp_unit":"RUTA A PER\u00da E INCIDENTES DE PROTECCI\u00d3N\/\u00bfQui\u00e9nes ocacionaron estos incidentes en Per\u00fa?\/Mototaxistas\/Transportistas","var_analysis_unit":null,"var_qstn_preqtxt":null,"var_qstn_qstnlit":null,"var_qstn_postqtxt":null,"var_qstn_ivuinstr":null,"var_universe":null,"var_universe_clusion":null,"var_sumstat":[{"value":"0","type":"vald","wgtd":null},{"value":"0","type":"invd","wgtd":null}],"var_txt":null,"var_catgry":[],"var_codinstr":null,"var_concept":[],"var_format":{"type":"numeric","schema":"other","category":null,"name":null},"var_notes":null,"var_val_range":{"min":null,"max":null},"fid":"F1"},{"file_id":"F1","vid":"V75","name":"quienes_incidentes_per_5","var_intrvl":"discrete","var_dcml":"0","var_wgt":null,"var_is_wgt":null,"loc_start_pos":null,"loc_end_pos":null,"loc_width":null,"loc_rec_seg_no":null,"labl":"RUTA A PER\u00da E INCIDENTES DE PROTECCI\u00d3N\/\u00bfQui\u00e9nes ocacionaron estos incidentes en Per\u00fa?\/Gente de la comunidad","var_imputation":"RUTA A PER\u00da E INCIDENTES DE PROTECCI\u00d3N\/\u00bfQui\u00e9nes ocacionaron estos incidentes en Per\u00fa?\/Gente de la comunidad","var_security":"RUTA A PER\u00da E INCIDENTES DE PROTECCI\u00d3N\/\u00bfQui\u00e9nes ocacionaron estos incidentes en Per\u00fa?\/Gente de la comunidad","var_resp_unit":"RUTA A PER\u00da E INCIDENTES DE PROTECCI\u00d3N\/\u00bfQui\u00e9nes ocacionaron estos incidentes en Per\u00fa?\/Gente de la comunidad","var_analysis_unit":null,"var_qstn_preqtxt":null,"var_qstn_qstnlit":null,"var_qstn_postqtxt":null,"var_qstn_ivuinstr":null,"var_universe":null,"var_universe_clusion":null,"var_sumstat":[{"value":"0","type":"vald","wgtd":null},{"value":"0","type":"invd","wgtd":null}],"var_txt":null,"var_catgry":[],"var_codinstr":null,"var_concept":[],"var_format":{"type":"numeric","schema":"other","category":null,"name":null},"var_notes":null,"var_val_range":{"min":null,"max":null},"fid":"F1"},{"file_id":"F1","vid":"V76","name":"quienes_incidentes_per_6","var_intrvl":"discrete","var_dcml":"0","var_wgt":null,"var_is_wgt":null,"loc_start_pos":null,"loc_end_pos":null,"loc_width":null,"loc_rec_seg_no":null,"labl":"RUTA A PER\u00da E INCIDENTES DE PROTECCI\u00d3N\/\u00bfQui\u00e9nes ocacionaron estos incidentes en Per\u00fa?\/Otras personas de mi nacionalidad","var_imputation":"RUTA A PER\u00da E INCIDENTES DE PROTECCI\u00d3N\/\u00bfQui\u00e9nes ocacionaron estos incidentes en Per\u00fa?\/Otras personas de mi nacionalidad","var_security":"RUTA A PER\u00da E INCIDENTES DE PROTECCI\u00d3N\/\u00bfQui\u00e9nes ocacionaron estos incidentes en Per\u00fa?\/Otras personas de mi nacionalidad","var_resp_unit":"RUTA A PER\u00da E INCIDENTES DE PROTECCI\u00d3N\/\u00bfQui\u00e9nes ocacionaron estos incidentes en Per\u00fa?\/Otras personas de mi nacionalidad","var_analysis_unit":null,"var_qstn_preqtxt":null,"var_qstn_qstnlit":null,"var_qstn_postqtxt":null,"var_qstn_ivuinstr":null,"var_universe":null,"var_universe_clusion":null,"var_sumstat":[{"value":"0","type":"vald","wgtd":null},{"value":"0","type":"invd","wgtd":null}],"var_txt":null,"var_catgry":[],"var_codinstr":null,"var_concept":[],"var_format":{"type":"numeric","schema":"other","category":null,"name":null},"var_notes":null,"var_val_range":{"min":null,"max":null},"fid":"F1"},{"file_id":"F1","vid":"V77","name":"quienes_incidentes_per_7","var_intrvl":"discrete","var_dcml":"0","var_wgt":null,"var_is_wgt":null,"loc_start_pos":null,"loc_end_pos":null,"loc_width":null,"loc_rec_seg_no":null,"labl":"RUTA A PER\u00da E INCIDENTES DE PROTECCI\u00d3N\/\u00bfQui\u00e9nes ocacionaron estos incidentes en Per\u00fa?\/Familiar\/Alg\u00fan conocido","var_imputation":"RUTA A PER\u00da E INCIDENTES DE PROTECCI\u00d3N\/\u00bfQui\u00e9nes ocacionaron estos incidentes en Per\u00fa?\/Familiar\/Alg\u00fan conocido","var_security":"RUTA A PER\u00da E INCIDENTES DE PROTECCI\u00d3N\/\u00bfQui\u00e9nes ocacionaron estos incidentes en Per\u00fa?\/Familiar\/Alg\u00fan conocido","var_resp_unit":"RUTA A PER\u00da E INCIDENTES DE PROTECCI\u00d3N\/\u00bfQui\u00e9nes ocacionaron estos incidentes en Per\u00fa?\/Familiar\/Alg\u00fan conocido","var_analysis_unit":null,"var_qstn_preqtxt":null,"var_qstn_qstnlit":null,"var_qstn_postqtxt":null,"var_qstn_ivuinstr":null,"var_universe":null,"var_universe_clusion":null,"var_sumstat":[{"value":"0","type":"vald","wgtd":null},{"value":"0","type":"invd","wgtd":null}],"var_txt":null,"var_catgry":[],"var_codinstr":null,"var_concept":[],"var_format":{"type":"numeric","schema":"other","category":null,"name":null},"var_notes":null,"var_val_range":{"min":null,"max":null},"fid":"F1"},{"file_id":"F1","vid":"V78","name":"quienes_incidentes_per_8","var_intrvl":"discrete","var_dcml":"0","var_wgt":null,"var_is_wgt":null,"loc_start_pos":null,"loc_end_pos":null,"loc_width":null,"loc_rec_seg_no":null,"labl":"RUTA A PER\u00da E INCIDENTES DE PROTECCI\u00d3N\/\u00bfQui\u00e9nes ocacionaron estos incidentes en Per\u00fa?\/Grupos armados e hinchas","var_imputation":"RUTA A PER\u00da E INCIDENTES DE PROTECCI\u00d3N\/\u00bfQui\u00e9nes ocacionaron estos incidentes en Per\u00fa?\/Grupos armados e hinchas","var_security":"RUTA A PER\u00da E INCIDENTES DE PROTECCI\u00d3N\/\u00bfQui\u00e9nes ocacionaron estos incidentes en Per\u00fa?\/Grupos armados e hinchas","var_resp_unit":"RUTA A PER\u00da E INCIDENTES DE PROTECCI\u00d3N\/\u00bfQui\u00e9nes ocacionaron estos incidentes en Per\u00fa?\/Grupos armados e hinchas","var_analysis_unit":null,"var_qstn_preqtxt":null,"var_qstn_qstnlit":null,"var_qstn_postqtxt":null,"var_qstn_ivuinstr":null,"var_universe":null,"var_universe_clusion":null,"var_sumstat":[{"value":"0","type":"vald","wgtd":null},{"value":"0","type":"invd","wgtd":null}],"var_txt":null,"var_catgry":[],"var_codinstr":null,"var_concept":[],"var_format":{"type":"numeric","schema":"other","category":null,"name":null},"var_notes":null,"var_val_range":{"min":null,"max":null},"fid":"F1"},{"file_id":"F1","vid":"V79","name":"quienes_incidentes_col_1","var_intrvl":"discrete","var_dcml":"0","var_wgt":null,"var_is_wgt":null,"loc_start_pos":null,"loc_end_pos":null,"loc_width":null,"loc_rec_seg_no":null,"labl":"RUTA A PER\u00da E INCIDENTES DE PROTECCI\u00d3N\/\u00bfQui\u00e9nes ocacionaron estos incidentes en Colombia?\/Fuerzas del orden","var_imputation":"RUTA A PER\u00da E INCIDENTES DE PROTECCI\u00d3N\/\u00bfQui\u00e9nes ocacionaron estos incidentes en Colombia?\/Fuerzas del orden","var_security":"RUTA A PER\u00da E INCIDENTES DE PROTECCI\u00d3N\/\u00bfQui\u00e9nes ocacionaron estos incidentes en Colombia?\/Fuerzas del orden","var_resp_unit":"RUTA A PER\u00da E INCIDENTES DE PROTECCI\u00d3N\/\u00bfQui\u00e9nes ocacionaron estos incidentes en Colombia?\/Fuerzas del orden","var_analysis_unit":null,"var_qstn_preqtxt":null,"var_qstn_qstnlit":null,"var_qstn_postqtxt":null,"var_qstn_ivuinstr":null,"var_universe":null,"var_universe_clusion":null,"var_sumstat":[{"value":"0","type":"vald","wgtd":null},{"value":"0","type":"invd","wgtd":null}],"var_txt":null,"var_catgry":[],"var_codinstr":null,"var_concept":[],"var_format":{"type":"numeric","schema":"other","category":null,"name":null},"var_notes":null,"var_val_range":{"min":null,"max":null},"fid":"F1"},{"file_id":"F1","vid":"V80","name":"quienes_incidentes_col_2","var_intrvl":"discrete","var_dcml":"0","var_wgt":null,"var_is_wgt":null,"loc_start_pos":null,"loc_end_pos":null,"loc_width":null,"loc_rec_seg_no":null,"labl":"RUTA A PER\u00da E INCIDENTES DE PROTECCI\u00d3N\/\u00bfQui\u00e9nes ocacionaron estos incidentes en Colombia?\/Fuerzas del orden peruanas","var_imputation":"RUTA A PER\u00da E INCIDENTES DE PROTECCI\u00d3N\/\u00bfQui\u00e9nes ocacionaron estos incidentes en Colombia?\/Fuerzas del orden peruanas","var_security":"RUTA A PER\u00da E INCIDENTES DE PROTECCI\u00d3N\/\u00bfQui\u00e9nes ocacionaron estos incidentes en Colombia?\/Fuerzas del orden peruanas","var_resp_unit":"RUTA A PER\u00da E INCIDENTES DE PROTECCI\u00d3N\/\u00bfQui\u00e9nes ocacionaron estos incidentes en Colombia?\/Fuerzas del orden peruanas","var_analysis_unit":null,"var_qstn_preqtxt":null,"var_qstn_qstnlit":null,"var_qstn_postqtxt":null,"var_qstn_ivuinstr":null,"var_universe":null,"var_universe_clusion":null,"var_sumstat":[{"value":"0","type":"vald","wgtd":null},{"value":"0","type":"invd","wgtd":null}],"var_txt":null,"var_catgry":[{"value":"1","labl":"TRUE","is_missing":null,"stats":[]}],"var_codinstr":null,"var_concept":[],"var_format":{"type":"numeric","schema":"other","category":null,"name":null},"var_notes":null,"var_val_range":{"min":"1","max":"1"},"fid":"F1"},{"file_id":"F1","vid":"V81","name":"quienes_incidentes_col_3","var_intrvl":"discrete","var_dcml":"0","var_wgt":null,"var_is_wgt":null,"loc_start_pos":null,"loc_end_pos":null,"loc_width":null,"loc_rec_seg_no":null,"labl":"RUTA A PER\u00da E INCIDENTES DE PROTECCI\u00d3N\/\u00bfQui\u00e9nes ocacionaron estos incidentes en Colombia?\/Trocheros","var_imputation":"RUTA A PER\u00da E INCIDENTES DE PROTECCI\u00d3N\/\u00bfQui\u00e9nes ocacionaron estos incidentes en Colombia?\/Trocheros","var_security":"RUTA A PER\u00da E INCIDENTES DE PROTECCI\u00d3N\/\u00bfQui\u00e9nes ocacionaron estos incidentes en Colombia?\/Trocheros","var_resp_unit":"RUTA A PER\u00da E INCIDENTES DE PROTECCI\u00d3N\/\u00bfQui\u00e9nes ocacionaron estos incidentes en Colombia?\/Trocheros","var_analysis_unit":null,"var_qstn_preqtxt":null,"var_qstn_qstnlit":null,"var_qstn_postqtxt":null,"var_qstn_ivuinstr":null,"var_universe":null,"var_universe_clusion":null,"var_sumstat":[{"value":"0","type":"vald","wgtd":null},{"value":"0","type":"invd","wgtd":null}],"var_txt":null,"var_catgry":[],"var_codinstr":null,"var_concept":[],"var_format":{"type":"numeric","schema":"other","category":null,"name":null},"var_notes":null,"var_val_range":{"min":null,"max":null},"fid":"F1"},{"file_id":"F1","vid":"V82","name":"quienes_incidentes_col_4","var_intrvl":"discrete","var_dcml":"0","var_wgt":null,"var_is_wgt":null,"loc_start_pos":null,"loc_end_pos":null,"loc_width":null,"loc_rec_seg_no":null,"labl":"RUTA A PER\u00da E INCIDENTES DE PROTECCI\u00d3N\/\u00bfQui\u00e9nes ocacionaron estos incidentes en Colombia?\/Mototaxistas\/Transportistas","var_imputation":"RUTA A PER\u00da E INCIDENTES DE PROTECCI\u00d3N\/\u00bfQui\u00e9nes ocacionaron estos incidentes en Colombia?\/Mototaxistas\/Transportistas","var_security":"RUTA A PER\u00da E INCIDENTES DE PROTECCI\u00d3N\/\u00bfQui\u00e9nes ocacionaron estos incidentes en Colombia?\/Mototaxistas\/Transportistas","var_resp_unit":"RUTA A PER\u00da E INCIDENTES DE PROTECCI\u00d3N\/\u00bfQui\u00e9nes ocacionaron estos incidentes en Colombia?\/Mototaxistas\/Transportistas","var_analysis_unit":null,"var_qstn_preqtxt":null,"var_qstn_qstnlit":null,"var_qstn_postqtxt":null,"var_qstn_ivuinstr":null,"var_universe":null,"var_universe_clusion":null,"var_sumstat":[{"value":"0","type":"vald","wgtd":null},{"value":"0","type":"invd","wgtd":null}],"var_txt":null,"var_catgry":[],"var_codinstr":null,"var_concept":[],"var_format":{"type":"numeric","schema":"other","category":null,"name":null},"var_notes":null,"var_val_range":{"min":null,"max":null},"fid":"F1"},{"file_id":"F1","vid":"V83","name":"quienes_incidentes_col_5","var_intrvl":"discrete","var_dcml":"0","var_wgt":null,"var_is_wgt":null,"loc_start_pos":null,"loc_end_pos":null,"loc_width":null,"loc_rec_seg_no":null,"labl":"RUTA A PER\u00da E INCIDENTES DE PROTECCI\u00d3N\/\u00bfQui\u00e9nes ocacionaron estos incidentes en Colombia?\/Gente de la comunidad","var_imputation":"RUTA A PER\u00da E INCIDENTES DE PROTECCI\u00d3N\/\u00bfQui\u00e9nes ocacionaron estos incidentes en Colombia?\/Gente de la comunidad","var_security":"RUTA A PER\u00da E INCIDENTES DE PROTECCI\u00d3N\/\u00bfQui\u00e9nes ocacionaron estos incidentes en Colombia?\/Gente de la comunidad","var_resp_unit":"RUTA A PER\u00da E INCIDENTES DE PROTECCI\u00d3N\/\u00bfQui\u00e9nes ocacionaron estos incidentes en Colombia?\/Gente de la comunidad","var_analysis_unit":null,"var_qstn_preqtxt":null,"var_qstn_qstnlit":null,"var_qstn_postqtxt":null,"var_qstn_ivuinstr":null,"var_universe":null,"var_universe_clusion":null,"var_sumstat":[{"value":"0","type":"vald","wgtd":null},{"value":"0","type":"invd","wgtd":null}],"var_txt":null,"var_catgry":[],"var_codinstr":null,"var_concept":[],"var_format":{"type":"numeric","schema":"other","category":null,"name":null},"var_notes":null,"var_val_range":{"min":null,"max":null},"fid":"F1"},{"file_id":"F1","vid":"V84","name":"quienes_incidentes_col_6","var_intrvl":"discrete","var_dcml":"0","var_wgt":null,"var_is_wgt":null,"loc_start_pos":null,"loc_end_pos":null,"loc_width":null,"loc_rec_seg_no":null,"labl":"RUTA A PER\u00da E INCIDENTES DE PROTECCI\u00d3N\/\u00bfQui\u00e9nes ocacionaron estos incidentes en Colombia?\/Otras personas de mi nacionalidad","var_imputation":"RUTA A PER\u00da E INCIDENTES DE PROTECCI\u00d3N\/\u00bfQui\u00e9nes ocacionaron estos incidentes en Colombia?\/Otras personas de mi nacionalidad","var_security":"RUTA A PER\u00da E INCIDENTES DE PROTECCI\u00d3N\/\u00bfQui\u00e9nes ocacionaron estos incidentes en Colombia?\/Otras personas de mi nacionalidad","var_resp_unit":"RUTA A PER\u00da E INCIDENTES DE PROTECCI\u00d3N\/\u00bfQui\u00e9nes ocacionaron estos incidentes en Colombia?\/Otras personas de mi nacionalidad","var_analysis_unit":null,"var_qstn_preqtxt":null,"var_qstn_qstnlit":null,"var_qstn_postqtxt":null,"var_qstn_ivuinstr":null,"var_universe":null,"var_universe_clusion":null,"var_sumstat":[{"value":"0","type":"vald","wgtd":null},{"value":"0","type":"invd","wgtd":null}],"var_txt":null,"var_catgry":[],"var_codinstr":null,"var_concept":[],"var_format":{"type":"numeric","schema":"other","category":null,"name":null},"var_notes":null,"var_val_range":{"min":null,"max":null},"fid":"F1"},{"file_id":"F1","vid":"V85","name":"quienes_incidentes_col_7","var_intrvl":"discrete","var_dcml":"0","var_wgt":null,"var_is_wgt":null,"loc_start_pos":null,"loc_end_pos":null,"loc_width":null,"loc_rec_seg_no":null,"labl":"RUTA A PER\u00da E INCIDENTES DE PROTECCI\u00d3N\/\u00bfQui\u00e9nes ocacionaron estos incidentes en Colombia?\/Familiar\/Alg\u00fan conocido","var_imputation":"RUTA A PER\u00da E INCIDENTES DE PROTECCI\u00d3N\/\u00bfQui\u00e9nes ocacionaron estos incidentes en Colombia?\/Familiar\/Alg\u00fan conocido","var_security":"RUTA A PER\u00da E INCIDENTES DE PROTECCI\u00d3N\/\u00bfQui\u00e9nes ocacionaron estos incidentes en Colombia?\/Familiar\/Alg\u00fan conocido","var_resp_unit":"RUTA A PER\u00da E INCIDENTES DE PROTECCI\u00d3N\/\u00bfQui\u00e9nes ocacionaron estos incidentes en Colombia?\/Familiar\/Alg\u00fan conocido","var_analysis_unit":null,"var_qstn_preqtxt":null,"var_qstn_qstnlit":null,"var_qstn_postqtxt":null,"var_qstn_ivuinstr":null,"var_universe":null,"var_universe_clusion":null,"var_sumstat":[{"value":"0","type":"vald","wgtd":null},{"value":"0","type":"invd","wgtd":null}],"var_txt":null,"var_catgry":[],"var_codinstr":null,"var_concept":[],"var_format":{"type":"numeric","schema":"other","category":null,"name":null},"var_notes":null,"var_val_range":{"min":null,"max":null},"fid":"F1"},{"file_id":"F1","vid":"V86","name":"quienes_incidentes_col_8","var_intrvl":"discrete","var_dcml":"0","var_wgt":null,"var_is_wgt":null,"loc_start_pos":null,"loc_end_pos":null,"loc_width":null,"loc_rec_seg_no":null,"labl":"RUTA A PER\u00da E INCIDENTES DE PROTECCI\u00d3N\/\u00bfQui\u00e9nes ocacionaron estos incidentes en Colombia?\/Grupos armados e hinchas","var_imputation":"RUTA A PER\u00da E INCIDENTES DE PROTECCI\u00d3N\/\u00bfQui\u00e9nes ocacionaron estos incidentes en Colombia?\/Grupos armados e hinchas","var_security":"RUTA A PER\u00da E INCIDENTES DE PROTECCI\u00d3N\/\u00bfQui\u00e9nes ocacionaron estos incidentes en Colombia?\/Grupos armados e hinchas","var_resp_unit":"RUTA A PER\u00da E INCIDENTES DE PROTECCI\u00d3N\/\u00bfQui\u00e9nes ocacionaron estos incidentes en Colombia?\/Grupos armados e hinchas","var_analysis_unit":null,"var_qstn_preqtxt":null,"var_qstn_qstnlit":null,"var_qstn_postqtxt":null,"var_qstn_ivuinstr":null,"var_universe":null,"var_universe_clusion":null,"var_sumstat":[{"value":"0","type":"vald","wgtd":null},{"value":"0","type":"invd","wgtd":null}],"var_txt":null,"var_catgry":[],"var_codinstr":null,"var_concept":[],"var_format":{"type":"numeric","schema":"other","category":null,"name":null},"var_notes":null,"var_val_range":{"min":null,"max":null},"fid":"F1"},{"file_id":"F1","vid":"V87","name":"quienes_incidentes_ecu_1","var_intrvl":"discrete","var_dcml":"0","var_wgt":null,"var_is_wgt":null,"loc_start_pos":null,"loc_end_pos":null,"loc_width":null,"loc_rec_seg_no":null,"labl":"RUTA A PER\u00da E INCIDENTES DE PROTECCI\u00d3N\/\u00bfQui\u00e9nes ocacionaron estos incidentes en Ecuador?\/Fuerzas del orden","var_imputation":"RUTA A PER\u00da E INCIDENTES DE PROTECCI\u00d3N\/\u00bfQui\u00e9nes ocacionaron estos incidentes en Ecuador?\/Fuerzas del orden","var_security":"RUTA A PER\u00da E INCIDENTES DE PROTECCI\u00d3N\/\u00bfQui\u00e9nes ocacionaron estos incidentes en Ecuador?\/Fuerzas del orden","var_resp_unit":"RUTA A PER\u00da E INCIDENTES DE PROTECCI\u00d3N\/\u00bfQui\u00e9nes ocacionaron estos incidentes en Ecuador?\/Fuerzas del orden","var_analysis_unit":null,"var_qstn_preqtxt":null,"var_qstn_qstnlit":null,"var_qstn_postqtxt":null,"var_qstn_ivuinstr":null,"var_universe":null,"var_universe_clusion":null,"var_sumstat":[{"value":"0","type":"vald","wgtd":null},{"value":"0","type":"invd","wgtd":null}],"var_txt":null,"var_catgry":[],"var_codinstr":null,"var_concept":[],"var_format":{"type":"numeric","schema":"other","category":null,"name":null},"var_notes":null,"var_val_range":{"min":null,"max":null},"fid":"F1"},{"file_id":"F1","vid":"V88","name":"quienes_incidentes_ecu_2","var_intrvl":"discrete","var_dcml":"0","var_wgt":null,"var_is_wgt":null,"loc_start_pos":null,"loc_end_pos":null,"loc_width":null,"loc_rec_seg_no":null,"labl":"RUTA A PER\u00da E INCIDENTES DE PROTECCI\u00d3N\/\u00bfQui\u00e9nes ocacionaron estos incidentes en Ecuador?\/Fuerzas del orden peruanas","var_imputation":"RUTA A PER\u00da E INCIDENTES DE PROTECCI\u00d3N\/\u00bfQui\u00e9nes ocacionaron estos incidentes en Ecuador?\/Fuerzas del orden peruanas","var_security":"RUTA A PER\u00da E INCIDENTES DE PROTECCI\u00d3N\/\u00bfQui\u00e9nes ocacionaron estos incidentes en Ecuador?\/Fuerzas del orden peruanas","var_resp_unit":"RUTA A PER\u00da E INCIDENTES DE PROTECCI\u00d3N\/\u00bfQui\u00e9nes ocacionaron estos incidentes en Ecuador?\/Fuerzas del orden peruanas","var_analysis_unit":null,"var_qstn_preqtxt":null,"var_qstn_qstnlit":null,"var_qstn_postqtxt":null,"var_qstn_ivuinstr":null,"var_universe":null,"var_universe_clusion":null,"var_sumstat":[{"value":"0","type":"vald","wgtd":null},{"value":"0","type":"invd","wgtd":null}],"var_txt":null,"var_catgry":[],"var_codinstr":null,"var_concept":[],"var_format":{"type":"numeric","schema":"other","category":null,"name":null},"var_notes":null,"var_val_range":{"min":null,"max":null},"fid":"F1"},{"file_id":"F1","vid":"V89","name":"quienes_incidentes_ecu_3","var_intrvl":"discrete","var_dcml":"0","var_wgt":null,"var_is_wgt":null,"loc_start_pos":null,"loc_end_pos":null,"loc_width":null,"loc_rec_seg_no":null,"labl":"RUTA A PER\u00da E INCIDENTES DE PROTECCI\u00d3N\/\u00bfQui\u00e9nes ocacionaron estos incidentes en Ecuador?\/Trocheros","var_imputation":"RUTA A PER\u00da E INCIDENTES DE PROTECCI\u00d3N\/\u00bfQui\u00e9nes ocacionaron estos incidentes en Ecuador?\/Trocheros","var_security":"RUTA A PER\u00da E INCIDENTES DE PROTECCI\u00d3N\/\u00bfQui\u00e9nes ocacionaron estos incidentes en Ecuador?\/Trocheros","var_resp_unit":"RUTA A PER\u00da E INCIDENTES DE PROTECCI\u00d3N\/\u00bfQui\u00e9nes ocacionaron estos incidentes en Ecuador?\/Trocheros","var_analysis_unit":null,"var_qstn_preqtxt":null,"var_qstn_qstnlit":null,"var_qstn_postqtxt":null,"var_qstn_ivuinstr":null,"var_universe":null,"var_universe_clusion":null,"var_sumstat":[{"value":"0","type":"vald","wgtd":null},{"value":"0","type":"invd","wgtd":null}],"var_txt":null,"var_catgry":[],"var_codinstr":null,"var_concept":[],"var_format":{"type":"numeric","schema":"other","category":null,"name":null},"var_notes":null,"var_val_range":{"min":null,"max":null},"fid":"F1"},{"file_id":"F1","vid":"V90","name":"quienes_incidentes_ecu_4","var_intrvl":"discrete","var_dcml":"0","var_wgt":null,"var_is_wgt":null,"loc_start_pos":null,"loc_end_pos":null,"loc_width":null,"loc_rec_seg_no":null,"labl":"RUTA A PER\u00da E INCIDENTES DE PROTECCI\u00d3N\/\u00bfQui\u00e9nes ocacionaron estos incidentes en Ecuador?\/Mototaxistas\/Transportistas","var_imputation":"RUTA A PER\u00da E INCIDENTES DE PROTECCI\u00d3N\/\u00bfQui\u00e9nes ocacionaron estos incidentes en Ecuador?\/Mototaxistas\/Transportistas","var_security":"RUTA A PER\u00da E INCIDENTES DE PROTECCI\u00d3N\/\u00bfQui\u00e9nes ocacionaron estos incidentes en Ecuador?\/Mototaxistas\/Transportistas","var_resp_unit":"RUTA A PER\u00da E INCIDENTES DE PROTECCI\u00d3N\/\u00bfQui\u00e9nes ocacionaron estos incidentes en Ecuador?\/Mototaxistas\/Transportistas","var_analysis_unit":null,"var_qstn_preqtxt":null,"var_qstn_qstnlit":null,"var_qstn_postqtxt":null,"var_qstn_ivuinstr":null,"var_universe":null,"var_universe_clusion":null,"var_sumstat":[{"value":"0","type":"vald","wgtd":null},{"value":"0","type":"invd","wgtd":null}],"var_txt":null,"var_catgry":[],"var_codinstr":null,"var_concept":[],"var_format":{"type":"numeric","schema":"other","category":null,"name":null},"var_notes":null,"var_val_range":{"min":null,"max":null},"fid":"F1"},{"file_id":"F1","vid":"V91","name":"quienes_incidentes_ecu_5","var_intrvl":"discrete","var_dcml":"0","var_wgt":null,"var_is_wgt":null,"loc_start_pos":null,"loc_end_pos":null,"loc_width":null,"loc_rec_seg_no":null,"labl":"RUTA A PER\u00da E INCIDENTES DE PROTECCI\u00d3N\/\u00bfQui\u00e9nes ocacionaron estos incidentes en Ecuador?\/Gente de la comunidad","var_imputation":"RUTA A PER\u00da E INCIDENTES DE PROTECCI\u00d3N\/\u00bfQui\u00e9nes ocacionaron estos incidentes en Ecuador?\/Gente de la comunidad","var_security":"RUTA A PER\u00da E INCIDENTES DE PROTECCI\u00d3N\/\u00bfQui\u00e9nes ocacionaron estos incidentes en Ecuador?\/Gente de la comunidad","var_resp_unit":"RUTA A PER\u00da E INCIDENTES DE PROTECCI\u00d3N\/\u00bfQui\u00e9nes ocacionaron estos incidentes en Ecuador?\/Gente de la comunidad","var_analysis_unit":null,"var_qstn_preqtxt":null,"var_qstn_qstnlit":null,"var_qstn_postqtxt":null,"var_qstn_ivuinstr":null,"var_universe":null,"var_universe_clusion":null,"var_sumstat":[{"value":"0","type":"vald","wgtd":null},{"value":"0","type":"invd","wgtd":null}],"var_txt":null,"var_catgry":[],"var_codinstr":null,"var_concept":[],"var_format":{"type":"numeric","schema":"other","category":null,"name":null},"var_notes":null,"var_val_range":{"min":null,"max":null},"fid":"F1"},{"file_id":"F1","vid":"V92","name":"quienes_incidentes_ecu_6","var_intrvl":"discrete","var_dcml":"0","var_wgt":null,"var_is_wgt":null,"loc_start_pos":null,"loc_end_pos":null,"loc_width":null,"loc_rec_seg_no":null,"labl":"RUTA A PER\u00da E INCIDENTES DE PROTECCI\u00d3N\/\u00bfQui\u00e9nes ocacionaron estos incidentes en Ecuador?\/Otras personas de mi nacionalidad","var_imputation":"RUTA A PER\u00da E INCIDENTES DE PROTECCI\u00d3N\/\u00bfQui\u00e9nes ocacionaron estos incidentes en Ecuador?\/Otras personas de mi nacionalidad","var_security":"RUTA A PER\u00da E INCIDENTES DE PROTECCI\u00d3N\/\u00bfQui\u00e9nes ocacionaron estos incidentes en Ecuador?\/Otras personas de mi nacionalidad","var_resp_unit":"RUTA A PER\u00da E INCIDENTES DE PROTECCI\u00d3N\/\u00bfQui\u00e9nes ocacionaron estos incidentes en Ecuador?\/Otras personas de mi nacionalidad","var_analysis_unit":null,"var_qstn_preqtxt":null,"var_qstn_qstnlit":null,"var_qstn_postqtxt":null,"var_qstn_ivuinstr":null,"var_universe":null,"var_universe_clusion":null,"var_sumstat":[{"value":"0","type":"vald","wgtd":null},{"value":"0","type":"invd","wgtd":null}],"var_txt":null,"var_catgry":[],"var_codinstr":null,"var_concept":[],"var_format":{"type":"numeric","schema":"other","category":null,"name":null},"var_notes":null,"var_val_range":{"min":null,"max":null},"fid":"F1"},{"file_id":"F1","vid":"V93","name":"quienes_incidentes_ecu_7","var_intrvl":"discrete","var_dcml":"0","var_wgt":null,"var_is_wgt":null,"loc_start_pos":null,"loc_end_pos":null,"loc_width":null,"loc_rec_seg_no":null,"labl":"RUTA A PER\u00da E INCIDENTES DE PROTECCI\u00d3N\/\u00bfQui\u00e9nes ocacionaron estos incidentes en Ecuador?\/Familiar\/Alg\u00fan conocido","var_imputation":"RUTA A PER\u00da E INCIDENTES DE PROTECCI\u00d3N\/\u00bfQui\u00e9nes ocacionaron estos incidentes en Ecuador?\/Familiar\/Alg\u00fan conocido","var_security":"RUTA A PER\u00da E INCIDENTES DE PROTECCI\u00d3N\/\u00bfQui\u00e9nes ocacionaron estos incidentes en Ecuador?\/Familiar\/Alg\u00fan conocido","var_resp_unit":"RUTA A PER\u00da E INCIDENTES DE PROTECCI\u00d3N\/\u00bfQui\u00e9nes ocacionaron estos incidentes en Ecuador?\/Familiar\/Alg\u00fan conocido","var_analysis_unit":null,"var_qstn_preqtxt":null,"var_qstn_qstnlit":null,"var_qstn_postqtxt":null,"var_qstn_ivuinstr":null,"var_universe":null,"var_universe_clusion":null,"var_sumstat":[{"value":"0","type":"vald","wgtd":null},{"value":"0","type":"invd","wgtd":null}],"var_txt":null,"var_catgry":[],"var_codinstr":null,"var_concept":[],"var_format":{"type":"numeric","schema":"other","category":null,"name":null},"var_notes":null,"var_val_range":{"min":null,"max":null},"fid":"F1"},{"file_id":"F1","vid":"V94","name":"quienes_incidentes_ecu_8","var_intrvl":"discrete","var_dcml":"0","var_wgt":null,"var_is_wgt":null,"loc_start_pos":null,"loc_end_pos":null,"loc_width":null,"loc_rec_seg_no":null,"labl":"RUTA A PER\u00da E INCIDENTES DE PROTECCI\u00d3N\/\u00bfQui\u00e9nes ocacionaron estos incidentes en Ecuador?\/Grupos armados e hinchas","var_imputation":"RUTA A PER\u00da E INCIDENTES DE PROTECCI\u00d3N\/\u00bfQui\u00e9nes ocacionaron estos incidentes en Ecuador?\/Grupos armados e hinchas","var_security":"RUTA A PER\u00da E INCIDENTES DE PROTECCI\u00d3N\/\u00bfQui\u00e9nes ocacionaron estos incidentes en Ecuador?\/Grupos armados e hinchas","var_resp_unit":"RUTA A PER\u00da E INCIDENTES DE PROTECCI\u00d3N\/\u00bfQui\u00e9nes ocacionaron estos incidentes en Ecuador?\/Grupos armados e hinchas","var_analysis_unit":null,"var_qstn_preqtxt":null,"var_qstn_qstnlit":null,"var_qstn_postqtxt":null,"var_qstn_ivuinstr":null,"var_universe":null,"var_universe_clusion":null,"var_sumstat":[{"value":"0","type":"vald","wgtd":null},{"value":"0","type":"invd","wgtd":null}],"var_txt":null,"var_catgry":[],"var_codinstr":null,"var_concept":[],"var_format":{"type":"numeric","schema":"other","category":null,"name":null},"var_notes":null,"var_val_range":{"min":null,"max":null},"fid":"F1"},{"file_id":"F1","vid":"V95","name":"quienes_incidentes_arg_1","var_intrvl":"discrete","var_dcml":"0","var_wgt":null,"var_is_wgt":null,"loc_start_pos":null,"loc_end_pos":null,"loc_width":null,"loc_rec_seg_no":null,"labl":"RUTA A PER\u00da E INCIDENTES DE PROTECCI\u00d3N\/\u00bfQui\u00e9nes ocacionaron estos incidentes en Argentina?\/Fuerzas del orden","var_imputation":"RUTA A PER\u00da E INCIDENTES DE PROTECCI\u00d3N\/\u00bfQui\u00e9nes ocacionaron estos incidentes en Argentina?\/Fuerzas del orden","var_security":"RUTA A PER\u00da E INCIDENTES DE PROTECCI\u00d3N\/\u00bfQui\u00e9nes ocacionaron estos incidentes en Argentina?\/Fuerzas del orden","var_resp_unit":"RUTA A PER\u00da E INCIDENTES DE PROTECCI\u00d3N\/\u00bfQui\u00e9nes ocacionaron estos incidentes en Argentina?\/Fuerzas del orden","var_analysis_unit":null,"var_qstn_preqtxt":null,"var_qstn_qstnlit":null,"var_qstn_postqtxt":null,"var_qstn_ivuinstr":null,"var_universe":null,"var_universe_clusion":null,"var_sumstat":[{"value":"0","type":"vald","wgtd":null},{"value":"0","type":"invd","wgtd":null}],"var_txt":null,"var_catgry":[{"value":"1","labl":"TRUE","is_missing":null,"stats":[]}],"var_codinstr":null,"var_concept":[],"var_format":{"type":"numeric","schema":"other","category":null,"name":null},"var_notes":null,"var_val_range":{"min":"1","max":"1"},"fid":"F1"},{"file_id":"F1","vid":"V96","name":"quienes_incidentes_arg_2","var_intrvl":"discrete","var_dcml":"0","var_wgt":null,"var_is_wgt":null,"loc_start_pos":null,"loc_end_pos":null,"loc_width":null,"loc_rec_seg_no":null,"labl":"RUTA A PER\u00da E INCIDENTES DE PROTECCI\u00d3N\/\u00bfQui\u00e9nes ocacionaron estos incidentes en Argentina?\/Fuerzas del orden peruanas","var_imputation":"RUTA A PER\u00da E INCIDENTES DE PROTECCI\u00d3N\/\u00bfQui\u00e9nes ocacionaron estos incidentes en Argentina?\/Fuerzas del orden peruanas","var_security":"RUTA A PER\u00da E INCIDENTES DE PROTECCI\u00d3N\/\u00bfQui\u00e9nes ocacionaron estos incidentes en Argentina?\/Fuerzas del orden peruanas","var_resp_unit":"RUTA A PER\u00da E INCIDENTES DE PROTECCI\u00d3N\/\u00bfQui\u00e9nes ocacionaron estos incidentes en Argentina?\/Fuerzas del orden peruanas","var_analysis_unit":null,"var_qstn_preqtxt":null,"var_qstn_qstnlit":null,"var_qstn_postqtxt":null,"var_qstn_ivuinstr":null,"var_universe":null,"var_universe_clusion":null,"var_sumstat":[{"value":"0","type":"vald","wgtd":null},{"value":"0","type":"invd","wgtd":null}],"var_txt":null,"var_catgry":[{"value":"1","labl":"TRUE","is_missing":null,"stats":[]}],"var_codinstr":null,"var_concept":[],"var_format":{"type":"numeric","schema":"other","category":null,"name":null},"var_notes":null,"var_val_range":{"min":"1","max":"1"},"fid":"F1"},{"file_id":"F1","vid":"V97","name":"quienes_incidentes_arg_3","var_intrvl":"discrete","var_dcml":"0","var_wgt":null,"var_is_wgt":null,"loc_start_pos":null,"loc_end_pos":null,"loc_width":null,"loc_rec_seg_no":null,"labl":"RUTA A PER\u00da E INCIDENTES DE PROTECCI\u00d3N\/\u00bfQui\u00e9nes ocacionaron estos incidentes en Argentina?\/Trocheros","var_imputation":"RUTA A PER\u00da E INCIDENTES DE PROTECCI\u00d3N\/\u00bfQui\u00e9nes ocacionaron estos incidentes en Argentina?\/Trocheros","var_security":"RUTA A PER\u00da E INCIDENTES DE PROTECCI\u00d3N\/\u00bfQui\u00e9nes ocacionaron estos incidentes en Argentina?\/Trocheros","var_resp_unit":"RUTA A PER\u00da E INCIDENTES DE PROTECCI\u00d3N\/\u00bfQui\u00e9nes ocacionaron estos incidentes en Argentina?\/Trocheros","var_analysis_unit":null,"var_qstn_preqtxt":null,"var_qstn_qstnlit":null,"var_qstn_postqtxt":null,"var_qstn_ivuinstr":null,"var_universe":null,"var_universe_clusion":null,"var_sumstat":[{"value":"0","type":"vald","wgtd":null},{"value":"0","type":"invd","wgtd":null}],"var_txt":null,"var_catgry":[{"value":"1","labl":"TRUE","is_missing":null,"stats":[]}],"var_codinstr":null,"var_concept":[],"var_format":{"type":"numeric","schema":"other","category":null,"name":null},"var_notes":null,"var_val_range":{"min":"1","max":"1"},"fid":"F1"},{"file_id":"F1","vid":"V98","name":"quienes_incidentes_arg_4","var_intrvl":"discrete","var_dcml":"0","var_wgt":null,"var_is_wgt":null,"loc_start_pos":null,"loc_end_pos":null,"loc_width":null,"loc_rec_seg_no":null,"labl":"RUTA A PER\u00da E INCIDENTES DE PROTECCI\u00d3N\/\u00bfQui\u00e9nes ocacionaron estos incidentes en Argentina?\/Mototaxistas\/Transportistas","var_imputation":"RUTA A PER\u00da E INCIDENTES DE PROTECCI\u00d3N\/\u00bfQui\u00e9nes ocacionaron estos incidentes en Argentina?\/Mototaxistas\/Transportistas","var_security":"RUTA A PER\u00da E INCIDENTES DE PROTECCI\u00d3N\/\u00bfQui\u00e9nes ocacionaron estos incidentes en Argentina?\/Mototaxistas\/Transportistas","var_resp_unit":"RUTA A PER\u00da E INCIDENTES DE PROTECCI\u00d3N\/\u00bfQui\u00e9nes ocacionaron estos incidentes en Argentina?\/Mototaxistas\/Transportistas","var_analysis_unit":null,"var_qstn_preqtxt":null,"var_qstn_qstnlit":null,"var_qstn_postqtxt":null,"var_qstn_ivuinstr":null,"var_universe":null,"var_universe_clusion":null,"var_sumstat":[{"value":"0","type":"vald","wgtd":null},{"value":"0","type":"invd","wgtd":null}],"var_txt":null,"var_catgry":[{"value":"1","labl":"TRUE","is_missing":null,"stats":[]}],"var_codinstr":null,"var_concept":[],"var_format":{"type":"numeric","schema":"other","category":null,"name":null},"var_notes":null,"var_val_range":{"min":"1","max":"1"},"fid":"F1"},{"file_id":"F1","vid":"V99","name":"quienes_incidentes_arg_5","var_intrvl":"discrete","var_dcml":"0","var_wgt":null,"var_is_wgt":null,"loc_start_pos":null,"loc_end_pos":null,"loc_width":null,"loc_rec_seg_no":null,"labl":"RUTA A PER\u00da E INCIDENTES DE PROTECCI\u00d3N\/\u00bfQui\u00e9nes ocacionaron estos incidentes en Argentina?\/Gente de la comunidad","var_imputation":"RUTA A PER\u00da E INCIDENTES DE PROTECCI\u00d3N\/\u00bfQui\u00e9nes ocacionaron estos incidentes en Argentina?\/Gente de la comunidad","var_security":"RUTA A PER\u00da E INCIDENTES DE PROTECCI\u00d3N\/\u00bfQui\u00e9nes ocacionaron estos incidentes en Argentina?\/Gente de la comunidad","var_resp_unit":"RUTA A PER\u00da E INCIDENTES DE PROTECCI\u00d3N\/\u00bfQui\u00e9nes ocacionaron estos incidentes en Argentina?\/Gente de la comunidad","var_analysis_unit":null,"var_qstn_preqtxt":null,"var_qstn_qstnlit":null,"var_qstn_postqtxt":null,"var_qstn_ivuinstr":null,"var_universe":null,"var_universe_clusion":null,"var_sumstat":[{"value":"0","type":"vald","wgtd":null},{"value":"0","type":"invd","wgtd":null}],"var_txt":null,"var_catgry":[{"value":"1","labl":"TRUE","is_missing":null,"stats":[]}],"var_codinstr":null,"var_concept":[],"var_format":{"type":"numeric","schema":"other","category":null,"name":null},"var_notes":null,"var_val_range":{"min":"1","max":"1"},"fid":"F1"},{"file_id":"F1","vid":"V100","name":"quienes_incidentes_arg_6","var_intrvl":"discrete","var_dcml":"0","var_wgt":null,"var_is_wgt":null,"loc_start_pos":null,"loc_end_pos":null,"loc_width":null,"loc_rec_seg_no":null,"labl":"RUTA A PER\u00da E INCIDENTES DE PROTECCI\u00d3N\/\u00bfQui\u00e9nes ocacionaron estos incidentes en Argentina?\/Otras personas de mi nacionalidad","var_imputation":"RUTA A PER\u00da E INCIDENTES DE PROTECCI\u00d3N\/\u00bfQui\u00e9nes ocacionaron estos incidentes en Argentina?\/Otras personas de mi nacionalidad","var_security":"RUTA A PER\u00da E INCIDENTES DE PROTECCI\u00d3N\/\u00bfQui\u00e9nes ocacionaron estos incidentes en Argentina?\/Otras personas de mi nacionalidad","var_resp_unit":"RUTA A PER\u00da E INCIDENTES DE PROTECCI\u00d3N\/\u00bfQui\u00e9nes ocacionaron estos incidentes en Argentina?\/Otras personas de mi nacionalidad","var_analysis_unit":null,"var_qstn_preqtxt":null,"var_qstn_qstnlit":null,"var_qstn_postqtxt":null,"var_qstn_ivuinstr":null,"var_universe":null,"var_universe_clusion":null,"var_sumstat":[{"value":"0","type":"vald","wgtd":null},{"value":"0","type":"invd","wgtd":null}],"var_txt":null,"var_catgry":[{"value":"1","labl":"TRUE","is_missing":null,"stats":[]}],"var_codinstr":null,"var_concept":[],"var_format":{"type":"numeric","schema":"other","category":null,"name":null},"var_notes":null,"var_val_range":{"min":"1","max":"1"},"fid":"F1"},{"file_id":"F1","vid":"V101","name":"quienes_incidentes_arg_7","var_intrvl":"discrete","var_dcml":"0","var_wgt":null,"var_is_wgt":null,"loc_start_pos":null,"loc_end_pos":null,"loc_width":null,"loc_rec_seg_no":null,"labl":"RUTA A PER\u00da E INCIDENTES DE PROTECCI\u00d3N\/\u00bfQui\u00e9nes ocacionaron estos incidentes en Argentina?\/Familiar\/Alg\u00fan conocido","var_imputation":"RUTA A PER\u00da E INCIDENTES DE PROTECCI\u00d3N\/\u00bfQui\u00e9nes ocacionaron estos incidentes en Argentina?\/Familiar\/Alg\u00fan conocido","var_security":"RUTA A PER\u00da E INCIDENTES DE PROTECCI\u00d3N\/\u00bfQui\u00e9nes ocacionaron estos incidentes en Argentina?\/Familiar\/Alg\u00fan conocido","var_resp_unit":"RUTA A PER\u00da E INCIDENTES DE PROTECCI\u00d3N\/\u00bfQui\u00e9nes ocacionaron estos incidentes en Argentina?\/Familiar\/Alg\u00fan conocido","var_analysis_unit":null,"var_qstn_preqtxt":null,"var_qstn_qstnlit":null,"var_qstn_postqtxt":null,"var_qstn_ivuinstr":null,"var_universe":null,"var_universe_clusion":null,"var_sumstat":[{"value":"0","type":"vald","wgtd":null},{"value":"0","type":"invd","wgtd":null}],"var_txt":null,"var_catgry":[{"value":"1","labl":"TRUE","is_missing":null,"stats":[]}],"var_codinstr":null,"var_concept":[],"var_format":{"type":"numeric","schema":"other","category":null,"name":null},"var_notes":null,"var_val_range":{"min":"1","max":"1"},"fid":"F1"},{"file_id":"F1","vid":"V102","name":"quienes_incidentes_arg_8","var_intrvl":"discrete","var_dcml":"0","var_wgt":null,"var_is_wgt":null,"loc_start_pos":null,"loc_end_pos":null,"loc_width":null,"loc_rec_seg_no":null,"labl":"RUTA A PER\u00da E INCIDENTES DE PROTECCI\u00d3N\/\u00bfQui\u00e9nes ocacionaron estos incidentes en Argentina?\/Grupos armados e hinchas","var_imputation":"RUTA A PER\u00da E INCIDENTES DE PROTECCI\u00d3N\/\u00bfQui\u00e9nes ocacionaron estos incidentes en Argentina?\/Grupos armados e hinchas","var_security":"RUTA A PER\u00da E INCIDENTES DE PROTECCI\u00d3N\/\u00bfQui\u00e9nes ocacionaron estos incidentes en Argentina?\/Grupos armados e hinchas","var_resp_unit":"RUTA A PER\u00da E INCIDENTES DE PROTECCI\u00d3N\/\u00bfQui\u00e9nes ocacionaron estos incidentes en Argentina?\/Grupos armados e hinchas","var_analysis_unit":null,"var_qstn_preqtxt":null,"var_qstn_qstnlit":null,"var_qstn_postqtxt":null,"var_qstn_ivuinstr":null,"var_universe":null,"var_universe_clusion":null,"var_sumstat":[{"value":"0","type":"vald","wgtd":null},{"value":"0","type":"invd","wgtd":null}],"var_txt":null,"var_catgry":[{"value":"1","labl":"TRUE","is_missing":null,"stats":[]}],"var_codinstr":null,"var_concept":[],"var_format":{"type":"numeric","schema":"other","category":null,"name":null},"var_notes":null,"var_val_range":{"min":"1","max":"1"},"fid":"F1"},{"file_id":"F1","vid":"V103","name":"quienes_incidentes_bol_1","var_intrvl":"discrete","var_dcml":"0","var_wgt":null,"var_is_wgt":null,"loc_start_pos":null,"loc_end_pos":null,"loc_width":null,"loc_rec_seg_no":null,"labl":"RUTA A PER\u00da E INCIDENTES DE PROTECCI\u00d3N\/\u00bfQui\u00e9nes ocacionaron estos incidentes en Bolivia?\/Fuerzas del orden","var_imputation":"RUTA A PER\u00da E INCIDENTES DE PROTECCI\u00d3N\/\u00bfQui\u00e9nes ocacionaron estos incidentes en Bolivia?\/Fuerzas del orden","var_security":"RUTA A PER\u00da E INCIDENTES DE PROTECCI\u00d3N\/\u00bfQui\u00e9nes ocacionaron estos incidentes en Bolivia?\/Fuerzas del orden","var_resp_unit":"RUTA A PER\u00da E INCIDENTES DE PROTECCI\u00d3N\/\u00bfQui\u00e9nes ocacionaron estos incidentes en Bolivia?\/Fuerzas del orden","var_analysis_unit":null,"var_qstn_preqtxt":null,"var_qstn_qstnlit":null,"var_qstn_postqtxt":null,"var_qstn_ivuinstr":null,"var_universe":null,"var_universe_clusion":null,"var_sumstat":[{"value":"0","type":"vald","wgtd":null},{"value":"0","type":"invd","wgtd":null}],"var_txt":null,"var_catgry":[{"value":"1","labl":"TRUE","is_missing":null,"stats":[]}],"var_codinstr":null,"var_concept":[],"var_format":{"type":"numeric","schema":"other","category":null,"name":null},"var_notes":null,"var_val_range":{"min":"1","max":"1"},"fid":"F1"},{"file_id":"F1","vid":"V104","name":"quienes_incidentes_bol_2","var_intrvl":"discrete","var_dcml":"0","var_wgt":null,"var_is_wgt":null,"loc_start_pos":null,"loc_end_pos":null,"loc_width":null,"loc_rec_seg_no":null,"labl":"RUTA A PER\u00da E INCIDENTES DE PROTECCI\u00d3N\/\u00bfQui\u00e9nes ocacionaron estos incidentes en Bolivia?\/Fuerzas del orden peruanas","var_imputation":"RUTA A PER\u00da E INCIDENTES DE PROTECCI\u00d3N\/\u00bfQui\u00e9nes ocacionaron estos incidentes en Bolivia?\/Fuerzas del orden peruanas","var_security":"RUTA A PER\u00da E INCIDENTES DE PROTECCI\u00d3N\/\u00bfQui\u00e9nes ocacionaron estos incidentes en Bolivia?\/Fuerzas del orden peruanas","var_resp_unit":"RUTA A PER\u00da E INCIDENTES DE PROTECCI\u00d3N\/\u00bfQui\u00e9nes ocacionaron estos incidentes en Bolivia?\/Fuerzas del orden peruanas","var_analysis_unit":null,"var_qstn_preqtxt":null,"var_qstn_qstnlit":null,"var_qstn_postqtxt":null,"var_qstn_ivuinstr":null,"var_universe":null,"var_universe_clusion":null,"var_sumstat":[{"value":"0","type":"vald","wgtd":null},{"value":"0","type":"invd","wgtd":null}],"var_txt":null,"var_catgry":[{"value":"1","labl":"TRUE","is_missing":null,"stats":[]}],"var_codinstr":null,"var_concept":[],"var_format":{"type":"numeric","schema":"other","category":null,"name":null},"var_notes":null,"var_val_range":{"min":"1","max":"1"},"fid":"F1"},{"file_id":"F1","vid":"V105","name":"quienes_incidentes_bol_3","var_intrvl":"discrete","var_dcml":"0","var_wgt":null,"var_is_wgt":null,"loc_start_pos":null,"loc_end_pos":null,"loc_width":null,"loc_rec_seg_no":null,"labl":"RUTA A PER\u00da E INCIDENTES DE PROTECCI\u00d3N\/\u00bfQui\u00e9nes ocacionaron estos incidentes en Bolivia?\/Trocheros","var_imputation":"RUTA A PER\u00da E INCIDENTES DE PROTECCI\u00d3N\/\u00bfQui\u00e9nes ocacionaron estos incidentes en Bolivia?\/Trocheros","var_security":"RUTA A PER\u00da E INCIDENTES DE PROTECCI\u00d3N\/\u00bfQui\u00e9nes ocacionaron estos incidentes en Bolivia?\/Trocheros","var_resp_unit":"RUTA A PER\u00da E INCIDENTES DE PROTECCI\u00d3N\/\u00bfQui\u00e9nes ocacionaron estos incidentes en Bolivia?\/Trocheros","var_analysis_unit":null,"var_qstn_preqtxt":null,"var_qstn_qstnlit":null,"var_qstn_postqtxt":null,"var_qstn_ivuinstr":null,"var_universe":null,"var_universe_clusion":null,"var_sumstat":[{"value":"0","type":"vald","wgtd":null},{"value":"0","type":"invd","wgtd":null}],"var_txt":null,"var_catgry":[{"value":"1","labl":"TRUE","is_missing":null,"stats":[]}],"var_codinstr":null,"var_concept":[],"var_format":{"type":"numeric","schema":"other","category":null,"name":null},"var_notes":null,"var_val_range":{"min":"1","max":"1"},"fid":"F1"},{"file_id":"F1","vid":"V106","name":"quienes_incidentes_bol_4","var_intrvl":"discrete","var_dcml":"0","var_wgt":null,"var_is_wgt":null,"loc_start_pos":null,"loc_end_pos":null,"loc_width":null,"loc_rec_seg_no":null,"labl":"RUTA A PER\u00da E INCIDENTES DE PROTECCI\u00d3N\/\u00bfQui\u00e9nes ocacionaron estos incidentes en Bolivia?\/Mototaxistas\/Transportistas","var_imputation":"RUTA A PER\u00da E INCIDENTES DE PROTECCI\u00d3N\/\u00bfQui\u00e9nes ocacionaron estos incidentes en Bolivia?\/Mototaxistas\/Transportistas","var_security":"RUTA A PER\u00da E INCIDENTES DE PROTECCI\u00d3N\/\u00bfQui\u00e9nes ocacionaron estos incidentes en Bolivia?\/Mototaxistas\/Transportistas","var_resp_unit":"RUTA A PER\u00da E INCIDENTES DE PROTECCI\u00d3N\/\u00bfQui\u00e9nes ocacionaron estos incidentes en Bolivia?\/Mototaxistas\/Transportistas","var_analysis_unit":null,"var_qstn_preqtxt":null,"var_qstn_qstnlit":null,"var_qstn_postqtxt":null,"var_qstn_ivuinstr":null,"var_universe":null,"var_universe_clusion":null,"var_sumstat":[{"value":"0","type":"vald","wgtd":null},{"value":"0","type":"invd","wgtd":null}],"var_txt":null,"var_catgry":[{"value":"1","labl":"TRUE","is_missing":null,"stats":[]}],"var_codinstr":null,"var_concept":[],"var_format":{"type":"numeric","schema":"other","category":null,"name":null},"var_notes":null,"var_val_range":{"min":"1","max":"1"},"fid":"F1"},{"file_id":"F1","vid":"V107","name":"quienes_incidentes_bol_5","var_intrvl":"discrete","var_dcml":"0","var_wgt":null,"var_is_wgt":null,"loc_start_pos":null,"loc_end_pos":null,"loc_width":null,"loc_rec_seg_no":null,"labl":"RUTA A PER\u00da E INCIDENTES DE PROTECCI\u00d3N\/\u00bfQui\u00e9nes ocacionaron estos incidentes en Bolivia?\/Gente de la comunidad","var_imputation":"RUTA A PER\u00da E INCIDENTES DE PROTECCI\u00d3N\/\u00bfQui\u00e9nes ocacionaron estos incidentes en Bolivia?\/Gente de la comunidad","var_security":"RUTA A PER\u00da E INCIDENTES DE PROTECCI\u00d3N\/\u00bfQui\u00e9nes ocacionaron estos incidentes en Bolivia?\/Gente de la comunidad","var_resp_unit":"RUTA A PER\u00da E INCIDENTES DE PROTECCI\u00d3N\/\u00bfQui\u00e9nes ocacionaron estos incidentes en Bolivia?\/Gente de la comunidad","var_analysis_unit":null,"var_qstn_preqtxt":null,"var_qstn_qstnlit":null,"var_qstn_postqtxt":null,"var_qstn_ivuinstr":null,"var_universe":null,"var_universe_clusion":null,"var_sumstat":[{"value":"0","type":"vald","wgtd":null},{"value":"0","type":"invd","wgtd":null}],"var_txt":null,"var_catgry":[{"value":"1","labl":"TRUE","is_missing":null,"stats":[]}],"var_codinstr":null,"var_concept":[],"var_format":{"type":"numeric","schema":"other","category":null,"name":null},"var_notes":null,"var_val_range":{"min":"1","max":"1"},"fid":"F1"},{"file_id":"F1","vid":"V108","name":"quienes_incidentes_bol_6","var_intrvl":"discrete","var_dcml":"0","var_wgt":null,"var_is_wgt":null,"loc_start_pos":null,"loc_end_pos":null,"loc_width":null,"loc_rec_seg_no":null,"labl":"RUTA A PER\u00da E INCIDENTES DE PROTECCI\u00d3N\/\u00bfQui\u00e9nes ocacionaron estos incidentes en Bolivia?\/Otras personas de mi nacionalidad","var_imputation":"RUTA A PER\u00da E INCIDENTES DE PROTECCI\u00d3N\/\u00bfQui\u00e9nes ocacionaron estos incidentes en Bolivia?\/Otras personas de mi nacionalidad","var_security":"RUTA A PER\u00da E INCIDENTES DE PROTECCI\u00d3N\/\u00bfQui\u00e9nes ocacionaron estos incidentes en Bolivia?\/Otras personas de mi nacionalidad","var_resp_unit":"RUTA A PER\u00da E INCIDENTES DE PROTECCI\u00d3N\/\u00bfQui\u00e9nes ocacionaron estos incidentes en Bolivia?\/Otras personas de mi nacionalidad","var_analysis_unit":null,"var_qstn_preqtxt":null,"var_qstn_qstnlit":null,"var_qstn_postqtxt":null,"var_qstn_ivuinstr":null,"var_universe":null,"var_universe_clusion":null,"var_sumstat":[{"value":"0","type":"vald","wgtd":null},{"value":"0","type":"invd","wgtd":null}],"var_txt":null,"var_catgry":[{"value":"1","labl":"TRUE","is_missing":null,"stats":[]}],"var_codinstr":null,"var_concept":[],"var_format":{"type":"numeric","schema":"other","category":null,"name":null},"var_notes":null,"var_val_range":{"min":"1","max":"1"},"fid":"F1"},{"file_id":"F1","vid":"V109","name":"quienes_incidentes_bol_7","var_intrvl":"discrete","var_dcml":"0","var_wgt":null,"var_is_wgt":null,"loc_start_pos":null,"loc_end_pos":null,"loc_width":null,"loc_rec_seg_no":null,"labl":"RUTA A PER\u00da E INCIDENTES DE PROTECCI\u00d3N\/\u00bfQui\u00e9nes ocacionaron estos incidentes en Bolivia?\/Familiar\/Alg\u00fan conocido","var_imputation":"RUTA A PER\u00da E INCIDENTES DE PROTECCI\u00d3N\/\u00bfQui\u00e9nes ocacionaron estos incidentes en Bolivia?\/Familiar\/Alg\u00fan conocido","var_security":"RUTA A PER\u00da E INCIDENTES DE PROTECCI\u00d3N\/\u00bfQui\u00e9nes ocacionaron estos incidentes en Bolivia?\/Familiar\/Alg\u00fan conocido","var_resp_unit":"RUTA A PER\u00da E INCIDENTES DE PROTECCI\u00d3N\/\u00bfQui\u00e9nes ocacionaron estos incidentes en Bolivia?\/Familiar\/Alg\u00fan conocido","var_analysis_unit":null,"var_qstn_preqtxt":null,"var_qstn_qstnlit":null,"var_qstn_postqtxt":null,"var_qstn_ivuinstr":null,"var_universe":null,"var_universe_clusion":null,"var_sumstat":[{"value":"0","type":"vald","wgtd":null},{"value":"0","type":"invd","wgtd":null}],"var_txt":null,"var_catgry":[{"value":"1","labl":"TRUE","is_missing":null,"stats":[]}],"var_codinstr":null,"var_concept":[],"var_format":{"type":"numeric","schema":"other","category":null,"name":null},"var_notes":null,"var_val_range":{"min":"1","max":"1"},"fid":"F1"},{"file_id":"F1","vid":"V110","name":"quienes_incidentes_bol_8","var_intrvl":"discrete","var_dcml":"0","var_wgt":null,"var_is_wgt":null,"loc_start_pos":null,"loc_end_pos":null,"loc_width":null,"loc_rec_seg_no":null,"labl":"RUTA A PER\u00da E INCIDENTES DE PROTECCI\u00d3N\/\u00bfQui\u00e9nes ocacionaron estos incidentes en Bolivia?\/Grupos armados e hinchas","var_imputation":"RUTA A PER\u00da E INCIDENTES DE PROTECCI\u00d3N\/\u00bfQui\u00e9nes ocacionaron estos incidentes en Bolivia?\/Grupos armados e hinchas","var_security":"RUTA A PER\u00da E INCIDENTES DE PROTECCI\u00d3N\/\u00bfQui\u00e9nes ocacionaron estos incidentes en Bolivia?\/Grupos armados e hinchas","var_resp_unit":"RUTA A PER\u00da E INCIDENTES DE PROTECCI\u00d3N\/\u00bfQui\u00e9nes ocacionaron estos incidentes en Bolivia?\/Grupos armados e hinchas","var_analysis_unit":null,"var_qstn_preqtxt":null,"var_qstn_qstnlit":null,"var_qstn_postqtxt":null,"var_qstn_ivuinstr":null,"var_universe":null,"var_universe_clusion":null,"var_sumstat":[{"value":"0","type":"vald","wgtd":null},{"value":"0","type":"invd","wgtd":null}],"var_txt":null,"var_catgry":[{"value":"1","labl":"TRUE","is_missing":null,"stats":[]}],"var_codinstr":null,"var_concept":[],"var_format":{"type":"numeric","schema":"other","category":null,"name":null},"var_notes":null,"var_val_range":{"min":"1","max":"1"},"fid":"F1"},{"file_id":"F1","vid":"V111","name":"quienes_incidentes_bra_1","var_intrvl":"discrete","var_dcml":"0","var_wgt":null,"var_is_wgt":null,"loc_start_pos":null,"loc_end_pos":null,"loc_width":null,"loc_rec_seg_no":null,"labl":"RUTA A PER\u00da E INCIDENTES DE PROTECCI\u00d3N\/\u00bfQui\u00e9nes ocacionaron estos incidentes en Brasil?\/Fuerzas del orden","var_imputation":"RUTA A PER\u00da E INCIDENTES DE PROTECCI\u00d3N\/\u00bfQui\u00e9nes ocacionaron estos incidentes en Brasil?\/Fuerzas del orden","var_security":"RUTA A PER\u00da E INCIDENTES DE PROTECCI\u00d3N\/\u00bfQui\u00e9nes ocacionaron estos incidentes en Brasil?\/Fuerzas del orden","var_resp_unit":"RUTA A PER\u00da E INCIDENTES DE PROTECCI\u00d3N\/\u00bfQui\u00e9nes ocacionaron estos incidentes en Brasil?\/Fuerzas del orden","var_analysis_unit":null,"var_qstn_preqtxt":null,"var_qstn_qstnlit":null,"var_qstn_postqtxt":null,"var_qstn_ivuinstr":null,"var_universe":null,"var_universe_clusion":null,"var_sumstat":[{"value":"0","type":"vald","wgtd":null},{"value":"0","type":"invd","wgtd":null}],"var_txt":null,"var_catgry":[{"value":"1","labl":"TRUE","is_missing":null,"stats":[]}],"var_codinstr":null,"var_concept":[],"var_format":{"type":"numeric","schema":"other","category":null,"name":null},"var_notes":null,"var_val_range":{"min":"1","max":"1"},"fid":"F1"},{"file_id":"F1","vid":"V112","name":"quienes_incidentes_bra_2","var_intrvl":"discrete","var_dcml":"0","var_wgt":null,"var_is_wgt":null,"loc_start_pos":null,"loc_end_pos":null,"loc_width":null,"loc_rec_seg_no":null,"labl":"RUTA A PER\u00da E INCIDENTES DE PROTECCI\u00d3N\/\u00bfQui\u00e9nes ocacionaron estos incidentes en Brasil?\/Fuerzas del orden peruanas","var_imputation":"RUTA A PER\u00da E INCIDENTES DE PROTECCI\u00d3N\/\u00bfQui\u00e9nes ocacionaron estos incidentes en Brasil?\/Fuerzas del orden peruanas","var_security":"RUTA A PER\u00da E INCIDENTES DE PROTECCI\u00d3N\/\u00bfQui\u00e9nes ocacionaron estos incidentes en Brasil?\/Fuerzas del orden peruanas","var_resp_unit":"RUTA A PER\u00da E INCIDENTES DE PROTECCI\u00d3N\/\u00bfQui\u00e9nes ocacionaron estos incidentes en Brasil?\/Fuerzas del orden peruanas","var_analysis_unit":null,"var_qstn_preqtxt":null,"var_qstn_qstnlit":null,"var_qstn_postqtxt":null,"var_qstn_ivuinstr":null,"var_universe":null,"var_universe_clusion":null,"var_sumstat":[{"value":"0","type":"vald","wgtd":null},{"value":"0","type":"invd","wgtd":null}],"var_txt":null,"var_catgry":[{"value":"1","labl":"TRUE","is_missing":null,"stats":[]}],"var_codinstr":null,"var_concept":[],"var_format":{"type":"numeric","schema":"other","category":null,"name":null},"var_notes":null,"var_val_range":{"min":"1","max":"1"},"fid":"F1"},{"file_id":"F1","vid":"V113","name":"quienes_incidentes_bra_3","var_intrvl":"discrete","var_dcml":"0","var_wgt":null,"var_is_wgt":null,"loc_start_pos":null,"loc_end_pos":null,"loc_width":null,"loc_rec_seg_no":null,"labl":"RUTA A PER\u00da E INCIDENTES DE PROTECCI\u00d3N\/\u00bfQui\u00e9nes ocacionaron estos incidentes en Brasil?\/Trocheros","var_imputation":"RUTA A PER\u00da E INCIDENTES DE PROTECCI\u00d3N\/\u00bfQui\u00e9nes ocacionaron estos incidentes en Brasil?\/Trocheros","var_security":"RUTA A PER\u00da E INCIDENTES DE PROTECCI\u00d3N\/\u00bfQui\u00e9nes ocacionaron estos incidentes en Brasil?\/Trocheros","var_resp_unit":"RUTA A PER\u00da E INCIDENTES DE PROTECCI\u00d3N\/\u00bfQui\u00e9nes ocacionaron estos incidentes en Brasil?\/Trocheros","var_analysis_unit":null,"var_qstn_preqtxt":null,"var_qstn_qstnlit":null,"var_qstn_postqtxt":null,"var_qstn_ivuinstr":null,"var_universe":null,"var_universe_clusion":null,"var_sumstat":[{"value":"0","type":"vald","wgtd":null},{"value":"0","type":"invd","wgtd":null}],"var_txt":null,"var_catgry":[{"value":"1","labl":"TRUE","is_missing":null,"stats":[]}],"var_codinstr":null,"var_concept":[],"var_format":{"type":"numeric","schema":"other","category":null,"name":null},"var_notes":null,"var_val_range":{"min":"1","max":"1"},"fid":"F1"},{"file_id":"F1","vid":"V114","name":"quienes_incidentes_bra_4","var_intrvl":"discrete","var_dcml":"0","var_wgt":null,"var_is_wgt":null,"loc_start_pos":null,"loc_end_pos":null,"loc_width":null,"loc_rec_seg_no":null,"labl":"RUTA A PER\u00da E INCIDENTES DE PROTECCI\u00d3N\/\u00bfQui\u00e9nes ocacionaron estos incidentes en Brasil?\/Mototaxistas\/Transportistas","var_imputation":"RUTA A PER\u00da E INCIDENTES DE PROTECCI\u00d3N\/\u00bfQui\u00e9nes ocacionaron estos incidentes en Brasil?\/Mototaxistas\/Transportistas","var_security":"RUTA A PER\u00da E INCIDENTES DE PROTECCI\u00d3N\/\u00bfQui\u00e9nes ocacionaron estos incidentes en Brasil?\/Mototaxistas\/Transportistas","var_resp_unit":"RUTA A PER\u00da E INCIDENTES DE PROTECCI\u00d3N\/\u00bfQui\u00e9nes ocacionaron estos incidentes en Brasil?\/Mototaxistas\/Transportistas","var_analysis_unit":null,"var_qstn_preqtxt":null,"var_qstn_qstnlit":null,"var_qstn_postqtxt":null,"var_qstn_ivuinstr":null,"var_universe":null,"var_universe_clusion":null,"var_sumstat":[{"value":"0","type":"vald","wgtd":null},{"value":"0","type":"invd","wgtd":null}],"var_txt":null,"var_catgry":[{"value":"1","labl":"TRUE","is_missing":null,"stats":[]}],"var_codinstr":null,"var_concept":[],"var_format":{"type":"numeric","schema":"other","category":null,"name":null},"var_notes":null,"var_val_range":{"min":"1","max":"1"},"fid":"F1"},{"file_id":"F1","vid":"V115","name":"quienes_incidentes_bra_5","var_intrvl":"discrete","var_dcml":"0","var_wgt":null,"var_is_wgt":null,"loc_start_pos":null,"loc_end_pos":null,"loc_width":null,"loc_rec_seg_no":null,"labl":"RUTA A PER\u00da E INCIDENTES DE PROTECCI\u00d3N\/\u00bfQui\u00e9nes ocacionaron estos incidentes en Brasil?\/Gente de la comunidad","var_imputation":"RUTA A PER\u00da E INCIDENTES DE PROTECCI\u00d3N\/\u00bfQui\u00e9nes ocacionaron estos incidentes en Brasil?\/Gente de la comunidad","var_security":"RUTA A PER\u00da E INCIDENTES DE PROTECCI\u00d3N\/\u00bfQui\u00e9nes ocacionaron estos incidentes en Brasil?\/Gente de la comunidad","var_resp_unit":"RUTA A PER\u00da E INCIDENTES DE PROTECCI\u00d3N\/\u00bfQui\u00e9nes ocacionaron estos incidentes en Brasil?\/Gente de la comunidad","var_analysis_unit":null,"var_qstn_preqtxt":null,"var_qstn_qstnlit":null,"var_qstn_postqtxt":null,"var_qstn_ivuinstr":null,"var_universe":null,"var_universe_clusion":null,"var_sumstat":[{"value":"0","type":"vald","wgtd":null},{"value":"0","type":"invd","wgtd":null}],"var_txt":null,"var_catgry":[{"value":"1","labl":"TRUE","is_missing":null,"stats":[]}],"var_codinstr":null,"var_concept":[],"var_format":{"type":"numeric","schema":"other","category":null,"name":null},"var_notes":null,"var_val_range":{"min":"1","max":"1"},"fid":"F1"},{"file_id":"F1","vid":"V116","name":"quienes_incidentes_bra_6","var_intrvl":"discrete","var_dcml":"0","var_wgt":null,"var_is_wgt":null,"loc_start_pos":null,"loc_end_pos":null,"loc_width":null,"loc_rec_seg_no":null,"labl":"RUTA A PER\u00da E INCIDENTES DE PROTECCI\u00d3N\/\u00bfQui\u00e9nes ocacionaron estos incidentes en Brasil?\/Otras personas de mi nacionalidad","var_imputation":"RUTA A PER\u00da E INCIDENTES DE PROTECCI\u00d3N\/\u00bfQui\u00e9nes ocacionaron estos incidentes en Brasil?\/Otras personas de mi nacionalidad","var_security":"RUTA A PER\u00da E INCIDENTES DE PROTECCI\u00d3N\/\u00bfQui\u00e9nes ocacionaron estos incidentes en Brasil?\/Otras personas de mi nacionalidad","var_resp_unit":"RUTA A PER\u00da E INCIDENTES DE PROTECCI\u00d3N\/\u00bfQui\u00e9nes ocacionaron estos incidentes en Brasil?\/Otras personas de mi nacionalidad","var_analysis_unit":null,"var_qstn_preqtxt":null,"var_qstn_qstnlit":null,"var_qstn_postqtxt":null,"var_qstn_ivuinstr":null,"var_universe":null,"var_universe_clusion":null,"var_sumstat":[{"value":"0","type":"vald","wgtd":null},{"value":"0","type":"invd","wgtd":null}],"var_txt":null,"var_catgry":[{"value":"1","labl":"TRUE","is_missing":null,"stats":[]}],"var_codinstr":null,"var_concept":[],"var_format":{"type":"numeric","schema":"other","category":null,"name":null},"var_notes":null,"var_val_range":{"min":"1","max":"1"},"fid":"F1"},{"file_id":"F1","vid":"V117","name":"quienes_incidentes_bra_7","var_intrvl":"discrete","var_dcml":"0","var_wgt":null,"var_is_wgt":null,"loc_start_pos":null,"loc_end_pos":null,"loc_width":null,"loc_rec_seg_no":null,"labl":"RUTA A PER\u00da E INCIDENTES DE PROTECCI\u00d3N\/\u00bfQui\u00e9nes ocacionaron estos incidentes en Brasil?\/Familiar\/Alg\u00fan conocido","var_imputation":"RUTA A PER\u00da E INCIDENTES DE PROTECCI\u00d3N\/\u00bfQui\u00e9nes ocacionaron estos incidentes en Brasil?\/Familiar\/Alg\u00fan conocido","var_security":"RUTA A PER\u00da E INCIDENTES DE PROTECCI\u00d3N\/\u00bfQui\u00e9nes ocacionaron estos incidentes en Brasil?\/Familiar\/Alg\u00fan conocido","var_resp_unit":"RUTA A PER\u00da E INCIDENTES DE PROTECCI\u00d3N\/\u00bfQui\u00e9nes ocacionaron estos incidentes en Brasil?\/Familiar\/Alg\u00fan conocido","var_analysis_unit":null,"var_qstn_preqtxt":null,"var_qstn_qstnlit":null,"var_qstn_postqtxt":null,"var_qstn_ivuinstr":null,"var_universe":null,"var_universe_clusion":null,"var_sumstat":[{"value":"0","type":"vald","wgtd":null},{"value":"0","type":"invd","wgtd":null}],"var_txt":null,"var_catgry":[{"value":"1","labl":"TRUE","is_missing":null,"stats":[]}],"var_codinstr":null,"var_concept":[],"var_format":{"type":"numeric","schema":"other","category":null,"name":null},"var_notes":null,"var_val_range":{"min":"1","max":"1"},"fid":"F1"},{"file_id":"F1","vid":"V118","name":"quienes_incidentes_bra_8","var_intrvl":"discrete","var_dcml":"0","var_wgt":null,"var_is_wgt":null,"loc_start_pos":null,"loc_end_pos":null,"loc_width":null,"loc_rec_seg_no":null,"labl":"RUTA A PER\u00da E INCIDENTES DE PROTECCI\u00d3N\/\u00bfQui\u00e9nes ocacionaron estos incidentes en Brasil?\/Grupos armados e hinchas","var_imputation":"RUTA A PER\u00da E INCIDENTES DE PROTECCI\u00d3N\/\u00bfQui\u00e9nes ocacionaron estos incidentes en Brasil?\/Grupos armados e hinchas","var_security":"RUTA A PER\u00da E INCIDENTES DE PROTECCI\u00d3N\/\u00bfQui\u00e9nes ocacionaron estos incidentes en Brasil?\/Grupos armados e hinchas","var_resp_unit":"RUTA A PER\u00da E INCIDENTES DE PROTECCI\u00d3N\/\u00bfQui\u00e9nes ocacionaron estos incidentes en Brasil?\/Grupos armados e hinchas","var_analysis_unit":null,"var_qstn_preqtxt":null,"var_qstn_qstnlit":null,"var_qstn_postqtxt":null,"var_qstn_ivuinstr":null,"var_universe":null,"var_universe_clusion":null,"var_sumstat":[{"value":"0","type":"vald","wgtd":null},{"value":"0","type":"invd","wgtd":null}],"var_txt":null,"var_catgry":[{"value":"1","labl":"TRUE","is_missing":null,"stats":[]}],"var_codinstr":null,"var_concept":[],"var_format":{"type":"numeric","schema":"other","category":null,"name":null},"var_notes":null,"var_val_range":{"min":"1","max":"1"},"fid":"F1"},{"file_id":"F1","vid":"V119","name":"quienes_incidentes_ven_1","var_intrvl":"discrete","var_dcml":"0","var_wgt":null,"var_is_wgt":null,"loc_start_pos":null,"loc_end_pos":null,"loc_width":null,"loc_rec_seg_no":null,"labl":"RUTA A PER\u00da E INCIDENTES DE PROTECCI\u00d3N\/\u00bfQui\u00e9nes ocacionaron estos incidentes en Venezuela?\/Fuerzas del orden","var_imputation":"RUTA A PER\u00da E INCIDENTES DE PROTECCI\u00d3N\/\u00bfQui\u00e9nes ocacionaron estos incidentes en Venezuela?\/Fuerzas del orden","var_security":"RUTA A PER\u00da E INCIDENTES DE PROTECCI\u00d3N\/\u00bfQui\u00e9nes ocacionaron estos incidentes en Venezuela?\/Fuerzas del orden","var_resp_unit":"RUTA A PER\u00da E INCIDENTES DE PROTECCI\u00d3N\/\u00bfQui\u00e9nes ocacionaron estos incidentes en Venezuela?\/Fuerzas del orden","var_analysis_unit":null,"var_qstn_preqtxt":null,"var_qstn_qstnlit":null,"var_qstn_postqtxt":null,"var_qstn_ivuinstr":null,"var_universe":null,"var_universe_clusion":null,"var_sumstat":[{"value":"0","type":"vald","wgtd":null},{"value":"0","type":"invd","wgtd":null}],"var_txt":null,"var_catgry":[{"value":"1","labl":"TRUE","is_missing":null,"stats":[]}],"var_codinstr":null,"var_concept":[],"var_format":{"type":"numeric","schema":"other","category":null,"name":null},"var_notes":null,"var_val_range":{"min":"1","max":"1"},"fid":"F1"},{"file_id":"F1","vid":"V120","name":"quienes_incidentes_ven_2","var_intrvl":"discrete","var_dcml":"0","var_wgt":null,"var_is_wgt":null,"loc_start_pos":null,"loc_end_pos":null,"loc_width":null,"loc_rec_seg_no":null,"labl":"RUTA A PER\u00da E INCIDENTES DE PROTECCI\u00d3N\/\u00bfQui\u00e9nes ocacionaron estos incidentes en Venezuela?\/Fuerzas del orden peruanas","var_imputation":"RUTA A PER\u00da E INCIDENTES DE PROTECCI\u00d3N\/\u00bfQui\u00e9nes ocacionaron estos incidentes en Venezuela?\/Fuerzas del orden peruanas","var_security":"RUTA A PER\u00da E INCIDENTES DE PROTECCI\u00d3N\/\u00bfQui\u00e9nes ocacionaron estos incidentes en Venezuela?\/Fuerzas del orden peruanas","var_resp_unit":"RUTA A PER\u00da E INCIDENTES DE PROTECCI\u00d3N\/\u00bfQui\u00e9nes ocacionaron estos incidentes en Venezuela?\/Fuerzas del orden peruanas","var_analysis_unit":null,"var_qstn_preqtxt":null,"var_qstn_qstnlit":null,"var_qstn_postqtxt":null,"var_qstn_ivuinstr":null,"var_universe":null,"var_universe_clusion":null,"var_sumstat":[{"value":"0","type":"vald","wgtd":null},{"value":"0","type":"invd","wgtd":null}],"var_txt":null,"var_catgry":[{"value":"1","labl":"TRUE","is_missing":null,"stats":[]}],"var_codinstr":null,"var_concept":[],"var_format":{"type":"numeric","schema":"other","category":null,"name":null},"var_notes":null,"var_val_range":{"min":"1","max":"1"},"fid":"F1"},{"file_id":"F1","vid":"V121","name":"quienes_incidentes_ven_3","var_intrvl":"discrete","var_dcml":"0","var_wgt":null,"var_is_wgt":null,"loc_start_pos":null,"loc_end_pos":null,"loc_width":null,"loc_rec_seg_no":null,"labl":"RUTA A PER\u00da E INCIDENTES DE PROTECCI\u00d3N\/\u00bfQui\u00e9nes ocacionaron estos incidentes en Venezuela?\/Trocheros","var_imputation":"RUTA A PER\u00da E INCIDENTES DE PROTECCI\u00d3N\/\u00bfQui\u00e9nes ocacionaron estos incidentes en Venezuela?\/Trocheros","var_security":"RUTA A PER\u00da E INCIDENTES DE PROTECCI\u00d3N\/\u00bfQui\u00e9nes ocacionaron estos incidentes en Venezuela?\/Trocheros","var_resp_unit":"RUTA A PER\u00da E INCIDENTES DE PROTECCI\u00d3N\/\u00bfQui\u00e9nes ocacionaron estos incidentes en Venezuela?\/Trocheros","var_analysis_unit":null,"var_qstn_preqtxt":null,"var_qstn_qstnlit":null,"var_qstn_postqtxt":null,"var_qstn_ivuinstr":null,"var_universe":null,"var_universe_clusion":null,"var_sumstat":[{"value":"0","type":"vald","wgtd":null},{"value":"0","type":"invd","wgtd":null}],"var_txt":null,"var_catgry":[{"value":"1","labl":"TRUE","is_missing":null,"stats":[]}],"var_codinstr":null,"var_concept":[],"var_format":{"type":"numeric","schema":"other","category":null,"name":null},"var_notes":null,"var_val_range":{"min":"1","max":"1"},"fid":"F1"},{"file_id":"F1","vid":"V122","name":"quienes_incidentes_ven_4","var_intrvl":"discrete","var_dcml":"0","var_wgt":null,"var_is_wgt":null,"loc_start_pos":null,"loc_end_pos":null,"loc_width":null,"loc_rec_seg_no":null,"labl":"RUTA A PER\u00da E INCIDENTES DE PROTECCI\u00d3N\/\u00bfQui\u00e9nes ocacionaron estos incidentes en Venezuela?\/Mototaxistas\/Transportistas","var_imputation":"RUTA A PER\u00da E INCIDENTES DE PROTECCI\u00d3N\/\u00bfQui\u00e9nes ocacionaron estos incidentes en Venezuela?\/Mototaxistas\/Transportistas","var_security":"RUTA A PER\u00da E INCIDENTES DE PROTECCI\u00d3N\/\u00bfQui\u00e9nes ocacionaron estos incidentes en Venezuela?\/Mototaxistas\/Transportistas","var_resp_unit":"RUTA A PER\u00da E INCIDENTES DE PROTECCI\u00d3N\/\u00bfQui\u00e9nes ocacionaron estos incidentes en Venezuela?\/Mototaxistas\/Transportistas","var_analysis_unit":null,"var_qstn_preqtxt":null,"var_qstn_qstnlit":null,"var_qstn_postqtxt":null,"var_qstn_ivuinstr":null,"var_universe":null,"var_universe_clusion":null,"var_sumstat":[{"value":"0","type":"vald","wgtd":null},{"value":"0","type":"invd","wgtd":null}],"var_txt":null,"var_catgry":[{"value":"1","labl":"TRUE","is_missing":null,"stats":[]}],"var_codinstr":null,"var_concept":[],"var_format":{"type":"numeric","schema":"other","category":null,"name":null},"var_notes":null,"var_val_range":{"min":"1","max":"1"},"fid":"F1"},{"file_id":"F1","vid":"V123","name":"quienes_incidentes_ven_5","var_intrvl":"discrete","var_dcml":"0","var_wgt":null,"var_is_wgt":null,"loc_start_pos":null,"loc_end_pos":null,"loc_width":null,"loc_rec_seg_no":null,"labl":"RUTA A PER\u00da E INCIDENTES DE PROTECCI\u00d3N\/\u00bfQui\u00e9nes ocacionaron estos incidentes en Venezuela?\/Gente de la comunidad","var_imputation":"RUTA A PER\u00da E INCIDENTES DE PROTECCI\u00d3N\/\u00bfQui\u00e9nes ocacionaron estos incidentes en Venezuela?\/Gente de la comunidad","var_security":"RUTA A PER\u00da E INCIDENTES DE PROTECCI\u00d3N\/\u00bfQui\u00e9nes ocacionaron estos incidentes en Venezuela?\/Gente de la comunidad","var_resp_unit":"RUTA A PER\u00da E INCIDENTES DE PROTECCI\u00d3N\/\u00bfQui\u00e9nes ocacionaron estos incidentes en Venezuela?\/Gente de la comunidad","var_analysis_unit":null,"var_qstn_preqtxt":null,"var_qstn_qstnlit":null,"var_qstn_postqtxt":null,"var_qstn_ivuinstr":null,"var_universe":null,"var_universe_clusion":null,"var_sumstat":[{"value":"0","type":"vald","wgtd":null},{"value":"0","type":"invd","wgtd":null}],"var_txt":null,"var_catgry":[{"value":"1","labl":"TRUE","is_missing":null,"stats":[]}],"var_codinstr":null,"var_concept":[],"var_format":{"type":"numeric","schema":"other","category":null,"name":null},"var_notes":null,"var_val_range":{"min":"1","max":"1"},"fid":"F1"},{"file_id":"F1","vid":"V124","name":"quienes_incidentes_ven_6","var_intrvl":"discrete","var_dcml":"0","var_wgt":null,"var_is_wgt":null,"loc_start_pos":null,"loc_end_pos":null,"loc_width":null,"loc_rec_seg_no":null,"labl":"RUTA A PER\u00da E INCIDENTES DE PROTECCI\u00d3N\/\u00bfQui\u00e9nes ocacionaron estos incidentes en Venezuela?\/Otras personas de mi nacionalidad","var_imputation":"RUTA A PER\u00da E INCIDENTES DE PROTECCI\u00d3N\/\u00bfQui\u00e9nes ocacionaron estos incidentes en Venezuela?\/Otras personas de mi nacionalidad","var_security":"RUTA A PER\u00da E INCIDENTES DE PROTECCI\u00d3N\/\u00bfQui\u00e9nes ocacionaron estos incidentes en Venezuela?\/Otras personas de mi nacionalidad","var_resp_unit":"RUTA A PER\u00da E INCIDENTES DE PROTECCI\u00d3N\/\u00bfQui\u00e9nes ocacionaron estos incidentes en Venezuela?\/Otras personas de mi nacionalidad","var_analysis_unit":null,"var_qstn_preqtxt":null,"var_qstn_qstnlit":null,"var_qstn_postqtxt":null,"var_qstn_ivuinstr":null,"var_universe":null,"var_universe_clusion":null,"var_sumstat":[{"value":"0","type":"vald","wgtd":null},{"value":"0","type":"invd","wgtd":null}],"var_txt":null,"var_catgry":[{"value":"1","labl":"TRUE","is_missing":null,"stats":[]}],"var_codinstr":null,"var_concept":[],"var_format":{"type":"numeric","schema":"other","category":null,"name":null},"var_notes":null,"var_val_range":{"min":"1","max":"1"},"fid":"F1"},{"file_id":"F1","vid":"V125","name":"quienes_incidentes_ven_7","var_intrvl":"discrete","var_dcml":"0","var_wgt":null,"var_is_wgt":null,"loc_start_pos":null,"loc_end_pos":null,"loc_width":null,"loc_rec_seg_no":null,"labl":"RUTA A PER\u00da E INCIDENTES DE PROTECCI\u00d3N\/\u00bfQui\u00e9nes ocacionaron estos incidentes en Venezuela?\/Familiar\/Alg\u00fan conocido","var_imputation":"RUTA A PER\u00da E INCIDENTES DE PROTECCI\u00d3N\/\u00bfQui\u00e9nes ocacionaron estos incidentes en Venezuela?\/Familiar\/Alg\u00fan conocido","var_security":"RUTA A PER\u00da E INCIDENTES DE PROTECCI\u00d3N\/\u00bfQui\u00e9nes ocacionaron estos incidentes en Venezuela?\/Familiar\/Alg\u00fan conocido","var_resp_unit":"RUTA A PER\u00da E INCIDENTES DE PROTECCI\u00d3N\/\u00bfQui\u00e9nes ocacionaron estos incidentes en Venezuela?\/Familiar\/Alg\u00fan conocido","var_analysis_unit":null,"var_qstn_preqtxt":null,"var_qstn_qstnlit":null,"var_qstn_postqtxt":null,"var_qstn_ivuinstr":null,"var_universe":null,"var_universe_clusion":null,"var_sumstat":[{"value":"0","type":"vald","wgtd":null},{"value":"0","type":"invd","wgtd":null}],"var_txt":null,"var_catgry":[{"value":"1","labl":"TRUE","is_missing":null,"stats":[]}],"var_codinstr":null,"var_concept":[],"var_format":{"type":"numeric","schema":"other","category":null,"name":null},"var_notes":null,"var_val_range":{"min":"1","max":"1"},"fid":"F1"},{"file_id":"F1","vid":"V126","name":"quienes_incidentes_ven_8","var_intrvl":"discrete","var_dcml":"0","var_wgt":null,"var_is_wgt":null,"loc_start_pos":null,"loc_end_pos":null,"loc_width":null,"loc_rec_seg_no":null,"labl":"RUTA A PER\u00da E INCIDENTES DE PROTECCI\u00d3N\/\u00bfQui\u00e9nes ocacionaron estos incidentes en Venezuela?\/Grupos armados e hinchas","var_imputation":"RUTA A PER\u00da E INCIDENTES DE PROTECCI\u00d3N\/\u00bfQui\u00e9nes ocacionaron estos incidentes en Venezuela?\/Grupos armados e hinchas","var_security":"RUTA A PER\u00da E INCIDENTES DE PROTECCI\u00d3N\/\u00bfQui\u00e9nes ocacionaron estos incidentes en Venezuela?\/Grupos armados e hinchas","var_resp_unit":"RUTA A PER\u00da E INCIDENTES DE PROTECCI\u00d3N\/\u00bfQui\u00e9nes ocacionaron estos incidentes en Venezuela?\/Grupos armados e hinchas","var_analysis_unit":null,"var_qstn_preqtxt":null,"var_qstn_qstnlit":null,"var_qstn_postqtxt":null,"var_qstn_ivuinstr":null,"var_universe":null,"var_universe_clusion":null,"var_sumstat":[{"value":"0","type":"vald","wgtd":null},{"value":"0","type":"invd","wgtd":null}],"var_txt":null,"var_catgry":[{"value":"1","labl":"TRUE","is_missing":null,"stats":[]}],"var_codinstr":null,"var_concept":[],"var_format":{"type":"numeric","schema":"other","category":null,"name":null},"var_notes":null,"var_val_range":{"min":"1","max":"1"},"fid":"F1"},{"file_id":"F1","vid":"V127","name":"quienes_incidentes_chi_1","var_intrvl":"discrete","var_dcml":"0","var_wgt":null,"var_is_wgt":null,"loc_start_pos":null,"loc_end_pos":null,"loc_width":null,"loc_rec_seg_no":null,"labl":"RUTA A PER\u00da E INCIDENTES DE PROTECCI\u00d3N\/\u00bfQui\u00e9nes ocacionaron estos incidentes en Chile?\/Fuerzas del orden","var_imputation":"RUTA A PER\u00da E INCIDENTES DE PROTECCI\u00d3N\/\u00bfQui\u00e9nes ocacionaron estos incidentes en Chile?\/Fuerzas del orden","var_security":"RUTA A PER\u00da E INCIDENTES DE PROTECCI\u00d3N\/\u00bfQui\u00e9nes ocacionaron estos incidentes en Chile?\/Fuerzas del orden","var_resp_unit":"RUTA A PER\u00da E INCIDENTES DE PROTECCI\u00d3N\/\u00bfQui\u00e9nes ocacionaron estos incidentes en Chile?\/Fuerzas del orden","var_analysis_unit":null,"var_qstn_preqtxt":null,"var_qstn_qstnlit":null,"var_qstn_postqtxt":null,"var_qstn_ivuinstr":null,"var_universe":null,"var_universe_clusion":null,"var_sumstat":[{"value":"0","type":"vald","wgtd":null},{"value":"0","type":"invd","wgtd":null}],"var_txt":null,"var_catgry":[{"value":"1","labl":"TRUE","is_missing":null,"stats":[]}],"var_codinstr":null,"var_concept":[],"var_format":{"type":"numeric","schema":"other","category":null,"name":null},"var_notes":null,"var_val_range":{"min":"1","max":"1"},"fid":"F1"},{"file_id":"F1","vid":"V128","name":"quienes_incidentes_chi_2","var_intrvl":"discrete","var_dcml":"0","var_wgt":null,"var_is_wgt":null,"loc_start_pos":null,"loc_end_pos":null,"loc_width":null,"loc_rec_seg_no":null,"labl":"RUTA A PER\u00da E INCIDENTES DE PROTECCI\u00d3N\/\u00bfQui\u00e9nes ocacionaron estos incidentes en Chile?\/Fuerzas del orden peruanas","var_imputation":"RUTA A PER\u00da E INCIDENTES DE PROTECCI\u00d3N\/\u00bfQui\u00e9nes ocacionaron estos incidentes en Chile?\/Fuerzas del orden peruanas","var_security":"RUTA A PER\u00da E INCIDENTES DE PROTECCI\u00d3N\/\u00bfQui\u00e9nes ocacionaron estos incidentes en Chile?\/Fuerzas del orden peruanas","var_resp_unit":"RUTA A PER\u00da E INCIDENTES DE PROTECCI\u00d3N\/\u00bfQui\u00e9nes ocacionaron estos incidentes en Chile?\/Fuerzas del orden peruanas","var_analysis_unit":null,"var_qstn_preqtxt":null,"var_qstn_qstnlit":null,"var_qstn_postqtxt":null,"var_qstn_ivuinstr":null,"var_universe":null,"var_universe_clusion":null,"var_sumstat":[{"value":"0","type":"vald","wgtd":null},{"value":"0","type":"invd","wgtd":null}],"var_txt":null,"var_catgry":[{"value":"1","labl":"TRUE","is_missing":null,"stats":[]}],"var_codinstr":null,"var_concept":[],"var_format":{"type":"numeric","schema":"other","category":null,"name":null},"var_notes":null,"var_val_range":{"min":"1","max":"1"},"fid":"F1"},{"file_id":"F1","vid":"V129","name":"quienes_incidentes_chi_3","var_intrvl":"discrete","var_dcml":"0","var_wgt":null,"var_is_wgt":null,"loc_start_pos":null,"loc_end_pos":null,"loc_width":null,"loc_rec_seg_no":null,"labl":"RUTA A PER\u00da E INCIDENTES DE PROTECCI\u00d3N\/\u00bfQui\u00e9nes ocacionaron estos incidentes en Chile?\/Trocheros","var_imputation":"RUTA A PER\u00da E INCIDENTES DE PROTECCI\u00d3N\/\u00bfQui\u00e9nes ocacionaron estos incidentes en Chile?\/Trocheros","var_security":"RUTA A PER\u00da E INCIDENTES DE PROTECCI\u00d3N\/\u00bfQui\u00e9nes ocacionaron estos incidentes en Chile?\/Trocheros","var_resp_unit":"RUTA A PER\u00da E INCIDENTES DE PROTECCI\u00d3N\/\u00bfQui\u00e9nes ocacionaron estos incidentes en Chile?\/Trocheros","var_analysis_unit":null,"var_qstn_preqtxt":null,"var_qstn_qstnlit":null,"var_qstn_postqtxt":null,"var_qstn_ivuinstr":null,"var_universe":null,"var_universe_clusion":null,"var_sumstat":[{"value":"0","type":"vald","wgtd":null},{"value":"0","type":"invd","wgtd":null}],"var_txt":null,"var_catgry":[{"value":"1","labl":"TRUE","is_missing":null,"stats":[]}],"var_codinstr":null,"var_concept":[],"var_format":{"type":"numeric","schema":"other","category":null,"name":null},"var_notes":null,"var_val_range":{"min":"1","max":"1"},"fid":"F1"},{"file_id":"F1","vid":"V130","name":"quienes_incidentes_chi_4","var_intrvl":"discrete","var_dcml":"0","var_wgt":null,"var_is_wgt":null,"loc_start_pos":null,"loc_end_pos":null,"loc_width":null,"loc_rec_seg_no":null,"labl":"RUTA A PER\u00da E INCIDENTES DE PROTECCI\u00d3N\/\u00bfQui\u00e9nes ocacionaron estos incidentes en Chile?\/Mototaxistas\/Transportistas","var_imputation":"RUTA A PER\u00da E INCIDENTES DE PROTECCI\u00d3N\/\u00bfQui\u00e9nes ocacionaron estos incidentes en Chile?\/Mototaxistas\/Transportistas","var_security":"RUTA A PER\u00da E INCIDENTES DE PROTECCI\u00d3N\/\u00bfQui\u00e9nes ocacionaron estos incidentes en Chile?\/Mototaxistas\/Transportistas","var_resp_unit":"RUTA A PER\u00da E INCIDENTES DE PROTECCI\u00d3N\/\u00bfQui\u00e9nes ocacionaron estos incidentes en Chile?\/Mototaxistas\/Transportistas","var_analysis_unit":null,"var_qstn_preqtxt":null,"var_qstn_qstnlit":null,"var_qstn_postqtxt":null,"var_qstn_ivuinstr":null,"var_universe":null,"var_universe_clusion":null,"var_sumstat":[{"value":"0","type":"vald","wgtd":null},{"value":"0","type":"invd","wgtd":null}],"var_txt":null,"var_catgry":[{"value":"1","labl":"TRUE","is_missing":null,"stats":[]}],"var_codinstr":null,"var_concept":[],"var_format":{"type":"numeric","schema":"other","category":null,"name":null},"var_notes":null,"var_val_range":{"min":"1","max":"1"},"fid":"F1"},{"file_id":"F1","vid":"V131","name":"quienes_incidentes_chi_5","var_intrvl":"discrete","var_dcml":"0","var_wgt":null,"var_is_wgt":null,"loc_start_pos":null,"loc_end_pos":null,"loc_width":null,"loc_rec_seg_no":null,"labl":"RUTA A PER\u00da E INCIDENTES DE PROTECCI\u00d3N\/\u00bfQui\u00e9nes ocacionaron estos incidentes en Chile?\/Gente de la comunidad","var_imputation":"RUTA A PER\u00da E INCIDENTES DE PROTECCI\u00d3N\/\u00bfQui\u00e9nes ocacionaron estos incidentes en Chile?\/Gente de la comunidad","var_security":"RUTA A PER\u00da E INCIDENTES DE PROTECCI\u00d3N\/\u00bfQui\u00e9nes ocacionaron estos incidentes en Chile?\/Gente de la comunidad","var_resp_unit":"RUTA A PER\u00da E INCIDENTES DE PROTECCI\u00d3N\/\u00bfQui\u00e9nes ocacionaron estos incidentes en Chile?\/Gente de la comunidad","var_analysis_unit":null,"var_qstn_preqtxt":null,"var_qstn_qstnlit":null,"var_qstn_postqtxt":null,"var_qstn_ivuinstr":null,"var_universe":null,"var_universe_clusion":null,"var_sumstat":[{"value":"0","type":"vald","wgtd":null},{"value":"0","type":"invd","wgtd":null}],"var_txt":null,"var_catgry":[{"value":"1","labl":"TRUE","is_missing":null,"stats":[]}],"var_codinstr":null,"var_concept":[],"var_format":{"type":"numeric","schema":"other","category":null,"name":null},"var_notes":null,"var_val_range":{"min":"1","max":"1"},"fid":"F1"},{"file_id":"F1","vid":"V132","name":"quienes_incidentes_chi_6","var_intrvl":"discrete","var_dcml":"0","var_wgt":null,"var_is_wgt":null,"loc_start_pos":null,"loc_end_pos":null,"loc_width":null,"loc_rec_seg_no":null,"labl":"RUTA A PER\u00da E INCIDENTES DE PROTECCI\u00d3N\/\u00bfQui\u00e9nes ocacionaron estos incidentes en Chile?\/Otras personas de mi nacionalidad","var_imputation":"RUTA A PER\u00da E INCIDENTES DE PROTECCI\u00d3N\/\u00bfQui\u00e9nes ocacionaron estos incidentes en Chile?\/Otras personas de mi nacionalidad","var_security":"RUTA A PER\u00da E INCIDENTES DE PROTECCI\u00d3N\/\u00bfQui\u00e9nes ocacionaron estos incidentes en Chile?\/Otras personas de mi nacionalidad","var_resp_unit":"RUTA A PER\u00da E INCIDENTES DE PROTECCI\u00d3N\/\u00bfQui\u00e9nes ocacionaron estos incidentes en Chile?\/Otras personas de mi nacionalidad","var_analysis_unit":null,"var_qstn_preqtxt":null,"var_qstn_qstnlit":null,"var_qstn_postqtxt":null,"var_qstn_ivuinstr":null,"var_universe":null,"var_universe_clusion":null,"var_sumstat":[{"value":"0","type":"vald","wgtd":null},{"value":"0","type":"invd","wgtd":null}],"var_txt":null,"var_catgry":[{"value":"1","labl":"TRUE","is_missing":null,"stats":[]}],"var_codinstr":null,"var_concept":[],"var_format":{"type":"numeric","schema":"other","category":null,"name":null},"var_notes":null,"var_val_range":{"min":"1","max":"1"},"fid":"F1"},{"file_id":"F1","vid":"V133","name":"quienes_incidentes_chi_7","var_intrvl":"discrete","var_dcml":"0","var_wgt":null,"var_is_wgt":null,"loc_start_pos":null,"loc_end_pos":null,"loc_width":null,"loc_rec_seg_no":null,"labl":"RUTA A PER\u00da E INCIDENTES DE PROTECCI\u00d3N\/\u00bfQui\u00e9nes ocacionaron estos incidentes en Chile?\/Familiar\/Alg\u00fan conocido","var_imputation":"RUTA A PER\u00da E INCIDENTES DE PROTECCI\u00d3N\/\u00bfQui\u00e9nes ocacionaron estos incidentes en Chile?\/Familiar\/Alg\u00fan conocido","var_security":"RUTA A PER\u00da E INCIDENTES DE PROTECCI\u00d3N\/\u00bfQui\u00e9nes ocacionaron estos incidentes en Chile?\/Familiar\/Alg\u00fan conocido","var_resp_unit":"RUTA A PER\u00da E INCIDENTES DE PROTECCI\u00d3N\/\u00bfQui\u00e9nes ocacionaron estos incidentes en Chile?\/Familiar\/Alg\u00fan conocido","var_analysis_unit":null,"var_qstn_preqtxt":null,"var_qstn_qstnlit":null,"var_qstn_postqtxt":null,"var_qstn_ivuinstr":null,"var_universe":null,"var_universe_clusion":null,"var_sumstat":[{"value":"0","type":"vald","wgtd":null},{"value":"0","type":"invd","wgtd":null}],"var_txt":null,"var_catgry":[{"value":"1","labl":"TRUE","is_missing":null,"stats":[]}],"var_codinstr":null,"var_concept":[],"var_format":{"type":"numeric","schema":"other","category":null,"name":null},"var_notes":null,"var_val_range":{"min":"1","max":"1"},"fid":"F1"},{"file_id":"F1","vid":"V134","name":"quienes_incidentes_chi_8","var_intrvl":"discrete","var_dcml":"0","var_wgt":null,"var_is_wgt":null,"loc_start_pos":null,"loc_end_pos":null,"loc_width":null,"loc_rec_seg_no":null,"labl":"RUTA A PER\u00da E INCIDENTES DE PROTECCI\u00d3N\/\u00bfQui\u00e9nes ocacionaron estos incidentes en Chile?\/Grupos armados e hinchas","var_imputation":"RUTA A PER\u00da E INCIDENTES DE PROTECCI\u00d3N\/\u00bfQui\u00e9nes ocacionaron estos incidentes en Chile?\/Grupos armados e hinchas","var_security":"RUTA A PER\u00da E INCIDENTES DE PROTECCI\u00d3N\/\u00bfQui\u00e9nes ocacionaron estos incidentes en Chile?\/Grupos armados e hinchas","var_resp_unit":"RUTA A PER\u00da E INCIDENTES DE PROTECCI\u00d3N\/\u00bfQui\u00e9nes ocacionaron estos incidentes en Chile?\/Grupos armados e hinchas","var_analysis_unit":null,"var_qstn_preqtxt":null,"var_qstn_qstnlit":null,"var_qstn_postqtxt":null,"var_qstn_ivuinstr":null,"var_universe":null,"var_universe_clusion":null,"var_sumstat":[{"value":"0","type":"vald","wgtd":null},{"value":"0","type":"invd","wgtd":null}],"var_txt":null,"var_catgry":[{"value":"1","labl":"TRUE","is_missing":null,"stats":[]}],"var_codinstr":null,"var_concept":[],"var_format":{"type":"numeric","schema":"other","category":null,"name":null},"var_notes":null,"var_val_range":{"min":"1","max":"1"},"fid":"F1"},{"file_id":"F1","vid":"V135","name":"quienes_incidentes_otro_1","var_intrvl":"discrete","var_dcml":"0","var_wgt":null,"var_is_wgt":null,"loc_start_pos":null,"loc_end_pos":null,"loc_width":null,"loc_rec_seg_no":null,"labl":"RUTA A PER\u00da E INCIDENTES DE PROTECCI\u00d3N\/\u00bfQui\u00e9nes ocacionaron estos incidentes en el otro pa\u00eds?\/Fuerzas del orden","var_imputation":"RUTA A PER\u00da E INCIDENTES DE PROTECCI\u00d3N\/\u00bfQui\u00e9nes ocacionaron estos incidentes en el otro pa\u00eds?\/Fuerzas del orden","var_security":"RUTA A PER\u00da E INCIDENTES DE PROTECCI\u00d3N\/\u00bfQui\u00e9nes ocacionaron estos incidentes en el otro pa\u00eds?\/Fuerzas del orden","var_resp_unit":"RUTA A PER\u00da E INCIDENTES DE PROTECCI\u00d3N\/\u00bfQui\u00e9nes ocacionaron estos incidentes en el otro pa\u00eds?\/Fuerzas del orden","var_analysis_unit":null,"var_qstn_preqtxt":null,"var_qstn_qstnlit":null,"var_qstn_postqtxt":null,"var_qstn_ivuinstr":null,"var_universe":null,"var_universe_clusion":null,"var_sumstat":[{"value":"0","type":"vald","wgtd":null},{"value":"0","type":"invd","wgtd":null}],"var_txt":null,"var_catgry":[{"value":"1","labl":"TRUE","is_missing":null,"stats":[]}],"var_codinstr":null,"var_concept":[],"var_format":{"type":"numeric","schema":"other","category":null,"name":null},"var_notes":null,"var_val_range":{"min":"1","max":"1"},"fid":"F1"},{"file_id":"F1","vid":"V136","name":"quienes_incidentes_otro_2","var_intrvl":"discrete","var_dcml":"0","var_wgt":null,"var_is_wgt":null,"loc_start_pos":null,"loc_end_pos":null,"loc_width":null,"loc_rec_seg_no":null,"labl":"RUTA A PER\u00da E INCIDENTES DE PROTECCI\u00d3N\/\u00bfQui\u00e9nes ocacionaron estos incidentes en el otro pa\u00eds?\/Fuerzas del orden peruanas","var_imputation":"RUTA A PER\u00da E INCIDENTES DE PROTECCI\u00d3N\/\u00bfQui\u00e9nes ocacionaron estos incidentes en el otro pa\u00eds?\/Fuerzas del orden peruanas","var_security":"RUTA A PER\u00da E INCIDENTES DE PROTECCI\u00d3N\/\u00bfQui\u00e9nes ocacionaron estos incidentes en el otro pa\u00eds?\/Fuerzas del orden peruanas","var_resp_unit":"RUTA A PER\u00da E INCIDENTES DE PROTECCI\u00d3N\/\u00bfQui\u00e9nes ocacionaron estos incidentes en el otro pa\u00eds?\/Fuerzas del orden peruanas","var_analysis_unit":null,"var_qstn_preqtxt":null,"var_qstn_qstnlit":null,"var_qstn_postqtxt":null,"var_qstn_ivuinstr":null,"var_universe":null,"var_universe_clusion":null,"var_sumstat":[{"value":"0","type":"vald","wgtd":null},{"value":"0","type":"invd","wgtd":null}],"var_txt":null,"var_catgry":[{"value":"1","labl":"TRUE","is_missing":null,"stats":[]}],"var_codinstr":null,"var_concept":[],"var_format":{"type":"numeric","schema":"other","category":null,"name":null},"var_notes":null,"var_val_range":{"min":"1","max":"1"},"fid":"F1"},{"file_id":"F1","vid":"V137","name":"quienes_incidentes_otro_3","var_intrvl":"discrete","var_dcml":"0","var_wgt":null,"var_is_wgt":null,"loc_start_pos":null,"loc_end_pos":null,"loc_width":null,"loc_rec_seg_no":null,"labl":"RUTA A PER\u00da E INCIDENTES DE PROTECCI\u00d3N\/\u00bfQui\u00e9nes ocacionaron estos incidentes en el otro pa\u00eds?\/Trocheros","var_imputation":"RUTA A PER\u00da E INCIDENTES DE PROTECCI\u00d3N\/\u00bfQui\u00e9nes ocacionaron estos incidentes en el otro pa\u00eds?\/Trocheros","var_security":"RUTA A PER\u00da E INCIDENTES DE PROTECCI\u00d3N\/\u00bfQui\u00e9nes ocacionaron estos incidentes en el otro pa\u00eds?\/Trocheros","var_resp_unit":"RUTA A PER\u00da E INCIDENTES DE PROTECCI\u00d3N\/\u00bfQui\u00e9nes ocacionaron estos incidentes en el otro pa\u00eds?\/Trocheros","var_analysis_unit":null,"var_qstn_preqtxt":null,"var_qstn_qstnlit":null,"var_qstn_postqtxt":null,"var_qstn_ivuinstr":null,"var_universe":null,"var_universe_clusion":null,"var_sumstat":[{"value":"0","type":"vald","wgtd":null},{"value":"0","type":"invd","wgtd":null}],"var_txt":null,"var_catgry":[{"value":"1","labl":"TRUE","is_missing":null,"stats":[]}],"var_codinstr":null,"var_concept":[],"var_format":{"type":"numeric","schema":"other","category":null,"name":null},"var_notes":null,"var_val_range":{"min":"1","max":"1"},"fid":"F1"},{"file_id":"F1","vid":"V138","name":"quienes_incidentes_otro_4","var_intrvl":"discrete","var_dcml":"0","var_wgt":null,"var_is_wgt":null,"loc_start_pos":null,"loc_end_pos":null,"loc_width":null,"loc_rec_seg_no":null,"labl":"RUTA A PER\u00da E INCIDENTES DE PROTECCI\u00d3N\/\u00bfQui\u00e9nes ocacionaron estos incidentes en el otro pa\u00eds?\/Mototaxistas\/Transportistas","var_imputation":"RUTA A PER\u00da E INCIDENTES DE PROTECCI\u00d3N\/\u00bfQui\u00e9nes ocacionaron estos incidentes en el otro pa\u00eds?\/Mototaxistas\/Transportistas","var_security":"RUTA A PER\u00da E INCIDENTES DE PROTECCI\u00d3N\/\u00bfQui\u00e9nes ocacionaron estos incidentes en el otro pa\u00eds?\/Mototaxistas\/Transportistas","var_resp_unit":"RUTA A PER\u00da E INCIDENTES DE PROTECCI\u00d3N\/\u00bfQui\u00e9nes ocacionaron estos incidentes en el otro pa\u00eds?\/Mototaxistas\/Transportistas","var_analysis_unit":null,"var_qstn_preqtxt":null,"var_qstn_qstnlit":null,"var_qstn_postqtxt":null,"var_qstn_ivuinstr":null,"var_universe":null,"var_universe_clusion":null,"var_sumstat":[{"value":"0","type":"vald","wgtd":null},{"value":"0","type":"invd","wgtd":null}],"var_txt":null,"var_catgry":[{"value":"1","labl":"TRUE","is_missing":null,"stats":[]}],"var_codinstr":null,"var_concept":[],"var_format":{"type":"numeric","schema":"other","category":null,"name":null},"var_notes":null,"var_val_range":{"min":"1","max":"1"},"fid":"F1"},{"file_id":"F1","vid":"V139","name":"quienes_incidentes_otro_5","var_intrvl":"discrete","var_dcml":"0","var_wgt":null,"var_is_wgt":null,"loc_start_pos":null,"loc_end_pos":null,"loc_width":null,"loc_rec_seg_no":null,"labl":"RUTA A PER\u00da E INCIDENTES DE PROTECCI\u00d3N\/\u00bfQui\u00e9nes ocacionaron estos incidentes en el otro pa\u00eds?\/Gente de la comunidad","var_imputation":"RUTA A PER\u00da E INCIDENTES DE PROTECCI\u00d3N\/\u00bfQui\u00e9nes ocacionaron estos incidentes en el otro pa\u00eds?\/Gente de la comunidad","var_security":"RUTA A PER\u00da E INCIDENTES DE PROTECCI\u00d3N\/\u00bfQui\u00e9nes ocacionaron estos incidentes en el otro pa\u00eds?\/Gente de la comunidad","var_resp_unit":"RUTA A PER\u00da E INCIDENTES DE PROTECCI\u00d3N\/\u00bfQui\u00e9nes ocacionaron estos incidentes en el otro pa\u00eds?\/Gente de la comunidad","var_analysis_unit":null,"var_qstn_preqtxt":null,"var_qstn_qstnlit":null,"var_qstn_postqtxt":null,"var_qstn_ivuinstr":null,"var_universe":null,"var_universe_clusion":null,"var_sumstat":[{"value":"0","type":"vald","wgtd":null},{"value":"0","type":"invd","wgtd":null}],"var_txt":null,"var_catgry":[{"value":"1","labl":"TRUE","is_missing":null,"stats":[]}],"var_codinstr":null,"var_concept":[],"var_format":{"type":"numeric","schema":"other","category":null,"name":null},"var_notes":null,"var_val_range":{"min":"1","max":"1"},"fid":"F1"},{"file_id":"F1","vid":"V140","name":"quienes_incidentes_otro_6","var_intrvl":"discrete","var_dcml":"0","var_wgt":null,"var_is_wgt":null,"loc_start_pos":null,"loc_end_pos":null,"loc_width":null,"loc_rec_seg_no":null,"labl":"RUTA A PER\u00da E INCIDENTES DE PROTECCI\u00d3N\/\u00bfQui\u00e9nes ocacionaron estos incidentes en el otro pa\u00eds?\/Otras personas de mi nacionalidad","var_imputation":"RUTA A PER\u00da E INCIDENTES DE PROTECCI\u00d3N\/\u00bfQui\u00e9nes ocacionaron estos incidentes en el otro pa\u00eds?\/Otras personas de mi nacionalidad","var_security":"RUTA A PER\u00da E INCIDENTES DE PROTECCI\u00d3N\/\u00bfQui\u00e9nes ocacionaron estos incidentes en el otro pa\u00eds?\/Otras personas de mi nacionalidad","var_resp_unit":"RUTA A PER\u00da E INCIDENTES DE PROTECCI\u00d3N\/\u00bfQui\u00e9nes ocacionaron estos incidentes en el otro pa\u00eds?\/Otras personas de mi nacionalidad","var_analysis_unit":null,"var_qstn_preqtxt":null,"var_qstn_qstnlit":null,"var_qstn_postqtxt":null,"var_qstn_ivuinstr":null,"var_universe":null,"var_universe_clusion":null,"var_sumstat":[{"value":"0","type":"vald","wgtd":null},{"value":"0","type":"invd","wgtd":null}],"var_txt":null,"var_catgry":[{"value":"1","labl":"TRUE","is_missing":null,"stats":[]}],"var_codinstr":null,"var_concept":[],"var_format":{"type":"numeric","schema":"other","category":null,"name":null},"var_notes":null,"var_val_range":{"min":"1","max":"1"},"fid":"F1"},{"file_id":"F1","vid":"V141","name":"quienes_incidentes_otro_7","var_intrvl":"discrete","var_dcml":"0","var_wgt":null,"var_is_wgt":null,"loc_start_pos":null,"loc_end_pos":null,"loc_width":null,"loc_rec_seg_no":null,"labl":"RUTA A PER\u00da E INCIDENTES DE PROTECCI\u00d3N\/\u00bfQui\u00e9nes ocacionaron estos incidentes en el otro pa\u00eds?\/Familiar\/Alg\u00fan conocido","var_imputation":"RUTA A PER\u00da E INCIDENTES DE PROTECCI\u00d3N\/\u00bfQui\u00e9nes ocacionaron estos incidentes en el otro pa\u00eds?\/Familiar\/Alg\u00fan conocido","var_security":"RUTA A PER\u00da E INCIDENTES DE PROTECCI\u00d3N\/\u00bfQui\u00e9nes ocacionaron estos incidentes en el otro pa\u00eds?\/Familiar\/Alg\u00fan conocido","var_resp_unit":"RUTA A PER\u00da E INCIDENTES DE PROTECCI\u00d3N\/\u00bfQui\u00e9nes ocacionaron estos incidentes en el otro pa\u00eds?\/Familiar\/Alg\u00fan conocido","var_analysis_unit":null,"var_qstn_preqtxt":null,"var_qstn_qstnlit":null,"var_qstn_postqtxt":null,"var_qstn_ivuinstr":null,"var_universe":null,"var_universe_clusion":null,"var_sumstat":[{"value":"0","type":"vald","wgtd":null},{"value":"0","type":"invd","wgtd":null}],"var_txt":null,"var_catgry":[{"value":"1","labl":"TRUE","is_missing":null,"stats":[]}],"var_codinstr":null,"var_concept":[],"var_format":{"type":"numeric","schema":"other","category":null,"name":null},"var_notes":null,"var_val_range":{"min":"1","max":"1"},"fid":"F1"},{"file_id":"F1","vid":"V142","name":"quienes_incidentes_otro_8","var_intrvl":"discrete","var_dcml":"0","var_wgt":null,"var_is_wgt":null,"loc_start_pos":null,"loc_end_pos":null,"loc_width":null,"loc_rec_seg_no":null,"labl":"RUTA A PER\u00da E INCIDENTES DE PROTECCI\u00d3N\/\u00bfQui\u00e9nes ocacionaron estos incidentes en el otro pa\u00eds?\/Grupos armados e hinchas","var_imputation":"RUTA A PER\u00da E INCIDENTES DE PROTECCI\u00d3N\/\u00bfQui\u00e9nes ocacionaron estos incidentes en el otro pa\u00eds?\/Grupos armados e hinchas","var_security":"RUTA A PER\u00da E INCIDENTES DE PROTECCI\u00d3N\/\u00bfQui\u00e9nes ocacionaron estos incidentes en el otro pa\u00eds?\/Grupos armados e hinchas","var_resp_unit":"RUTA A PER\u00da E INCIDENTES DE PROTECCI\u00d3N\/\u00bfQui\u00e9nes ocacionaron estos incidentes en el otro pa\u00eds?\/Grupos armados e hinchas","var_analysis_unit":null,"var_qstn_preqtxt":null,"var_qstn_qstnlit":null,"var_qstn_postqtxt":null,"var_qstn_ivuinstr":null,"var_universe":null,"var_universe_clusion":null,"var_sumstat":[{"value":"0","type":"vald","wgtd":null},{"value":"0","type":"invd","wgtd":null}],"var_txt":null,"var_catgry":[{"value":"1","labl":"TRUE","is_missing":null,"stats":[]}],"var_codinstr":null,"var_concept":[],"var_format":{"type":"numeric","schema":"other","category":null,"name":null},"var_notes":null,"var_val_range":{"min":"1","max":"1"},"fid":"F1"},{"file_id":"F1","vid":"V143","name":"mas_desplazamientos","var_intrvl":"discrete","var_dcml":"0","var_wgt":null,"var_is_wgt":null,"loc_start_pos":null,"loc_end_pos":null,"loc_width":null,"loc_rec_seg_no":null,"labl":"RUTA A PER\u00da E INCIDENTES DE PROTECCI\u00d3N\/\u00bfTuvo que huir o salir de otro pais antes de este viaje?","var_imputation":"RUTA A PER\u00da E INCIDENTES DE PROTECCI\u00d3N\/\u00bfTuvo que huir o salir de otro pais antes de este viaje?","var_security":"RUTA A PER\u00da E INCIDENTES DE PROTECCI\u00d3N\/\u00bfTuvo que huir o salir de otro pais antes de este viaje?","var_resp_unit":"RUTA A PER\u00da E INCIDENTES DE PROTECCI\u00d3N\/\u00bfTuvo que huir o salir de otro pais antes de este viaje?","var_analysis_unit":null,"var_qstn_preqtxt":null,"var_qstn_qstnlit":null,"var_qstn_postqtxt":null,"var_qstn_ivuinstr":null,"var_universe":null,"var_universe_clusion":null,"var_sumstat":[{"value":"0","type":"vald","wgtd":null},{"value":"0","type":"invd","wgtd":null}],"var_txt":null,"var_catgry":[{"value":"1","labl":"No","is_missing":null,"stats":[]},{"value":"2","labl":"Si","is_missing":null,"stats":[]}],"var_codinstr":null,"var_concept":[],"var_format":{"type":"numeric","schema":"other","category":null,"name":null},"var_notes":null,"var_val_range":{"min":"1","max":"2"},"fid":"F1"},{"file_id":"F1","vid":"V144","name":"riesgos_1","var_intrvl":"discrete","var_dcml":"0","var_wgt":null,"var_is_wgt":null,"loc_start_pos":null,"loc_end_pos":null,"loc_width":null,"loc_rec_seg_no":null,"labl":"REFUGIO Y RIESGOS DE RETORNO\/\u00bfQu\u00e9 riesgos enfrentar\u00eda usted o su familia si tuviera que regresar a su pa\u00eds de origen?\/Habr\u00eda una amenaza directa sobre m\u00ed o alguno de los miembros de mi grupo familiar","var_imputation":"REFUGIO Y RIESGOS DE RETORNO\/\u00bfQu\u00e9 riesgos enfrentar\u00eda usted o su familia si tuviera que regresar a su pa\u00eds de origen?\/Habr\u00eda una amenaza directa sobre m\u00ed o alguno de los miembros de mi grupo familiar","var_security":"REFUGIO Y RIESGOS DE RETORNO\/\u00bfQu\u00e9 riesgos enfrentar\u00eda usted o su familia si tuviera que regresar a su pa\u00eds de origen?\/Habr\u00eda una amenaza directa sobre m\u00ed o alguno de los miembros de mi grupo familiar","var_resp_unit":"REFUGIO Y RIESGOS DE RETORNO\/\u00bfQu\u00e9 riesgos enfrentar\u00eda usted o su familia si tuviera que regresar a su pa\u00eds de origen?\/Habr\u00eda una amenaza directa sobre m\u00ed o alguno de los miembros de mi grupo familiar","var_analysis_unit":null,"var_qstn_preqtxt":null,"var_qstn_qstnlit":null,"var_qstn_postqtxt":null,"var_qstn_ivuinstr":null,"var_universe":null,"var_universe_clusion":null,"var_sumstat":[{"value":"0","type":"vald","wgtd":null},{"value":"0","type":"invd","wgtd":null}],"var_txt":null,"var_catgry":[],"var_codinstr":null,"var_concept":[],"var_format":{"type":"numeric","schema":"other","category":null,"name":null},"var_notes":null,"var_val_range":{"min":null,"max":null},"fid":"F1"},{"file_id":"F1","vid":"V145","name":"riesgos_2","var_intrvl":"discrete","var_dcml":"0","var_wgt":null,"var_is_wgt":null,"loc_start_pos":null,"loc_end_pos":null,"loc_width":null,"loc_rec_seg_no":null,"labl":"REFUGIO Y RIESGOS DE RETORNO\/\u00bfQu\u00e9 riesgos enfrentar\u00eda usted o su familia si tuviera que regresar a su pa\u00eds de origen?\/Estar\u00eda en riesgo de extorsi\u00f3n","var_imputation":"REFUGIO Y RIESGOS DE RETORNO\/\u00bfQu\u00e9 riesgos enfrentar\u00eda usted o su familia si tuviera que regresar a su pa\u00eds de origen?\/Estar\u00eda en riesgo de extorsi\u00f3n","var_security":"REFUGIO Y RIESGOS DE RETORNO\/\u00bfQu\u00e9 riesgos enfrentar\u00eda usted o su familia si tuviera que regresar a su pa\u00eds de origen?\/Estar\u00eda en riesgo de extorsi\u00f3n","var_resp_unit":"REFUGIO Y RIESGOS DE RETORNO\/\u00bfQu\u00e9 riesgos enfrentar\u00eda usted o su familia si tuviera que regresar a su pa\u00eds de origen?\/Estar\u00eda en riesgo de extorsi\u00f3n","var_analysis_unit":null,"var_qstn_preqtxt":null,"var_qstn_qstnlit":null,"var_qstn_postqtxt":null,"var_qstn_ivuinstr":null,"var_universe":null,"var_universe_clusion":null,"var_sumstat":[{"value":"0","type":"vald","wgtd":null},{"value":"0","type":"invd","wgtd":null}],"var_txt":null,"var_catgry":[],"var_codinstr":null,"var_concept":[],"var_format":{"type":"numeric","schema":"other","category":null,"name":null},"var_notes":null,"var_val_range":{"min":null,"max":null},"fid":"F1"},{"file_id":"F1","vid":"V146","name":"riesgos_3","var_intrvl":"discrete","var_dcml":"0","var_wgt":null,"var_is_wgt":null,"loc_start_pos":null,"loc_end_pos":null,"loc_width":null,"loc_rec_seg_no":null,"labl":"REFUGIO Y RIESGOS DE RETORNO\/\u00bfQu\u00e9 riesgos enfrentar\u00eda usted o su familia si tuviera que regresar a su pa\u00eds de origen?\/Mi grupo familiar estar\u00eda en riesgo por la violencia generalizada en mi ciudad","var_imputation":"REFUGIO Y RIESGOS DE RETORNO\/\u00bfQu\u00e9 riesgos enfrentar\u00eda usted o su familia si tuviera que regresar a su pa\u00eds de origen?\/Mi grupo familiar estar\u00eda en riesgo por la violencia generalizada en mi ciudad","var_security":"REFUGIO Y RIESGOS DE RETORNO\/\u00bfQu\u00e9 riesgos enfrentar\u00eda usted o su familia si tuviera que regresar a su pa\u00eds de origen?\/Mi grupo familiar estar\u00eda en riesgo por la violencia generalizada en mi ciudad","var_resp_unit":"REFUGIO Y RIESGOS DE RETORNO\/\u00bfQu\u00e9 riesgos enfrentar\u00eda usted o su familia si tuviera que regresar a su pa\u00eds de origen?\/Mi grupo familiar estar\u00eda en riesgo por la violencia generalizada en mi ciudad","var_analysis_unit":null,"var_qstn_preqtxt":null,"var_qstn_qstnlit":null,"var_qstn_postqtxt":null,"var_qstn_ivuinstr":null,"var_universe":null,"var_universe_clusion":null,"var_sumstat":[{"value":"0","type":"vald","wgtd":null},{"value":"0","type":"invd","wgtd":null}],"var_txt":null,"var_catgry":[],"var_codinstr":null,"var_concept":[],"var_format":{"type":"numeric","schema":"other","category":null,"name":null},"var_notes":null,"var_val_range":{"min":null,"max":null},"fid":"F1"},{"file_id":"F1","vid":"V147","name":"riesgos_4","var_intrvl":"discrete","var_dcml":"0","var_wgt":null,"var_is_wgt":null,"loc_start_pos":null,"loc_end_pos":null,"loc_width":null,"loc_rec_seg_no":null,"labl":"REFUGIO Y RIESGOS DE RETORNO\/\u00bfQu\u00e9 riesgos enfrentar\u00eda usted o su familia si tuviera que regresar a su pa\u00eds de origen?\/Mi gupo familiar estaria en riesgo por la inseguridad del pa\u00eds","var_imputation":"REFUGIO Y RIESGOS DE RETORNO\/\u00bfQu\u00e9 riesgos enfrentar\u00eda usted o su familia si tuviera que regresar a su pa\u00eds de origen?\/Mi gupo familiar estaria en riesgo por la inseguridad del pa\u00eds","var_security":"REFUGIO Y RIESGOS DE RETORNO\/\u00bfQu\u00e9 riesgos enfrentar\u00eda usted o su familia si tuviera que regresar a su pa\u00eds de origen?\/Mi gupo familiar estaria en riesgo por la inseguridad del pa\u00eds","var_resp_unit":"REFUGIO Y RIESGOS DE RETORNO\/\u00bfQu\u00e9 riesgos enfrentar\u00eda usted o su familia si tuviera que regresar a su pa\u00eds de origen?\/Mi gupo familiar estaria en riesgo por la inseguridad del pa\u00eds","var_analysis_unit":null,"var_qstn_preqtxt":null,"var_qstn_qstnlit":null,"var_qstn_postqtxt":null,"var_qstn_ivuinstr":null,"var_universe":null,"var_universe_clusion":null,"var_sumstat":[{"value":"0","type":"vald","wgtd":null},{"value":"0","type":"invd","wgtd":null}],"var_txt":null,"var_catgry":[],"var_codinstr":null,"var_concept":[],"var_format":{"type":"numeric","schema":"other","category":null,"name":null},"var_notes":null,"var_val_range":{"min":null,"max":null},"fid":"F1"},{"file_id":"F1","vid":"V148","name":"riesgos_5","var_intrvl":"discrete","var_dcml":"0","var_wgt":null,"var_is_wgt":null,"loc_start_pos":null,"loc_end_pos":null,"loc_width":null,"loc_rec_seg_no":null,"labl":"REFUGIO Y RIESGOS DE RETORNO\/\u00bfQu\u00e9 riesgos enfrentar\u00eda usted o su familia si tuviera que regresar a su pa\u00eds de origen?\/Tendr\u00eda miedo de alg\u00fan grupo armado","var_imputation":"REFUGIO Y RIESGOS DE RETORNO\/\u00bfQu\u00e9 riesgos enfrentar\u00eda usted o su familia si tuviera que regresar a su pa\u00eds de origen?\/Tendr\u00eda miedo de alg\u00fan grupo armado","var_security":"REFUGIO Y RIESGOS DE RETORNO\/\u00bfQu\u00e9 riesgos enfrentar\u00eda usted o su familia si tuviera que regresar a su pa\u00eds de origen?\/Tendr\u00eda miedo de alg\u00fan grupo armado","var_resp_unit":"REFUGIO Y RIESGOS DE RETORNO\/\u00bfQu\u00e9 riesgos enfrentar\u00eda usted o su familia si tuviera que regresar a su pa\u00eds de origen?\/Tendr\u00eda miedo de alg\u00fan grupo armado","var_analysis_unit":null,"var_qstn_preqtxt":null,"var_qstn_qstnlit":null,"var_qstn_postqtxt":null,"var_qstn_ivuinstr":null,"var_universe":null,"var_universe_clusion":null,"var_sumstat":[{"value":"0","type":"vald","wgtd":null},{"value":"0","type":"invd","wgtd":null}],"var_txt":null,"var_catgry":[],"var_codinstr":null,"var_concept":[],"var_format":{"type":"numeric","schema":"other","category":null,"name":null},"var_notes":null,"var_val_range":{"min":null,"max":null},"fid":"F1"},{"file_id":"F1","vid":"V149","name":"riesgos_6","var_intrvl":"discrete","var_dcml":"0","var_wgt":null,"var_is_wgt":null,"loc_start_pos":null,"loc_end_pos":null,"loc_width":null,"loc_rec_seg_no":null,"labl":"REFUGIO Y RIESGOS DE RETORNO\/\u00bfQu\u00e9 riesgos enfrentar\u00eda usted o su familia si tuviera que regresar a su pa\u00eds de origen?\/Ser\u00edamos perseguidos, agredidos o discriminados","var_imputation":"REFUGIO Y RIESGOS DE RETORNO\/\u00bfQu\u00e9 riesgos enfrentar\u00eda usted o su familia si tuviera que regresar a su pa\u00eds de origen?\/Ser\u00edamos perseguidos, agredidos o discriminados","var_security":"REFUGIO Y RIESGOS DE RETORNO\/\u00bfQu\u00e9 riesgos enfrentar\u00eda usted o su familia si tuviera que regresar a su pa\u00eds de origen?\/Ser\u00edamos perseguidos, agredidos o discriminados","var_resp_unit":"REFUGIO Y RIESGOS DE RETORNO\/\u00bfQu\u00e9 riesgos enfrentar\u00eda usted o su familia si tuviera que regresar a su pa\u00eds de origen?\/Ser\u00edamos perseguidos, agredidos o discriminados","var_analysis_unit":null,"var_qstn_preqtxt":null,"var_qstn_qstnlit":null,"var_qstn_postqtxt":null,"var_qstn_ivuinstr":null,"var_universe":null,"var_universe_clusion":null,"var_sumstat":[{"value":"0","type":"vald","wgtd":null},{"value":"0","type":"invd","wgtd":null}],"var_txt":null,"var_catgry":[],"var_codinstr":null,"var_concept":[],"var_format":{"type":"numeric","schema":"other","category":null,"name":null},"var_notes":null,"var_val_range":{"min":null,"max":null},"fid":"F1"},{"file_id":"F1","vid":"V150","name":"riesgos_7","var_intrvl":"discrete","var_dcml":"0","var_wgt":null,"var_is_wgt":null,"loc_start_pos":null,"loc_end_pos":null,"loc_width":null,"loc_rec_seg_no":null,"labl":"REFUGIO Y RIESGOS DE RETORNO\/\u00bfQu\u00e9 riesgos enfrentar\u00eda usted o su familia si tuviera que regresar a su pa\u00eds de origen?\/Alg\u00fan miembro de mi grupo familiar podr\u00eda ser reclutado forzadamente por grupos armados\/criminales","var_imputation":"REFUGIO Y RIESGOS DE RETORNO\/\u00bfQu\u00e9 riesgos enfrentar\u00eda usted o su familia si tuviera que regresar a su pa\u00eds de origen?\/Alg\u00fan miembro de mi grupo familiar podr\u00eda ser reclutado forzadamente por grupos armados\/criminales","var_security":"REFUGIO Y RIESGOS DE RETORNO\/\u00bfQu\u00e9 riesgos enfrentar\u00eda usted o su familia si tuviera que regresar a su pa\u00eds de origen?\/Alg\u00fan miembro de mi grupo familiar podr\u00eda ser reclutado forzadamente por grupos armados\/criminales","var_resp_unit":"REFUGIO Y RIESGOS DE RETORNO\/\u00bfQu\u00e9 riesgos enfrentar\u00eda usted o su familia si tuviera que regresar a su pa\u00eds de origen?\/Alg\u00fan miembro de mi grupo familiar podr\u00eda ser reclutado forzadamente por grupos armados\/criminales","var_analysis_unit":null,"var_qstn_preqtxt":null,"var_qstn_qstnlit":null,"var_qstn_postqtxt":null,"var_qstn_ivuinstr":null,"var_universe":null,"var_universe_clusion":null,"var_sumstat":[{"value":"0","type":"vald","wgtd":null},{"value":"0","type":"invd","wgtd":null}],"var_txt":null,"var_catgry":[],"var_codinstr":null,"var_concept":[],"var_format":{"type":"numeric","schema":"other","category":null,"name":null},"var_notes":null,"var_val_range":{"min":null,"max":null},"fid":"F1"},{"file_id":"F1","vid":"V151","name":"riesgos_8","var_intrvl":"discrete","var_dcml":"0","var_wgt":null,"var_is_wgt":null,"loc_start_pos":null,"loc_end_pos":null,"loc_width":null,"loc_rec_seg_no":null,"labl":"REFUGIO Y RIESGOS DE RETORNO\/\u00bfQu\u00e9 riesgos enfrentar\u00eda usted o su familia si tuviera que regresar a su pa\u00eds de origen?\/No conseguir\u00eda un trabajo con el cual pudiese garantizar mi subsistencia o la de mi familia","var_imputation":"REFUGIO Y RIESGOS DE RETORNO\/\u00bfQu\u00e9 riesgos enfrentar\u00eda usted o su familia si tuviera que regresar a su pa\u00eds de origen?\/No conseguir\u00eda un trabajo con el cual pudiese garantizar mi subsistencia o la de mi familia","var_security":"REFUGIO Y RIESGOS DE RETORNO\/\u00bfQu\u00e9 riesgos enfrentar\u00eda usted o su familia si tuviera que regresar a su pa\u00eds de origen?\/No conseguir\u00eda un trabajo con el cual pudiese garantizar mi subsistencia o la de mi familia","var_resp_unit":"REFUGIO Y RIESGOS DE RETORNO\/\u00bfQu\u00e9 riesgos enfrentar\u00eda usted o su familia si tuviera que regresar a su pa\u00eds de origen?\/No conseguir\u00eda un trabajo con el cual pudiese garantizar mi subsistencia o la de mi familia","var_analysis_unit":null,"var_qstn_preqtxt":null,"var_qstn_qstnlit":null,"var_qstn_postqtxt":null,"var_qstn_ivuinstr":null,"var_universe":null,"var_universe_clusion":null,"var_sumstat":[{"value":"0","type":"vald","wgtd":null},{"value":"0","type":"invd","wgtd":null}],"var_txt":null,"var_catgry":[],"var_codinstr":null,"var_concept":[],"var_format":{"type":"numeric","schema":"other","category":null,"name":null},"var_notes":null,"var_val_range":{"min":null,"max":null},"fid":"F1"},{"file_id":"F1","vid":"V152","name":"riesgos_9","var_intrvl":"discrete","var_dcml":"0","var_wgt":null,"var_is_wgt":null,"loc_start_pos":null,"loc_end_pos":null,"loc_width":null,"loc_rec_seg_no":null,"labl":"REFUGIO Y RIESGOS DE RETORNO\/\u00bfQu\u00e9 riesgos enfrentar\u00eda usted o su familia si tuviera que regresar a su pa\u00eds de origen?\/Mi grupo familiar estar\u00eda en riesgo por falta de alimentos","var_imputation":"REFUGIO Y RIESGOS DE RETORNO\/\u00bfQu\u00e9 riesgos enfrentar\u00eda usted o su familia si tuviera que regresar a su pa\u00eds de origen?\/Mi grupo familiar estar\u00eda en riesgo por falta de alimentos","var_security":"REFUGIO Y RIESGOS DE RETORNO\/\u00bfQu\u00e9 riesgos enfrentar\u00eda usted o su familia si tuviera que regresar a su pa\u00eds de origen?\/Mi grupo familiar estar\u00eda en riesgo por falta de alimentos","var_resp_unit":"REFUGIO Y RIESGOS DE RETORNO\/\u00bfQu\u00e9 riesgos enfrentar\u00eda usted o su familia si tuviera que regresar a su pa\u00eds de origen?\/Mi grupo familiar estar\u00eda en riesgo por falta de alimentos","var_analysis_unit":null,"var_qstn_preqtxt":null,"var_qstn_qstnlit":null,"var_qstn_postqtxt":null,"var_qstn_ivuinstr":null,"var_universe":null,"var_universe_clusion":null,"var_sumstat":[{"value":"0","type":"vald","wgtd":null},{"value":"0","type":"invd","wgtd":null}],"var_txt":null,"var_catgry":[],"var_codinstr":null,"var_concept":[],"var_format":{"type":"numeric","schema":"other","category":null,"name":null},"var_notes":null,"var_val_range":{"min":null,"max":null},"fid":"F1"},{"file_id":"F1","vid":"V153","name":"riesgos_10","var_intrvl":"discrete","var_dcml":"0","var_wgt":null,"var_is_wgt":null,"loc_start_pos":null,"loc_end_pos":null,"loc_width":null,"loc_rec_seg_no":null,"labl":"REFUGIO Y RIESGOS DE RETORNO\/\u00bfQu\u00e9 riesgos enfrentar\u00eda usted o su familia si tuviera que regresar a su pa\u00eds de origen?\/Mi grupo familiar estar\u00eda en riesgo por no acceder a servicios m\u00e9dicos","var_imputation":"REFUGIO Y RIESGOS DE RETORNO\/\u00bfQu\u00e9 riesgos enfrentar\u00eda usted o su familia si tuviera que regresar a su pa\u00eds de origen?\/Mi grupo familiar estar\u00eda en riesgo por no acceder a servicios m\u00e9dicos","var_security":"REFUGIO Y RIESGOS DE RETORNO\/\u00bfQu\u00e9 riesgos enfrentar\u00eda usted o su familia si tuviera que regresar a su pa\u00eds de origen?\/Mi grupo familiar estar\u00eda en riesgo por no acceder a servicios m\u00e9dicos","var_resp_unit":"REFUGIO Y RIESGOS DE RETORNO\/\u00bfQu\u00e9 riesgos enfrentar\u00eda usted o su familia si tuviera que regresar a su pa\u00eds de origen?\/Mi grupo familiar estar\u00eda en riesgo por no acceder a servicios m\u00e9dicos","var_analysis_unit":null,"var_qstn_preqtxt":null,"var_qstn_qstnlit":null,"var_qstn_postqtxt":null,"var_qstn_ivuinstr":null,"var_universe":null,"var_universe_clusion":null,"var_sumstat":[{"value":"0","type":"vald","wgtd":null},{"value":"0","type":"invd","wgtd":null}],"var_txt":null,"var_catgry":[],"var_codinstr":null,"var_concept":[],"var_format":{"type":"numeric","schema":"other","category":null,"name":null},"var_notes":null,"var_val_range":{"min":null,"max":null},"fid":"F1"},{"file_id":"F1","vid":"V154","name":"riesgos_11","var_intrvl":"discrete","var_dcml":"0","var_wgt":null,"var_is_wgt":null,"loc_start_pos":null,"loc_end_pos":null,"loc_width":null,"loc_rec_seg_no":null,"labl":"REFUGIO Y RIESGOS DE RETORNO\/\u00bfQu\u00e9 riesgos enfrentar\u00eda usted o su familia si tuviera que regresar a su pa\u00eds de origen?\/Estar\u00eda en riesgo de salud inminente","var_imputation":"REFUGIO Y RIESGOS DE RETORNO\/\u00bfQu\u00e9 riesgos enfrentar\u00eda usted o su familia si tuviera que regresar a su pa\u00eds de origen?\/Estar\u00eda en riesgo de salud inminente","var_security":"REFUGIO Y RIESGOS DE RETORNO\/\u00bfQu\u00e9 riesgos enfrentar\u00eda usted o su familia si tuviera que regresar a su pa\u00eds de origen?\/Estar\u00eda en riesgo de salud inminente","var_resp_unit":"REFUGIO Y RIESGOS DE RETORNO\/\u00bfQu\u00e9 riesgos enfrentar\u00eda usted o su familia si tuviera que regresar a su pa\u00eds de origen?\/Estar\u00eda en riesgo de salud inminente","var_analysis_unit":null,"var_qstn_preqtxt":null,"var_qstn_qstnlit":null,"var_qstn_postqtxt":null,"var_qstn_ivuinstr":null,"var_universe":null,"var_universe_clusion":null,"var_sumstat":[{"value":"0","type":"vald","wgtd":null},{"value":"0","type":"invd","wgtd":null}],"var_txt":null,"var_catgry":[],"var_codinstr":null,"var_concept":[],"var_format":{"type":"numeric","schema":"other","category":null,"name":null},"var_notes":null,"var_val_range":{"min":null,"max":null},"fid":"F1"},{"file_id":"F1","vid":"V155","name":"riesgos_12","var_intrvl":"discrete","var_dcml":"0","var_wgt":null,"var_is_wgt":null,"loc_start_pos":null,"loc_end_pos":null,"loc_width":null,"loc_rec_seg_no":null,"labl":"REFUGIO Y RIESGOS DE RETORNO\/\u00bfQu\u00e9 riesgos enfrentar\u00eda usted o su familia si tuviera que regresar a su pa\u00eds de origen?\/No tendr\u00eda ning\u00fan riesgo","var_imputation":"REFUGIO Y RIESGOS DE RETORNO\/\u00bfQu\u00e9 riesgos enfrentar\u00eda usted o su familia si tuviera que regresar a su pa\u00eds de origen?\/No tendr\u00eda ning\u00fan riesgo","var_security":"REFUGIO Y RIESGOS DE RETORNO\/\u00bfQu\u00e9 riesgos enfrentar\u00eda usted o su familia si tuviera que regresar a su pa\u00eds de origen?\/No tendr\u00eda ning\u00fan riesgo","var_resp_unit":"REFUGIO Y RIESGOS DE RETORNO\/\u00bfQu\u00e9 riesgos enfrentar\u00eda usted o su familia si tuviera que regresar a su pa\u00eds de origen?\/No tendr\u00eda ning\u00fan riesgo","var_analysis_unit":null,"var_qstn_preqtxt":null,"var_qstn_qstnlit":null,"var_qstn_postqtxt":null,"var_qstn_ivuinstr":null,"var_universe":null,"var_universe_clusion":null,"var_sumstat":[{"value":"0","type":"vald","wgtd":null},{"value":"0","type":"invd","wgtd":null}],"var_txt":null,"var_catgry":[],"var_codinstr":null,"var_concept":[],"var_format":{"type":"numeric","schema":"other","category":null,"name":null},"var_notes":null,"var_val_range":{"min":null,"max":null},"fid":"F1"},{"file_id":"F1","vid":"V156","name":"refugio_sabe","var_intrvl":"discrete","var_dcml":"0","var_wgt":null,"var_is_wgt":null,"loc_start_pos":null,"loc_end_pos":null,"loc_width":null,"loc_rec_seg_no":null,"labl":"REFUGIO Y RIESGOS DE RETORNO\/\u00bfSabe lo que es la solicitud de refugio?","var_imputation":"REFUGIO Y RIESGOS DE RETORNO\/\u00bfSabe lo que es la solicitud de refugio?","var_security":"REFUGIO Y RIESGOS DE RETORNO\/\u00bfSabe lo que es la solicitud de refugio?","var_resp_unit":"REFUGIO Y RIESGOS DE RETORNO\/\u00bfSabe lo que es la solicitud de refugio?","var_analysis_unit":null,"var_qstn_preqtxt":null,"var_qstn_qstnlit":null,"var_qstn_postqtxt":null,"var_qstn_ivuinstr":null,"var_universe":null,"var_universe_clusion":null,"var_sumstat":[{"value":"0","type":"vald","wgtd":null},{"value":"0","type":"invd","wgtd":null}],"var_txt":null,"var_catgry":[{"value":"1","labl":"No","is_missing":null,"stats":[]},{"value":"2","labl":"Si","is_missing":null,"stats":[]}],"var_codinstr":null,"var_concept":[],"var_format":{"type":"numeric","schema":"other","category":null,"name":null},"var_notes":null,"var_val_range":{"min":"1","max":"2"},"fid":"F1"},{"file_id":"F1","vid":"V157","name":"refugio","var_intrvl":"discrete","var_dcml":"0","var_wgt":null,"var_is_wgt":null,"loc_start_pos":null,"loc_end_pos":null,"loc_width":null,"loc_rec_seg_no":null,"labl":"REFUGIO Y RIESGOS DE RETORNO\/\u00bfPiensa realizar el tr\u00e1mite para solicitar la condicion de refugiado en su lugar de destino?","var_imputation":"REFUGIO Y RIESGOS DE RETORNO\/\u00bfPiensa realizar el tr\u00e1mite para solicitar la condicion de refugiado en su lugar de destino?","var_security":"REFUGIO Y RIESGOS DE RETORNO\/\u00bfPiensa realizar el tr\u00e1mite para solicitar la condicion de refugiado en su lugar de destino?","var_resp_unit":"REFUGIO Y RIESGOS DE RETORNO\/\u00bfPiensa realizar el tr\u00e1mite para solicitar la condicion de refugiado en su lugar de destino?","var_analysis_unit":null,"var_qstn_preqtxt":null,"var_qstn_qstnlit":null,"var_qstn_postqtxt":null,"var_qstn_ivuinstr":null,"var_universe":null,"var_universe_clusion":null,"var_sumstat":[{"value":"0","type":"vald","wgtd":null},{"value":"0","type":"invd","wgtd":null}],"var_txt":null,"var_catgry":[{"value":"1","labl":"No. No s\u00e9 lo que es \/ no tengo informaci\u00f3n","is_missing":null,"stats":[]},{"value":"2","labl":"Si","is_missing":null,"stats":[]}],"var_codinstr":null,"var_concept":[],"var_format":{"type":"numeric","schema":"other","category":null,"name":null},"var_notes":null,"var_val_range":{"min":"1","max":"2"},"fid":"F1"},{"file_id":"F1","vid":"V158","name":"id","var_intrvl":"discrete","var_dcml":"0","var_wgt":null,"var_is_wgt":null,"loc_start_pos":null,"loc_end_pos":null,"loc_width":null,"loc_rec_seg_no":null,"labl":"ID","var_imputation":"ID","var_security":"ID","var_resp_unit":"ID","var_analysis_unit":null,"var_qstn_preqtxt":null,"var_qstn_qstnlit":null,"var_qstn_postqtxt":null,"var_qstn_ivuinstr":null,"var_universe":null,"var_universe_clusion":null,"var_sumstat":[{"value":"0","type":"vald","wgtd":null},{"value":"0","type":"invd","wgtd":null}],"var_txt":null,"var_catgry":[],"var_codinstr":null,"var_concept":[],"var_format":{"type":"numeric","schema":"other","category":null,"name":null},"var_notes":null,"var_val_range":{"min":null,"max":null},"fid":"F1"},{"file_id":"F1","vid":"V159","name":"relationship","var_intrvl":"discrete","var_dcml":"0","var_wgt":null,"var_is_wgt":null,"loc_start_pos":null,"loc_end_pos":null,"loc_width":null,"loc_rec_seg_no":null,"labl":"INFORMACI\u00d3N DE MIEMBROS DE LA FAMILIA\/Por favor, responda a las preguntas para cada miembro del grupo familiar\/Relaci\u00f3n con la persona entrevistada","var_imputation":"INFORMACI\u00d3N DE MIEMBROS DE LA FAMILIA\/Por favor, responda a las preguntas para cada miembro del grupo familiar\/Relaci\u00f3n con la persona entrevistada","var_security":"INFORMACI\u00d3N DE MIEMBROS DE LA FAMILIA\/Por favor, responda a las preguntas para cada miembro del grupo familiar\/Relaci\u00f3n con la persona entrevistada","var_resp_unit":"INFORMACI\u00d3N DE MIEMBROS DE LA FAMILIA\/Por favor, responda a las preguntas para cada miembro del grupo familiar\/Relaci\u00f3n con la persona entrevistada","var_analysis_unit":null,"var_qstn_preqtxt":null,"var_qstn_qstnlit":null,"var_qstn_postqtxt":null,"var_qstn_ivuinstr":null,"var_universe":null,"var_universe_clusion":null,"var_sumstat":[{"value":"0","type":"vald","wgtd":null},{"value":"0","type":"invd","wgtd":null}],"var_txt":null,"var_catgry":[{"value":"1","labl":"1. Entrevistado_a","is_missing":null,"stats":[]},{"value":"2","labl":"10. Primo o Prima","is_missing":null,"stats":[]},{"value":"3","labl":"11. Otros parientes","is_missing":null,"stats":[]},{"value":"4","labl":"12. Ninguna relacion familiar","is_missing":null,"stats":[]},{"value":"5","labl":"2. C\u00f3nyuge o pareja","is_missing":null,"stats":[]},{"value":"6","labl":"3. Hijo o hija","is_missing":null,"stats":[]},{"value":"7","labl":"4. Hermano o hermana","is_missing":null,"stats":[]},{"value":"8","labl":"6. Yerno_Nuera","is_missing":null,"stats":[]},{"value":"9","labl":"7. Nieto o Nieta","is_missing":null,"stats":[]},{"value":"10","labl":"9. Sobrino o Sobrina","is_missing":null,"stats":[]}],"var_codinstr":null,"var_concept":[],"var_format":{"type":"numeric","schema":"other","category":null,"name":null},"var_notes":null,"var_val_range":{"min":"1","max":"10"},"fid":"F1"},{"file_id":"F1","vid":"V160","name":"age","var_intrvl":"discrete","var_dcml":"0","var_wgt":null,"var_is_wgt":null,"loc_start_pos":null,"loc_end_pos":null,"loc_width":null,"loc_rec_seg_no":null,"labl":"INFORMACI\u00d3N DE MIEMBROS DE LA FAMILIA\/Por favor, responda a las preguntas para cada miembro del grupo familiar\/\u00bfCu\u00e1l es la edad de este miembro de la familia?","var_imputation":"INFORMACI\u00d3N DE MIEMBROS DE LA FAMILIA\/Por favor, responda a las preguntas para cada miembro del grupo familiar\/\u00bfCu\u00e1l es la edad de este miembro de la familia?","var_security":"INFORMACI\u00d3N DE MIEMBROS DE LA FAMILIA\/Por favor, responda a las preguntas para cada miembro del grupo familiar\/\u00bfCu\u00e1l es la edad de este miembro de la familia?","var_resp_unit":"INFORMACI\u00d3N DE MIEMBROS DE LA FAMILIA\/Por favor, responda a las preguntas para cada miembro del grupo familiar\/\u00bfCu\u00e1l es la edad de este miembro de la familia?","var_analysis_unit":null,"var_qstn_preqtxt":null,"var_qstn_qstnlit":null,"var_qstn_postqtxt":null,"var_qstn_ivuinstr":null,"var_universe":null,"var_universe_clusion":null,"var_sumstat":[{"value":"0","type":"vald","wgtd":null},{"value":"0","type":"invd","wgtd":null}],"var_txt":null,"var_catgry":[{"value":"1","labl":"00 - 04","is_missing":null,"stats":[]},{"value":"2","labl":"05 - 14","is_missing":null,"stats":[]},{"value":"3","labl":"15 - 17","is_missing":null,"stats":[]},{"value":"4","labl":"18 - 21","is_missing":null,"stats":[]},{"value":"5","labl":"22 - 35","is_missing":null,"stats":[]},{"value":"6","labl":"36 - 59","is_missing":null,"stats":[]},{"value":"7","labl":"60+","is_missing":null,"stats":[]}],"var_codinstr":null,"var_concept":[],"var_format":{"type":"numeric","schema":"other","category":null,"name":null},"var_notes":null,"var_val_range":{"min":"1","max":"7"},"fid":"F1"},{"file_id":"F1","vid":"V161","name":"paisnac","var_intrvl":"discrete","var_dcml":"0","var_wgt":null,"var_is_wgt":null,"loc_start_pos":null,"loc_end_pos":null,"loc_width":null,"loc_rec_seg_no":null,"labl":"INFORMACI\u00d3N DE MIEMBROS DE LA FAMILIA\/Por favor, responda a las preguntas para cada miembro del grupo familiar\/\u00bfCu\u00e1l es el pa\u00eds de nacimiento de este miembro de la familia?","var_imputation":"INFORMACI\u00d3N DE MIEMBROS DE LA FAMILIA\/Por favor, responda a las preguntas para cada miembro del grupo familiar\/\u00bfCu\u00e1l es el pa\u00eds de nacimiento de este miembro de la familia?","var_security":"INFORMACI\u00d3N DE MIEMBROS DE LA FAMILIA\/Por favor, responda a las preguntas para cada miembro del grupo familiar\/\u00bfCu\u00e1l es el pa\u00eds de nacimiento de este miembro de la familia?","var_resp_unit":"INFORMACI\u00d3N DE MIEMBROS DE LA FAMILIA\/Por favor, responda a las preguntas para cada miembro del grupo familiar\/\u00bfCu\u00e1l es el pa\u00eds de nacimiento de este miembro de la familia?","var_analysis_unit":null,"var_qstn_preqtxt":null,"var_qstn_qstnlit":null,"var_qstn_postqtxt":null,"var_qstn_ivuinstr":null,"var_universe":null,"var_universe_clusion":null,"var_sumstat":[{"value":"0","type":"vald","wgtd":null},{"value":"0","type":"invd","wgtd":null}],"var_txt":null,"var_catgry":[{"value":"1","labl":"Bolivia","is_missing":null,"stats":[]},{"value":"2","labl":"Colombia","is_missing":null,"stats":[]},{"value":"3","labl":"Ecuador","is_missing":null,"stats":[]},{"value":"4","labl":"Per\u00fa","is_missing":null,"stats":[]},{"value":"5","labl":"Venezuela","is_missing":null,"stats":[]}],"var_codinstr":null,"var_concept":[],"var_format":{"type":"numeric","schema":"other","category":null,"name":null},"var_notes":null,"var_val_range":{"min":"1","max":"5"},"fid":"F1"},{"file_id":"F1","vid":"V162","name":"registronac","var_intrvl":"discrete","var_dcml":"0","var_wgt":null,"var_is_wgt":null,"loc_start_pos":null,"loc_end_pos":null,"loc_width":null,"loc_rec_seg_no":null,"labl":"INFORMACI\u00d3N DE MIEMBROS DE LA FAMILIA\/Por favor, responda a las preguntas para cada miembro del grupo familiar\/\u00bfEl ni\u00f1o\/a tiene registro de nacimiento?","var_imputation":"INFORMACI\u00d3N DE MIEMBROS DE LA FAMILIA\/Por favor, responda a las preguntas para cada miembro del grupo familiar\/\u00bfEl ni\u00f1o\/a tiene registro de nacimiento?","var_security":"INFORMACI\u00d3N DE MIEMBROS DE LA FAMILIA\/Por favor, responda a las preguntas para cada miembro del grupo familiar\/\u00bfEl ni\u00f1o\/a tiene registro de nacimiento?","var_resp_unit":"INFORMACI\u00d3N DE MIEMBROS DE LA FAMILIA\/Por favor, responda a las preguntas para cada miembro del grupo familiar\/\u00bfEl ni\u00f1o\/a tiene registro de nacimiento?","var_analysis_unit":null,"var_qstn_preqtxt":null,"var_qstn_qstnlit":null,"var_qstn_postqtxt":null,"var_qstn_ivuinstr":null,"var_universe":null,"var_universe_clusion":null,"var_sumstat":[{"value":"0","type":"vald","wgtd":null},{"value":"0","type":"invd","wgtd":null}],"var_txt":null,"var_catgry":[{"value":"1","labl":"No","is_missing":null,"stats":[]},{"value":"2","labl":"Si","is_missing":null,"stats":[]}],"var_codinstr":null,"var_concept":[],"var_format":{"type":"numeric","schema":"other","category":null,"name":null},"var_notes":null,"var_val_range":{"min":"1","max":"2"},"fid":"F1"},{"file_id":"F1","vid":"V163","name":"motivos_nacimiento_1","var_intrvl":"discrete","var_dcml":"0","var_wgt":null,"var_is_wgt":null,"loc_start_pos":null,"loc_end_pos":null,"loc_width":null,"loc_rec_seg_no":null,"labl":"INFORMACI\u00d3N DE MIEMBROS DE LA FAMILIA\/Por favor, responda a las preguntas para cada miembro del grupo familiar\/\u00bfPor qu\u00e9 no est\u00e1 registrado el ni\u00f1o\/a?\/Porque naci\u00f3 durante COVID y las instituciones estaban cerradas","var_imputation":"INFORMACI\u00d3N DE MIEMBROS DE LA FAMILIA\/Por favor, responda a las preguntas para cada miembro del grupo familiar\/\u00bfPor qu\u00e9 no est\u00e1 registrado el ni\u00f1o\/a?\/Porque naci\u00f3 durante COVID y las instituciones estaban cerradas","var_security":"INFORMACI\u00d3N DE MIEMBROS DE LA FAMILIA\/Por favor, responda a las preguntas para cada miembro del grupo familiar\/\u00bfPor qu\u00e9 no est\u00e1 registrado el ni\u00f1o\/a?\/Porque naci\u00f3 durante COVID y las instituciones estaban cerradas","var_resp_unit":"INFORMACI\u00d3N DE MIEMBROS DE LA FAMILIA\/Por favor, responda a las preguntas para cada miembro del grupo familiar\/\u00bfPor qu\u00e9 no est\u00e1 registrado el ni\u00f1o\/a?\/Porque naci\u00f3 durante COVID y las instituciones estaban cerradas","var_analysis_unit":null,"var_qstn_preqtxt":null,"var_qstn_qstnlit":null,"var_qstn_postqtxt":null,"var_qstn_ivuinstr":null,"var_universe":null,"var_universe_clusion":null,"var_sumstat":[{"value":"0","type":"vald","wgtd":null},{"value":"0","type":"invd","wgtd":null}],"var_txt":null,"var_catgry":[],"var_codinstr":null,"var_concept":[],"var_format":{"type":"numeric","schema":"other","category":null,"name":null},"var_notes":null,"var_val_range":{"min":null,"max":null},"fid":"F1"},{"file_id":"F1","vid":"V164","name":"motivos_nacimiento_2","var_intrvl":"discrete","var_dcml":"0","var_wgt":null,"var_is_wgt":null,"loc_start_pos":null,"loc_end_pos":null,"loc_width":null,"loc_rec_seg_no":null,"labl":"INFORMACI\u00d3N DE MIEMBROS DE LA FAMILIA\/Por favor, responda a las preguntas para cada miembro del grupo familiar\/\u00bfPor qu\u00e9 no est\u00e1 registrado el ni\u00f1o\/a?\/Porque sus pap\u00e1s no tienen documentos","var_imputation":"INFORMACI\u00d3N DE MIEMBROS DE LA FAMILIA\/Por favor, responda a las preguntas para cada miembro del grupo familiar\/\u00bfPor qu\u00e9 no est\u00e1 registrado el ni\u00f1o\/a?\/Porque sus pap\u00e1s no tienen documentos","var_security":"INFORMACI\u00d3N DE MIEMBROS DE LA FAMILIA\/Por favor, responda a las preguntas para cada miembro del grupo familiar\/\u00bfPor qu\u00e9 no est\u00e1 registrado el ni\u00f1o\/a?\/Porque sus pap\u00e1s no tienen documentos","var_resp_unit":"INFORMACI\u00d3N DE MIEMBROS DE LA FAMILIA\/Por favor, responda a las preguntas para cada miembro del grupo familiar\/\u00bfPor qu\u00e9 no est\u00e1 registrado el ni\u00f1o\/a?\/Porque sus pap\u00e1s no tienen documentos","var_analysis_unit":null,"var_qstn_preqtxt":null,"var_qstn_qstnlit":null,"var_qstn_postqtxt":null,"var_qstn_ivuinstr":null,"var_universe":null,"var_universe_clusion":null,"var_sumstat":[{"value":"0","type":"vald","wgtd":null},{"value":"0","type":"invd","wgtd":null}],"var_txt":null,"var_catgry":[],"var_codinstr":null,"var_concept":[],"var_format":{"type":"numeric","schema":"other","category":null,"name":null},"var_notes":null,"var_val_range":{"min":null,"max":null},"fid":"F1"},{"file_id":"F1","vid":"V165","name":"motivos_nacimiento_3","var_intrvl":"discrete","var_dcml":"0","var_wgt":null,"var_is_wgt":null,"loc_start_pos":null,"loc_end_pos":null,"loc_width":null,"loc_rec_seg_no":null,"labl":"INFORMACI\u00d3N DE MIEMBROS DE LA FAMILIA\/Por favor, responda a las preguntas para cada miembro del grupo familiar\/\u00bfPor qu\u00e9 no est\u00e1 registrado el ni\u00f1o\/a?\/Por discriminaci\u00f3n","var_imputation":"INFORMACI\u00d3N DE MIEMBROS DE LA FAMILIA\/Por favor, responda a las preguntas para cada miembro del grupo familiar\/\u00bfPor qu\u00e9 no est\u00e1 registrado el ni\u00f1o\/a?\/Por discriminaci\u00f3n","var_security":"INFORMACI\u00d3N DE MIEMBROS DE LA FAMILIA\/Por favor, responda a las preguntas para cada miembro del grupo familiar\/\u00bfPor qu\u00e9 no est\u00e1 registrado el ni\u00f1o\/a?\/Por discriminaci\u00f3n","var_resp_unit":"INFORMACI\u00d3N DE MIEMBROS DE LA FAMILIA\/Por favor, responda a las preguntas para cada miembro del grupo familiar\/\u00bfPor qu\u00e9 no est\u00e1 registrado el ni\u00f1o\/a?\/Por discriminaci\u00f3n","var_analysis_unit":null,"var_qstn_preqtxt":null,"var_qstn_qstnlit":null,"var_qstn_postqtxt":null,"var_qstn_ivuinstr":null,"var_universe":null,"var_universe_clusion":null,"var_sumstat":[{"value":"0","type":"vald","wgtd":null},{"value":"0","type":"invd","wgtd":null}],"var_txt":null,"var_catgry":[],"var_codinstr":null,"var_concept":[],"var_format":{"type":"numeric","schema":"other","category":null,"name":null},"var_notes":null,"var_val_range":{"min":null,"max":null},"fid":"F1"},{"file_id":"F1","vid":"V166","name":"motivos_nacimiento_4","var_intrvl":"discrete","var_dcml":"0","var_wgt":null,"var_is_wgt":null,"loc_start_pos":null,"loc_end_pos":null,"loc_width":null,"loc_rec_seg_no":null,"labl":"INFORMACI\u00d3N DE MIEMBROS DE LA FAMILIA\/Por favor, responda a las preguntas para cada miembro del grupo familiar\/\u00bfPor qu\u00e9 no est\u00e1 registrado el ni\u00f1o\/a?\/Porque les dijeron que una persona irregular no puede registrar a sus hijos","var_imputation":"INFORMACI\u00d3N DE MIEMBROS DE LA FAMILIA\/Por favor, responda a las preguntas para cada miembro del grupo familiar\/\u00bfPor qu\u00e9 no est\u00e1 registrado el ni\u00f1o\/a?\/Porque les dijeron que una persona irregular no puede registrar a sus hijos","var_security":"INFORMACI\u00d3N DE MIEMBROS DE LA FAMILIA\/Por favor, responda a las preguntas para cada miembro del grupo familiar\/\u00bfPor qu\u00e9 no est\u00e1 registrado el ni\u00f1o\/a?\/Porque les dijeron que una persona irregular no puede registrar a sus hijos","var_resp_unit":"INFORMACI\u00d3N DE MIEMBROS DE LA FAMILIA\/Por favor, responda a las preguntas para cada miembro del grupo familiar\/\u00bfPor qu\u00e9 no est\u00e1 registrado el ni\u00f1o\/a?\/Porque les dijeron que una persona irregular no puede registrar a sus hijos","var_analysis_unit":null,"var_qstn_preqtxt":null,"var_qstn_qstnlit":null,"var_qstn_postqtxt":null,"var_qstn_ivuinstr":null,"var_universe":null,"var_universe_clusion":null,"var_sumstat":[{"value":"0","type":"vald","wgtd":null},{"value":"0","type":"invd","wgtd":null}],"var_txt":null,"var_catgry":[],"var_codinstr":null,"var_concept":[],"var_format":{"type":"numeric","schema":"other","category":null,"name":null},"var_notes":null,"var_val_range":{"min":null,"max":null},"fid":"F1"},{"file_id":"F1","vid":"V167","name":"motivos_nacimiento_5","var_intrvl":"discrete","var_dcml":"0","var_wgt":null,"var_is_wgt":null,"loc_start_pos":null,"loc_end_pos":null,"loc_width":null,"loc_rec_seg_no":null,"labl":"INFORMACI\u00d3N DE MIEMBROS DE LA FAMILIA\/Por favor, responda a las preguntas para cada miembro del grupo familiar\/\u00bfPor qu\u00e9 no est\u00e1 registrado el ni\u00f1o\/a?\/Porque en el pa\u00eds donde naci\u00f3 no lo permit\u00edan (nota: p.ej. Ni\u00f1os nacidos en Colombia)","var_imputation":"INFORMACI\u00d3N DE MIEMBROS DE LA FAMILIA\/Por favor, responda a las preguntas para cada miembro del grupo familiar\/\u00bfPor qu\u00e9 no est\u00e1 registrado el ni\u00f1o\/a?\/Porque en el pa\u00eds donde naci\u00f3 no lo permit\u00edan (nota: p.ej. Ni\u00f1os nacidos en Colombia)","var_security":"INFORMACI\u00d3N DE MIEMBROS DE LA FAMILIA\/Por favor, responda a las preguntas para cada miembro del grupo familiar\/\u00bfPor qu\u00e9 no est\u00e1 registrado el ni\u00f1o\/a?\/Porque en el pa\u00eds donde naci\u00f3 no lo permit\u00edan (nota: p.ej. Ni\u00f1os nacidos en Colombia)","var_resp_unit":"INFORMACI\u00d3N DE MIEMBROS DE LA FAMILIA\/Por favor, responda a las preguntas para cada miembro del grupo familiar\/\u00bfPor qu\u00e9 no est\u00e1 registrado el ni\u00f1o\/a?\/Porque en el pa\u00eds donde naci\u00f3 no lo permit\u00edan (nota: p.ej. Ni\u00f1os nacidos en Colombia)","var_analysis_unit":null,"var_qstn_preqtxt":null,"var_qstn_qstnlit":null,"var_qstn_postqtxt":null,"var_qstn_ivuinstr":null,"var_universe":null,"var_universe_clusion":null,"var_sumstat":[{"value":"0","type":"vald","wgtd":null},{"value":"0","type":"invd","wgtd":null}],"var_txt":null,"var_catgry":[],"var_codinstr":null,"var_concept":[],"var_format":{"type":"numeric","schema":"other","category":null,"name":null},"var_notes":null,"var_val_range":{"min":null,"max":null},"fid":"F1"},{"file_id":"F1","vid":"V168","name":"motivos_nacimiento_6","var_intrvl":"discrete","var_dcml":"0","var_wgt":null,"var_is_wgt":null,"loc_start_pos":null,"loc_end_pos":null,"loc_width":null,"loc_rec_seg_no":null,"labl":"INFORMACI\u00d3N DE MIEMBROS DE LA FAMILIA\/Por favor, responda a las preguntas para cada miembro del grupo familiar\/\u00bfPor qu\u00e9 no est\u00e1 registrado el ni\u00f1o\/a?\/Porque ten\u00edan temor de realizar el tr\u00e1mite en Venezuela","var_imputation":"INFORMACI\u00d3N DE MIEMBROS DE LA FAMILIA\/Por favor, responda a las preguntas para cada miembro del grupo familiar\/\u00bfPor qu\u00e9 no est\u00e1 registrado el ni\u00f1o\/a?\/Porque ten\u00edan temor de realizar el tr\u00e1mite en Venezuela","var_security":"INFORMACI\u00d3N DE MIEMBROS DE LA FAMILIA\/Por favor, responda a las preguntas para cada miembro del grupo familiar\/\u00bfPor qu\u00e9 no est\u00e1 registrado el ni\u00f1o\/a?\/Porque ten\u00edan temor de realizar el tr\u00e1mite en Venezuela","var_resp_unit":"INFORMACI\u00d3N DE MIEMBROS DE LA FAMILIA\/Por favor, responda a las preguntas para cada miembro del grupo familiar\/\u00bfPor qu\u00e9 no est\u00e1 registrado el ni\u00f1o\/a?\/Porque ten\u00edan temor de realizar el tr\u00e1mite en Venezuela","var_analysis_unit":null,"var_qstn_preqtxt":null,"var_qstn_qstnlit":null,"var_qstn_postqtxt":null,"var_qstn_ivuinstr":null,"var_universe":null,"var_universe_clusion":null,"var_sumstat":[{"value":"0","type":"vald","wgtd":null},{"value":"0","type":"invd","wgtd":null}],"var_txt":null,"var_catgry":[],"var_codinstr":null,"var_concept":[],"var_format":{"type":"numeric","schema":"other","category":null,"name":null},"var_notes":null,"var_val_range":{"min":null,"max":null},"fid":"F1"},{"file_id":"F1","vid":"V169","name":"motivos_nacimiento_7","var_intrvl":"discrete","var_dcml":"0","var_wgt":null,"var_is_wgt":null,"loc_start_pos":null,"loc_end_pos":null,"loc_width":null,"loc_rec_seg_no":null,"labl":"INFORMACI\u00d3N DE MIEMBROS DE LA FAMILIA\/Por favor, responda a las preguntas para cada miembro del grupo familiar\/\u00bfPor qu\u00e9 no est\u00e1 registrado el ni\u00f1o\/a?\/Otro","var_imputation":"INFORMACI\u00d3N DE MIEMBROS DE LA FAMILIA\/Por favor, responda a las preguntas para cada miembro del grupo familiar\/\u00bfPor qu\u00e9 no est\u00e1 registrado el ni\u00f1o\/a?\/Otro","var_security":"INFORMACI\u00d3N DE MIEMBROS DE LA FAMILIA\/Por favor, responda a las preguntas para cada miembro del grupo familiar\/\u00bfPor qu\u00e9 no est\u00e1 registrado el ni\u00f1o\/a?\/Otro","var_resp_unit":"INFORMACI\u00d3N DE MIEMBROS DE LA FAMILIA\/Por favor, responda a las preguntas para cada miembro del grupo familiar\/\u00bfPor qu\u00e9 no est\u00e1 registrado el ni\u00f1o\/a?\/Otro","var_analysis_unit":null,"var_qstn_preqtxt":null,"var_qstn_qstnlit":null,"var_qstn_postqtxt":null,"var_qstn_ivuinstr":null,"var_universe":null,"var_universe_clusion":null,"var_sumstat":[{"value":"0","type":"vald","wgtd":null},{"value":"0","type":"invd","wgtd":null}],"var_txt":null,"var_catgry":[],"var_codinstr":null,"var_concept":[],"var_format":{"type":"numeric","schema":"other","category":null,"name":null},"var_notes":null,"var_val_range":{"min":null,"max":null},"fid":"F1"},{"file_id":"F1","vid":"V170","name":"motivos_nacimiento_8","var_intrvl":"discrete","var_dcml":"0","var_wgt":null,"var_is_wgt":null,"loc_start_pos":null,"loc_end_pos":null,"loc_width":null,"loc_rec_seg_no":null,"labl":"INFORMACI\u00d3N DE MIEMBROS DE LA FAMILIA\/Por favor, responda a las preguntas para cada miembro del grupo familiar\/\u00bfPor qu\u00e9 no est\u00e1 registrado el ni\u00f1o\/a?\/Es muy costoso","var_imputation":"INFORMACI\u00d3N DE MIEMBROS DE LA FAMILIA\/Por favor, responda a las preguntas para cada miembro del grupo familiar\/\u00bfPor qu\u00e9 no est\u00e1 registrado el ni\u00f1o\/a?\/Es muy costoso","var_security":"INFORMACI\u00d3N DE MIEMBROS DE LA FAMILIA\/Por favor, responda a las preguntas para cada miembro del grupo familiar\/\u00bfPor qu\u00e9 no est\u00e1 registrado el ni\u00f1o\/a?\/Es muy costoso","var_resp_unit":"INFORMACI\u00d3N DE MIEMBROS DE LA FAMILIA\/Por favor, responda a las preguntas para cada miembro del grupo familiar\/\u00bfPor qu\u00e9 no est\u00e1 registrado el ni\u00f1o\/a?\/Es muy costoso","var_analysis_unit":null,"var_qstn_preqtxt":null,"var_qstn_qstnlit":null,"var_qstn_postqtxt":null,"var_qstn_ivuinstr":null,"var_universe":null,"var_universe_clusion":null,"var_sumstat":[{"value":"0","type":"vald","wgtd":null},{"value":"0","type":"invd","wgtd":null}],"var_txt":null,"var_catgry":[],"var_codinstr":null,"var_concept":[],"var_format":{"type":"numeric","schema":"other","category":null,"name":null},"var_notes":null,"var_val_range":{"min":null,"max":null},"fid":"F1"},{"file_id":"F1","vid":"V171","name":"motivos_nacimiento_9","var_intrvl":"discrete","var_dcml":"0","var_wgt":null,"var_is_wgt":null,"loc_start_pos":null,"loc_end_pos":null,"loc_width":null,"loc_rec_seg_no":null,"labl":"INFORMACI\u00d3N DE MIEMBROS DE LA FAMILIA\/Por favor, responda a las preguntas para cada miembro del grupo familiar\/\u00bfPor qu\u00e9 no est\u00e1 registrado el ni\u00f1o\/a?\/No tuve tiempo de registrarlo","var_imputation":"INFORMACI\u00d3N DE MIEMBROS DE LA FAMILIA\/Por favor, responda a las preguntas para cada miembro del grupo familiar\/\u00bfPor qu\u00e9 no est\u00e1 registrado el ni\u00f1o\/a?\/No tuve tiempo de registrarlo","var_security":"INFORMACI\u00d3N DE MIEMBROS DE LA FAMILIA\/Por favor, responda a las preguntas para cada miembro del grupo familiar\/\u00bfPor qu\u00e9 no est\u00e1 registrado el ni\u00f1o\/a?\/No tuve tiempo de registrarlo","var_resp_unit":"INFORMACI\u00d3N DE MIEMBROS DE LA FAMILIA\/Por favor, responda a las preguntas para cada miembro del grupo familiar\/\u00bfPor qu\u00e9 no est\u00e1 registrado el ni\u00f1o\/a?\/No tuve tiempo de registrarlo","var_analysis_unit":null,"var_qstn_preqtxt":null,"var_qstn_qstnlit":null,"var_qstn_postqtxt":null,"var_qstn_ivuinstr":null,"var_universe":null,"var_universe_clusion":null,"var_sumstat":[{"value":"0","type":"vald","wgtd":null},{"value":"0","type":"invd","wgtd":null}],"var_txt":null,"var_catgry":[],"var_codinstr":null,"var_concept":[],"var_format":{"type":"numeric","schema":"other","category":null,"name":null},"var_notes":null,"var_val_range":{"min":null,"max":null},"fid":"F1"},{"file_id":"F1","vid":"V172","name":"sex","var_intrvl":"discrete","var_dcml":"0","var_wgt":null,"var_is_wgt":null,"loc_start_pos":null,"loc_end_pos":null,"loc_width":null,"loc_rec_seg_no":null,"labl":"INFORMACI\u00d3N DE MIEMBROS DE LA FAMILIA\/Por favor, responda a las preguntas para cada miembro del grupo familiar\/\u00bfCu\u00e1l es el g\u00e9nero de este miembro de la familia?","var_imputation":"INFORMACI\u00d3N DE MIEMBROS DE LA FAMILIA\/Por favor, responda a las preguntas para cada miembro del grupo familiar\/\u00bfCu\u00e1l es el g\u00e9nero de este miembro de la familia?","var_security":"INFORMACI\u00d3N DE MIEMBROS DE LA FAMILIA\/Por favor, responda a las preguntas para cada miembro del grupo familiar\/\u00bfCu\u00e1l es el g\u00e9nero de este miembro de la familia?","var_resp_unit":"INFORMACI\u00d3N DE MIEMBROS DE LA FAMILIA\/Por favor, responda a las preguntas para cada miembro del grupo familiar\/\u00bfCu\u00e1l es el g\u00e9nero de este miembro de la familia?","var_analysis_unit":null,"var_qstn_preqtxt":null,"var_qstn_qstnlit":null,"var_qstn_postqtxt":null,"var_qstn_ivuinstr":null,"var_universe":null,"var_universe_clusion":null,"var_sumstat":[{"value":"0","type":"vald","wgtd":null},{"value":"0","type":"invd","wgtd":null}],"var_txt":null,"var_catgry":[{"value":"1","labl":"Femenino","is_missing":null,"stats":[]},{"value":"2","labl":"Masculino","is_missing":null,"stats":[]}],"var_codinstr":null,"var_concept":[],"var_format":{"type":"numeric","schema":"other","category":null,"name":null},"var_notes":null,"var_val_range":{"min":"1","max":"2"},"fid":"F1"},{"file_id":"F1","vid":"V173","name":"necesidades_1","var_intrvl":"discrete","var_dcml":"0","var_wgt":null,"var_is_wgt":null,"loc_start_pos":null,"loc_end_pos":null,"loc_width":null,"loc_rec_seg_no":null,"labl":"INFORMACI\u00d3N DE MIEMBROS DE LA FAMILIA\/Por favor, responda a las preguntas para cada miembro del grupo familiar\/Necesidades espec\u00edficas\/Persona que padece una discapacidad mental","var_imputation":"INFORMACI\u00d3N DE MIEMBROS DE LA FAMILIA\/Por favor, responda a las preguntas para cada miembro del grupo familiar\/Necesidades espec\u00edficas\/Persona que padece una discapacidad mental","var_security":"INFORMACI\u00d3N DE MIEMBROS DE LA FAMILIA\/Por favor, responda a las preguntas para cada miembro del grupo familiar\/Necesidades espec\u00edficas\/Persona que padece una discapacidad mental","var_resp_unit":"INFORMACI\u00d3N DE MIEMBROS DE LA FAMILIA\/Por favor, responda a las preguntas para cada miembro del grupo familiar\/Necesidades espec\u00edficas\/Persona que padece una discapacidad mental","var_analysis_unit":null,"var_qstn_preqtxt":null,"var_qstn_qstnlit":null,"var_qstn_postqtxt":null,"var_qstn_ivuinstr":null,"var_universe":null,"var_universe_clusion":null,"var_sumstat":[{"value":"0","type":"vald","wgtd":null},{"value":"0","type":"invd","wgtd":null}],"var_txt":null,"var_catgry":[],"var_codinstr":null,"var_concept":[],"var_format":{"type":"numeric","schema":"other","category":null,"name":null},"var_notes":null,"var_val_range":{"min":null,"max":null},"fid":"F1"},{"file_id":"F1","vid":"V174","name":"necesidades_2","var_intrvl":"discrete","var_dcml":"0","var_wgt":null,"var_is_wgt":null,"loc_start_pos":null,"loc_end_pos":null,"loc_width":null,"loc_rec_seg_no":null,"labl":"INFORMACI\u00d3N DE MIEMBROS DE LA FAMILIA\/Por favor, responda a las preguntas para cada miembro del grupo familiar\/Necesidades espec\u00edficas\/Persona con una condici\u00f3n m\u00e9dica cr\u00edtica o cr\u00f3nica (y NO tiene acceso a tratamiento o medicinas)","var_imputation":"INFORMACI\u00d3N DE MIEMBROS DE LA FAMILIA\/Por favor, responda a las preguntas para cada miembro del grupo familiar\/Necesidades espec\u00edficas\/Persona con una condici\u00f3n m\u00e9dica cr\u00edtica o cr\u00f3nica (y NO tiene acceso a tratamiento o medicinas)","var_security":"INFORMACI\u00d3N DE MIEMBROS DE LA FAMILIA\/Por favor, responda a las preguntas para cada miembro del grupo familiar\/Necesidades espec\u00edficas\/Persona con una condici\u00f3n m\u00e9dica cr\u00edtica o cr\u00f3nica (y NO tiene acceso a tratamiento o medicinas)","var_resp_unit":"INFORMACI\u00d3N DE MIEMBROS DE LA FAMILIA\/Por favor, responda a las preguntas para cada miembro del grupo familiar\/Necesidades espec\u00edficas\/Persona con una condici\u00f3n m\u00e9dica cr\u00edtica o cr\u00f3nica (y NO tiene acceso a tratamiento o medicinas)","var_analysis_unit":null,"var_qstn_preqtxt":null,"var_qstn_qstnlit":null,"var_qstn_postqtxt":null,"var_qstn_ivuinstr":null,"var_universe":null,"var_universe_clusion":null,"var_sumstat":[{"value":"0","type":"vald","wgtd":null},{"value":"0","type":"invd","wgtd":null}],"var_txt":null,"var_catgry":[],"var_codinstr":null,"var_concept":[],"var_format":{"type":"numeric","schema":"other","category":null,"name":null},"var_notes":null,"var_val_range":{"min":null,"max":null},"fid":"F1"},{"file_id":"F1","vid":"V175","name":"necesidades_3","var_intrvl":"discrete","var_dcml":"0","var_wgt":null,"var_is_wgt":null,"loc_start_pos":null,"loc_end_pos":null,"loc_width":null,"loc_rec_seg_no":null,"labl":"INFORMACI\u00d3N DE MIEMBROS DE LA FAMILIA\/Por favor, responda a las preguntas para cada miembro del grupo familiar\/Necesidades espec\u00edficas\/Persona con una condici\u00f3n m\u00e9dica cr\u00edtica o cr\u00f3nica (y S\u00cd tiene acceso a tratamiento o medicinas)","var_imputation":"INFORMACI\u00d3N DE MIEMBROS DE LA FAMILIA\/Por favor, responda a las preguntas para cada miembro del grupo familiar\/Necesidades espec\u00edficas\/Persona con una condici\u00f3n m\u00e9dica cr\u00edtica o cr\u00f3nica (y S\u00cd tiene acceso a tratamiento o medicinas)","var_security":"INFORMACI\u00d3N DE MIEMBROS DE LA FAMILIA\/Por favor, responda a las preguntas para cada miembro del grupo familiar\/Necesidades espec\u00edficas\/Persona con una condici\u00f3n m\u00e9dica cr\u00edtica o cr\u00f3nica (y S\u00cd tiene acceso a tratamiento o medicinas)","var_resp_unit":"INFORMACI\u00d3N DE MIEMBROS DE LA FAMILIA\/Por favor, responda a las preguntas para cada miembro del grupo familiar\/Necesidades espec\u00edficas\/Persona con una condici\u00f3n m\u00e9dica cr\u00edtica o cr\u00f3nica (y S\u00cd tiene acceso a tratamiento o medicinas)","var_analysis_unit":null,"var_qstn_preqtxt":null,"var_qstn_qstnlit":null,"var_qstn_postqtxt":null,"var_qstn_ivuinstr":null,"var_universe":null,"var_universe_clusion":null,"var_sumstat":[{"value":"0","type":"vald","wgtd":null},{"value":"0","type":"invd","wgtd":null}],"var_txt":null,"var_catgry":[],"var_codinstr":null,"var_concept":[],"var_format":{"type":"numeric","schema":"other","category":null,"name":null},"var_notes":null,"var_val_range":{"min":null,"max":null},"fid":"F1"},{"file_id":"F1","vid":"V176","name":"necesidades_4","var_intrvl":"discrete","var_dcml":"0","var_wgt":null,"var_is_wgt":null,"loc_start_pos":null,"loc_end_pos":null,"loc_width":null,"loc_rec_seg_no":null,"labl":"INFORMACI\u00d3N DE MIEMBROS DE LA FAMILIA\/Por favor, responda a las preguntas para cada miembro del grupo familiar\/Necesidades espec\u00edficas\/Ni\u00f1o o ni\u00f1a o adolescente separado","var_imputation":"INFORMACI\u00d3N DE MIEMBROS DE LA FAMILIA\/Por favor, responda a las preguntas para cada miembro del grupo familiar\/Necesidades espec\u00edficas\/Ni\u00f1o o ni\u00f1a o adolescente separado","var_security":"INFORMACI\u00d3N DE MIEMBROS DE LA FAMILIA\/Por favor, responda a las preguntas para cada miembro del grupo familiar\/Necesidades espec\u00edficas\/Ni\u00f1o o ni\u00f1a o adolescente separado","var_resp_unit":"INFORMACI\u00d3N DE MIEMBROS DE LA FAMILIA\/Por favor, responda a las preguntas para cada miembro del grupo familiar\/Necesidades espec\u00edficas\/Ni\u00f1o o ni\u00f1a o adolescente separado","var_analysis_unit":null,"var_qstn_preqtxt":null,"var_qstn_qstnlit":null,"var_qstn_postqtxt":null,"var_qstn_ivuinstr":null,"var_universe":null,"var_universe_clusion":null,"var_sumstat":[{"value":"0","type":"vald","wgtd":null},{"value":"0","type":"invd","wgtd":null}],"var_txt":null,"var_catgry":[],"var_codinstr":null,"var_concept":[],"var_format":{"type":"numeric","schema":"other","category":null,"name":null},"var_notes":null,"var_val_range":{"min":null,"max":null},"fid":"F1"},{"file_id":"F1","vid":"V177","name":"necesidades_5","var_intrvl":"discrete","var_dcml":"0","var_wgt":null,"var_is_wgt":null,"loc_start_pos":null,"loc_end_pos":null,"loc_width":null,"loc_rec_seg_no":null,"labl":"INFORMACI\u00d3N DE MIEMBROS DE LA FAMILIA\/Por favor, responda a las preguntas para cada miembro del grupo familiar\/Necesidades espec\u00edficas\/Ni\u00f1o o ni\u00f1a o adolescente no acompa\u00f1ado","var_imputation":"INFORMACI\u00d3N DE MIEMBROS DE LA FAMILIA\/Por favor, responda a las preguntas para cada miembro del grupo familiar\/Necesidades espec\u00edficas\/Ni\u00f1o o ni\u00f1a o adolescente no acompa\u00f1ado","var_security":"INFORMACI\u00d3N DE MIEMBROS DE LA FAMILIA\/Por favor, responda a las preguntas para cada miembro del grupo familiar\/Necesidades espec\u00edficas\/Ni\u00f1o o ni\u00f1a o adolescente no acompa\u00f1ado","var_resp_unit":"INFORMACI\u00d3N DE MIEMBROS DE LA FAMILIA\/Por favor, responda a las preguntas para cada miembro del grupo familiar\/Necesidades espec\u00edficas\/Ni\u00f1o o ni\u00f1a o adolescente no acompa\u00f1ado","var_analysis_unit":null,"var_qstn_preqtxt":null,"var_qstn_qstnlit":null,"var_qstn_postqtxt":null,"var_qstn_ivuinstr":null,"var_universe":null,"var_universe_clusion":null,"var_sumstat":[{"value":"0","type":"vald","wgtd":null},{"value":"0","type":"invd","wgtd":null}],"var_txt":null,"var_catgry":[],"var_codinstr":null,"var_concept":[],"var_format":{"type":"numeric","schema":"other","category":null,"name":null},"var_notes":null,"var_val_range":{"min":null,"max":null},"fid":"F1"},{"file_id":"F1","vid":"V178","name":"necesidades_6","var_intrvl":"discrete","var_dcml":"0","var_wgt":null,"var_is_wgt":null,"loc_start_pos":null,"loc_end_pos":null,"loc_width":null,"loc_rec_seg_no":null,"labl":"INFORMACI\u00d3N DE MIEMBROS DE LA FAMILIA\/Por favor, responda a las preguntas para cada miembro del grupo familiar\/Necesidades espec\u00edficas\/Personas adultas mayores (60 a\u00f1os o m\u00e1s)","var_imputation":"INFORMACI\u00d3N DE MIEMBROS DE LA FAMILIA\/Por favor, responda a las preguntas para cada miembro del grupo familiar\/Necesidades espec\u00edficas\/Personas adultas mayores (60 a\u00f1os o m\u00e1s)","var_security":"INFORMACI\u00d3N DE MIEMBROS DE LA FAMILIA\/Por favor, responda a las preguntas para cada miembro del grupo familiar\/Necesidades espec\u00edficas\/Personas adultas mayores (60 a\u00f1os o m\u00e1s)","var_resp_unit":"INFORMACI\u00d3N DE MIEMBROS DE LA FAMILIA\/Por favor, responda a las preguntas para cada miembro del grupo familiar\/Necesidades espec\u00edficas\/Personas adultas mayores (60 a\u00f1os o m\u00e1s)","var_analysis_unit":null,"var_qstn_preqtxt":null,"var_qstn_qstnlit":null,"var_qstn_postqtxt":null,"var_qstn_ivuinstr":null,"var_universe":null,"var_universe_clusion":null,"var_sumstat":[{"value":"0","type":"vald","wgtd":null},{"value":"0","type":"invd","wgtd":null}],"var_txt":null,"var_catgry":[],"var_codinstr":null,"var_concept":[],"var_format":{"type":"numeric","schema":"other","category":null,"name":null},"var_notes":null,"var_val_range":{"min":null,"max":null},"fid":"F1"},{"file_id":"F1","vid":"V179","name":"necesidades_7","var_intrvl":"discrete","var_dcml":"0","var_wgt":null,"var_is_wgt":null,"loc_start_pos":null,"loc_end_pos":null,"loc_width":null,"loc_rec_seg_no":null,"labl":"INFORMACI\u00d3N DE MIEMBROS DE LA FAMILIA\/Por favor, responda a las preguntas para cada miembro del grupo familiar\/Necesidades espec\u00edficas\/Mujer embarazada","var_imputation":"INFORMACI\u00d3N DE MIEMBROS DE LA FAMILIA\/Por favor, responda a las preguntas para cada miembro del grupo familiar\/Necesidades espec\u00edficas\/Mujer embarazada","var_security":"INFORMACI\u00d3N DE MIEMBROS DE LA FAMILIA\/Por favor, responda a las preguntas para cada miembro del grupo familiar\/Necesidades espec\u00edficas\/Mujer embarazada","var_resp_unit":"INFORMACI\u00d3N DE MIEMBROS DE LA FAMILIA\/Por favor, responda a las preguntas para cada miembro del grupo familiar\/Necesidades espec\u00edficas\/Mujer embarazada","var_analysis_unit":null,"var_qstn_preqtxt":null,"var_qstn_qstnlit":null,"var_qstn_postqtxt":null,"var_qstn_ivuinstr":null,"var_universe":null,"var_universe_clusion":null,"var_sumstat":[{"value":"0","type":"vald","wgtd":null},{"value":"0","type":"invd","wgtd":null}],"var_txt":null,"var_catgry":[],"var_codinstr":null,"var_concept":[],"var_format":{"type":"numeric","schema":"other","category":null,"name":null},"var_notes":null,"var_val_range":{"min":null,"max":null},"fid":"F1"},{"file_id":"F1","vid":"V180","name":"necesidades_8","var_intrvl":"discrete","var_dcml":"0","var_wgt":null,"var_is_wgt":null,"loc_start_pos":null,"loc_end_pos":null,"loc_width":null,"loc_rec_seg_no":null,"labl":"INFORMACI\u00d3N DE MIEMBROS DE LA FAMILIA\/Por favor, responda a las preguntas para cada miembro del grupo familiar\/Necesidades espec\u00edficas\/Mujer en per\u00edodo de lactancia","var_imputation":"INFORMACI\u00d3N DE MIEMBROS DE LA FAMILIA\/Por favor, responda a las preguntas para cada miembro del grupo familiar\/Necesidades espec\u00edficas\/Mujer en per\u00edodo de lactancia","var_security":"INFORMACI\u00d3N DE MIEMBROS DE LA FAMILIA\/Por favor, responda a las preguntas para cada miembro del grupo familiar\/Necesidades espec\u00edficas\/Mujer en per\u00edodo de lactancia","var_resp_unit":"INFORMACI\u00d3N DE MIEMBROS DE LA FAMILIA\/Por favor, responda a las preguntas para cada miembro del grupo familiar\/Necesidades espec\u00edficas\/Mujer en per\u00edodo de lactancia","var_analysis_unit":null,"var_qstn_preqtxt":null,"var_qstn_qstnlit":null,"var_qstn_postqtxt":null,"var_qstn_ivuinstr":null,"var_universe":null,"var_universe_clusion":null,"var_sumstat":[{"value":"0","type":"vald","wgtd":null},{"value":"0","type":"invd","wgtd":null}],"var_txt":null,"var_catgry":[],"var_codinstr":null,"var_concept":[],"var_format":{"type":"numeric","schema":"other","category":null,"name":null},"var_notes":null,"var_val_range":{"min":null,"max":null},"fid":"F1"},{"file_id":"F1","vid":"V181","name":"necesidades_9","var_intrvl":"discrete","var_dcml":"0","var_wgt":null,"var_is_wgt":null,"loc_start_pos":null,"loc_end_pos":null,"loc_width":null,"loc_rec_seg_no":null,"labl":"INFORMACI\u00d3N DE MIEMBROS DE LA FAMILIA\/Por favor, responda a las preguntas para cada miembro del grupo familiar\/Necesidades espec\u00edficas\/Madre\/padre sola\/o con hijos\/as menores de edad","var_imputation":"INFORMACI\u00d3N DE MIEMBROS DE LA FAMILIA\/Por favor, responda a las preguntas para cada miembro del grupo familiar\/Necesidades espec\u00edficas\/Madre\/padre sola\/o con hijos\/as menores de edad","var_security":"INFORMACI\u00d3N DE MIEMBROS DE LA FAMILIA\/Por favor, responda a las preguntas para cada miembro del grupo familiar\/Necesidades espec\u00edficas\/Madre\/padre sola\/o con hijos\/as menores de edad","var_resp_unit":"INFORMACI\u00d3N DE MIEMBROS DE LA FAMILIA\/Por favor, responda a las preguntas para cada miembro del grupo familiar\/Necesidades espec\u00edficas\/Madre\/padre sola\/o con hijos\/as menores de edad","var_analysis_unit":null,"var_qstn_preqtxt":null,"var_qstn_qstnlit":null,"var_qstn_postqtxt":null,"var_qstn_ivuinstr":null,"var_universe":null,"var_universe_clusion":null,"var_sumstat":[{"value":"0","type":"vald","wgtd":null},{"value":"0","type":"invd","wgtd":null}],"var_txt":null,"var_catgry":[],"var_codinstr":null,"var_concept":[],"var_format":{"type":"numeric","schema":"other","category":null,"name":null},"var_notes":null,"var_val_range":{"min":null,"max":null},"fid":"F1"},{"file_id":"F1","vid":"V182","name":"necesidades_10","var_intrvl":"discrete","var_dcml":"0","var_wgt":null,"var_is_wgt":null,"loc_start_pos":null,"loc_end_pos":null,"loc_width":null,"loc_rec_seg_no":null,"labl":"INFORMACI\u00d3N DE MIEMBROS DE LA FAMILIA\/Por favor, responda a las preguntas para cada miembro del grupo familiar\/Necesidades espec\u00edficas\/Sobreviviente de violencia o abuso f\u00edsico, psicol\u00f3gico y\/o sexual","var_imputation":"INFORMACI\u00d3N DE MIEMBROS DE LA FAMILIA\/Por favor, responda a las preguntas para cada miembro del grupo familiar\/Necesidades espec\u00edficas\/Sobreviviente de violencia o abuso f\u00edsico, psicol\u00f3gico y\/o sexual","var_security":"INFORMACI\u00d3N DE MIEMBROS DE LA FAMILIA\/Por favor, responda a las preguntas para cada miembro del grupo familiar\/Necesidades espec\u00edficas\/Sobreviviente de violencia o abuso f\u00edsico, psicol\u00f3gico y\/o sexual","var_resp_unit":"INFORMACI\u00d3N DE MIEMBROS DE LA FAMILIA\/Por favor, responda a las preguntas para cada miembro del grupo familiar\/Necesidades espec\u00edficas\/Sobreviviente de violencia o abuso f\u00edsico, psicol\u00f3gico y\/o sexual","var_analysis_unit":null,"var_qstn_preqtxt":null,"var_qstn_qstnlit":null,"var_qstn_postqtxt":null,"var_qstn_ivuinstr":null,"var_universe":null,"var_universe_clusion":null,"var_sumstat":[{"value":"0","type":"vald","wgtd":null},{"value":"0","type":"invd","wgtd":null}],"var_txt":null,"var_catgry":[],"var_codinstr":null,"var_concept":[],"var_format":{"type":"numeric","schema":"other","category":null,"name":null},"var_notes":null,"var_val_range":{"min":null,"max":null},"fid":"F1"},{"file_id":"F1","vid":"V183","name":"necesidades_11","var_intrvl":"discrete","var_dcml":"0","var_wgt":null,"var_is_wgt":null,"loc_start_pos":null,"loc_end_pos":null,"loc_width":null,"loc_rec_seg_no":null,"labl":"INFORMACI\u00d3N DE MIEMBROS DE LA FAMILIA\/Por favor, responda a las preguntas para cada miembro del grupo familiar\/Necesidades espec\u00edficas\/Persona de la comunidad LGTBI","var_imputation":"INFORMACI\u00d3N DE MIEMBROS DE LA FAMILIA\/Por favor, responda a las preguntas para cada miembro del grupo familiar\/Necesidades espec\u00edficas\/Persona de la comunidad LGTBI","var_security":"INFORMACI\u00d3N DE MIEMBROS DE LA FAMILIA\/Por favor, responda a las preguntas para cada miembro del grupo familiar\/Necesidades espec\u00edficas\/Persona de la comunidad LGTBI","var_resp_unit":"INFORMACI\u00d3N DE MIEMBROS DE LA FAMILIA\/Por favor, responda a las preguntas para cada miembro del grupo familiar\/Necesidades espec\u00edficas\/Persona de la comunidad LGTBI","var_analysis_unit":null,"var_qstn_preqtxt":null,"var_qstn_qstnlit":null,"var_qstn_postqtxt":null,"var_qstn_ivuinstr":null,"var_universe":null,"var_universe_clusion":null,"var_sumstat":[{"value":"0","type":"vald","wgtd":null},{"value":"0","type":"invd","wgtd":null}],"var_txt":null,"var_catgry":[],"var_codinstr":null,"var_concept":[],"var_format":{"type":"numeric","schema":"other","category":null,"name":null},"var_notes":null,"var_val_range":{"min":null,"max":null},"fid":"F1"},{"file_id":"F1","vid":"V184","name":"necesidades_12","var_intrvl":"discrete","var_dcml":"0","var_wgt":null,"var_is_wgt":null,"loc_start_pos":null,"loc_end_pos":null,"loc_width":null,"loc_rec_seg_no":null,"labl":"INFORMACI\u00d3N DE MIEMBROS DE LA FAMILIA\/Por favor, responda a las preguntas para cada miembro del grupo familiar\/Necesidades espec\u00edficas\/Perfil del 51","var_imputation":"INFORMACI\u00d3N DE MIEMBROS DE LA FAMILIA\/Por favor, responda a las preguntas para cada miembro del grupo familiar\/Necesidades espec\u00edficas\/Perfil del 51","var_security":"INFORMACI\u00d3N DE MIEMBROS DE LA FAMILIA\/Por favor, responda a las preguntas para cada miembro del grupo familiar\/Necesidades espec\u00edficas\/Perfil del 51","var_resp_unit":"INFORMACI\u00d3N DE MIEMBROS DE LA FAMILIA\/Por favor, responda a las preguntas para cada miembro del grupo familiar\/Necesidades espec\u00edficas\/Perfil del 51","var_analysis_unit":null,"var_qstn_preqtxt":null,"var_qstn_qstnlit":null,"var_qstn_postqtxt":null,"var_qstn_ivuinstr":null,"var_universe":null,"var_universe_clusion":null,"var_sumstat":[{"value":"0","type":"vald","wgtd":null},{"value":"0","type":"invd","wgtd":null}],"var_txt":null,"var_catgry":[],"var_codinstr":null,"var_concept":[],"var_format":{"type":"numeric","schema":"other","category":null,"name":null},"var_notes":null,"var_val_range":{"min":null,"max":null},"fid":"F1"},{"file_id":"F1","vid":"V185","name":"necesidades_13","var_intrvl":"discrete","var_dcml":"0","var_wgt":null,"var_is_wgt":null,"loc_start_pos":null,"loc_end_pos":null,"loc_width":null,"loc_rec_seg_no":null,"labl":"INFORMACI\u00d3N DE MIEMBROS DE LA FAMILIA\/Por favor, responda a las preguntas para cada miembro del grupo familiar\/Necesidades espec\u00edficas\/No presenta estas necesidades","var_imputation":"INFORMACI\u00d3N DE MIEMBROS DE LA FAMILIA\/Por favor, responda a las preguntas para cada miembro del grupo familiar\/Necesidades espec\u00edficas\/No presenta estas necesidades","var_security":"INFORMACI\u00d3N DE MIEMBROS DE LA FAMILIA\/Por favor, responda a las preguntas para cada miembro del grupo familiar\/Necesidades espec\u00edficas\/No presenta estas necesidades","var_resp_unit":"INFORMACI\u00d3N DE MIEMBROS DE LA FAMILIA\/Por favor, responda a las preguntas para cada miembro del grupo familiar\/Necesidades espec\u00edficas\/No presenta estas necesidades","var_analysis_unit":null,"var_qstn_preqtxt":null,"var_qstn_qstnlit":null,"var_qstn_postqtxt":null,"var_qstn_ivuinstr":null,"var_universe":null,"var_universe_clusion":null,"var_sumstat":[{"value":"0","type":"vald","wgtd":null},{"value":"0","type":"invd","wgtd":null}],"var_txt":null,"var_catgry":[],"var_codinstr":null,"var_concept":[],"var_format":{"type":"numeric","schema":"other","category":null,"name":null},"var_notes":null,"var_val_range":{"min":null,"max":null},"fid":"F1"},{"file_id":"F1","vid":"V186","name":"necesidades_14","var_intrvl":"discrete","var_dcml":"0","var_wgt":null,"var_is_wgt":null,"loc_start_pos":null,"loc_end_pos":null,"loc_width":null,"loc_rec_seg_no":null,"labl":"INFORMACI\u00d3N DE MIEMBROS DE LA FAMILIA\/Por favor, responda a las preguntas para cada miembro del grupo familiar\/Necesidades espec\u00edficas\/Persona que padece una discapacidad f\u00edsica","var_imputation":"INFORMACI\u00d3N DE MIEMBROS DE LA FAMILIA\/Por favor, responda a las preguntas para cada miembro del grupo familiar\/Necesidades espec\u00edficas\/Persona que padece una discapacidad f\u00edsica","var_security":"INFORMACI\u00d3N DE MIEMBROS DE LA FAMILIA\/Por favor, responda a las preguntas para cada miembro del grupo familiar\/Necesidades espec\u00edficas\/Persona que padece una discapacidad f\u00edsica","var_resp_unit":"INFORMACI\u00d3N DE MIEMBROS DE LA FAMILIA\/Por favor, responda a las preguntas para cada miembro del grupo familiar\/Necesidades espec\u00edficas\/Persona que padece una discapacidad f\u00edsica","var_analysis_unit":null,"var_qstn_preqtxt":null,"var_qstn_qstnlit":null,"var_qstn_postqtxt":null,"var_qstn_ivuinstr":null,"var_universe":null,"var_universe_clusion":null,"var_sumstat":[{"value":"0","type":"vald","wgtd":null},{"value":"0","type":"invd","wgtd":null}],"var_txt":null,"var_catgry":[],"var_codinstr":null,"var_concept":[],"var_format":{"type":"numeric","schema":"other","category":null,"name":null},"var_notes":null,"var_val_range":{"min":null,"max":null},"fid":"F1"},{"file_id":"F1","vid":"V187","name":"documentos_1","var_intrvl":"discrete","var_dcml":"0","var_wgt":null,"var_is_wgt":null,"loc_start_pos":null,"loc_end_pos":null,"loc_width":null,"loc_rec_seg_no":null,"labl":"INFORMACI\u00d3N DE MIEMBROS DE LA FAMILIA\/Por favor, responda a las preguntas para cada miembro del grupo familiar\/\u00bfQu\u00e9 documentos tiene con usted?\/Pasaporte vigente","var_imputation":"INFORMACI\u00d3N DE MIEMBROS DE LA FAMILIA\/Por favor, responda a las preguntas para cada miembro del grupo familiar\/\u00bfQu\u00e9 documentos tiene con usted?\/Pasaporte vigente","var_security":"INFORMACI\u00d3N DE MIEMBROS DE LA FAMILIA\/Por favor, responda a las preguntas para cada miembro del grupo familiar\/\u00bfQu\u00e9 documentos tiene con usted?\/Pasaporte vigente","var_resp_unit":"INFORMACI\u00d3N DE MIEMBROS DE LA FAMILIA\/Por favor, responda a las preguntas para cada miembro del grupo familiar\/\u00bfQu\u00e9 documentos tiene con usted?\/Pasaporte vigente","var_analysis_unit":null,"var_qstn_preqtxt":null,"var_qstn_qstnlit":null,"var_qstn_postqtxt":null,"var_qstn_ivuinstr":null,"var_universe":null,"var_universe_clusion":null,"var_sumstat":[{"value":"0","type":"vald","wgtd":null},{"value":"0","type":"invd","wgtd":null}],"var_txt":null,"var_catgry":[],"var_codinstr":null,"var_concept":[],"var_format":{"type":"numeric","schema":"other","category":null,"name":null},"var_notes":null,"var_val_range":{"min":null,"max":null},"fid":"F1"},{"file_id":"F1","vid":"V188","name":"documentos_2","var_intrvl":"discrete","var_dcml":"0","var_wgt":null,"var_is_wgt":null,"loc_start_pos":null,"loc_end_pos":null,"loc_width":null,"loc_rec_seg_no":null,"labl":"INFORMACI\u00d3N DE MIEMBROS DE LA FAMILIA\/Por favor, responda a las preguntas para cada miembro del grupo familiar\/\u00bfQu\u00e9 documentos tiene con usted?\/Pasaporte vencido","var_imputation":"INFORMACI\u00d3N DE MIEMBROS DE LA FAMILIA\/Por favor, responda a las preguntas para cada miembro del grupo familiar\/\u00bfQu\u00e9 documentos tiene con usted?\/Pasaporte vencido","var_security":"INFORMACI\u00d3N DE MIEMBROS DE LA FAMILIA\/Por favor, responda a las preguntas para cada miembro del grupo familiar\/\u00bfQu\u00e9 documentos tiene con usted?\/Pasaporte vencido","var_resp_unit":"INFORMACI\u00d3N DE MIEMBROS DE LA FAMILIA\/Por favor, responda a las preguntas para cada miembro del grupo familiar\/\u00bfQu\u00e9 documentos tiene con usted?\/Pasaporte vencido","var_analysis_unit":null,"var_qstn_preqtxt":null,"var_qstn_qstnlit":null,"var_qstn_postqtxt":null,"var_qstn_ivuinstr":null,"var_universe":null,"var_universe_clusion":null,"var_sumstat":[{"value":"0","type":"vald","wgtd":null},{"value":"0","type":"invd","wgtd":null}],"var_txt":null,"var_catgry":[],"var_codinstr":null,"var_concept":[],"var_format":{"type":"numeric","schema":"other","category":null,"name":null},"var_notes":null,"var_val_range":{"min":null,"max":null},"fid":"F1"},{"file_id":"F1","vid":"V189","name":"documentos_3","var_intrvl":"discrete","var_dcml":"0","var_wgt":null,"var_is_wgt":null,"loc_start_pos":null,"loc_end_pos":null,"loc_width":null,"loc_rec_seg_no":null,"labl":"INFORMACI\u00d3N DE MIEMBROS DE LA FAMILIA\/Por favor, responda a las preguntas para cada miembro del grupo familiar\/\u00bfQu\u00e9 documentos tiene con usted?\/C\u00e9dula o Documento de identidad del pa\u00eds de origen","var_imputation":"INFORMACI\u00d3N DE MIEMBROS DE LA FAMILIA\/Por favor, responda a las preguntas para cada miembro del grupo familiar\/\u00bfQu\u00e9 documentos tiene con usted?\/C\u00e9dula o Documento de identidad del pa\u00eds de origen","var_security":"INFORMACI\u00d3N DE MIEMBROS DE LA FAMILIA\/Por favor, responda a las preguntas para cada miembro del grupo familiar\/\u00bfQu\u00e9 documentos tiene con usted?\/C\u00e9dula o Documento de identidad del pa\u00eds de origen","var_resp_unit":"INFORMACI\u00d3N DE MIEMBROS DE LA FAMILIA\/Por favor, responda a las preguntas para cada miembro del grupo familiar\/\u00bfQu\u00e9 documentos tiene con usted?\/C\u00e9dula o Documento de identidad del pa\u00eds de origen","var_analysis_unit":null,"var_qstn_preqtxt":null,"var_qstn_qstnlit":null,"var_qstn_postqtxt":null,"var_qstn_ivuinstr":null,"var_universe":null,"var_universe_clusion":null,"var_sumstat":[{"value":"0","type":"vald","wgtd":null},{"value":"0","type":"invd","wgtd":null}],"var_txt":null,"var_catgry":[],"var_codinstr":null,"var_concept":[],"var_format":{"type":"numeric","schema":"other","category":null,"name":null},"var_notes":null,"var_val_range":{"min":null,"max":null},"fid":"F1"},{"file_id":"F1","vid":"V190","name":"documentos_4","var_intrvl":"discrete","var_dcml":"0","var_wgt":null,"var_is_wgt":null,"loc_start_pos":null,"loc_end_pos":null,"loc_width":null,"loc_rec_seg_no":null,"labl":"INFORMACI\u00d3N DE MIEMBROS DE LA FAMILIA\/Por favor, responda a las preguntas para cada miembro del grupo familiar\/\u00bfQu\u00e9 documentos tiene con usted?\/Fotocopia de la c\u00e9dula o documento de identidad del pa\u00eds de origen","var_imputation":"INFORMACI\u00d3N DE MIEMBROS DE LA FAMILIA\/Por favor, responda a las preguntas para cada miembro del grupo familiar\/\u00bfQu\u00e9 documentos tiene con usted?\/Fotocopia de la c\u00e9dula o documento de identidad del pa\u00eds de origen","var_security":"INFORMACI\u00d3N DE MIEMBROS DE LA FAMILIA\/Por favor, responda a las preguntas para cada miembro del grupo familiar\/\u00bfQu\u00e9 documentos tiene con usted?\/Fotocopia de la c\u00e9dula o documento de identidad del pa\u00eds de origen","var_resp_unit":"INFORMACI\u00d3N DE MIEMBROS DE LA FAMILIA\/Por favor, responda a las preguntas para cada miembro del grupo familiar\/\u00bfQu\u00e9 documentos tiene con usted?\/Fotocopia de la c\u00e9dula o documento de identidad del pa\u00eds de origen","var_analysis_unit":null,"var_qstn_preqtxt":null,"var_qstn_qstnlit":null,"var_qstn_postqtxt":null,"var_qstn_ivuinstr":null,"var_universe":null,"var_universe_clusion":null,"var_sumstat":[{"value":"0","type":"vald","wgtd":null},{"value":"0","type":"invd","wgtd":null}],"var_txt":null,"var_catgry":[],"var_codinstr":null,"var_concept":[],"var_format":{"type":"numeric","schema":"other","category":null,"name":null},"var_notes":null,"var_val_range":{"min":null,"max":null},"fid":"F1"},{"file_id":"F1","vid":"V191","name":"documentos_5","var_intrvl":"discrete","var_dcml":"0","var_wgt":null,"var_is_wgt":null,"loc_start_pos":null,"loc_end_pos":null,"loc_width":null,"loc_rec_seg_no":null,"labl":"INFORMACI\u00d3N DE MIEMBROS DE LA FAMILIA\/Por favor, responda a las preguntas para cada miembro del grupo familiar\/\u00bfQu\u00e9 documentos tiene con usted?\/Registro de Nacimiento del pa\u00eds de origen","var_imputation":"INFORMACI\u00d3N DE MIEMBROS DE LA FAMILIA\/Por favor, responda a las preguntas para cada miembro del grupo familiar\/\u00bfQu\u00e9 documentos tiene con usted?\/Registro de Nacimiento del pa\u00eds de origen","var_security":"INFORMACI\u00d3N DE MIEMBROS DE LA FAMILIA\/Por favor, responda a las preguntas para cada miembro del grupo familiar\/\u00bfQu\u00e9 documentos tiene con usted?\/Registro de Nacimiento del pa\u00eds de origen","var_resp_unit":"INFORMACI\u00d3N DE MIEMBROS DE LA FAMILIA\/Por favor, responda a las preguntas para cada miembro del grupo familiar\/\u00bfQu\u00e9 documentos tiene con usted?\/Registro de Nacimiento del pa\u00eds de origen","var_analysis_unit":null,"var_qstn_preqtxt":null,"var_qstn_qstnlit":null,"var_qstn_postqtxt":null,"var_qstn_ivuinstr":null,"var_universe":null,"var_universe_clusion":null,"var_sumstat":[{"value":"0","type":"vald","wgtd":null},{"value":"0","type":"invd","wgtd":null}],"var_txt":null,"var_catgry":[],"var_codinstr":null,"var_concept":[],"var_format":{"type":"numeric","schema":"other","category":null,"name":null},"var_notes":null,"var_val_range":{"min":null,"max":null},"fid":"F1"},{"file_id":"F1","vid":"V192","name":"documentos_6","var_intrvl":"discrete","var_dcml":"0","var_wgt":null,"var_is_wgt":null,"loc_start_pos":null,"loc_end_pos":null,"loc_width":null,"loc_rec_seg_no":null,"labl":"INFORMACI\u00d3N DE MIEMBROS DE LA FAMILIA\/Por favor, responda a las preguntas para cada miembro del grupo familiar\/\u00bfQu\u00e9 documentos tiene con usted?\/Tarjeta andina","var_imputation":"INFORMACI\u00d3N DE MIEMBROS DE LA FAMILIA\/Por favor, responda a las preguntas para cada miembro del grupo familiar\/\u00bfQu\u00e9 documentos tiene con usted?\/Tarjeta andina","var_security":"INFORMACI\u00d3N DE MIEMBROS DE LA FAMILIA\/Por favor, responda a las preguntas para cada miembro del grupo familiar\/\u00bfQu\u00e9 documentos tiene con usted?\/Tarjeta andina","var_resp_unit":"INFORMACI\u00d3N DE MIEMBROS DE LA FAMILIA\/Por favor, responda a las preguntas para cada miembro del grupo familiar\/\u00bfQu\u00e9 documentos tiene con usted?\/Tarjeta andina","var_analysis_unit":null,"var_qstn_preqtxt":null,"var_qstn_qstnlit":null,"var_qstn_postqtxt":null,"var_qstn_ivuinstr":null,"var_universe":null,"var_universe_clusion":null,"var_sumstat":[{"value":"0","type":"vald","wgtd":null},{"value":"0","type":"invd","wgtd":null}],"var_txt":null,"var_catgry":[],"var_codinstr":null,"var_concept":[],"var_format":{"type":"numeric","schema":"other","category":null,"name":null},"var_notes":null,"var_val_range":{"min":null,"max":null},"fid":"F1"},{"file_id":"F1","vid":"V193","name":"documentos_7","var_intrvl":"discrete","var_dcml":"0","var_wgt":null,"var_is_wgt":null,"loc_start_pos":null,"loc_end_pos":null,"loc_width":null,"loc_rec_seg_no":null,"labl":"INFORMACI\u00d3N DE MIEMBROS DE LA FAMILIA\/Por favor, responda a las preguntas para cada miembro del grupo familiar\/\u00bfQu\u00e9 documentos tiene con usted?\/Acta de nacido vivo","var_imputation":"INFORMACI\u00d3N DE MIEMBROS DE LA FAMILIA\/Por favor, responda a las preguntas para cada miembro del grupo familiar\/\u00bfQu\u00e9 documentos tiene con usted?\/Acta de nacido vivo","var_security":"INFORMACI\u00d3N DE MIEMBROS DE LA FAMILIA\/Por favor, responda a las preguntas para cada miembro del grupo familiar\/\u00bfQu\u00e9 documentos tiene con usted?\/Acta de nacido vivo","var_resp_unit":"INFORMACI\u00d3N DE MIEMBROS DE LA FAMILIA\/Por favor, responda a las preguntas para cada miembro del grupo familiar\/\u00bfQu\u00e9 documentos tiene con usted?\/Acta de nacido vivo","var_analysis_unit":null,"var_qstn_preqtxt":null,"var_qstn_qstnlit":null,"var_qstn_postqtxt":null,"var_qstn_ivuinstr":null,"var_universe":null,"var_universe_clusion":null,"var_sumstat":[{"value":"0","type":"vald","wgtd":null},{"value":"0","type":"invd","wgtd":null}],"var_txt":null,"var_catgry":[],"var_codinstr":null,"var_concept":[],"var_format":{"type":"numeric","schema":"other","category":null,"name":null},"var_notes":null,"var_val_range":{"min":null,"max":null},"fid":"F1"},{"file_id":"F1","vid":"V194","name":"documentos_8","var_intrvl":"discrete","var_dcml":"0","var_wgt":null,"var_is_wgt":null,"loc_start_pos":null,"loc_end_pos":null,"loc_width":null,"loc_rec_seg_no":null,"labl":"INFORMACI\u00d3N DE MIEMBROS DE LA FAMILIA\/Por favor, responda a las preguntas para cada miembro del grupo familiar\/\u00bfQu\u00e9 documentos tiene con usted?\/Ninguno","var_imputation":"INFORMACI\u00d3N DE MIEMBROS DE LA FAMILIA\/Por favor, responda a las preguntas para cada miembro del grupo familiar\/\u00bfQu\u00e9 documentos tiene con usted?\/Ninguno","var_security":"INFORMACI\u00d3N DE MIEMBROS DE LA FAMILIA\/Por favor, responda a las preguntas para cada miembro del grupo familiar\/\u00bfQu\u00e9 documentos tiene con usted?\/Ninguno","var_resp_unit":"INFORMACI\u00d3N DE MIEMBROS DE LA FAMILIA\/Por favor, responda a las preguntas para cada miembro del grupo familiar\/\u00bfQu\u00e9 documentos tiene con usted?\/Ninguno","var_analysis_unit":null,"var_qstn_preqtxt":null,"var_qstn_qstnlit":null,"var_qstn_postqtxt":null,"var_qstn_ivuinstr":null,"var_universe":null,"var_universe_clusion":null,"var_sumstat":[{"value":"0","type":"vald","wgtd":null},{"value":"0","type":"invd","wgtd":null}],"var_txt":null,"var_catgry":[],"var_codinstr":null,"var_concept":[],"var_format":{"type":"numeric","schema":"other","category":null,"name":null},"var_notes":null,"var_val_range":{"min":null,"max":null},"fid":"F1"},{"file_id":"F1","vid":"V195","name":"documentos_9","var_intrvl":"discrete","var_dcml":"0","var_wgt":null,"var_is_wgt":null,"loc_start_pos":null,"loc_end_pos":null,"loc_width":null,"loc_rec_seg_no":null,"labl":"INFORMACI\u00d3N DE MIEMBROS DE LA FAMILIA\/Por favor, responda a las preguntas para cada miembro del grupo familiar\/\u00bfQu\u00e9 documentos tiene con usted?\/Prefiero no decir","var_imputation":"INFORMACI\u00d3N DE MIEMBROS DE LA FAMILIA\/Por favor, responda a las preguntas para cada miembro del grupo familiar\/\u00bfQu\u00e9 documentos tiene con usted?\/Prefiero no decir","var_security":"INFORMACI\u00d3N DE MIEMBROS DE LA FAMILIA\/Por favor, responda a las preguntas para cada miembro del grupo familiar\/\u00bfQu\u00e9 documentos tiene con usted?\/Prefiero no decir","var_resp_unit":"INFORMACI\u00d3N DE MIEMBROS DE LA FAMILIA\/Por favor, responda a las preguntas para cada miembro del grupo familiar\/\u00bfQu\u00e9 documentos tiene con usted?\/Prefiero no decir","var_analysis_unit":null,"var_qstn_preqtxt":null,"var_qstn_qstnlit":null,"var_qstn_postqtxt":null,"var_qstn_ivuinstr":null,"var_universe":null,"var_universe_clusion":null,"var_sumstat":[{"value":"0","type":"vald","wgtd":null},{"value":"0","type":"invd","wgtd":null}],"var_txt":null,"var_catgry":[],"var_codinstr":null,"var_concept":[],"var_format":{"type":"numeric","schema":"other","category":null,"name":null},"var_notes":null,"var_val_range":{"min":null,"max":null},"fid":"F1"},{"file_id":"F1","vid":"V196","name":"permiso","var_intrvl":"discrete","var_dcml":"0","var_wgt":null,"var_is_wgt":null,"loc_start_pos":null,"loc_end_pos":null,"loc_width":null,"loc_rec_seg_no":null,"labl":"INFORMACI\u00d3N DE MIEMBROS DE LA FAMILIA\/Por favor, responda a las preguntas para cada miembro del grupo familiar\/\u00bfQu\u00e9 permiso tiene para estar en Per\u00fa?","var_imputation":"INFORMACI\u00d3N DE MIEMBROS DE LA FAMILIA\/Por favor, responda a las preguntas para cada miembro del grupo familiar\/\u00bfQu\u00e9 permiso tiene para estar en Per\u00fa?","var_security":"INFORMACI\u00d3N DE MIEMBROS DE LA FAMILIA\/Por favor, responda a las preguntas para cada miembro del grupo familiar\/\u00bfQu\u00e9 permiso tiene para estar en Per\u00fa?","var_resp_unit":"INFORMACI\u00d3N DE MIEMBROS DE LA FAMILIA\/Por favor, responda a las preguntas para cada miembro del grupo familiar\/\u00bfQu\u00e9 permiso tiene para estar en Per\u00fa?","var_analysis_unit":null,"var_qstn_preqtxt":null,"var_qstn_qstnlit":null,"var_qstn_postqtxt":null,"var_qstn_ivuinstr":null,"var_universe":null,"var_universe_clusion":null,"var_sumstat":[{"value":"0","type":"vald","wgtd":null},{"value":"0","type":"invd","wgtd":null}],"var_txt":null,"var_catgry":[{"value":"1","labl":"Es peruano\/a","is_missing":null,"stats":[]},{"value":"2","labl":"Sin ning\u00fan tipo de permiso (nota: si se le venci\u00f3 el PTP antes del estado de emergencia y no hizo ning\u00fan otro tr\u00e1mite, si no sell\u00f3 su ingreso, si se le venci\u00f3 la tarjeta andina y no hizo ning\u00fan otro tr\u00e1mite)","is_missing":null,"stats":[]}],"var_codinstr":null,"var_concept":[],"var_format":{"type":"numeric","schema":"other","category":null,"name":null},"var_notes":null,"var_val_range":{"min":"1","max":"2"},"fid":"F1"},{"file_id":"F1","vid":"V197","name":"vacuna","var_intrvl":"discrete","var_dcml":"0","var_wgt":null,"var_is_wgt":null,"loc_start_pos":null,"loc_end_pos":null,"loc_width":null,"loc_rec_seg_no":null,"labl":"INFORMACI\u00d3N DE MIEMBROS DE LA FAMILIA\/Por favor, responda a las preguntas para cada miembro del grupo familiar\/\u00bfCon cu\u00e1ntas dosis de vacunas contra el Covid-19 cuenta?","var_imputation":"INFORMACI\u00d3N DE MIEMBROS DE LA FAMILIA\/Por favor, responda a las preguntas para cada miembro del grupo familiar\/\u00bfCon cu\u00e1ntas dosis de vacunas contra el Covid-19 cuenta?","var_security":"INFORMACI\u00d3N DE MIEMBROS DE LA FAMILIA\/Por favor, responda a las preguntas para cada miembro del grupo familiar\/\u00bfCon cu\u00e1ntas dosis de vacunas contra el Covid-19 cuenta?","var_resp_unit":"INFORMACI\u00d3N DE MIEMBROS DE LA FAMILIA\/Por favor, responda a las preguntas para cada miembro del grupo familiar\/\u00bfCon cu\u00e1ntas dosis de vacunas contra el Covid-19 cuenta?","var_analysis_unit":null,"var_qstn_preqtxt":null,"var_qstn_qstnlit":null,"var_qstn_postqtxt":null,"var_qstn_ivuinstr":null,"var_universe":null,"var_universe_clusion":null,"var_sumstat":[{"value":"0","type":"vald","wgtd":null},{"value":"0","type":"invd","wgtd":null}],"var_txt":null,"var_catgry":[],"var_codinstr":null,"var_concept":[],"var_format":{"type":"numeric","schema":"other","category":null,"name":null},"var_notes":null,"var_val_range":{"min":null,"max":null},"fid":"F1"},{"file_id":"F1","vid":"V198","name":"carnet_vacuna","var_intrvl":"discrete","var_dcml":"0","var_wgt":null,"var_is_wgt":null,"loc_start_pos":null,"loc_end_pos":null,"loc_width":null,"loc_rec_seg_no":null,"labl":"INFORMACI\u00d3N DE MIEMBROS DE LA FAMILIA\/Por favor, responda a las preguntas para cada miembro del grupo familiar\/\u00bfTiene carnet de vacunaci\u00f3n?","var_imputation":"INFORMACI\u00d3N DE MIEMBROS DE LA FAMILIA\/Por favor, responda a las preguntas para cada miembro del grupo familiar\/\u00bfTiene carnet de vacunaci\u00f3n?","var_security":"INFORMACI\u00d3N DE MIEMBROS DE LA FAMILIA\/Por favor, responda a las preguntas para cada miembro del grupo familiar\/\u00bfTiene carnet de vacunaci\u00f3n?","var_resp_unit":"INFORMACI\u00d3N DE MIEMBROS DE LA FAMILIA\/Por favor, responda a las preguntas para cada miembro del grupo familiar\/\u00bfTiene carnet de vacunaci\u00f3n?","var_analysis_unit":null,"var_qstn_preqtxt":null,"var_qstn_qstnlit":null,"var_qstn_postqtxt":null,"var_qstn_ivuinstr":null,"var_universe":null,"var_universe_clusion":null,"var_sumstat":[{"value":"0","type":"vald","wgtd":null},{"value":"0","type":"invd","wgtd":null}],"var_txt":null,"var_catgry":[{"value":"1","labl":"No, lo he perdido","is_missing":null,"stats":[]},{"value":"2","labl":"S\u00ed","is_missing":null,"stats":[]}],"var_codinstr":null,"var_concept":[],"var_format":{"type":"numeric","schema":"other","category":null,"name":null},"var_notes":null,"var_val_range":{"min":"1","max":"2"},"fid":"F1"},{"file_id":"F1","vid":"V199","name":"vacuna_no","var_intrvl":"discrete","var_dcml":"0","var_wgt":null,"var_is_wgt":null,"loc_start_pos":null,"loc_end_pos":null,"loc_width":null,"loc_rec_seg_no":null,"labl":"INFORMACI\u00d3N DE MIEMBROS DE LA FAMILIA\/Por favor, responda a las preguntas para cada miembro del grupo familiar\/\u00bfPor qu\u00e9 no se ha vacunado?","var_imputation":"INFORMACI\u00d3N DE MIEMBROS DE LA FAMILIA\/Por favor, responda a las preguntas para cada miembro del grupo familiar\/\u00bfPor qu\u00e9 no se ha vacunado?","var_security":"INFORMACI\u00d3N DE MIEMBROS DE LA FAMILIA\/Por favor, responda a las preguntas para cada miembro del grupo familiar\/\u00bfPor qu\u00e9 no se ha vacunado?","var_resp_unit":"INFORMACI\u00d3N DE MIEMBROS DE LA FAMILIA\/Por favor, responda a las preguntas para cada miembro del grupo familiar\/\u00bfPor qu\u00e9 no se ha vacunado?","var_analysis_unit":null,"var_qstn_preqtxt":null,"var_qstn_qstnlit":null,"var_qstn_postqtxt":null,"var_qstn_ivuinstr":null,"var_universe":null,"var_universe_clusion":null,"var_sumstat":[{"value":"0","type":"vald","wgtd":null},{"value":"0","type":"invd","wgtd":null}],"var_txt":null,"var_catgry":[{"value":"1","labl":"No me permitieron vacunarme","is_missing":null,"stats":[]},{"value":"2","labl":"Prefiero vacunarme al llegar a mi destino","is_missing":null,"stats":[]},{"value":"3","labl":"Tengo miedo","is_missing":null,"stats":[]}],"var_codinstr":null,"var_concept":[],"var_format":{"type":"numeric","schema":"other","category":null,"name":null},"var_notes":null,"var_val_range":{"min":"1","max":"3"},"fid":"F1"},{"file_id":"F2","vid":"V200","name":"fecha_monitoreo","var_intrvl":"discrete","var_dcml":"0","var_wgt":null,"var_is_wgt":null,"loc_start_pos":null,"loc_end_pos":null,"loc_width":null,"loc_rec_seg_no":null,"labl":"INFORMACI\u00d3N GENERAL\/Fecha de monitoreo","var_imputation":"INFORMACI\u00d3N GENERAL\/Fecha de monitoreo","var_security":"INFORMACI\u00d3N GENERAL\/Fecha de monitoreo","var_resp_unit":"INFORMACI\u00d3N GENERAL\/Fecha de monitoreo","var_analysis_unit":null,"var_qstn_preqtxt":null,"var_qstn_qstnlit":null,"var_qstn_postqtxt":null,"var_qstn_ivuinstr":null,"var_universe":null,"var_universe_clusion":null,"var_sumstat":[{"value":"0","type":"vald","wgtd":null},{"value":"0","type":"invd","wgtd":null}],"var_txt":null,"var_catgry":[{"value":"1","labl":"2021-10-25","is_missing":null,"stats":[]},{"value":"2","labl":"2022-05-02","is_missing":null,"stats":[]},{"value":"3","labl":"2022-05-04","is_missing":null,"stats":[]},{"value":"4","labl":"2022-05-09","is_missing":null,"stats":[]},{"value":"5","labl":"2022-05-11","is_missing":null,"stats":[]},{"value":"6","labl":"2022-05-16","is_missing":null,"stats":[]},{"value":"7","labl":"2022-05-17","is_missing":null,"stats":[]},{"value":"8","labl":"2022-05-23","is_missing":null,"stats":[]},{"value":"9","labl":"2022-05-24","is_missing":null,"stats":[]},{"value":"10","labl":"2022-06-28","is_missing":null,"stats":[]},{"value":"11","labl":"2022-07-12","is_missing":null,"stats":[]},{"value":"12","labl":"2022-07-18","is_missing":null,"stats":[]},{"value":"13","labl":"2022-07-19","is_missing":null,"stats":[]}],"var_codinstr":null,"var_concept":[],"var_format":{"type":"numeric","schema":"other","category":null,"name":null},"var_notes":null,"var_val_range":{"min":"1","max":"13"},"fid":"F2"},{"file_id":"F2","vid":"V201","name":"lugar_monitoreo","var_intrvl":"discrete","var_dcml":"0","var_wgt":null,"var_is_wgt":null,"loc_start_pos":null,"loc_end_pos":null,"loc_width":null,"loc_rec_seg_no":null,"labl":"INFORMACI\u00d3N GENERAL\/Lugar de monitoreo","var_imputation":"INFORMACI\u00d3N GENERAL\/Lugar de monitoreo","var_security":"INFORMACI\u00d3N GENERAL\/Lugar de monitoreo","var_resp_unit":"INFORMACI\u00d3N GENERAL\/Lugar de monitoreo","var_analysis_unit":null,"var_qstn_preqtxt":null,"var_qstn_qstnlit":null,"var_qstn_postqtxt":null,"var_qstn_ivuinstr":null,"var_universe":null,"var_universe_clusion":null,"var_sumstat":[{"value":"0","type":"vald","wgtd":null},{"value":"0","type":"invd","wgtd":null}],"var_txt":null,"var_catgry":[{"value":"1","labl":"Carretera Panamericana","is_missing":null,"stats":[]},{"value":"2","labl":"PAO Aguas Verdes","is_missing":null,"stats":[]}],"var_codinstr":null,"var_concept":[],"var_format":{"type":"numeric","schema":"other","category":null,"name":null},"var_notes":null,"var_val_range":{"min":"1","max":"2"},"fid":"F2"},{"file_id":"F2","vid":"V202","name":"consentimiento","var_intrvl":"discrete","var_dcml":"0","var_wgt":null,"var_is_wgt":null,"loc_start_pos":null,"loc_end_pos":null,"loc_width":null,"loc_rec_seg_no":null,"labl":"INFORMACI\u00d3N GENERAL\/ \u00bfEst\u00e1 usted dispuesto a responder a algunas preguntas?","var_imputation":"INFORMACI\u00d3N GENERAL\/ \u00bfEst\u00e1 usted dispuesto a responder a algunas preguntas?","var_security":"INFORMACI\u00d3N GENERAL\/ \u00bfEst\u00e1 usted dispuesto a responder a algunas preguntas?","var_resp_unit":"INFORMACI\u00d3N GENERAL\/ \u00bfEst\u00e1 usted dispuesto a responder a algunas preguntas?","var_analysis_unit":null,"var_qstn_preqtxt":null,"var_qstn_qstnlit":null,"var_qstn_postqtxt":null,"var_qstn_ivuinstr":null,"var_universe":null,"var_universe_clusion":null,"var_sumstat":[{"value":"0","type":"vald","wgtd":null},{"value":"0","type":"invd","wgtd":null}],"var_txt":null,"var_catgry":[{"value":"1","labl":"No","is_missing":null,"stats":[]},{"value":"2","labl":"Si","is_missing":null,"stats":[]}],"var_codinstr":null,"var_concept":[],"var_format":{"type":"numeric","schema":"other","category":null,"name":null},"var_notes":null,"var_val_range":{"min":"1","max":"2"},"fid":"F2"},{"file_id":"F2","vid":"V203","name":"puntos_tumbes","var_intrvl":"discrete","var_dcml":"0","var_wgt":null,"var_is_wgt":null,"loc_start_pos":null,"loc_end_pos":null,"loc_width":null,"loc_rec_seg_no":null,"labl":"SITUACI\u00d3N EN LA RUTA\/\u00bfPor cu\u00e1l punto ingres\u00f3 en Per\u00fa?","var_imputation":"SITUACI\u00d3N EN LA RUTA\/\u00bfPor cu\u00e1l punto ingres\u00f3 en Per\u00fa?","var_security":"SITUACI\u00d3N EN LA RUTA\/\u00bfPor cu\u00e1l punto ingres\u00f3 en Per\u00fa?","var_resp_unit":"SITUACI\u00d3N EN LA RUTA\/\u00bfPor cu\u00e1l punto ingres\u00f3 en Per\u00fa?","var_analysis_unit":null,"var_qstn_preqtxt":null,"var_qstn_qstnlit":null,"var_qstn_postqtxt":null,"var_qstn_ivuinstr":null,"var_universe":null,"var_universe_clusion":null,"var_sumstat":[{"value":"0","type":"vald","wgtd":null},{"value":"0","type":"invd","wgtd":null}],"var_txt":null,"var_catgry":[{"value":"1","labl":"Puente Internacional","is_missing":null,"stats":[]},{"value":"2","labl":"Trocha","is_missing":null,"stats":[]}],"var_codinstr":null,"var_concept":[],"var_format":{"type":"numeric","schema":"other","category":null,"name":null},"var_notes":null,"var_val_range":{"min":"1","max":"2"},"fid":"F2"},{"file_id":"F2","vid":"V204","name":"entra_peru","var_intrvl":"discrete","var_dcml":"0","var_wgt":null,"var_is_wgt":null,"loc_start_pos":null,"loc_end_pos":null,"loc_width":null,"loc_rec_seg_no":null,"labl":"SITUACI\u00d3N EN LA RUTA\/\u00bfEs la primera vez que ingresa a Per\u00fa?","var_imputation":"SITUACI\u00d3N EN LA RUTA\/\u00bfEs la primera vez que ingresa a Per\u00fa?","var_security":"SITUACI\u00d3N EN LA RUTA\/\u00bfEs la primera vez que ingresa a Per\u00fa?","var_resp_unit":"SITUACI\u00d3N EN LA RUTA\/\u00bfEs la primera vez que ingresa a Per\u00fa?","var_analysis_unit":null,"var_qstn_preqtxt":null,"var_qstn_qstnlit":null,"var_qstn_postqtxt":null,"var_qstn_ivuinstr":null,"var_universe":null,"var_universe_clusion":null,"var_sumstat":[{"value":"0","type":"vald","wgtd":null},{"value":"0","type":"invd","wgtd":null}],"var_txt":null,"var_catgry":[{"value":"1","labl":"No","is_missing":null,"stats":[]},{"value":"2","labl":"Si","is_missing":null,"stats":[]}],"var_codinstr":null,"var_concept":[],"var_format":{"type":"numeric","schema":"other","category":null,"name":null},"var_notes":null,"var_val_range":{"min":"1","max":"2"},"fid":"F2"},{"file_id":"F2","vid":"V205","name":"antes_peru","var_intrvl":"discrete","var_dcml":"0","var_wgt":null,"var_is_wgt":null,"loc_start_pos":null,"loc_end_pos":null,"loc_width":null,"loc_rec_seg_no":null,"labl":"SITUACI\u00d3N EN LA RUTA\/\u00bfCu\u00e1ndo ingres\u00f3 a Per\u00fa la primera vez?","var_imputation":"SITUACI\u00d3N EN LA RUTA\/\u00bfCu\u00e1ndo ingres\u00f3 a Per\u00fa la primera vez?","var_security":"SITUACI\u00d3N EN LA RUTA\/\u00bfCu\u00e1ndo ingres\u00f3 a Per\u00fa la primera vez?","var_resp_unit":"SITUACI\u00d3N EN LA RUTA\/\u00bfCu\u00e1ndo ingres\u00f3 a Per\u00fa la primera vez?","var_analysis_unit":null,"var_qstn_preqtxt":null,"var_qstn_qstnlit":null,"var_qstn_postqtxt":null,"var_qstn_ivuinstr":null,"var_universe":null,"var_universe_clusion":null,"var_sumstat":[{"value":"0","type":"vald","wgtd":null},{"value":"0","type":"invd","wgtd":null}],"var_txt":null,"var_catgry":[{"value":"1","labl":"2018-04-17","is_missing":null,"stats":[]},{"value":"2","labl":"2021-01-01","is_missing":null,"stats":[]},{"value":"3","labl":"2021-06-17","is_missing":null,"stats":[]},{"value":"4","labl":"2022-02-10","is_missing":null,"stats":[]},{"value":"5","labl":"2022-03-01","is_missing":null,"stats":[]},{"value":"6","labl":"2022-05-09","is_missing":null,"stats":[]},{"value":"7","labl":"2022-05-10","is_missing":null,"stats":[]},{"value":"8","labl":"2022-06-06","is_missing":null,"stats":[]},{"value":"9","labl":"2022-06-28","is_missing":null,"stats":[]}],"var_codinstr":null,"var_concept":[],"var_format":{"type":"numeric","schema":"other","category":null,"name":null},"var_notes":null,"var_val_range":{"min":"1","max":"9"},"fid":"F2"},{"file_id":"F2","vid":"V206","name":"pais","var_intrvl":"discrete","var_dcml":"0","var_wgt":null,"var_is_wgt":null,"loc_start_pos":null,"loc_end_pos":null,"loc_width":null,"loc_rec_seg_no":null,"labl":"SITUACI\u00d3N EN LA RUTA\/\u00bfEn qu\u00e9 pa\u00eds estuvo viviendo antes de iniciar este viaje a Per\u00fa?","var_imputation":"SITUACI\u00d3N EN LA RUTA\/\u00bfEn qu\u00e9 pa\u00eds estuvo viviendo antes de iniciar este viaje a Per\u00fa?","var_security":"SITUACI\u00d3N EN LA RUTA\/\u00bfEn qu\u00e9 pa\u00eds estuvo viviendo antes de iniciar este viaje a Per\u00fa?","var_resp_unit":"SITUACI\u00d3N EN LA RUTA\/\u00bfEn qu\u00e9 pa\u00eds estuvo viviendo antes de iniciar este viaje a Per\u00fa?","var_analysis_unit":null,"var_qstn_preqtxt":null,"var_qstn_qstnlit":null,"var_qstn_postqtxt":null,"var_qstn_ivuinstr":null,"var_universe":null,"var_universe_clusion":null,"var_sumstat":[{"value":"0","type":"vald","wgtd":null},{"value":"0","type":"invd","wgtd":null}],"var_txt":null,"var_catgry":[{"value":"1","labl":"Argentina","is_missing":null,"stats":[]},{"value":"2","labl":"Bolivia","is_missing":null,"stats":[]},{"value":"3","labl":"Colombia","is_missing":null,"stats":[]},{"value":"4","labl":"Ecuador","is_missing":null,"stats":[]},{"value":"5","labl":"Per\u00fa","is_missing":null,"stats":[]},{"value":"6","labl":"Venezuela","is_missing":null,"stats":[]}],"var_codinstr":null,"var_concept":[],"var_format":{"type":"numeric","schema":"other","category":null,"name":null},"var_notes":null,"var_val_range":{"min":"1","max":"6"},"fid":"F2"},{"file_id":"F2","vid":"V207","name":"otro_pais","var_intrvl":"discrete","var_dcml":"0","var_wgt":null,"var_is_wgt":null,"loc_start_pos":null,"loc_end_pos":null,"loc_width":null,"loc_rec_seg_no":null,"labl":"SITUACI\u00d3N EN LA RUTA\/\u00bfQu\u00e9 otro pais?","var_imputation":"SITUACI\u00d3N EN LA RUTA\/\u00bfQu\u00e9 otro pais?","var_security":"SITUACI\u00d3N EN LA RUTA\/\u00bfQu\u00e9 otro pais?","var_resp_unit":"SITUACI\u00d3N EN LA RUTA\/\u00bfQu\u00e9 otro pais?","var_analysis_unit":null,"var_qstn_preqtxt":null,"var_qstn_qstnlit":null,"var_qstn_postqtxt":null,"var_qstn_ivuinstr":null,"var_universe":null,"var_universe_clusion":null,"var_sumstat":[{"value":"0","type":"vald","wgtd":null},{"value":"0","type":"invd","wgtd":null}],"var_txt":null,"var_catgry":[{"value":"1","labl":"TRUE","is_missing":null,"stats":[]}],"var_codinstr":null,"var_concept":[],"var_format":{"type":"numeric","schema":"other","category":null,"name":null},"var_notes":null,"var_val_range":{"min":"1","max":"1"},"fid":"F2"},{"file_id":"F2","vid":"V208","name":"tiempo_pais","var_intrvl":"discrete","var_dcml":"0","var_wgt":null,"var_is_wgt":null,"loc_start_pos":null,"loc_end_pos":null,"loc_width":null,"loc_rec_seg_no":null,"labl":"SITUACI\u00d3N EN LA RUTA\/\u00bfCu\u00e1nto tiempo estuvo viviendo en ese pa\u00eds?","var_imputation":"SITUACI\u00d3N EN LA RUTA\/\u00bfCu\u00e1nto tiempo estuvo viviendo en ese pa\u00eds?","var_security":"SITUACI\u00d3N EN LA RUTA\/\u00bfCu\u00e1nto tiempo estuvo viviendo en ese pa\u00eds?","var_resp_unit":"SITUACI\u00d3N EN LA RUTA\/\u00bfCu\u00e1nto tiempo estuvo viviendo en ese pa\u00eds?","var_analysis_unit":null,"var_qstn_preqtxt":null,"var_qstn_qstnlit":null,"var_qstn_postqtxt":null,"var_qstn_ivuinstr":null,"var_universe":null,"var_universe_clusion":null,"var_sumstat":[{"value":"0","type":"vald","wgtd":null},{"value":"0","type":"invd","wgtd":null}],"var_txt":null,"var_catgry":[{"value":"1","labl":"0 a 6 meses","is_missing":null,"stats":[]},{"value":"2","labl":"1 a\u00f1o a 3 a\u00f1os","is_missing":null,"stats":[]},{"value":"3","labl":"3 a\u00f1os a 5 a\u00f1os","is_missing":null,"stats":[]},{"value":"4","labl":"6 meses a 1 a\u00f1o","is_missing":null,"stats":[]},{"value":"5","labl":"M\u00e1s de 5 a\u00f1os","is_missing":null,"stats":[]},{"value":"6","labl":"Toda la vida","is_missing":null,"stats":[]}],"var_codinstr":null,"var_concept":[],"var_format":{"type":"numeric","schema":"other","category":null,"name":null},"var_notes":null,"var_val_range":{"min":"1","max":"6"},"fid":"F2"},{"file_id":"F2","vid":"V209","name":"tiempo_fuera","var_intrvl":"discrete","var_dcml":"0","var_wgt":null,"var_is_wgt":null,"loc_start_pos":null,"loc_end_pos":null,"loc_width":null,"loc_rec_seg_no":null,"labl":"SITUACI\u00d3N EN LA RUTA\/\u00bfEn qu\u00e9 fecha iniciaron este viaje hacia Per\u00fa?","var_imputation":"SITUACI\u00d3N EN LA RUTA\/\u00bfEn qu\u00e9 fecha iniciaron este viaje hacia Per\u00fa?","var_security":"SITUACI\u00d3N EN LA RUTA\/\u00bfEn qu\u00e9 fecha iniciaron este viaje hacia Per\u00fa?","var_resp_unit":"SITUACI\u00d3N EN LA RUTA\/\u00bfEn qu\u00e9 fecha iniciaron este viaje hacia Per\u00fa?","var_analysis_unit":null,"var_qstn_preqtxt":null,"var_qstn_qstnlit":null,"var_qstn_postqtxt":null,"var_qstn_ivuinstr":null,"var_universe":null,"var_universe_clusion":null,"var_sumstat":[{"value":"0","type":"vald","wgtd":null},{"value":"0","type":"invd","wgtd":null}],"var_txt":null,"var_catgry":[{"value":"1","labl":"2021-09-09","is_missing":null,"stats":[]},{"value":"2","labl":"2021-09-15","is_missing":null,"stats":[]},{"value":"3","labl":"2021-09-17","is_missing":null,"stats":[]},{"value":"4","labl":"2021-10-01","is_missing":null,"stats":[]},{"value":"5","labl":"2021-10-07","is_missing":null,"stats":[]},{"value":"6","labl":"2021-10-09","is_missing":null,"stats":[]},{"value":"7","labl":"2021-12-27","is_missing":null,"stats":[]},{"value":"8","labl":"2022-03-09","is_missing":null,"stats":[]},{"value":"9","labl":"2022-03-15","is_missing":null,"stats":[]},{"value":"10","labl":"2022-04-04","is_missing":null,"stats":[]},{"value":"11","labl":"2022-04-08","is_missing":null,"stats":[]},{"value":"12","labl":"2022-04-11","is_missing":null,"stats":[]},{"value":"13","labl":"2022-04-13","is_missing":null,"stats":[]},{"value":"14","labl":"2022-04-14","is_missing":null,"stats":[]},{"value":"15","labl":"2022-04-15","is_missing":null,"stats":[]},{"value":"16","labl":"2022-04-18","is_missing":null,"stats":[]},{"value":"17","labl":"2022-04-20","is_missing":null,"stats":[]},{"value":"18","labl":"2022-04-21","is_missing":null,"stats":[]},{"value":"19","labl":"2022-04-22","is_missing":null,"stats":[]},{"value":"20","labl":"2022-04-30","is_missing":null,"stats":[]},{"value":"21","labl":"2022-05-02","is_missing":null,"stats":[]},{"value":"22","labl":"2022-05-04","is_missing":null,"stats":[]},{"value":"23","labl":"2022-05-05","is_missing":null,"stats":[]},{"value":"24","labl":"2022-05-06","is_missing":null,"stats":[]},{"value":"25","labl":"2022-05-07","is_missing":null,"stats":[]},{"value":"26","labl":"2022-05-09","is_missing":null,"stats":[]},{"value":"27","labl":"2022-05-10","is_missing":null,"stats":[]},{"value":"28","labl":"2022-05-11","is_missing":null,"stats":[]},{"value":"29","labl":"2022-05-12","is_missing":null,"stats":[]},{"value":"30","labl":"2022-05-14","is_missing":null,"stats":[]},{"value":"31","labl":"2022-05-15","is_missing":null,"stats":[]},{"value":"32","labl":"2022-05-19","is_missing":null,"stats":[]},{"value":"33","labl":"2022-05-20","is_missing":null,"stats":[]},{"value":"34","labl":"2022-06-01","is_missing":null,"stats":[]},{"value":"35","labl":"2022-06-02","is_missing":null,"stats":[]},{"value":"36","labl":"2022-06-08","is_missing":null,"stats":[]},{"value":"37","labl":"2022-06-09","is_missing":null,"stats":[]},{"value":"38","labl":"2022-06-10","is_missing":null,"stats":[]},{"value":"39","labl":"2022-06-11","is_missing":null,"stats":[]},{"value":"40","labl":"2022-06-15","is_missing":null,"stats":[]},{"value":"41","labl":"2022-06-18","is_missing":null,"stats":[]},{"value":"42","labl":"2022-06-23","is_missing":null,"stats":[]},{"value":"43","labl":"2022-06-27","is_missing":null,"stats":[]}],"var_codinstr":null,"var_concept":[],"var_format":{"type":"numeric","schema":"other","category":null,"name":null},"var_notes":null,"var_val_range":{"min":"1","max":"43"},"fid":"F2"},{"file_id":"F2","vid":"V210","name":"meses_fuera","var_intrvl":"discrete","var_dcml":"0","var_wgt":null,"var_is_wgt":null,"loc_start_pos":null,"loc_end_pos":null,"loc_width":null,"loc_rec_seg_no":null,"labl":"SITUACI\u00d3N EN LA RUTA\/Tiempo de viaje (meses):","var_imputation":"SITUACI\u00d3N EN LA RUTA\/Tiempo de viaje (meses):","var_security":"SITUACI\u00d3N EN LA RUTA\/Tiempo de viaje (meses):","var_resp_unit":"SITUACI\u00d3N EN LA RUTA\/Tiempo de viaje (meses):","var_analysis_unit":null,"var_qstn_preqtxt":null,"var_qstn_qstnlit":null,"var_qstn_postqtxt":null,"var_qstn_ivuinstr":null,"var_universe":null,"var_universe_clusion":null,"var_sumstat":[{"value":"0","type":"vald","wgtd":null},{"value":"0","type":"invd","wgtd":null}],"var_txt":null,"var_catgry":[],"var_codinstr":null,"var_concept":[],"var_format":{"type":"numeric","schema":"other","category":null,"name":null},"var_notes":null,"var_val_range":{"min":null,"max":null},"fid":"F2"},{"file_id":"F2","vid":"V211","name":"pais_destino","var_intrvl":"discrete","var_dcml":"0","var_wgt":null,"var_is_wgt":null,"loc_start_pos":null,"loc_end_pos":null,"loc_width":null,"loc_rec_seg_no":null,"labl":"SITUACI\u00d3N EN LA RUTA\/\u00bfTiene planes de quedarse en Per\u00fa o est\u00e1 en camino a otro pa\u00eds?","var_imputation":"SITUACI\u00d3N EN LA RUTA\/\u00bfTiene planes de quedarse en Per\u00fa o est\u00e1 en camino a otro pa\u00eds?","var_security":"SITUACI\u00d3N EN LA RUTA\/\u00bfTiene planes de quedarse en Per\u00fa o est\u00e1 en camino a otro pa\u00eds?","var_resp_unit":"SITUACI\u00d3N EN LA RUTA\/\u00bfTiene planes de quedarse en Per\u00fa o est\u00e1 en camino a otro pa\u00eds?","var_analysis_unit":null,"var_qstn_preqtxt":null,"var_qstn_qstnlit":null,"var_qstn_postqtxt":null,"var_qstn_ivuinstr":null,"var_universe":null,"var_universe_clusion":null,"var_sumstat":[{"value":"0","type":"vald","wgtd":null},{"value":"0","type":"invd","wgtd":null}],"var_txt":null,"var_catgry":[{"value":"1","labl":"Se quedar\u00e1 en Per\u00fa","is_missing":null,"stats":[]},{"value":"2","labl":"Seguir\u00e1 a otro pa\u00eds","is_missing":null,"stats":[]},{"value":"3","labl":"Seguir\u00e1 hasta Argentina","is_missing":null,"stats":[]},{"value":"4","labl":"Seguir\u00e1 hasta Chile","is_missing":null,"stats":[]}],"var_codinstr":null,"var_concept":[],"var_format":{"type":"numeric","schema":"other","category":null,"name":null},"var_notes":null,"var_val_range":{"min":"1","max":"4"},"fid":"F2"},{"file_id":"F2","vid":"V212","name":"otro_pais_destino","var_intrvl":"discrete","var_dcml":"0","var_wgt":null,"var_is_wgt":null,"loc_start_pos":null,"loc_end_pos":null,"loc_width":null,"loc_rec_seg_no":null,"labl":"SITUACI\u00d3N EN LA RUTA\/\u00bfHacia qu\u00e9 otro pais se dirige?","var_imputation":"SITUACI\u00d3N EN LA RUTA\/\u00bfHacia qu\u00e9 otro pais se dirige?","var_security":"SITUACI\u00d3N EN LA RUTA\/\u00bfHacia qu\u00e9 otro pais se dirige?","var_resp_unit":"SITUACI\u00d3N EN LA RUTA\/\u00bfHacia qu\u00e9 otro pais se dirige?","var_analysis_unit":null,"var_qstn_preqtxt":null,"var_qstn_qstnlit":null,"var_qstn_postqtxt":null,"var_qstn_ivuinstr":null,"var_universe":null,"var_universe_clusion":null,"var_sumstat":[{"value":"0","type":"vald","wgtd":null},{"value":"0","type":"invd","wgtd":null}],"var_txt":null,"var_catgry":[{"value":"1","labl":"Brasil","is_missing":null,"stats":[]}],"var_codinstr":null,"var_concept":[],"var_format":{"type":"numeric","schema":"other","category":null,"name":null},"var_notes":null,"var_val_range":{"min":"1","max":"1"},"fid":"F2"},{"file_id":"F2","vid":"V213","name":"departamento","var_intrvl":"discrete","var_dcml":"0","var_wgt":null,"var_is_wgt":null,"loc_start_pos":null,"loc_end_pos":null,"loc_width":null,"loc_rec_seg_no":null,"labl":"SITUACI\u00d3N EN LA RUTA\/\u00bfA qu\u00e9 ciudad de Per\u00fa van usted y su familia?","var_imputation":"SITUACI\u00d3N EN LA RUTA\/\u00bfA qu\u00e9 ciudad de Per\u00fa van usted y su familia?","var_security":"SITUACI\u00d3N EN LA RUTA\/\u00bfA qu\u00e9 ciudad de Per\u00fa van usted y su familia?","var_resp_unit":"SITUACI\u00d3N EN LA RUTA\/\u00bfA qu\u00e9 ciudad de Per\u00fa van usted y su familia?","var_analysis_unit":null,"var_qstn_preqtxt":null,"var_qstn_qstnlit":null,"var_qstn_postqtxt":null,"var_qstn_ivuinstr":null,"var_universe":null,"var_universe_clusion":null,"var_sumstat":[{"value":"0","type":"vald","wgtd":null},{"value":"0","type":"invd","wgtd":null}],"var_txt":null,"var_catgry":[{"value":"1","labl":"Arequipa","is_missing":null,"stats":[]},{"value":"2","labl":"Cusco","is_missing":null,"stats":[]},{"value":"3","labl":"Huancavelica","is_missing":null,"stats":[]},{"value":"4","labl":"La Libertad","is_missing":null,"stats":[]},{"value":"5","labl":"Lambayeque","is_missing":null,"stats":[]},{"value":"6","labl":"Lima","is_missing":null,"stats":[]},{"value":"7","labl":"Piura","is_missing":null,"stats":[]},{"value":"8","labl":"Tumbes","is_missing":null,"stats":[]}],"var_codinstr":null,"var_concept":[],"var_format":{"type":"numeric","schema":"other","category":null,"name":null},"var_notes":null,"var_val_range":{"min":"1","max":"8"},"fid":"F2"},{"file_id":"F2","vid":"V214","name":"puntos","var_intrvl":"discrete","var_dcml":"0","var_wgt":null,"var_is_wgt":null,"loc_start_pos":null,"loc_end_pos":null,"loc_width":null,"loc_rec_seg_no":null,"labl":"SITUACI\u00d3N EN LA RUTA\/\u00bfPor qu\u00e9 punto piensan salir de Per\u00fa para llegar a su destino?","var_imputation":"SITUACI\u00d3N EN LA RUTA\/\u00bfPor qu\u00e9 punto piensan salir de Per\u00fa para llegar a su destino?","var_security":"SITUACI\u00d3N EN LA RUTA\/\u00bfPor qu\u00e9 punto piensan salir de Per\u00fa para llegar a su destino?","var_resp_unit":"SITUACI\u00d3N EN LA RUTA\/\u00bfPor qu\u00e9 punto piensan salir de Per\u00fa para llegar a su destino?","var_analysis_unit":null,"var_qstn_preqtxt":null,"var_qstn_qstnlit":null,"var_qstn_postqtxt":null,"var_qstn_ivuinstr":null,"var_universe":null,"var_universe_clusion":null,"var_sumstat":[{"value":"0","type":"vald","wgtd":null},{"value":"0","type":"invd","wgtd":null}],"var_txt":null,"var_catgry":[{"value":"1","labl":"Desaguadero (Puno)","is_missing":null,"stats":[]},{"value":"2","labl":"Madre de Dios","is_missing":null,"stats":[]},{"value":"3","labl":"No s\u00e9","is_missing":null,"stats":[]},{"value":"4","labl":"Otro punto geogr\u00e1fico","is_missing":null,"stats":[]},{"value":"5","labl":"Tacna","is_missing":null,"stats":[]}],"var_codinstr":null,"var_concept":[],"var_format":{"type":"numeric","schema":"other","category":null,"name":null},"var_notes":null,"var_val_range":{"min":"1","max":"5"},"fid":"F2"},{"file_id":"F2","vid":"V215","name":"razones_peru1_1","var_intrvl":"discrete","var_dcml":"0","var_wgt":null,"var_is_wgt":null,"loc_start_pos":null,"loc_end_pos":null,"loc_width":null,"loc_rec_seg_no":null,"labl":"SITUACI\u00d3N EN LA RUTA\/\u00bfPor qu\u00e9 motivos decidieron salir de Per\u00fa en ese momento?\/Fui a recoger a mis familiares","var_imputation":"SITUACI\u00d3N EN LA RUTA\/\u00bfPor qu\u00e9 motivos decidieron salir de Per\u00fa en ese momento?\/Fui a recoger a mis familiares","var_security":"SITUACI\u00d3N EN LA RUTA\/\u00bfPor qu\u00e9 motivos decidieron salir de Per\u00fa en ese momento?\/Fui a recoger a mis familiares","var_resp_unit":"SITUACI\u00d3N EN LA RUTA\/\u00bfPor qu\u00e9 motivos decidieron salir de Per\u00fa en ese momento?\/Fui a recoger a mis familiares","var_analysis_unit":null,"var_qstn_preqtxt":null,"var_qstn_qstnlit":null,"var_qstn_postqtxt":null,"var_qstn_ivuinstr":null,"var_universe":null,"var_universe_clusion":null,"var_sumstat":[{"value":"0","type":"vald","wgtd":null},{"value":"0","type":"invd","wgtd":null}],"var_txt":null,"var_catgry":[],"var_codinstr":null,"var_concept":[],"var_format":{"type":"numeric","schema":"other","category":null,"name":null},"var_notes":null,"var_val_range":{"min":null,"max":null},"fid":"F2"},{"file_id":"F2","vid":"V216","name":"razones_peru1_2","var_intrvl":"discrete","var_dcml":"0","var_wgt":null,"var_is_wgt":null,"loc_start_pos":null,"loc_end_pos":null,"loc_width":null,"loc_rec_seg_no":null,"labl":"SITUACI\u00d3N EN LA RUTA\/\u00bfPor qu\u00e9 motivos decidieron salir de Per\u00fa en ese momento?\/Fui a visitar a un familiar que estaba mal de salud","var_imputation":"SITUACI\u00d3N EN LA RUTA\/\u00bfPor qu\u00e9 motivos decidieron salir de Per\u00fa en ese momento?\/Fui a visitar a un familiar que estaba mal de salud","var_security":"SITUACI\u00d3N EN LA RUTA\/\u00bfPor qu\u00e9 motivos decidieron salir de Per\u00fa en ese momento?\/Fui a visitar a un familiar que estaba mal de salud","var_resp_unit":"SITUACI\u00d3N EN LA RUTA\/\u00bfPor qu\u00e9 motivos decidieron salir de Per\u00fa en ese momento?\/Fui a visitar a un familiar que estaba mal de salud","var_analysis_unit":null,"var_qstn_preqtxt":null,"var_qstn_qstnlit":null,"var_qstn_postqtxt":null,"var_qstn_ivuinstr":null,"var_universe":null,"var_universe_clusion":null,"var_sumstat":[{"value":"0","type":"vald","wgtd":null},{"value":"0","type":"invd","wgtd":null}],"var_txt":null,"var_catgry":[],"var_codinstr":null,"var_concept":[],"var_format":{"type":"numeric","schema":"other","category":null,"name":null},"var_notes":null,"var_val_range":{"min":null,"max":null},"fid":"F2"},{"file_id":"F2","vid":"V217","name":"razones_peru1_3","var_intrvl":"discrete","var_dcml":"0","var_wgt":null,"var_is_wgt":null,"loc_start_pos":null,"loc_end_pos":null,"loc_width":null,"loc_rec_seg_no":null,"labl":"SITUACI\u00d3N EN LA RUTA\/\u00bfPor qu\u00e9 motivos decidieron salir de Per\u00fa en ese momento?\/No ten\u00eda trabajo en Per\u00fa","var_imputation":"SITUACI\u00d3N EN LA RUTA\/\u00bfPor qu\u00e9 motivos decidieron salir de Per\u00fa en ese momento?\/No ten\u00eda trabajo en Per\u00fa","var_security":"SITUACI\u00d3N EN LA RUTA\/\u00bfPor qu\u00e9 motivos decidieron salir de Per\u00fa en ese momento?\/No ten\u00eda trabajo en Per\u00fa","var_resp_unit":"SITUACI\u00d3N EN LA RUTA\/\u00bfPor qu\u00e9 motivos decidieron salir de Per\u00fa en ese momento?\/No ten\u00eda trabajo en Per\u00fa","var_analysis_unit":null,"var_qstn_preqtxt":null,"var_qstn_qstnlit":null,"var_qstn_postqtxt":null,"var_qstn_ivuinstr":null,"var_universe":null,"var_universe_clusion":null,"var_sumstat":[{"value":"0","type":"vald","wgtd":null},{"value":"0","type":"invd","wgtd":null}],"var_txt":null,"var_catgry":[],"var_codinstr":null,"var_concept":[],"var_format":{"type":"numeric","schema":"other","category":null,"name":null},"var_notes":null,"var_val_range":{"min":null,"max":null},"fid":"F2"},{"file_id":"F2","vid":"V218","name":"razones_peru1_4","var_intrvl":"discrete","var_dcml":"0","var_wgt":null,"var_is_wgt":null,"loc_start_pos":null,"loc_end_pos":null,"loc_width":null,"loc_rec_seg_no":null,"labl":"SITUACI\u00d3N EN LA RUTA\/\u00bfPor qu\u00e9 motivos decidieron salir de Per\u00fa en ese momento?\/No pod\u00eda acceder a servicios de salud en Per\u00fa","var_imputation":"SITUACI\u00d3N EN LA RUTA\/\u00bfPor qu\u00e9 motivos decidieron salir de Per\u00fa en ese momento?\/No pod\u00eda acceder a servicios de salud en Per\u00fa","var_security":"SITUACI\u00d3N EN LA RUTA\/\u00bfPor qu\u00e9 motivos decidieron salir de Per\u00fa en ese momento?\/No pod\u00eda acceder a servicios de salud en Per\u00fa","var_resp_unit":"SITUACI\u00d3N EN LA RUTA\/\u00bfPor qu\u00e9 motivos decidieron salir de Per\u00fa en ese momento?\/No pod\u00eda acceder a servicios de salud en Per\u00fa","var_analysis_unit":null,"var_qstn_preqtxt":null,"var_qstn_qstnlit":null,"var_qstn_postqtxt":null,"var_qstn_ivuinstr":null,"var_universe":null,"var_universe_clusion":null,"var_sumstat":[{"value":"0","type":"vald","wgtd":null},{"value":"0","type":"invd","wgtd":null}],"var_txt":null,"var_catgry":[],"var_codinstr":null,"var_concept":[],"var_format":{"type":"numeric","schema":"other","category":null,"name":null},"var_notes":null,"var_val_range":{"min":null,"max":null},"fid":"F2"},{"file_id":"F2","vid":"V219","name":"razones_peru1_5","var_intrvl":"discrete","var_dcml":"0","var_wgt":null,"var_is_wgt":null,"loc_start_pos":null,"loc_end_pos":null,"loc_width":null,"loc_rec_seg_no":null,"labl":"SITUACI\u00d3N EN LA RUTA\/\u00bfPor qu\u00e9 motivos decidieron salir de Per\u00fa en ese momento?\/No pod\u00eda acceder a educaci\u00f3n en Per\u00fa","var_imputation":"SITUACI\u00d3N EN LA RUTA\/\u00bfPor qu\u00e9 motivos decidieron salir de Per\u00fa en ese momento?\/No pod\u00eda acceder a educaci\u00f3n en Per\u00fa","var_security":"SITUACI\u00d3N EN LA RUTA\/\u00bfPor qu\u00e9 motivos decidieron salir de Per\u00fa en ese momento?\/No pod\u00eda acceder a educaci\u00f3n en Per\u00fa","var_resp_unit":"SITUACI\u00d3N EN LA RUTA\/\u00bfPor qu\u00e9 motivos decidieron salir de Per\u00fa en ese momento?\/No pod\u00eda acceder a educaci\u00f3n en Per\u00fa","var_analysis_unit":null,"var_qstn_preqtxt":null,"var_qstn_qstnlit":null,"var_qstn_postqtxt":null,"var_qstn_ivuinstr":null,"var_universe":null,"var_universe_clusion":null,"var_sumstat":[{"value":"0","type":"vald","wgtd":null},{"value":"0","type":"invd","wgtd":null}],"var_txt":null,"var_catgry":[],"var_codinstr":null,"var_concept":[],"var_format":{"type":"numeric","schema":"other","category":null,"name":null},"var_notes":null,"var_val_range":{"min":null,"max":null},"fid":"F2"},{"file_id":"F2","vid":"V220","name":"razones_peru1_6","var_intrvl":"discrete","var_dcml":"0","var_wgt":null,"var_is_wgt":null,"loc_start_pos":null,"loc_end_pos":null,"loc_width":null,"loc_rec_seg_no":null,"labl":"SITUACI\u00d3N EN LA RUTA\/\u00bfPor qu\u00e9 motivos decidieron salir de Per\u00fa en ese momento?\/No pod\u00eda cubrir alimentaci\u00f3n","var_imputation":"SITUACI\u00d3N EN LA RUTA\/\u00bfPor qu\u00e9 motivos decidieron salir de Per\u00fa en ese momento?\/No pod\u00eda cubrir alimentaci\u00f3n","var_security":"SITUACI\u00d3N EN LA RUTA\/\u00bfPor qu\u00e9 motivos decidieron salir de Per\u00fa en ese momento?\/No pod\u00eda cubrir alimentaci\u00f3n","var_resp_unit":"SITUACI\u00d3N EN LA RUTA\/\u00bfPor qu\u00e9 motivos decidieron salir de Per\u00fa en ese momento?\/No pod\u00eda cubrir alimentaci\u00f3n","var_analysis_unit":null,"var_qstn_preqtxt":null,"var_qstn_qstnlit":null,"var_qstn_postqtxt":null,"var_qstn_ivuinstr":null,"var_universe":null,"var_universe_clusion":null,"var_sumstat":[{"value":"0","type":"vald","wgtd":null},{"value":"0","type":"invd","wgtd":null}],"var_txt":null,"var_catgry":[],"var_codinstr":null,"var_concept":[],"var_format":{"type":"numeric","schema":"other","category":null,"name":null},"var_notes":null,"var_val_range":{"min":null,"max":null},"fid":"F2"},{"file_id":"F2","vid":"V221","name":"razones_peru1_7","var_intrvl":"discrete","var_dcml":"0","var_wgt":null,"var_is_wgt":null,"loc_start_pos":null,"loc_end_pos":null,"loc_width":null,"loc_rec_seg_no":null,"labl":"SITUACI\u00d3N EN LA RUTA\/\u00bfPor qu\u00e9 motivos decidieron salir de Per\u00fa en ese momento?\/Me hab\u00edan desalojado y no ten\u00eda donde vivir en Per\u00fa","var_imputation":"SITUACI\u00d3N EN LA RUTA\/\u00bfPor qu\u00e9 motivos decidieron salir de Per\u00fa en ese momento?\/Me hab\u00edan desalojado y no ten\u00eda donde vivir en Per\u00fa","var_security":"SITUACI\u00d3N EN LA RUTA\/\u00bfPor qu\u00e9 motivos decidieron salir de Per\u00fa en ese momento?\/Me hab\u00edan desalojado y no ten\u00eda donde vivir en Per\u00fa","var_resp_unit":"SITUACI\u00d3N EN LA RUTA\/\u00bfPor qu\u00e9 motivos decidieron salir de Per\u00fa en ese momento?\/Me hab\u00edan desalojado y no ten\u00eda donde vivir en Per\u00fa","var_analysis_unit":null,"var_qstn_preqtxt":null,"var_qstn_qstnlit":null,"var_qstn_postqtxt":null,"var_qstn_ivuinstr":null,"var_universe":null,"var_universe_clusion":null,"var_sumstat":[{"value":"0","type":"vald","wgtd":null},{"value":"0","type":"invd","wgtd":null}],"var_txt":null,"var_catgry":[],"var_codinstr":null,"var_concept":[],"var_format":{"type":"numeric","schema":"other","category":null,"name":null},"var_notes":null,"var_val_range":{"min":null,"max":null},"fid":"F2"},{"file_id":"F2","vid":"V222","name":"razones_peru1_8","var_intrvl":"discrete","var_dcml":"0","var_wgt":null,"var_is_wgt":null,"loc_start_pos":null,"loc_end_pos":null,"loc_width":null,"loc_rec_seg_no":null,"labl":"SITUACI\u00d3N EN LA RUTA\/\u00bfPor qu\u00e9 motivos decidieron salir de Per\u00fa en ese momento?\/Ten\u00eda muchas deudas en Per\u00fa","var_imputation":"SITUACI\u00d3N EN LA RUTA\/\u00bfPor qu\u00e9 motivos decidieron salir de Per\u00fa en ese momento?\/Ten\u00eda muchas deudas en Per\u00fa","var_security":"SITUACI\u00d3N EN LA RUTA\/\u00bfPor qu\u00e9 motivos decidieron salir de Per\u00fa en ese momento?\/Ten\u00eda muchas deudas en Per\u00fa","var_resp_unit":"SITUACI\u00d3N EN LA RUTA\/\u00bfPor qu\u00e9 motivos decidieron salir de Per\u00fa en ese momento?\/Ten\u00eda muchas deudas en Per\u00fa","var_analysis_unit":null,"var_qstn_preqtxt":null,"var_qstn_qstnlit":null,"var_qstn_postqtxt":null,"var_qstn_ivuinstr":null,"var_universe":null,"var_universe_clusion":null,"var_sumstat":[{"value":"0","type":"vald","wgtd":null},{"value":"0","type":"invd","wgtd":null}],"var_txt":null,"var_catgry":[],"var_codinstr":null,"var_concept":[],"var_format":{"type":"numeric","schema":"other","category":null,"name":null},"var_notes":null,"var_val_range":{"min":null,"max":null},"fid":"F2"},{"file_id":"F2","vid":"V223","name":"razones_peru1_9","var_intrvl":"discrete","var_dcml":"0","var_wgt":null,"var_is_wgt":null,"loc_start_pos":null,"loc_end_pos":null,"loc_width":null,"loc_rec_seg_no":null,"labl":"SITUACI\u00d3N EN LA RUTA\/\u00bfPor qu\u00e9 motivos decidieron salir de Per\u00fa en ese momento?\/Otro","var_imputation":"SITUACI\u00d3N EN LA RUTA\/\u00bfPor qu\u00e9 motivos decidieron salir de Per\u00fa en ese momento?\/Otro","var_security":"SITUACI\u00d3N EN LA RUTA\/\u00bfPor qu\u00e9 motivos decidieron salir de Per\u00fa en ese momento?\/Otro","var_resp_unit":"SITUACI\u00d3N EN LA RUTA\/\u00bfPor qu\u00e9 motivos decidieron salir de Per\u00fa en ese momento?\/Otro","var_analysis_unit":null,"var_qstn_preqtxt":null,"var_qstn_qstnlit":null,"var_qstn_postqtxt":null,"var_qstn_ivuinstr":null,"var_universe":null,"var_universe_clusion":null,"var_sumstat":[{"value":"0","type":"vald","wgtd":null},{"value":"0","type":"invd","wgtd":null}],"var_txt":null,"var_catgry":[],"var_codinstr":null,"var_concept":[],"var_format":{"type":"numeric","schema":"other","category":null,"name":null},"var_notes":null,"var_val_range":{"min":null,"max":null},"fid":"F2"},{"file_id":"F2","vid":"V224","name":"razones_col_1","var_intrvl":"discrete","var_dcml":"0","var_wgt":null,"var_is_wgt":null,"loc_start_pos":null,"loc_end_pos":null,"loc_width":null,"loc_rec_seg_no":null,"labl":"SITUACI\u00d3N EN LA RUTA\/\u00bfPor qu\u00e9 motivos decidieron salir de Colombia?\/Falta de alimentos","var_imputation":"SITUACI\u00d3N EN LA RUTA\/\u00bfPor qu\u00e9 motivos decidieron salir de Colombia?\/Falta de alimentos","var_security":"SITUACI\u00d3N EN LA RUTA\/\u00bfPor qu\u00e9 motivos decidieron salir de Colombia?\/Falta de alimentos","var_resp_unit":"SITUACI\u00d3N EN LA RUTA\/\u00bfPor qu\u00e9 motivos decidieron salir de Colombia?\/Falta de alimentos","var_analysis_unit":null,"var_qstn_preqtxt":null,"var_qstn_qstnlit":null,"var_qstn_postqtxt":null,"var_qstn_ivuinstr":null,"var_universe":null,"var_universe_clusion":null,"var_sumstat":[{"value":"0","type":"vald","wgtd":null},{"value":"0","type":"invd","wgtd":null}],"var_txt":null,"var_catgry":[],"var_codinstr":null,"var_concept":[],"var_format":{"type":"numeric","schema":"other","category":null,"name":null},"var_notes":null,"var_val_range":{"min":null,"max":null},"fid":"F2"},{"file_id":"F2","vid":"V225","name":"razones_col_2","var_intrvl":"discrete","var_dcml":"0","var_wgt":null,"var_is_wgt":null,"loc_start_pos":null,"loc_end_pos":null,"loc_width":null,"loc_rec_seg_no":null,"labl":"SITUACI\u00d3N EN LA RUTA\/\u00bfPor qu\u00e9 motivos decidieron salir de Colombia?\/Falta de trabajo","var_imputation":"SITUACI\u00d3N EN LA RUTA\/\u00bfPor qu\u00e9 motivos decidieron salir de Colombia?\/Falta de trabajo","var_security":"SITUACI\u00d3N EN LA RUTA\/\u00bfPor qu\u00e9 motivos decidieron salir de Colombia?\/Falta de trabajo","var_resp_unit":"SITUACI\u00d3N EN LA RUTA\/\u00bfPor qu\u00e9 motivos decidieron salir de Colombia?\/Falta de trabajo","var_analysis_unit":null,"var_qstn_preqtxt":null,"var_qstn_qstnlit":null,"var_qstn_postqtxt":null,"var_qstn_ivuinstr":null,"var_universe":null,"var_universe_clusion":null,"var_sumstat":[{"value":"0","type":"vald","wgtd":null},{"value":"0","type":"invd","wgtd":null}],"var_txt":null,"var_catgry":[],"var_codinstr":null,"var_concept":[],"var_format":{"type":"numeric","schema":"other","category":null,"name":null},"var_notes":null,"var_val_range":{"min":null,"max":null},"fid":"F2"},{"file_id":"F2","vid":"V226","name":"razones_col_3","var_intrvl":"discrete","var_dcml":"0","var_wgt":null,"var_is_wgt":null,"loc_start_pos":null,"loc_end_pos":null,"loc_width":null,"loc_rec_seg_no":null,"labl":"SITUACI\u00d3N EN LA RUTA\/\u00bfPor qu\u00e9 motivos decidieron salir de Colombia?\/Sin acceso a salud","var_imputation":"SITUACI\u00d3N EN LA RUTA\/\u00bfPor qu\u00e9 motivos decidieron salir de Colombia?\/Sin acceso a salud","var_security":"SITUACI\u00d3N EN LA RUTA\/\u00bfPor qu\u00e9 motivos decidieron salir de Colombia?\/Sin acceso a salud","var_resp_unit":"SITUACI\u00d3N EN LA RUTA\/\u00bfPor qu\u00e9 motivos decidieron salir de Colombia?\/Sin acceso a salud","var_analysis_unit":null,"var_qstn_preqtxt":null,"var_qstn_qstnlit":null,"var_qstn_postqtxt":null,"var_qstn_ivuinstr":null,"var_universe":null,"var_universe_clusion":null,"var_sumstat":[{"value":"0","type":"vald","wgtd":null},{"value":"0","type":"invd","wgtd":null}],"var_txt":null,"var_catgry":[],"var_codinstr":null,"var_concept":[],"var_format":{"type":"numeric","schema":"other","category":null,"name":null},"var_notes":null,"var_val_range":{"min":null,"max":null},"fid":"F2"},{"file_id":"F2","vid":"V227","name":"razones_col_4","var_intrvl":"discrete","var_dcml":"0","var_wgt":null,"var_is_wgt":null,"loc_start_pos":null,"loc_end_pos":null,"loc_width":null,"loc_rec_seg_no":null,"labl":"SITUACI\u00d3N EN LA RUTA\/\u00bfPor qu\u00e9 motivos decidieron salir de Colombia?\/Sin acceso a educaci\u00f3n","var_imputation":"SITUACI\u00d3N EN LA RUTA\/\u00bfPor qu\u00e9 motivos decidieron salir de Colombia?\/Sin acceso a educaci\u00f3n","var_security":"SITUACI\u00d3N EN LA RUTA\/\u00bfPor qu\u00e9 motivos decidieron salir de Colombia?\/Sin acceso a educaci\u00f3n","var_resp_unit":"SITUACI\u00d3N EN LA RUTA\/\u00bfPor qu\u00e9 motivos decidieron salir de Colombia?\/Sin acceso a educaci\u00f3n","var_analysis_unit":null,"var_qstn_preqtxt":null,"var_qstn_qstnlit":null,"var_qstn_postqtxt":null,"var_qstn_ivuinstr":null,"var_universe":null,"var_universe_clusion":null,"var_sumstat":[{"value":"0","type":"vald","wgtd":null},{"value":"0","type":"invd","wgtd":null}],"var_txt":null,"var_catgry":[],"var_codinstr":null,"var_concept":[],"var_format":{"type":"numeric","schema":"other","category":null,"name":null},"var_notes":null,"var_val_range":{"min":null,"max":null},"fid":"F2"},{"file_id":"F2","vid":"V228","name":"razones_col_5","var_intrvl":"discrete","var_dcml":"0","var_wgt":null,"var_is_wgt":null,"loc_start_pos":null,"loc_end_pos":null,"loc_width":null,"loc_rec_seg_no":null,"labl":"SITUACI\u00d3N EN LA RUTA\/\u00bfPor qu\u00e9 motivos decidieron salir de Colombia?\/Desalojado por no poder pagar el arriendo","var_imputation":"SITUACI\u00d3N EN LA RUTA\/\u00bfPor qu\u00e9 motivos decidieron salir de Colombia?\/Desalojado por no poder pagar el arriendo","var_security":"SITUACI\u00d3N EN LA RUTA\/\u00bfPor qu\u00e9 motivos decidieron salir de Colombia?\/Desalojado por no poder pagar el arriendo","var_resp_unit":"SITUACI\u00d3N EN LA RUTA\/\u00bfPor qu\u00e9 motivos decidieron salir de Colombia?\/Desalojado por no poder pagar el arriendo","var_analysis_unit":null,"var_qstn_preqtxt":null,"var_qstn_qstnlit":null,"var_qstn_postqtxt":null,"var_qstn_ivuinstr":null,"var_universe":null,"var_universe_clusion":null,"var_sumstat":[{"value":"0","type":"vald","wgtd":null},{"value":"0","type":"invd","wgtd":null}],"var_txt":null,"var_catgry":[],"var_codinstr":null,"var_concept":[],"var_format":{"type":"numeric","schema":"other","category":null,"name":null},"var_notes":null,"var_val_range":{"min":null,"max":null},"fid":"F2"},{"file_id":"F2","vid":"V229","name":"razones_col_6","var_intrvl":"discrete","var_dcml":"0","var_wgt":null,"var_is_wgt":null,"loc_start_pos":null,"loc_end_pos":null,"loc_width":null,"loc_rec_seg_no":null,"labl":"SITUACI\u00d3N EN LA RUTA\/\u00bfPor qu\u00e9 motivos decidieron salir de Colombia?\/Deudas en el pa\u00eds de acogida","var_imputation":"SITUACI\u00d3N EN LA RUTA\/\u00bfPor qu\u00e9 motivos decidieron salir de Colombia?\/Deudas en el pa\u00eds de acogida","var_security":"SITUACI\u00d3N EN LA RUTA\/\u00bfPor qu\u00e9 motivos decidieron salir de Colombia?\/Deudas en el pa\u00eds de acogida","var_resp_unit":"SITUACI\u00d3N EN LA RUTA\/\u00bfPor qu\u00e9 motivos decidieron salir de Colombia?\/Deudas en el pa\u00eds de acogida","var_analysis_unit":null,"var_qstn_preqtxt":null,"var_qstn_qstnlit":null,"var_qstn_postqtxt":null,"var_qstn_ivuinstr":null,"var_universe":null,"var_universe_clusion":null,"var_sumstat":[{"value":"0","type":"vald","wgtd":null},{"value":"0","type":"invd","wgtd":null}],"var_txt":null,"var_catgry":[],"var_codinstr":null,"var_concept":[],"var_format":{"type":"numeric","schema":"other","category":null,"name":null},"var_notes":null,"var_val_range":{"min":null,"max":null},"fid":"F2"},{"file_id":"F2","vid":"V230","name":"razones_col_7","var_intrvl":"discrete","var_dcml":"0","var_wgt":null,"var_is_wgt":null,"loc_start_pos":null,"loc_end_pos":null,"loc_width":null,"loc_rec_seg_no":null,"labl":"SITUACI\u00d3N EN LA RUTA\/\u00bfPor qu\u00e9 motivos decidieron salir de Colombia?\/Acoso sexual","var_imputation":"SITUACI\u00d3N EN LA RUTA\/\u00bfPor qu\u00e9 motivos decidieron salir de Colombia?\/Acoso sexual","var_security":"SITUACI\u00d3N EN LA RUTA\/\u00bfPor qu\u00e9 motivos decidieron salir de Colombia?\/Acoso sexual","var_resp_unit":"SITUACI\u00d3N EN LA RUTA\/\u00bfPor qu\u00e9 motivos decidieron salir de Colombia?\/Acoso sexual","var_analysis_unit":null,"var_qstn_preqtxt":null,"var_qstn_qstnlit":null,"var_qstn_postqtxt":null,"var_qstn_ivuinstr":null,"var_universe":null,"var_universe_clusion":null,"var_sumstat":[{"value":"0","type":"vald","wgtd":null},{"value":"0","type":"invd","wgtd":null}],"var_txt":null,"var_catgry":[],"var_codinstr":null,"var_concept":[],"var_format":{"type":"numeric","schema":"other","category":null,"name":null},"var_notes":null,"var_val_range":{"min":null,"max":null},"fid":"F2"},{"file_id":"F2","vid":"V231","name":"razones_col_8","var_intrvl":"discrete","var_dcml":"0","var_wgt":null,"var_is_wgt":null,"loc_start_pos":null,"loc_end_pos":null,"loc_width":null,"loc_rec_seg_no":null,"labl":"SITUACI\u00d3N EN LA RUTA\/\u00bfPor qu\u00e9 motivos decidieron salir de Colombia?\/Acoso laboral","var_imputation":"SITUACI\u00d3N EN LA RUTA\/\u00bfPor qu\u00e9 motivos decidieron salir de Colombia?\/Acoso laboral","var_security":"SITUACI\u00d3N EN LA RUTA\/\u00bfPor qu\u00e9 motivos decidieron salir de Colombia?\/Acoso laboral","var_resp_unit":"SITUACI\u00d3N EN LA RUTA\/\u00bfPor qu\u00e9 motivos decidieron salir de Colombia?\/Acoso laboral","var_analysis_unit":null,"var_qstn_preqtxt":null,"var_qstn_qstnlit":null,"var_qstn_postqtxt":null,"var_qstn_ivuinstr":null,"var_universe":null,"var_universe_clusion":null,"var_sumstat":[{"value":"0","type":"vald","wgtd":null},{"value":"0","type":"invd","wgtd":null}],"var_txt":null,"var_catgry":[],"var_codinstr":null,"var_concept":[],"var_format":{"type":"numeric","schema":"other","category":null,"name":null},"var_notes":null,"var_val_range":{"min":null,"max":null},"fid":"F2"},{"file_id":"F2","vid":"V232","name":"razones_col_9","var_intrvl":"discrete","var_dcml":"0","var_wgt":null,"var_is_wgt":null,"loc_start_pos":null,"loc_end_pos":null,"loc_width":null,"loc_rec_seg_no":null,"labl":"SITUACI\u00d3N EN LA RUTA\/\u00bfPor qu\u00e9 motivos decidieron salir de Colombia?\/Persecusi\u00f3n","var_imputation":"SITUACI\u00d3N EN LA RUTA\/\u00bfPor qu\u00e9 motivos decidieron salir de Colombia?\/Persecusi\u00f3n","var_security":"SITUACI\u00d3N EN LA RUTA\/\u00bfPor qu\u00e9 motivos decidieron salir de Colombia?\/Persecusi\u00f3n","var_resp_unit":"SITUACI\u00d3N EN LA RUTA\/\u00bfPor qu\u00e9 motivos decidieron salir de Colombia?\/Persecusi\u00f3n","var_analysis_unit":null,"var_qstn_preqtxt":null,"var_qstn_qstnlit":null,"var_qstn_postqtxt":null,"var_qstn_ivuinstr":null,"var_universe":null,"var_universe_clusion":null,"var_sumstat":[{"value":"0","type":"vald","wgtd":null},{"value":"0","type":"invd","wgtd":null}],"var_txt":null,"var_catgry":[],"var_codinstr":null,"var_concept":[],"var_format":{"type":"numeric","schema":"other","category":null,"name":null},"var_notes":null,"var_val_range":{"min":null,"max":null},"fid":"F2"},{"file_id":"F2","vid":"V233","name":"razones_col_10","var_intrvl":"discrete","var_dcml":"0","var_wgt":null,"var_is_wgt":null,"loc_start_pos":null,"loc_end_pos":null,"loc_width":null,"loc_rec_seg_no":null,"labl":"SITUACI\u00d3N EN LA RUTA\/\u00bfPor qu\u00e9 motivos decidieron salir de Colombia?\/Discriminaci\u00f3n","var_imputation":"SITUACI\u00d3N EN LA RUTA\/\u00bfPor qu\u00e9 motivos decidieron salir de Colombia?\/Discriminaci\u00f3n","var_security":"SITUACI\u00d3N EN LA RUTA\/\u00bfPor qu\u00e9 motivos decidieron salir de Colombia?\/Discriminaci\u00f3n","var_resp_unit":"SITUACI\u00d3N EN LA RUTA\/\u00bfPor qu\u00e9 motivos decidieron salir de Colombia?\/Discriminaci\u00f3n","var_analysis_unit":null,"var_qstn_preqtxt":null,"var_qstn_qstnlit":null,"var_qstn_postqtxt":null,"var_qstn_ivuinstr":null,"var_universe":null,"var_universe_clusion":null,"var_sumstat":[{"value":"0","type":"vald","wgtd":null},{"value":"0","type":"invd","wgtd":null}],"var_txt":null,"var_catgry":[],"var_codinstr":null,"var_concept":[],"var_format":{"type":"numeric","schema":"other","category":null,"name":null},"var_notes":null,"var_val_range":{"min":null,"max":null},"fid":"F2"},{"file_id":"F2","vid":"V234","name":"razones_col_11","var_intrvl":"discrete","var_dcml":"0","var_wgt":null,"var_is_wgt":null,"loc_start_pos":null,"loc_end_pos":null,"loc_width":null,"loc_rec_seg_no":null,"labl":"SITUACI\u00d3N EN LA RUTA\/\u00bfPor qu\u00e9 motivos decidieron salir de Colombia?\/Reunificaci\u00f3n familiar","var_imputation":"SITUACI\u00d3N EN LA RUTA\/\u00bfPor qu\u00e9 motivos decidieron salir de Colombia?\/Reunificaci\u00f3n familiar","var_security":"SITUACI\u00d3N EN LA RUTA\/\u00bfPor qu\u00e9 motivos decidieron salir de Colombia?\/Reunificaci\u00f3n familiar","var_resp_unit":"SITUACI\u00d3N EN LA RUTA\/\u00bfPor qu\u00e9 motivos decidieron salir de Colombia?\/Reunificaci\u00f3n familiar","var_analysis_unit":null,"var_qstn_preqtxt":null,"var_qstn_qstnlit":null,"var_qstn_postqtxt":null,"var_qstn_ivuinstr":null,"var_universe":null,"var_universe_clusion":null,"var_sumstat":[{"value":"0","type":"vald","wgtd":null},{"value":"0","type":"invd","wgtd":null}],"var_txt":null,"var_catgry":[],"var_codinstr":null,"var_concept":[],"var_format":{"type":"numeric","schema":"other","category":null,"name":null},"var_notes":null,"var_val_range":{"min":null,"max":null},"fid":"F2"},{"file_id":"F2","vid":"V235","name":"razones_col_12","var_intrvl":"discrete","var_dcml":"0","var_wgt":null,"var_is_wgt":null,"loc_start_pos":null,"loc_end_pos":null,"loc_width":null,"loc_rec_seg_no":null,"labl":"SITUACI\u00d3N EN LA RUTA\/\u00bfPor qu\u00e9 motivos decidieron salir de Colombia?\/Violencia e inseguridad por protestas","var_imputation":"SITUACI\u00d3N EN LA RUTA\/\u00bfPor qu\u00e9 motivos decidieron salir de Colombia?\/Violencia e inseguridad por protestas","var_security":"SITUACI\u00d3N EN LA RUTA\/\u00bfPor qu\u00e9 motivos decidieron salir de Colombia?\/Violencia e inseguridad por protestas","var_resp_unit":"SITUACI\u00d3N EN LA RUTA\/\u00bfPor qu\u00e9 motivos decidieron salir de Colombia?\/Violencia e inseguridad por protestas","var_analysis_unit":null,"var_qstn_preqtxt":null,"var_qstn_qstnlit":null,"var_qstn_postqtxt":null,"var_qstn_ivuinstr":null,"var_universe":null,"var_universe_clusion":null,"var_sumstat":[{"value":"0","type":"vald","wgtd":null},{"value":"0","type":"invd","wgtd":null}],"var_txt":null,"var_catgry":[],"var_codinstr":null,"var_concept":[],"var_format":{"type":"numeric","schema":"other","category":null,"name":null},"var_notes":null,"var_val_range":{"min":null,"max":null},"fid":"F2"},{"file_id":"F2","vid":"V236","name":"razones_col_13","var_intrvl":"discrete","var_dcml":"0","var_wgt":null,"var_is_wgt":null,"loc_start_pos":null,"loc_end_pos":null,"loc_width":null,"loc_rec_seg_no":null,"labl":"SITUACI\u00d3N EN LA RUTA\/\u00bfPor qu\u00e9 motivos decidieron salir de Colombia?\/Paro nacional","var_imputation":"SITUACI\u00d3N EN LA RUTA\/\u00bfPor qu\u00e9 motivos decidieron salir de Colombia?\/Paro nacional","var_security":"SITUACI\u00d3N EN LA RUTA\/\u00bfPor qu\u00e9 motivos decidieron salir de Colombia?\/Paro nacional","var_resp_unit":"SITUACI\u00d3N EN LA RUTA\/\u00bfPor qu\u00e9 motivos decidieron salir de Colombia?\/Paro nacional","var_analysis_unit":null,"var_qstn_preqtxt":null,"var_qstn_qstnlit":null,"var_qstn_postqtxt":null,"var_qstn_ivuinstr":null,"var_universe":null,"var_universe_clusion":null,"var_sumstat":[{"value":"0","type":"vald","wgtd":null},{"value":"0","type":"invd","wgtd":null}],"var_txt":null,"var_catgry":[],"var_codinstr":null,"var_concept":[],"var_format":{"type":"numeric","schema":"other","category":null,"name":null},"var_notes":null,"var_val_range":{"min":null,"max":null},"fid":"F2"},{"file_id":"F2","vid":"V237","name":"razones_col_14","var_intrvl":"discrete","var_dcml":"0","var_wgt":null,"var_is_wgt":null,"loc_start_pos":null,"loc_end_pos":null,"loc_width":null,"loc_rec_seg_no":null,"labl":"SITUACI\u00d3N EN LA RUTA\/\u00bfPor qu\u00e9 motivos decidieron salir de Colombia?\/Imposibilidad de enviar remesas a Venezuela","var_imputation":"SITUACI\u00d3N EN LA RUTA\/\u00bfPor qu\u00e9 motivos decidieron salir de Colombia?\/Imposibilidad de enviar remesas a Venezuela","var_security":"SITUACI\u00d3N EN LA RUTA\/\u00bfPor qu\u00e9 motivos decidieron salir de Colombia?\/Imposibilidad de enviar remesas a Venezuela","var_resp_unit":"SITUACI\u00d3N EN LA RUTA\/\u00bfPor qu\u00e9 motivos decidieron salir de Colombia?\/Imposibilidad de enviar remesas a Venezuela","var_analysis_unit":null,"var_qstn_preqtxt":null,"var_qstn_qstnlit":null,"var_qstn_postqtxt":null,"var_qstn_ivuinstr":null,"var_universe":null,"var_universe_clusion":null,"var_sumstat":[{"value":"0","type":"vald","wgtd":null},{"value":"0","type":"invd","wgtd":null}],"var_txt":null,"var_catgry":[],"var_codinstr":null,"var_concept":[],"var_format":{"type":"numeric","schema":"other","category":null,"name":null},"var_notes":null,"var_val_range":{"min":null,"max":null},"fid":"F2"},{"file_id":"F2","vid":"V238","name":"razones_col_15","var_intrvl":"discrete","var_dcml":"0","var_wgt":null,"var_is_wgt":null,"loc_start_pos":null,"loc_end_pos":null,"loc_width":null,"loc_rec_seg_no":null,"labl":"SITUACI\u00d3N EN LA RUTA\/\u00bfPor qu\u00e9 motivos decidieron salir de Colombia?\/Otro","var_imputation":"SITUACI\u00d3N EN LA RUTA\/\u00bfPor qu\u00e9 motivos decidieron salir de Colombia?\/Otro","var_security":"SITUACI\u00d3N EN LA RUTA\/\u00bfPor qu\u00e9 motivos decidieron salir de Colombia?\/Otro","var_resp_unit":"SITUACI\u00d3N EN LA RUTA\/\u00bfPor qu\u00e9 motivos decidieron salir de Colombia?\/Otro","var_analysis_unit":null,"var_qstn_preqtxt":null,"var_qstn_qstnlit":null,"var_qstn_postqtxt":null,"var_qstn_ivuinstr":null,"var_universe":null,"var_universe_clusion":null,"var_sumstat":[{"value":"0","type":"vald","wgtd":null},{"value":"0","type":"invd","wgtd":null}],"var_txt":null,"var_catgry":[],"var_codinstr":null,"var_concept":[],"var_format":{"type":"numeric","schema":"other","category":null,"name":null},"var_notes":null,"var_val_range":{"min":null,"max":null},"fid":"F2"},{"file_id":"F2","vid":"V239","name":"razones_peru2_1","var_intrvl":"discrete","var_dcml":"0","var_wgt":null,"var_is_wgt":null,"loc_start_pos":null,"loc_end_pos":null,"loc_width":null,"loc_rec_seg_no":null,"labl":"SITUACI\u00d3N EN LA RUTA\/\u00bfPor qu\u00e9 motivos decidieron venir a Per\u00fa?\/Tengo familiares en Per\u00fa","var_imputation":"SITUACI\u00d3N EN LA RUTA\/\u00bfPor qu\u00e9 motivos decidieron venir a Per\u00fa?\/Tengo familiares en Per\u00fa","var_security":"SITUACI\u00d3N EN LA RUTA\/\u00bfPor qu\u00e9 motivos decidieron venir a Per\u00fa?\/Tengo familiares en Per\u00fa","var_resp_unit":"SITUACI\u00d3N EN LA RUTA\/\u00bfPor qu\u00e9 motivos decidieron venir a Per\u00fa?\/Tengo familiares en Per\u00fa","var_analysis_unit":null,"var_qstn_preqtxt":null,"var_qstn_qstnlit":null,"var_qstn_postqtxt":null,"var_qstn_ivuinstr":null,"var_universe":null,"var_universe_clusion":null,"var_sumstat":[{"value":"0","type":"vald","wgtd":null},{"value":"0","type":"invd","wgtd":null}],"var_txt":null,"var_catgry":[],"var_codinstr":null,"var_concept":[],"var_format":{"type":"numeric","schema":"other","category":null,"name":null},"var_notes":null,"var_val_range":{"min":null,"max":null},"fid":"F2"},{"file_id":"F2","vid":"V240","name":"razones_peru2_2","var_intrvl":"discrete","var_dcml":"0","var_wgt":null,"var_is_wgt":null,"loc_start_pos":null,"loc_end_pos":null,"loc_width":null,"loc_rec_seg_no":null,"labl":"SITUACI\u00d3N EN LA RUTA\/\u00bfPor qu\u00e9 motivos decidieron venir a Per\u00fa?\/Tengo conocidos en Per\u00fa","var_imputation":"SITUACI\u00d3N EN LA RUTA\/\u00bfPor qu\u00e9 motivos decidieron venir a Per\u00fa?\/Tengo conocidos en Per\u00fa","var_security":"SITUACI\u00d3N EN LA RUTA\/\u00bfPor qu\u00e9 motivos decidieron venir a Per\u00fa?\/Tengo conocidos en Per\u00fa","var_resp_unit":"SITUACI\u00d3N EN LA RUTA\/\u00bfPor qu\u00e9 motivos decidieron venir a Per\u00fa?\/Tengo conocidos en Per\u00fa","var_analysis_unit":null,"var_qstn_preqtxt":null,"var_qstn_qstnlit":null,"var_qstn_postqtxt":null,"var_qstn_ivuinstr":null,"var_universe":null,"var_universe_clusion":null,"var_sumstat":[{"value":"0","type":"vald","wgtd":null},{"value":"0","type":"invd","wgtd":null}],"var_txt":null,"var_catgry":[],"var_codinstr":null,"var_concept":[],"var_format":{"type":"numeric","schema":"other","category":null,"name":null},"var_notes":null,"var_val_range":{"min":null,"max":null},"fid":"F2"},{"file_id":"F2","vid":"V241","name":"razones_peru2_3","var_intrvl":"discrete","var_dcml":"0","var_wgt":null,"var_is_wgt":null,"loc_start_pos":null,"loc_end_pos":null,"loc_width":null,"loc_rec_seg_no":null,"labl":"SITUACI\u00d3N EN LA RUTA\/\u00bfPor qu\u00e9 motivos decidieron venir a Per\u00fa?\/Tengo opciones de trabajo concretas en Per\u00fa","var_imputation":"SITUACI\u00d3N EN LA RUTA\/\u00bfPor qu\u00e9 motivos decidieron venir a Per\u00fa?\/Tengo opciones de trabajo concretas en Per\u00fa","var_security":"SITUACI\u00d3N EN LA RUTA\/\u00bfPor qu\u00e9 motivos decidieron venir a Per\u00fa?\/Tengo opciones de trabajo concretas en Per\u00fa","var_resp_unit":"SITUACI\u00d3N EN LA RUTA\/\u00bfPor qu\u00e9 motivos decidieron venir a Per\u00fa?\/Tengo opciones de trabajo concretas en Per\u00fa","var_analysis_unit":null,"var_qstn_preqtxt":null,"var_qstn_qstnlit":null,"var_qstn_postqtxt":null,"var_qstn_ivuinstr":null,"var_universe":null,"var_universe_clusion":null,"var_sumstat":[{"value":"0","type":"vald","wgtd":null},{"value":"0","type":"invd","wgtd":null}],"var_txt":null,"var_catgry":[],"var_codinstr":null,"var_concept":[],"var_format":{"type":"numeric","schema":"other","category":null,"name":null},"var_notes":null,"var_val_range":{"min":null,"max":null},"fid":"F2"},{"file_id":"F2","vid":"V242","name":"razones_peru2_4","var_intrvl":"discrete","var_dcml":"0","var_wgt":null,"var_is_wgt":null,"loc_start_pos":null,"loc_end_pos":null,"loc_width":null,"loc_rec_seg_no":null,"labl":"SITUACI\u00d3N EN LA RUTA\/\u00bfPor qu\u00e9 motivos decidieron venir a Per\u00fa?\/Creo que en Per\u00fa tengo m\u00e1s opciones de encontrar trabajo","var_imputation":"SITUACI\u00d3N EN LA RUTA\/\u00bfPor qu\u00e9 motivos decidieron venir a Per\u00fa?\/Creo que en Per\u00fa tengo m\u00e1s opciones de encontrar trabajo","var_security":"SITUACI\u00d3N EN LA RUTA\/\u00bfPor qu\u00e9 motivos decidieron venir a Per\u00fa?\/Creo que en Per\u00fa tengo m\u00e1s opciones de encontrar trabajo","var_resp_unit":"SITUACI\u00d3N EN LA RUTA\/\u00bfPor qu\u00e9 motivos decidieron venir a Per\u00fa?\/Creo que en Per\u00fa tengo m\u00e1s opciones de encontrar trabajo","var_analysis_unit":null,"var_qstn_preqtxt":null,"var_qstn_qstnlit":null,"var_qstn_postqtxt":null,"var_qstn_ivuinstr":null,"var_universe":null,"var_universe_clusion":null,"var_sumstat":[{"value":"0","type":"vald","wgtd":null},{"value":"0","type":"invd","wgtd":null}],"var_txt":null,"var_catgry":[],"var_codinstr":null,"var_concept":[],"var_format":{"type":"numeric","schema":"other","category":null,"name":null},"var_notes":null,"var_val_range":{"min":null,"max":null},"fid":"F2"},{"file_id":"F2","vid":"V243","name":"razones_peru2_5","var_intrvl":"discrete","var_dcml":"0","var_wgt":null,"var_is_wgt":null,"loc_start_pos":null,"loc_end_pos":null,"loc_width":null,"loc_rec_seg_no":null,"labl":"SITUACI\u00d3N EN LA RUTA\/\u00bfPor qu\u00e9 motivos decidieron venir a Per\u00fa?\/Creo que en Per\u00fa tengo m\u00e1s opciones de acceder a servicios de salud","var_imputation":"SITUACI\u00d3N EN LA RUTA\/\u00bfPor qu\u00e9 motivos decidieron venir a Per\u00fa?\/Creo que en Per\u00fa tengo m\u00e1s opciones de acceder a servicios de salud","var_security":"SITUACI\u00d3N EN LA RUTA\/\u00bfPor qu\u00e9 motivos decidieron venir a Per\u00fa?\/Creo que en Per\u00fa tengo m\u00e1s opciones de acceder a servicios de salud","var_resp_unit":"SITUACI\u00d3N EN LA RUTA\/\u00bfPor qu\u00e9 motivos decidieron venir a Per\u00fa?\/Creo que en Per\u00fa tengo m\u00e1s opciones de acceder a servicios de salud","var_analysis_unit":null,"var_qstn_preqtxt":null,"var_qstn_qstnlit":null,"var_qstn_postqtxt":null,"var_qstn_ivuinstr":null,"var_universe":null,"var_universe_clusion":null,"var_sumstat":[{"value":"0","type":"vald","wgtd":null},{"value":"0","type":"invd","wgtd":null}],"var_txt":null,"var_catgry":[],"var_codinstr":null,"var_concept":[],"var_format":{"type":"numeric","schema":"other","category":null,"name":null},"var_notes":null,"var_val_range":{"min":null,"max":null},"fid":"F2"},{"file_id":"F2","vid":"V244","name":"razones_peru2_6","var_intrvl":"discrete","var_dcml":"0","var_wgt":null,"var_is_wgt":null,"loc_start_pos":null,"loc_end_pos":null,"loc_width":null,"loc_rec_seg_no":null,"labl":"SITUACI\u00d3N EN LA RUTA\/\u00bfPor qu\u00e9 motivos decidieron venir a Per\u00fa?\/Creo que en Per\u00fa tengo m\u00e1s opciones de acceder a servicios de educaci\u00f3n","var_imputation":"SITUACI\u00d3N EN LA RUTA\/\u00bfPor qu\u00e9 motivos decidieron venir a Per\u00fa?\/Creo que en Per\u00fa tengo m\u00e1s opciones de acceder a servicios de educaci\u00f3n","var_security":"SITUACI\u00d3N EN LA RUTA\/\u00bfPor qu\u00e9 motivos decidieron venir a Per\u00fa?\/Creo que en Per\u00fa tengo m\u00e1s opciones de acceder a servicios de educaci\u00f3n","var_resp_unit":"SITUACI\u00d3N EN LA RUTA\/\u00bfPor qu\u00e9 motivos decidieron venir a Per\u00fa?\/Creo que en Per\u00fa tengo m\u00e1s opciones de acceder a servicios de educaci\u00f3n","var_analysis_unit":null,"var_qstn_preqtxt":null,"var_qstn_qstnlit":null,"var_qstn_postqtxt":null,"var_qstn_ivuinstr":null,"var_universe":null,"var_universe_clusion":null,"var_sumstat":[{"value":"0","type":"vald","wgtd":null},{"value":"0","type":"invd","wgtd":null}],"var_txt":null,"var_catgry":[],"var_codinstr":null,"var_concept":[],"var_format":{"type":"numeric","schema":"other","category":null,"name":null},"var_notes":null,"var_val_range":{"min":null,"max":null},"fid":"F2"},{"file_id":"F2","vid":"V245","name":"razones_peru2_7","var_intrvl":"discrete","var_dcml":"0","var_wgt":null,"var_is_wgt":null,"loc_start_pos":null,"loc_end_pos":null,"loc_width":null,"loc_rec_seg_no":null,"labl":"SITUACI\u00d3N EN LA RUTA\/\u00bfPor qu\u00e9 motivos decidieron venir a Per\u00fa?\/Creo que en Per\u00fa tengo m\u00e1s opciones de acceder a alimentaci\u00f3n","var_imputation":"SITUACI\u00d3N EN LA RUTA\/\u00bfPor qu\u00e9 motivos decidieron venir a Per\u00fa?\/Creo que en Per\u00fa tengo m\u00e1s opciones de acceder a alimentaci\u00f3n","var_security":"SITUACI\u00d3N EN LA RUTA\/\u00bfPor qu\u00e9 motivos decidieron venir a Per\u00fa?\/Creo que en Per\u00fa tengo m\u00e1s opciones de acceder a alimentaci\u00f3n","var_resp_unit":"SITUACI\u00d3N EN LA RUTA\/\u00bfPor qu\u00e9 motivos decidieron venir a Per\u00fa?\/Creo que en Per\u00fa tengo m\u00e1s opciones de acceder a alimentaci\u00f3n","var_analysis_unit":null,"var_qstn_preqtxt":null,"var_qstn_qstnlit":null,"var_qstn_postqtxt":null,"var_qstn_ivuinstr":null,"var_universe":null,"var_universe_clusion":null,"var_sumstat":[{"value":"0","type":"vald","wgtd":null},{"value":"0","type":"invd","wgtd":null}],"var_txt":null,"var_catgry":[],"var_codinstr":null,"var_concept":[],"var_format":{"type":"numeric","schema":"other","category":null,"name":null},"var_notes":null,"var_val_range":{"min":null,"max":null},"fid":"F2"},{"file_id":"F2","vid":"V246","name":"razones_peru2_8","var_intrvl":"discrete","var_dcml":"0","var_wgt":null,"var_is_wgt":null,"loc_start_pos":null,"loc_end_pos":null,"loc_width":null,"loc_rec_seg_no":null,"labl":"SITUACI\u00d3N EN LA RUTA\/\u00bfPor qu\u00e9 motivos decidieron venir a Per\u00fa?\/Otro","var_imputation":"SITUACI\u00d3N EN LA RUTA\/\u00bfPor qu\u00e9 motivos decidieron venir a Per\u00fa?\/Otro","var_security":"SITUACI\u00d3N EN LA RUTA\/\u00bfPor qu\u00e9 motivos decidieron venir a Per\u00fa?\/Otro","var_resp_unit":"SITUACI\u00d3N EN LA RUTA\/\u00bfPor qu\u00e9 motivos decidieron venir a Per\u00fa?\/Otro","var_analysis_unit":null,"var_qstn_preqtxt":null,"var_qstn_qstnlit":null,"var_qstn_postqtxt":null,"var_qstn_ivuinstr":null,"var_universe":null,"var_universe_clusion":null,"var_sumstat":[{"value":"0","type":"vald","wgtd":null},{"value":"0","type":"invd","wgtd":null}],"var_txt":null,"var_catgry":[],"var_codinstr":null,"var_concept":[],"var_format":{"type":"numeric","schema":"other","category":null,"name":null},"var_notes":null,"var_val_range":{"min":null,"max":null},"fid":"F2"},{"file_id":"F2","vid":"V247","name":"miembros","var_intrvl":"discrete","var_dcml":"0","var_wgt":null,"var_is_wgt":null,"loc_start_pos":null,"loc_end_pos":null,"loc_width":null,"loc_rec_seg_no":null,"labl":"INFORMACI\u00d3N DE MIEMBROS DE LA FAMILIA\/\u00bfCu\u00e1ntos miembros de su familia est\u00e1n ingresando a Per\u00fa, incluido usted?","var_imputation":"INFORMACI\u00d3N DE MIEMBROS DE LA FAMILIA\/\u00bfCu\u00e1ntos miembros de su familia est\u00e1n ingresando a Per\u00fa, incluido usted?","var_security":"INFORMACI\u00d3N DE MIEMBROS DE LA FAMILIA\/\u00bfCu\u00e1ntos miembros de su familia est\u00e1n ingresando a Per\u00fa, incluido usted?","var_resp_unit":"INFORMACI\u00d3N DE MIEMBROS DE LA FAMILIA\/\u00bfCu\u00e1ntos miembros de su familia est\u00e1n ingresando a Per\u00fa, incluido usted?","var_analysis_unit":null,"var_qstn_preqtxt":null,"var_qstn_qstnlit":null,"var_qstn_postqtxt":null,"var_qstn_ivuinstr":null,"var_universe":null,"var_universe_clusion":null,"var_sumstat":[{"value":"0","type":"vald","wgtd":null},{"value":"0","type":"invd","wgtd":null}],"var_txt":null,"var_catgry":[],"var_codinstr":null,"var_concept":[],"var_format":{"type":"numeric","schema":"other","category":null,"name":null},"var_notes":null,"var_val_range":{"min":null,"max":null},"fid":"F2"},{"file_id":"F2","vid":"V248","name":"pagos_frontera","var_intrvl":"discrete","var_dcml":"0","var_wgt":null,"var_is_wgt":null,"loc_start_pos":null,"loc_end_pos":null,"loc_width":null,"loc_rec_seg_no":null,"labl":"RUTA A PER\u00da E INCIDENTES DE PROTECCI\u00d3N\/\u00bfTuvo que realizar alg\u00fan pago para que lo ayudaran a pasar la frontera?","var_imputation":"RUTA A PER\u00da E INCIDENTES DE PROTECCI\u00d3N\/\u00bfTuvo que realizar alg\u00fan pago para que lo ayudaran a pasar la frontera?","var_security":"RUTA A PER\u00da E INCIDENTES DE PROTECCI\u00d3N\/\u00bfTuvo que realizar alg\u00fan pago para que lo ayudaran a pasar la frontera?","var_resp_unit":"RUTA A PER\u00da E INCIDENTES DE PROTECCI\u00d3N\/\u00bfTuvo que realizar alg\u00fan pago para que lo ayudaran a pasar la frontera?","var_analysis_unit":null,"var_qstn_preqtxt":null,"var_qstn_qstnlit":null,"var_qstn_postqtxt":null,"var_qstn_ivuinstr":null,"var_universe":null,"var_universe_clusion":null,"var_sumstat":[{"value":"0","type":"vald","wgtd":null},{"value":"0","type":"invd","wgtd":null}],"var_txt":null,"var_catgry":[{"value":"1","labl":"No","is_missing":null,"stats":[]},{"value":"2","labl":"Si","is_missing":null,"stats":[]}],"var_codinstr":null,"var_concept":[],"var_format":{"type":"numeric","schema":"other","category":null,"name":null},"var_notes":null,"var_val_range":{"min":"1","max":"2"},"fid":"F2"},{"file_id":"F2","vid":"V249","name":"incidentes_1","var_intrvl":"discrete","var_dcml":"0","var_wgt":null,"var_is_wgt":null,"loc_start_pos":null,"loc_end_pos":null,"loc_width":null,"loc_rec_seg_no":null,"labl":"RUTA A PER\u00da E INCIDENTES DE PROTECCI\u00d3N\/Desde que inici\u00f3 su viaje, \u00bfusted o algui\u00e9n de su familia sufri\u00f3 alguno de estos incidentes?\/Trato denigrante e intimidaci\u00f3n","var_imputation":"RUTA A PER\u00da E INCIDENTES DE PROTECCI\u00d3N\/Desde que inici\u00f3 su viaje, \u00bfusted o algui\u00e9n de su familia sufri\u00f3 alguno de estos incidentes?\/Trato denigrante e intimidaci\u00f3n","var_security":"RUTA A PER\u00da E INCIDENTES DE PROTECCI\u00d3N\/Desde que inici\u00f3 su viaje, \u00bfusted o algui\u00e9n de su familia sufri\u00f3 alguno de estos incidentes?\/Trato denigrante e intimidaci\u00f3n","var_resp_unit":"RUTA A PER\u00da E INCIDENTES DE PROTECCI\u00d3N\/Desde que inici\u00f3 su viaje, \u00bfusted o algui\u00e9n de su familia sufri\u00f3 alguno de estos incidentes?\/Trato denigrante e intimidaci\u00f3n","var_analysis_unit":null,"var_qstn_preqtxt":null,"var_qstn_qstnlit":null,"var_qstn_postqtxt":null,"var_qstn_ivuinstr":null,"var_universe":null,"var_universe_clusion":null,"var_sumstat":[{"value":"0","type":"vald","wgtd":null},{"value":"0","type":"invd","wgtd":null}],"var_txt":null,"var_catgry":[],"var_codinstr":null,"var_concept":[],"var_format":{"type":"numeric","schema":"other","category":null,"name":null},"var_notes":null,"var_val_range":{"min":null,"max":null},"fid":"F2"},{"file_id":"F2","vid":"V250","name":"incidentes_2","var_intrvl":"discrete","var_dcml":"0","var_wgt":null,"var_is_wgt":null,"loc_start_pos":null,"loc_end_pos":null,"loc_width":null,"loc_rec_seg_no":null,"labl":"RUTA A PER\u00da E INCIDENTES DE PROTECCI\u00d3N\/Desde que inici\u00f3 su viaje, \u00bfusted o algui\u00e9n de su familia sufri\u00f3 alguno de estos incidentes?\/Agresi\u00f3n\/violencia f\u00edsica","var_imputation":"RUTA A PER\u00da E INCIDENTES DE PROTECCI\u00d3N\/Desde que inici\u00f3 su viaje, \u00bfusted o algui\u00e9n de su familia sufri\u00f3 alguno de estos incidentes?\/Agresi\u00f3n\/violencia f\u00edsica","var_security":"RUTA A PER\u00da E INCIDENTES DE PROTECCI\u00d3N\/Desde que inici\u00f3 su viaje, \u00bfusted o algui\u00e9n de su familia sufri\u00f3 alguno de estos incidentes?\/Agresi\u00f3n\/violencia f\u00edsica","var_resp_unit":"RUTA A PER\u00da E INCIDENTES DE PROTECCI\u00d3N\/Desde que inici\u00f3 su viaje, \u00bfusted o algui\u00e9n de su familia sufri\u00f3 alguno de estos incidentes?\/Agresi\u00f3n\/violencia f\u00edsica","var_analysis_unit":null,"var_qstn_preqtxt":null,"var_qstn_qstnlit":null,"var_qstn_postqtxt":null,"var_qstn_ivuinstr":null,"var_universe":null,"var_universe_clusion":null,"var_sumstat":[{"value":"0","type":"vald","wgtd":null},{"value":"0","type":"invd","wgtd":null}],"var_txt":null,"var_catgry":[],"var_codinstr":null,"var_concept":[],"var_format":{"type":"numeric","schema":"other","category":null,"name":null},"var_notes":null,"var_val_range":{"min":null,"max":null},"fid":"F2"},{"file_id":"F2","vid":"V251","name":"incidentes_3","var_intrvl":"discrete","var_dcml":"0","var_wgt":null,"var_is_wgt":null,"loc_start_pos":null,"loc_end_pos":null,"loc_width":null,"loc_rec_seg_no":null,"labl":"RUTA A PER\u00da E INCIDENTES DE PROTECCI\u00d3N\/Desde que inici\u00f3 su viaje, \u00bfusted o algui\u00e9n de su familia sufri\u00f3 alguno de estos incidentes?\/Manifestaciones xen\u00f3fobas\/discriminatorias","var_imputation":"RUTA A PER\u00da E INCIDENTES DE PROTECCI\u00d3N\/Desde que inici\u00f3 su viaje, \u00bfusted o algui\u00e9n de su familia sufri\u00f3 alguno de estos incidentes?\/Manifestaciones xen\u00f3fobas\/discriminatorias","var_security":"RUTA A PER\u00da E INCIDENTES DE PROTECCI\u00d3N\/Desde que inici\u00f3 su viaje, \u00bfusted o algui\u00e9n de su familia sufri\u00f3 alguno de estos incidentes?\/Manifestaciones xen\u00f3fobas\/discriminatorias","var_resp_unit":"RUTA A PER\u00da E INCIDENTES DE PROTECCI\u00d3N\/Desde que inici\u00f3 su viaje, \u00bfusted o algui\u00e9n de su familia sufri\u00f3 alguno de estos incidentes?\/Manifestaciones xen\u00f3fobas\/discriminatorias","var_analysis_unit":null,"var_qstn_preqtxt":null,"var_qstn_qstnlit":null,"var_qstn_postqtxt":null,"var_qstn_ivuinstr":null,"var_universe":null,"var_universe_clusion":null,"var_sumstat":[{"value":"0","type":"vald","wgtd":null},{"value":"0","type":"invd","wgtd":null}],"var_txt":null,"var_catgry":[],"var_codinstr":null,"var_concept":[],"var_format":{"type":"numeric","schema":"other","category":null,"name":null},"var_notes":null,"var_val_range":{"min":null,"max":null},"fid":"F2"},{"file_id":"F2","vid":"V252","name":"incidentes_4","var_intrvl":"discrete","var_dcml":"0","var_wgt":null,"var_is_wgt":null,"loc_start_pos":null,"loc_end_pos":null,"loc_width":null,"loc_rec_seg_no":null,"labl":"RUTA A PER\u00da E INCIDENTES DE PROTECCI\u00d3N\/Desde que inici\u00f3 su viaje, \u00bfusted o algui\u00e9n de su familia sufri\u00f3 alguno de estos incidentes?\/Robo de dinero, pertenencias o documentos","var_imputation":"RUTA A PER\u00da E INCIDENTES DE PROTECCI\u00d3N\/Desde que inici\u00f3 su viaje, \u00bfusted o algui\u00e9n de su familia sufri\u00f3 alguno de estos incidentes?\/Robo de dinero, pertenencias o documentos","var_security":"RUTA A PER\u00da E INCIDENTES DE PROTECCI\u00d3N\/Desde que inici\u00f3 su viaje, \u00bfusted o algui\u00e9n de su familia sufri\u00f3 alguno de estos incidentes?\/Robo de dinero, pertenencias o documentos","var_resp_unit":"RUTA A PER\u00da E INCIDENTES DE PROTECCI\u00d3N\/Desde que inici\u00f3 su viaje, \u00bfusted o algui\u00e9n de su familia sufri\u00f3 alguno de estos incidentes?\/Robo de dinero, pertenencias o documentos","var_analysis_unit":null,"var_qstn_preqtxt":null,"var_qstn_qstnlit":null,"var_qstn_postqtxt":null,"var_qstn_ivuinstr":null,"var_universe":null,"var_universe_clusion":null,"var_sumstat":[{"value":"0","type":"vald","wgtd":null},{"value":"0","type":"invd","wgtd":null}],"var_txt":null,"var_catgry":[],"var_codinstr":null,"var_concept":[],"var_format":{"type":"numeric","schema":"other","category":null,"name":null},"var_notes":null,"var_val_range":{"min":null,"max":null},"fid":"F2"},{"file_id":"F2","vid":"V253","name":"incidentes_5","var_intrvl":"discrete","var_dcml":"0","var_wgt":null,"var_is_wgt":null,"loc_start_pos":null,"loc_end_pos":null,"loc_width":null,"loc_rec_seg_no":null,"labl":"RUTA A PER\u00da E INCIDENTES DE PROTECCI\u00d3N\/Desde que inici\u00f3 su viaje, \u00bfusted o algui\u00e9n de su familia sufri\u00f3 alguno de estos incidentes?\/Destrucci\u00f3n de pertenencias o documentos","var_imputation":"RUTA A PER\u00da E INCIDENTES DE PROTECCI\u00d3N\/Desde que inici\u00f3 su viaje, \u00bfusted o algui\u00e9n de su familia sufri\u00f3 alguno de estos incidentes?\/Destrucci\u00f3n de pertenencias o documentos","var_security":"RUTA A PER\u00da E INCIDENTES DE PROTECCI\u00d3N\/Desde que inici\u00f3 su viaje, \u00bfusted o algui\u00e9n de su familia sufri\u00f3 alguno de estos incidentes?\/Destrucci\u00f3n de pertenencias o documentos","var_resp_unit":"RUTA A PER\u00da E INCIDENTES DE PROTECCI\u00d3N\/Desde que inici\u00f3 su viaje, \u00bfusted o algui\u00e9n de su familia sufri\u00f3 alguno de estos incidentes?\/Destrucci\u00f3n de pertenencias o documentos","var_analysis_unit":null,"var_qstn_preqtxt":null,"var_qstn_qstnlit":null,"var_qstn_postqtxt":null,"var_qstn_ivuinstr":null,"var_universe":null,"var_universe_clusion":null,"var_sumstat":[{"value":"0","type":"vald","wgtd":null},{"value":"0","type":"invd","wgtd":null}],"var_txt":null,"var_catgry":[],"var_codinstr":null,"var_concept":[],"var_format":{"type":"numeric","schema":"other","category":null,"name":null},"var_notes":null,"var_val_range":{"min":null,"max":null},"fid":"F2"},{"file_id":"F2","vid":"V254","name":"incidentes_6","var_intrvl":"discrete","var_dcml":"0","var_wgt":null,"var_is_wgt":null,"loc_start_pos":null,"loc_end_pos":null,"loc_width":null,"loc_rec_seg_no":null,"labl":"RUTA A PER\u00da E INCIDENTES DE PROTECCI\u00d3N\/Desde que inici\u00f3 su viaje, \u00bfusted o algui\u00e9n de su familia sufri\u00f3 alguno de estos incidentes?\/Accidentes f\u00edsicos por la dificultad del terreno","var_imputation":"RUTA A PER\u00da E INCIDENTES DE PROTECCI\u00d3N\/Desde que inici\u00f3 su viaje, \u00bfusted o algui\u00e9n de su familia sufri\u00f3 alguno de estos incidentes?\/Accidentes f\u00edsicos por la dificultad del terreno","var_security":"RUTA A PER\u00da E INCIDENTES DE PROTECCI\u00d3N\/Desde que inici\u00f3 su viaje, \u00bfusted o algui\u00e9n de su familia sufri\u00f3 alguno de estos incidentes?\/Accidentes f\u00edsicos por la dificultad del terreno","var_resp_unit":"RUTA A PER\u00da E INCIDENTES DE PROTECCI\u00d3N\/Desde que inici\u00f3 su viaje, \u00bfusted o algui\u00e9n de su familia sufri\u00f3 alguno de estos incidentes?\/Accidentes f\u00edsicos por la dificultad del terreno","var_analysis_unit":null,"var_qstn_preqtxt":null,"var_qstn_qstnlit":null,"var_qstn_postqtxt":null,"var_qstn_ivuinstr":null,"var_universe":null,"var_universe_clusion":null,"var_sumstat":[{"value":"0","type":"vald","wgtd":null},{"value":"0","type":"invd","wgtd":null}],"var_txt":null,"var_catgry":[],"var_codinstr":null,"var_concept":[],"var_format":{"type":"numeric","schema":"other","category":null,"name":null},"var_notes":null,"var_val_range":{"min":null,"max":null},"fid":"F2"},{"file_id":"F2","vid":"V255","name":"incidentes_7","var_intrvl":"discrete","var_dcml":"0","var_wgt":null,"var_is_wgt":null,"loc_start_pos":null,"loc_end_pos":null,"loc_width":null,"loc_rec_seg_no":null,"labl":"RUTA A PER\u00da E INCIDENTES DE PROTECCI\u00d3N\/Desde que inici\u00f3 su viaje, \u00bfusted o algui\u00e9n de su familia sufri\u00f3 alguno de estos incidentes?\/Violencia Basada en G\u00e9nero","var_imputation":"RUTA A PER\u00da E INCIDENTES DE PROTECCI\u00d3N\/Desde que inici\u00f3 su viaje, \u00bfusted o algui\u00e9n de su familia sufri\u00f3 alguno de estos incidentes?\/Violencia Basada en G\u00e9nero","var_security":"RUTA A PER\u00da E INCIDENTES DE PROTECCI\u00d3N\/Desde que inici\u00f3 su viaje, \u00bfusted o algui\u00e9n de su familia sufri\u00f3 alguno de estos incidentes?\/Violencia Basada en G\u00e9nero","var_resp_unit":"RUTA A PER\u00da E INCIDENTES DE PROTECCI\u00d3N\/Desde que inici\u00f3 su viaje, \u00bfusted o algui\u00e9n de su familia sufri\u00f3 alguno de estos incidentes?\/Violencia Basada en G\u00e9nero","var_analysis_unit":null,"var_qstn_preqtxt":null,"var_qstn_qstnlit":null,"var_qstn_postqtxt":null,"var_qstn_ivuinstr":null,"var_universe":null,"var_universe_clusion":null,"var_sumstat":[{"value":"0","type":"vald","wgtd":null},{"value":"0","type":"invd","wgtd":null}],"var_txt":null,"var_catgry":[],"var_codinstr":null,"var_concept":[],"var_format":{"type":"numeric","schema":"other","category":null,"name":null},"var_notes":null,"var_val_range":{"min":null,"max":null},"fid":"F2"},{"file_id":"F2","vid":"V256","name":"incidentes_8","var_intrvl":"discrete","var_dcml":"0","var_wgt":null,"var_is_wgt":null,"loc_start_pos":null,"loc_end_pos":null,"loc_width":null,"loc_rec_seg_no":null,"labl":"RUTA A PER\u00da E INCIDENTES DE PROTECCI\u00d3N\/Desde que inici\u00f3 su viaje, \u00bfusted o algui\u00e9n de su familia sufri\u00f3 alguno de estos incidentes?\/Secuestro o rapto","var_imputation":"RUTA A PER\u00da E INCIDENTES DE PROTECCI\u00d3N\/Desde que inici\u00f3 su viaje, \u00bfusted o algui\u00e9n de su familia sufri\u00f3 alguno de estos incidentes?\/Secuestro o rapto","var_security":"RUTA A PER\u00da E INCIDENTES DE PROTECCI\u00d3N\/Desde que inici\u00f3 su viaje, \u00bfusted o algui\u00e9n de su familia sufri\u00f3 alguno de estos incidentes?\/Secuestro o rapto","var_resp_unit":"RUTA A PER\u00da E INCIDENTES DE PROTECCI\u00d3N\/Desde que inici\u00f3 su viaje, \u00bfusted o algui\u00e9n de su familia sufri\u00f3 alguno de estos incidentes?\/Secuestro o rapto","var_analysis_unit":null,"var_qstn_preqtxt":null,"var_qstn_qstnlit":null,"var_qstn_postqtxt":null,"var_qstn_ivuinstr":null,"var_universe":null,"var_universe_clusion":null,"var_sumstat":[{"value":"0","type":"vald","wgtd":null},{"value":"0","type":"invd","wgtd":null}],"var_txt":null,"var_catgry":[],"var_codinstr":null,"var_concept":[],"var_format":{"type":"numeric","schema":"other","category":null,"name":null},"var_notes":null,"var_val_range":{"min":null,"max":null},"fid":"F2"},{"file_id":"F2","vid":"V257","name":"incidentes_9","var_intrvl":"discrete","var_dcml":"0","var_wgt":null,"var_is_wgt":null,"loc_start_pos":null,"loc_end_pos":null,"loc_width":null,"loc_rec_seg_no":null,"labl":"RUTA A PER\u00da E INCIDENTES DE PROTECCI\u00d3N\/Desde que inici\u00f3 su viaje, \u00bfusted o algui\u00e9n de su familia sufri\u00f3 alguno de estos incidentes?\/Soborno por parte de funcionarios\/personal del Estado","var_imputation":"RUTA A PER\u00da E INCIDENTES DE PROTECCI\u00d3N\/Desde que inici\u00f3 su viaje, \u00bfusted o algui\u00e9n de su familia sufri\u00f3 alguno de estos incidentes?\/Soborno por parte de funcionarios\/personal del Estado","var_security":"RUTA A PER\u00da E INCIDENTES DE PROTECCI\u00d3N\/Desde que inici\u00f3 su viaje, \u00bfusted o algui\u00e9n de su familia sufri\u00f3 alguno de estos incidentes?\/Soborno por parte de funcionarios\/personal del Estado","var_resp_unit":"RUTA A PER\u00da E INCIDENTES DE PROTECCI\u00d3N\/Desde que inici\u00f3 su viaje, \u00bfusted o algui\u00e9n de su familia sufri\u00f3 alguno de estos incidentes?\/Soborno por parte de funcionarios\/personal del Estado","var_analysis_unit":null,"var_qstn_preqtxt":null,"var_qstn_qstnlit":null,"var_qstn_postqtxt":null,"var_qstn_ivuinstr":null,"var_universe":null,"var_universe_clusion":null,"var_sumstat":[{"value":"0","type":"vald","wgtd":null},{"value":"0","type":"invd","wgtd":null}],"var_txt":null,"var_catgry":[],"var_codinstr":null,"var_concept":[],"var_format":{"type":"numeric","schema":"other","category":null,"name":null},"var_notes":null,"var_val_range":{"min":null,"max":null},"fid":"F2"},{"file_id":"F2","vid":"V258","name":"incidentes_10","var_intrvl":"discrete","var_dcml":"0","var_wgt":null,"var_is_wgt":null,"loc_start_pos":null,"loc_end_pos":null,"loc_width":null,"loc_rec_seg_no":null,"labl":"RUTA A PER\u00da E INCIDENTES DE PROTECCI\u00d3N\/Desde que inici\u00f3 su viaje, \u00bfusted o algui\u00e9n de su familia sufri\u00f3 alguno de estos incidentes?\/Estafa","var_imputation":"RUTA A PER\u00da E INCIDENTES DE PROTECCI\u00d3N\/Desde que inici\u00f3 su viaje, \u00bfusted o algui\u00e9n de su familia sufri\u00f3 alguno de estos incidentes?\/Estafa","var_security":"RUTA A PER\u00da E INCIDENTES DE PROTECCI\u00d3N\/Desde que inici\u00f3 su viaje, \u00bfusted o algui\u00e9n de su familia sufri\u00f3 alguno de estos incidentes?\/Estafa","var_resp_unit":"RUTA A PER\u00da E INCIDENTES DE PROTECCI\u00d3N\/Desde que inici\u00f3 su viaje, \u00bfusted o algui\u00e9n de su familia sufri\u00f3 alguno de estos incidentes?\/Estafa","var_analysis_unit":null,"var_qstn_preqtxt":null,"var_qstn_qstnlit":null,"var_qstn_postqtxt":null,"var_qstn_ivuinstr":null,"var_universe":null,"var_universe_clusion":null,"var_sumstat":[{"value":"0","type":"vald","wgtd":null},{"value":"0","type":"invd","wgtd":null}],"var_txt":null,"var_catgry":[],"var_codinstr":null,"var_concept":[],"var_format":{"type":"numeric","schema":"other","category":null,"name":null},"var_notes":null,"var_val_range":{"min":null,"max":null},"fid":"F2"},{"file_id":"F2","vid":"V259","name":"incidentes_11","var_intrvl":"discrete","var_dcml":"0","var_wgt":null,"var_is_wgt":null,"loc_start_pos":null,"loc_end_pos":null,"loc_width":null,"loc_rec_seg_no":null,"labl":"RUTA A PER\u00da E INCIDENTES DE PROTECCI\u00d3N\/Desde que inici\u00f3 su viaje, \u00bfusted o algui\u00e9n de su familia sufri\u00f3 alguno de estos incidentes?\/Prefiero no decir","var_imputation":"RUTA A PER\u00da E INCIDENTES DE PROTECCI\u00d3N\/Desde que inici\u00f3 su viaje, \u00bfusted o algui\u00e9n de su familia sufri\u00f3 alguno de estos incidentes?\/Prefiero no decir","var_security":"RUTA A PER\u00da E INCIDENTES DE PROTECCI\u00d3N\/Desde que inici\u00f3 su viaje, \u00bfusted o algui\u00e9n de su familia sufri\u00f3 alguno de estos incidentes?\/Prefiero no decir","var_resp_unit":"RUTA A PER\u00da E INCIDENTES DE PROTECCI\u00d3N\/Desde que inici\u00f3 su viaje, \u00bfusted o algui\u00e9n de su familia sufri\u00f3 alguno de estos incidentes?\/Prefiero no decir","var_analysis_unit":null,"var_qstn_preqtxt":null,"var_qstn_qstnlit":null,"var_qstn_postqtxt":null,"var_qstn_ivuinstr":null,"var_universe":null,"var_universe_clusion":null,"var_sumstat":[{"value":"0","type":"vald","wgtd":null},{"value":"0","type":"invd","wgtd":null}],"var_txt":null,"var_catgry":[],"var_codinstr":null,"var_concept":[],"var_format":{"type":"numeric","schema":"other","category":null,"name":null},"var_notes":null,"var_val_range":{"min":null,"max":null},"fid":"F2"},{"file_id":"F2","vid":"V260","name":"incidentes_12","var_intrvl":"discrete","var_dcml":"0","var_wgt":null,"var_is_wgt":null,"loc_start_pos":null,"loc_end_pos":null,"loc_width":null,"loc_rec_seg_no":null,"labl":"RUTA A PER\u00da E INCIDENTES DE PROTECCI\u00d3N\/Desde que inici\u00f3 su viaje, \u00bfusted o algui\u00e9n de su familia sufri\u00f3 alguno de estos incidentes?\/Ninguno de los anteriores","var_imputation":"RUTA A PER\u00da E INCIDENTES DE PROTECCI\u00d3N\/Desde que inici\u00f3 su viaje, \u00bfusted o algui\u00e9n de su familia sufri\u00f3 alguno de estos incidentes?\/Ninguno de los anteriores","var_security":"RUTA A PER\u00da E INCIDENTES DE PROTECCI\u00d3N\/Desde que inici\u00f3 su viaje, \u00bfusted o algui\u00e9n de su familia sufri\u00f3 alguno de estos incidentes?\/Ninguno de los anteriores","var_resp_unit":"RUTA A PER\u00da E INCIDENTES DE PROTECCI\u00d3N\/Desde que inici\u00f3 su viaje, \u00bfusted o algui\u00e9n de su familia sufri\u00f3 alguno de estos incidentes?\/Ninguno de los anteriores","var_analysis_unit":null,"var_qstn_preqtxt":null,"var_qstn_qstnlit":null,"var_qstn_postqtxt":null,"var_qstn_ivuinstr":null,"var_universe":null,"var_universe_clusion":null,"var_sumstat":[{"value":"0","type":"vald","wgtd":null},{"value":"0","type":"invd","wgtd":null}],"var_txt":null,"var_catgry":[],"var_codinstr":null,"var_concept":[],"var_format":{"type":"numeric","schema":"other","category":null,"name":null},"var_notes":null,"var_val_range":{"min":null,"max":null},"fid":"F2"},{"file_id":"F2","vid":"V261","name":"donde_incidentes_1","var_intrvl":"discrete","var_dcml":"0","var_wgt":null,"var_is_wgt":null,"loc_start_pos":null,"loc_end_pos":null,"loc_width":null,"loc_rec_seg_no":null,"labl":"RUTA A PER\u00da E INCIDENTES DE PROTECCI\u00d3N\/\u00bfEn cuales paises ocurrieron estos incidentes?\/Colombia","var_imputation":"RUTA A PER\u00da E INCIDENTES DE PROTECCI\u00d3N\/\u00bfEn cuales paises ocurrieron estos incidentes?\/Colombia","var_security":"RUTA A PER\u00da E INCIDENTES DE PROTECCI\u00d3N\/\u00bfEn cuales paises ocurrieron estos incidentes?\/Colombia","var_resp_unit":"RUTA A PER\u00da E INCIDENTES DE PROTECCI\u00d3N\/\u00bfEn cuales paises ocurrieron estos incidentes?\/Colombia","var_analysis_unit":null,"var_qstn_preqtxt":null,"var_qstn_qstnlit":null,"var_qstn_postqtxt":null,"var_qstn_ivuinstr":null,"var_universe":null,"var_universe_clusion":null,"var_sumstat":[{"value":"0","type":"vald","wgtd":null},{"value":"0","type":"invd","wgtd":null}],"var_txt":null,"var_catgry":[],"var_codinstr":null,"var_concept":[],"var_format":{"type":"numeric","schema":"other","category":null,"name":null},"var_notes":null,"var_val_range":{"min":null,"max":null},"fid":"F2"},{"file_id":"F2","vid":"V262","name":"donde_incidentes_2","var_intrvl":"discrete","var_dcml":"0","var_wgt":null,"var_is_wgt":null,"loc_start_pos":null,"loc_end_pos":null,"loc_width":null,"loc_rec_seg_no":null,"labl":"RUTA A PER\u00da E INCIDENTES DE PROTECCI\u00d3N\/\u00bfEn cuales paises ocurrieron estos incidentes?\/Ecuador","var_imputation":"RUTA A PER\u00da E INCIDENTES DE PROTECCI\u00d3N\/\u00bfEn cuales paises ocurrieron estos incidentes?\/Ecuador","var_security":"RUTA A PER\u00da E INCIDENTES DE PROTECCI\u00d3N\/\u00bfEn cuales paises ocurrieron estos incidentes?\/Ecuador","var_resp_unit":"RUTA A PER\u00da E INCIDENTES DE PROTECCI\u00d3N\/\u00bfEn cuales paises ocurrieron estos incidentes?\/Ecuador","var_analysis_unit":null,"var_qstn_preqtxt":null,"var_qstn_qstnlit":null,"var_qstn_postqtxt":null,"var_qstn_ivuinstr":null,"var_universe":null,"var_universe_clusion":null,"var_sumstat":[{"value":"0","type":"vald","wgtd":null},{"value":"0","type":"invd","wgtd":null}],"var_txt":null,"var_catgry":[],"var_codinstr":null,"var_concept":[],"var_format":{"type":"numeric","schema":"other","category":null,"name":null},"var_notes":null,"var_val_range":{"min":null,"max":null},"fid":"F2"},{"file_id":"F2","vid":"V263","name":"donde_incidentes_3","var_intrvl":"discrete","var_dcml":"0","var_wgt":null,"var_is_wgt":null,"loc_start_pos":null,"loc_end_pos":null,"loc_width":null,"loc_rec_seg_no":null,"labl":"RUTA A PER\u00da E INCIDENTES DE PROTECCI\u00d3N\/\u00bfEn cuales paises ocurrieron estos incidentes?\/Argentina","var_imputation":"RUTA A PER\u00da E INCIDENTES DE PROTECCI\u00d3N\/\u00bfEn cuales paises ocurrieron estos incidentes?\/Argentina","var_security":"RUTA A PER\u00da E INCIDENTES DE PROTECCI\u00d3N\/\u00bfEn cuales paises ocurrieron estos incidentes?\/Argentina","var_resp_unit":"RUTA A PER\u00da E INCIDENTES DE PROTECCI\u00d3N\/\u00bfEn cuales paises ocurrieron estos incidentes?\/Argentina","var_analysis_unit":null,"var_qstn_preqtxt":null,"var_qstn_qstnlit":null,"var_qstn_postqtxt":null,"var_qstn_ivuinstr":null,"var_universe":null,"var_universe_clusion":null,"var_sumstat":[{"value":"0","type":"vald","wgtd":null},{"value":"0","type":"invd","wgtd":null}],"var_txt":null,"var_catgry":[],"var_codinstr":null,"var_concept":[],"var_format":{"type":"numeric","schema":"other","category":null,"name":null},"var_notes":null,"var_val_range":{"min":null,"max":null},"fid":"F2"},{"file_id":"F2","vid":"V264","name":"donde_incidentes_4","var_intrvl":"discrete","var_dcml":"0","var_wgt":null,"var_is_wgt":null,"loc_start_pos":null,"loc_end_pos":null,"loc_width":null,"loc_rec_seg_no":null,"labl":"RUTA A PER\u00da E INCIDENTES DE PROTECCI\u00d3N\/\u00bfEn cuales paises ocurrieron estos incidentes?\/Bolivia","var_imputation":"RUTA A PER\u00da E INCIDENTES DE PROTECCI\u00d3N\/\u00bfEn cuales paises ocurrieron estos incidentes?\/Bolivia","var_security":"RUTA A PER\u00da E INCIDENTES DE PROTECCI\u00d3N\/\u00bfEn cuales paises ocurrieron estos incidentes?\/Bolivia","var_resp_unit":"RUTA A PER\u00da E INCIDENTES DE PROTECCI\u00d3N\/\u00bfEn cuales paises ocurrieron estos incidentes?\/Bolivia","var_analysis_unit":null,"var_qstn_preqtxt":null,"var_qstn_qstnlit":null,"var_qstn_postqtxt":null,"var_qstn_ivuinstr":null,"var_universe":null,"var_universe_clusion":null,"var_sumstat":[{"value":"0","type":"vald","wgtd":null},{"value":"0","type":"invd","wgtd":null}],"var_txt":null,"var_catgry":[],"var_codinstr":null,"var_concept":[],"var_format":{"type":"numeric","schema":"other","category":null,"name":null},"var_notes":null,"var_val_range":{"min":null,"max":null},"fid":"F2"},{"file_id":"F2","vid":"V265","name":"donde_incidentes_5","var_intrvl":"discrete","var_dcml":"0","var_wgt":null,"var_is_wgt":null,"loc_start_pos":null,"loc_end_pos":null,"loc_width":null,"loc_rec_seg_no":null,"labl":"RUTA A PER\u00da E INCIDENTES DE PROTECCI\u00d3N\/\u00bfEn cuales paises ocurrieron estos incidentes?\/Brasil","var_imputation":"RUTA A PER\u00da E INCIDENTES DE PROTECCI\u00d3N\/\u00bfEn cuales paises ocurrieron estos incidentes?\/Brasil","var_security":"RUTA A PER\u00da E INCIDENTES DE PROTECCI\u00d3N\/\u00bfEn cuales paises ocurrieron estos incidentes?\/Brasil","var_resp_unit":"RUTA A PER\u00da E INCIDENTES DE PROTECCI\u00d3N\/\u00bfEn cuales paises ocurrieron estos incidentes?\/Brasil","var_analysis_unit":null,"var_qstn_preqtxt":null,"var_qstn_qstnlit":null,"var_qstn_postqtxt":null,"var_qstn_ivuinstr":null,"var_universe":null,"var_universe_clusion":null,"var_sumstat":[{"value":"0","type":"vald","wgtd":null},{"value":"0","type":"invd","wgtd":null}],"var_txt":null,"var_catgry":[],"var_codinstr":null,"var_concept":[],"var_format":{"type":"numeric","schema":"other","category":null,"name":null},"var_notes":null,"var_val_range":{"min":null,"max":null},"fid":"F2"},{"file_id":"F2","vid":"V266","name":"donde_incidentes_6","var_intrvl":"discrete","var_dcml":"0","var_wgt":null,"var_is_wgt":null,"loc_start_pos":null,"loc_end_pos":null,"loc_width":null,"loc_rec_seg_no":null,"labl":"RUTA A PER\u00da E INCIDENTES DE PROTECCI\u00d3N\/\u00bfEn cuales paises ocurrieron estos incidentes?\/Venezuela","var_imputation":"RUTA A PER\u00da E INCIDENTES DE PROTECCI\u00d3N\/\u00bfEn cuales paises ocurrieron estos incidentes?\/Venezuela","var_security":"RUTA A PER\u00da E INCIDENTES DE PROTECCI\u00d3N\/\u00bfEn cuales paises ocurrieron estos incidentes?\/Venezuela","var_resp_unit":"RUTA A PER\u00da E INCIDENTES DE PROTECCI\u00d3N\/\u00bfEn cuales paises ocurrieron estos incidentes?\/Venezuela","var_analysis_unit":null,"var_qstn_preqtxt":null,"var_qstn_qstnlit":null,"var_qstn_postqtxt":null,"var_qstn_ivuinstr":null,"var_universe":null,"var_universe_clusion":null,"var_sumstat":[{"value":"0","type":"vald","wgtd":null},{"value":"0","type":"invd","wgtd":null}],"var_txt":null,"var_catgry":[],"var_codinstr":null,"var_concept":[],"var_format":{"type":"numeric","schema":"other","category":null,"name":null},"var_notes":null,"var_val_range":{"min":null,"max":null},"fid":"F2"},{"file_id":"F2","vid":"V267","name":"donde_incidentes_7","var_intrvl":"discrete","var_dcml":"0","var_wgt":null,"var_is_wgt":null,"loc_start_pos":null,"loc_end_pos":null,"loc_width":null,"loc_rec_seg_no":null,"labl":"RUTA A PER\u00da E INCIDENTES DE PROTECCI\u00d3N\/\u00bfEn cuales paises ocurrieron estos incidentes?\/Chile","var_imputation":"RUTA A PER\u00da E INCIDENTES DE PROTECCI\u00d3N\/\u00bfEn cuales paises ocurrieron estos incidentes?\/Chile","var_security":"RUTA A PER\u00da E INCIDENTES DE PROTECCI\u00d3N\/\u00bfEn cuales paises ocurrieron estos incidentes?\/Chile","var_resp_unit":"RUTA A PER\u00da E INCIDENTES DE PROTECCI\u00d3N\/\u00bfEn cuales paises ocurrieron estos incidentes?\/Chile","var_analysis_unit":null,"var_qstn_preqtxt":null,"var_qstn_qstnlit":null,"var_qstn_postqtxt":null,"var_qstn_ivuinstr":null,"var_universe":null,"var_universe_clusion":null,"var_sumstat":[{"value":"0","type":"vald","wgtd":null},{"value":"0","type":"invd","wgtd":null}],"var_txt":null,"var_catgry":[],"var_codinstr":null,"var_concept":[],"var_format":{"type":"numeric","schema":"other","category":null,"name":null},"var_notes":null,"var_val_range":{"min":null,"max":null},"fid":"F2"},{"file_id":"F2","vid":"V268","name":"donde_incidentes_8","var_intrvl":"discrete","var_dcml":"0","var_wgt":null,"var_is_wgt":null,"loc_start_pos":null,"loc_end_pos":null,"loc_width":null,"loc_rec_seg_no":null,"labl":"RUTA A PER\u00da E INCIDENTES DE PROTECCI\u00d3N\/\u00bfEn cuales paises ocurrieron estos incidentes?\/Otro","var_imputation":"RUTA A PER\u00da E INCIDENTES DE PROTECCI\u00d3N\/\u00bfEn cuales paises ocurrieron estos incidentes?\/Otro","var_security":"RUTA A PER\u00da E INCIDENTES DE PROTECCI\u00d3N\/\u00bfEn cuales paises ocurrieron estos incidentes?\/Otro","var_resp_unit":"RUTA A PER\u00da E INCIDENTES DE PROTECCI\u00d3N\/\u00bfEn cuales paises ocurrieron estos incidentes?\/Otro","var_analysis_unit":null,"var_qstn_preqtxt":null,"var_qstn_qstnlit":null,"var_qstn_postqtxt":null,"var_qstn_ivuinstr":null,"var_universe":null,"var_universe_clusion":null,"var_sumstat":[{"value":"0","type":"vald","wgtd":null},{"value":"0","type":"invd","wgtd":null}],"var_txt":null,"var_catgry":[],"var_codinstr":null,"var_concept":[],"var_format":{"type":"numeric","schema":"other","category":null,"name":null},"var_notes":null,"var_val_range":{"min":null,"max":null},"fid":"F2"},{"file_id":"F2","vid":"V269","name":"donde_incidentes_9","var_intrvl":"discrete","var_dcml":"0","var_wgt":null,"var_is_wgt":null,"loc_start_pos":null,"loc_end_pos":null,"loc_width":null,"loc_rec_seg_no":null,"labl":"RUTA A PER\u00da E INCIDENTES DE PROTECCI\u00d3N\/\u00bfEn cuales paises ocurrieron estos incidentes?\/Per\u00fa","var_imputation":"RUTA A PER\u00da E INCIDENTES DE PROTECCI\u00d3N\/\u00bfEn cuales paises ocurrieron estos incidentes?\/Per\u00fa","var_security":"RUTA A PER\u00da E INCIDENTES DE PROTECCI\u00d3N\/\u00bfEn cuales paises ocurrieron estos incidentes?\/Per\u00fa","var_resp_unit":"RUTA A PER\u00da E INCIDENTES DE PROTECCI\u00d3N\/\u00bfEn cuales paises ocurrieron estos incidentes?\/Per\u00fa","var_analysis_unit":null,"var_qstn_preqtxt":null,"var_qstn_qstnlit":null,"var_qstn_postqtxt":null,"var_qstn_ivuinstr":null,"var_universe":null,"var_universe_clusion":null,"var_sumstat":[{"value":"0","type":"vald","wgtd":null},{"value":"0","type":"invd","wgtd":null}],"var_txt":null,"var_catgry":[],"var_codinstr":null,"var_concept":[],"var_format":{"type":"numeric","schema":"other","category":null,"name":null},"var_notes":null,"var_val_range":{"min":null,"max":null},"fid":"F2"},{"file_id":"F2","vid":"V270","name":"quienes_incidentes_per_1","var_intrvl":"discrete","var_dcml":"0","var_wgt":null,"var_is_wgt":null,"loc_start_pos":null,"loc_end_pos":null,"loc_width":null,"loc_rec_seg_no":null,"labl":"RUTA A PER\u00da E INCIDENTES DE PROTECCI\u00d3N\/\u00bfQui\u00e9nes ocacionaron estos incidentes en Per\u00fa?\/Fuerzas del orden","var_imputation":"RUTA A PER\u00da E INCIDENTES DE PROTECCI\u00d3N\/\u00bfQui\u00e9nes ocacionaron estos incidentes en Per\u00fa?\/Fuerzas del orden","var_security":"RUTA A PER\u00da E INCIDENTES DE PROTECCI\u00d3N\/\u00bfQui\u00e9nes ocacionaron estos incidentes en Per\u00fa?\/Fuerzas del orden","var_resp_unit":"RUTA A PER\u00da E INCIDENTES DE PROTECCI\u00d3N\/\u00bfQui\u00e9nes ocacionaron estos incidentes en Per\u00fa?\/Fuerzas del orden","var_analysis_unit":null,"var_qstn_preqtxt":null,"var_qstn_qstnlit":null,"var_qstn_postqtxt":null,"var_qstn_ivuinstr":null,"var_universe":null,"var_universe_clusion":null,"var_sumstat":[{"value":"0","type":"vald","wgtd":null},{"value":"0","type":"invd","wgtd":null}],"var_txt":null,"var_catgry":[],"var_codinstr":null,"var_concept":[],"var_format":{"type":"numeric","schema":"other","category":null,"name":null},"var_notes":null,"var_val_range":{"min":null,"max":null},"fid":"F2"},{"file_id":"F2","vid":"V271","name":"quienes_incidentes_per_2","var_intrvl":"discrete","var_dcml":"0","var_wgt":null,"var_is_wgt":null,"loc_start_pos":null,"loc_end_pos":null,"loc_width":null,"loc_rec_seg_no":null,"labl":"RUTA A PER\u00da E INCIDENTES DE PROTECCI\u00d3N\/\u00bfQui\u00e9nes ocacionaron estos incidentes en Per\u00fa?\/Fuerzas del orden peruanas","var_imputation":"RUTA A PER\u00da E INCIDENTES DE PROTECCI\u00d3N\/\u00bfQui\u00e9nes ocacionaron estos incidentes en Per\u00fa?\/Fuerzas del orden peruanas","var_security":"RUTA A PER\u00da E INCIDENTES DE PROTECCI\u00d3N\/\u00bfQui\u00e9nes ocacionaron estos incidentes en Per\u00fa?\/Fuerzas del orden peruanas","var_resp_unit":"RUTA A PER\u00da E INCIDENTES DE PROTECCI\u00d3N\/\u00bfQui\u00e9nes ocacionaron estos incidentes en Per\u00fa?\/Fuerzas del orden peruanas","var_analysis_unit":null,"var_qstn_preqtxt":null,"var_qstn_qstnlit":null,"var_qstn_postqtxt":null,"var_qstn_ivuinstr":null,"var_universe":null,"var_universe_clusion":null,"var_sumstat":[{"value":"0","type":"vald","wgtd":null},{"value":"0","type":"invd","wgtd":null}],"var_txt":null,"var_catgry":[{"value":"1","labl":"TRUE","is_missing":null,"stats":[]}],"var_codinstr":null,"var_concept":[],"var_format":{"type":"numeric","schema":"other","category":null,"name":null},"var_notes":null,"var_val_range":{"min":"1","max":"1"},"fid":"F2"},{"file_id":"F2","vid":"V272","name":"quienes_incidentes_per_3","var_intrvl":"discrete","var_dcml":"0","var_wgt":null,"var_is_wgt":null,"loc_start_pos":null,"loc_end_pos":null,"loc_width":null,"loc_rec_seg_no":null,"labl":"RUTA A PER\u00da E INCIDENTES DE PROTECCI\u00d3N\/\u00bfQui\u00e9nes ocacionaron estos incidentes en Per\u00fa?\/Trocheros","var_imputation":"RUTA A PER\u00da E INCIDENTES DE PROTECCI\u00d3N\/\u00bfQui\u00e9nes ocacionaron estos incidentes en Per\u00fa?\/Trocheros","var_security":"RUTA A PER\u00da E INCIDENTES DE PROTECCI\u00d3N\/\u00bfQui\u00e9nes ocacionaron estos incidentes en Per\u00fa?\/Trocheros","var_resp_unit":"RUTA A PER\u00da E INCIDENTES DE PROTECCI\u00d3N\/\u00bfQui\u00e9nes ocacionaron estos incidentes en Per\u00fa?\/Trocheros","var_analysis_unit":null,"var_qstn_preqtxt":null,"var_qstn_qstnlit":null,"var_qstn_postqtxt":null,"var_qstn_ivuinstr":null,"var_universe":null,"var_universe_clusion":null,"var_sumstat":[{"value":"0","type":"vald","wgtd":null},{"value":"0","type":"invd","wgtd":null}],"var_txt":null,"var_catgry":[],"var_codinstr":null,"var_concept":[],"var_format":{"type":"numeric","schema":"other","category":null,"name":null},"var_notes":null,"var_val_range":{"min":null,"max":null},"fid":"F2"},{"file_id":"F2","vid":"V273","name":"quienes_incidentes_per_4","var_intrvl":"discrete","var_dcml":"0","var_wgt":null,"var_is_wgt":null,"loc_start_pos":null,"loc_end_pos":null,"loc_width":null,"loc_rec_seg_no":null,"labl":"RUTA A PER\u00da E INCIDENTES DE PROTECCI\u00d3N\/\u00bfQui\u00e9nes ocacionaron estos incidentes en Per\u00fa?\/Mototaxistas\/Transportistas","var_imputation":"RUTA A PER\u00da E INCIDENTES DE PROTECCI\u00d3N\/\u00bfQui\u00e9nes ocacionaron estos incidentes en Per\u00fa?\/Mototaxistas\/Transportistas","var_security":"RUTA A PER\u00da E INCIDENTES DE PROTECCI\u00d3N\/\u00bfQui\u00e9nes ocacionaron estos incidentes en Per\u00fa?\/Mototaxistas\/Transportistas","var_resp_unit":"RUTA A PER\u00da E INCIDENTES DE PROTECCI\u00d3N\/\u00bfQui\u00e9nes ocacionaron estos incidentes en Per\u00fa?\/Mototaxistas\/Transportistas","var_analysis_unit":null,"var_qstn_preqtxt":null,"var_qstn_qstnlit":null,"var_qstn_postqtxt":null,"var_qstn_ivuinstr":null,"var_universe":null,"var_universe_clusion":null,"var_sumstat":[{"value":"0","type":"vald","wgtd":null},{"value":"0","type":"invd","wgtd":null}],"var_txt":null,"var_catgry":[],"var_codinstr":null,"var_concept":[],"var_format":{"type":"numeric","schema":"other","category":null,"name":null},"var_notes":null,"var_val_range":{"min":null,"max":null},"fid":"F2"},{"file_id":"F2","vid":"V274","name":"quienes_incidentes_per_5","var_intrvl":"discrete","var_dcml":"0","var_wgt":null,"var_is_wgt":null,"loc_start_pos":null,"loc_end_pos":null,"loc_width":null,"loc_rec_seg_no":null,"labl":"RUTA A PER\u00da E INCIDENTES DE PROTECCI\u00d3N\/\u00bfQui\u00e9nes ocacionaron estos incidentes en Per\u00fa?\/Gente de la comunidad","var_imputation":"RUTA A PER\u00da E INCIDENTES DE PROTECCI\u00d3N\/\u00bfQui\u00e9nes ocacionaron estos incidentes en Per\u00fa?\/Gente de la comunidad","var_security":"RUTA A PER\u00da E INCIDENTES DE PROTECCI\u00d3N\/\u00bfQui\u00e9nes ocacionaron estos incidentes en Per\u00fa?\/Gente de la comunidad","var_resp_unit":"RUTA A PER\u00da E INCIDENTES DE PROTECCI\u00d3N\/\u00bfQui\u00e9nes ocacionaron estos incidentes en Per\u00fa?\/Gente de la comunidad","var_analysis_unit":null,"var_qstn_preqtxt":null,"var_qstn_qstnlit":null,"var_qstn_postqtxt":null,"var_qstn_ivuinstr":null,"var_universe":null,"var_universe_clusion":null,"var_sumstat":[{"value":"0","type":"vald","wgtd":null},{"value":"0","type":"invd","wgtd":null}],"var_txt":null,"var_catgry":[],"var_codinstr":null,"var_concept":[],"var_format":{"type":"numeric","schema":"other","category":null,"name":null},"var_notes":null,"var_val_range":{"min":null,"max":null},"fid":"F2"},{"file_id":"F2","vid":"V275","name":"quienes_incidentes_per_6","var_intrvl":"discrete","var_dcml":"0","var_wgt":null,"var_is_wgt":null,"loc_start_pos":null,"loc_end_pos":null,"loc_width":null,"loc_rec_seg_no":null,"labl":"RUTA A PER\u00da E INCIDENTES DE PROTECCI\u00d3N\/\u00bfQui\u00e9nes ocacionaron estos incidentes en Per\u00fa?\/Otras personas de mi nacionalidad","var_imputation":"RUTA A PER\u00da E INCIDENTES DE PROTECCI\u00d3N\/\u00bfQui\u00e9nes ocacionaron estos incidentes en Per\u00fa?\/Otras personas de mi nacionalidad","var_security":"RUTA A PER\u00da E INCIDENTES DE PROTECCI\u00d3N\/\u00bfQui\u00e9nes ocacionaron estos incidentes en Per\u00fa?\/Otras personas de mi nacionalidad","var_resp_unit":"RUTA A PER\u00da E INCIDENTES DE PROTECCI\u00d3N\/\u00bfQui\u00e9nes ocacionaron estos incidentes en Per\u00fa?\/Otras personas de mi nacionalidad","var_analysis_unit":null,"var_qstn_preqtxt":null,"var_qstn_qstnlit":null,"var_qstn_postqtxt":null,"var_qstn_ivuinstr":null,"var_universe":null,"var_universe_clusion":null,"var_sumstat":[{"value":"0","type":"vald","wgtd":null},{"value":"0","type":"invd","wgtd":null}],"var_txt":null,"var_catgry":[],"var_codinstr":null,"var_concept":[],"var_format":{"type":"numeric","schema":"other","category":null,"name":null},"var_notes":null,"var_val_range":{"min":null,"max":null},"fid":"F2"},{"file_id":"F2","vid":"V276","name":"quienes_incidentes_per_7","var_intrvl":"discrete","var_dcml":"0","var_wgt":null,"var_is_wgt":null,"loc_start_pos":null,"loc_end_pos":null,"loc_width":null,"loc_rec_seg_no":null,"labl":"RUTA A PER\u00da E INCIDENTES DE PROTECCI\u00d3N\/\u00bfQui\u00e9nes ocacionaron estos incidentes en Per\u00fa?\/Familiar\/Alg\u00fan conocido","var_imputation":"RUTA A PER\u00da E INCIDENTES DE PROTECCI\u00d3N\/\u00bfQui\u00e9nes ocacionaron estos incidentes en Per\u00fa?\/Familiar\/Alg\u00fan conocido","var_security":"RUTA A PER\u00da E INCIDENTES DE PROTECCI\u00d3N\/\u00bfQui\u00e9nes ocacionaron estos incidentes en Per\u00fa?\/Familiar\/Alg\u00fan conocido","var_resp_unit":"RUTA A PER\u00da E INCIDENTES DE PROTECCI\u00d3N\/\u00bfQui\u00e9nes ocacionaron estos incidentes en Per\u00fa?\/Familiar\/Alg\u00fan conocido","var_analysis_unit":null,"var_qstn_preqtxt":null,"var_qstn_qstnlit":null,"var_qstn_postqtxt":null,"var_qstn_ivuinstr":null,"var_universe":null,"var_universe_clusion":null,"var_sumstat":[{"value":"0","type":"vald","wgtd":null},{"value":"0","type":"invd","wgtd":null}],"var_txt":null,"var_catgry":[],"var_codinstr":null,"var_concept":[],"var_format":{"type":"numeric","schema":"other","category":null,"name":null},"var_notes":null,"var_val_range":{"min":null,"max":null},"fid":"F2"},{"file_id":"F2","vid":"V277","name":"quienes_incidentes_per_8","var_intrvl":"discrete","var_dcml":"0","var_wgt":null,"var_is_wgt":null,"loc_start_pos":null,"loc_end_pos":null,"loc_width":null,"loc_rec_seg_no":null,"labl":"RUTA A PER\u00da E INCIDENTES DE PROTECCI\u00d3N\/\u00bfQui\u00e9nes ocacionaron estos incidentes en Per\u00fa?\/Grupos armados e hinchas","var_imputation":"RUTA A PER\u00da E INCIDENTES DE PROTECCI\u00d3N\/\u00bfQui\u00e9nes ocacionaron estos incidentes en Per\u00fa?\/Grupos armados e hinchas","var_security":"RUTA A PER\u00da E INCIDENTES DE PROTECCI\u00d3N\/\u00bfQui\u00e9nes ocacionaron estos incidentes en Per\u00fa?\/Grupos armados e hinchas","var_resp_unit":"RUTA A PER\u00da E INCIDENTES DE PROTECCI\u00d3N\/\u00bfQui\u00e9nes ocacionaron estos incidentes en Per\u00fa?\/Grupos armados e hinchas","var_analysis_unit":null,"var_qstn_preqtxt":null,"var_qstn_qstnlit":null,"var_qstn_postqtxt":null,"var_qstn_ivuinstr":null,"var_universe":null,"var_universe_clusion":null,"var_sumstat":[{"value":"0","type":"vald","wgtd":null},{"value":"0","type":"invd","wgtd":null}],"var_txt":null,"var_catgry":[],"var_codinstr":null,"var_concept":[],"var_format":{"type":"numeric","schema":"other","category":null,"name":null},"var_notes":null,"var_val_range":{"min":null,"max":null},"fid":"F2"},{"file_id":"F2","vid":"V278","name":"quienes_incidentes_col_1","var_intrvl":"discrete","var_dcml":"0","var_wgt":null,"var_is_wgt":null,"loc_start_pos":null,"loc_end_pos":null,"loc_width":null,"loc_rec_seg_no":null,"labl":"RUTA A PER\u00da E INCIDENTES DE PROTECCI\u00d3N\/\u00bfQui\u00e9nes ocacionaron estos incidentes en Colombia?\/Fuerzas del orden","var_imputation":"RUTA A PER\u00da E INCIDENTES DE PROTECCI\u00d3N\/\u00bfQui\u00e9nes ocacionaron estos incidentes en Colombia?\/Fuerzas del orden","var_security":"RUTA A PER\u00da E INCIDENTES DE PROTECCI\u00d3N\/\u00bfQui\u00e9nes ocacionaron estos incidentes en Colombia?\/Fuerzas del orden","var_resp_unit":"RUTA A PER\u00da E INCIDENTES DE PROTECCI\u00d3N\/\u00bfQui\u00e9nes ocacionaron estos incidentes en Colombia?\/Fuerzas del orden","var_analysis_unit":null,"var_qstn_preqtxt":null,"var_qstn_qstnlit":null,"var_qstn_postqtxt":null,"var_qstn_ivuinstr":null,"var_universe":null,"var_universe_clusion":null,"var_sumstat":[{"value":"0","type":"vald","wgtd":null},{"value":"0","type":"invd","wgtd":null}],"var_txt":null,"var_catgry":[],"var_codinstr":null,"var_concept":[],"var_format":{"type":"numeric","schema":"other","category":null,"name":null},"var_notes":null,"var_val_range":{"min":null,"max":null},"fid":"F2"},{"file_id":"F2","vid":"V279","name":"quienes_incidentes_col_2","var_intrvl":"discrete","var_dcml":"0","var_wgt":null,"var_is_wgt":null,"loc_start_pos":null,"loc_end_pos":null,"loc_width":null,"loc_rec_seg_no":null,"labl":"RUTA A PER\u00da E INCIDENTES DE PROTECCI\u00d3N\/\u00bfQui\u00e9nes ocacionaron estos incidentes en Colombia?\/Fuerzas del orden peruanas","var_imputation":"RUTA A PER\u00da E INCIDENTES DE PROTECCI\u00d3N\/\u00bfQui\u00e9nes ocacionaron estos incidentes en Colombia?\/Fuerzas del orden peruanas","var_security":"RUTA A PER\u00da E INCIDENTES DE PROTECCI\u00d3N\/\u00bfQui\u00e9nes ocacionaron estos incidentes en Colombia?\/Fuerzas del orden peruanas","var_resp_unit":"RUTA A PER\u00da E INCIDENTES DE PROTECCI\u00d3N\/\u00bfQui\u00e9nes ocacionaron estos incidentes en Colombia?\/Fuerzas del orden peruanas","var_analysis_unit":null,"var_qstn_preqtxt":null,"var_qstn_qstnlit":null,"var_qstn_postqtxt":null,"var_qstn_ivuinstr":null,"var_universe":null,"var_universe_clusion":null,"var_sumstat":[{"value":"0","type":"vald","wgtd":null},{"value":"0","type":"invd","wgtd":null}],"var_txt":null,"var_catgry":[{"value":"1","labl":"TRUE","is_missing":null,"stats":[]}],"var_codinstr":null,"var_concept":[],"var_format":{"type":"numeric","schema":"other","category":null,"name":null},"var_notes":null,"var_val_range":{"min":"1","max":"1"},"fid":"F2"},{"file_id":"F2","vid":"V280","name":"quienes_incidentes_col_3","var_intrvl":"discrete","var_dcml":"0","var_wgt":null,"var_is_wgt":null,"loc_start_pos":null,"loc_end_pos":null,"loc_width":null,"loc_rec_seg_no":null,"labl":"RUTA A PER\u00da E INCIDENTES DE PROTECCI\u00d3N\/\u00bfQui\u00e9nes ocacionaron estos incidentes en Colombia?\/Trocheros","var_imputation":"RUTA A PER\u00da E INCIDENTES DE PROTECCI\u00d3N\/\u00bfQui\u00e9nes ocacionaron estos incidentes en Colombia?\/Trocheros","var_security":"RUTA A PER\u00da E INCIDENTES DE PROTECCI\u00d3N\/\u00bfQui\u00e9nes ocacionaron estos incidentes en Colombia?\/Trocheros","var_resp_unit":"RUTA A PER\u00da E INCIDENTES DE PROTECCI\u00d3N\/\u00bfQui\u00e9nes ocacionaron estos incidentes en Colombia?\/Trocheros","var_analysis_unit":null,"var_qstn_preqtxt":null,"var_qstn_qstnlit":null,"var_qstn_postqtxt":null,"var_qstn_ivuinstr":null,"var_universe":null,"var_universe_clusion":null,"var_sumstat":[{"value":"0","type":"vald","wgtd":null},{"value":"0","type":"invd","wgtd":null}],"var_txt":null,"var_catgry":[],"var_codinstr":null,"var_concept":[],"var_format":{"type":"numeric","schema":"other","category":null,"name":null},"var_notes":null,"var_val_range":{"min":null,"max":null},"fid":"F2"},{"file_id":"F2","vid":"V281","name":"quienes_incidentes_col_4","var_intrvl":"discrete","var_dcml":"0","var_wgt":null,"var_is_wgt":null,"loc_start_pos":null,"loc_end_pos":null,"loc_width":null,"loc_rec_seg_no":null,"labl":"RUTA A PER\u00da E INCIDENTES DE PROTECCI\u00d3N\/\u00bfQui\u00e9nes ocacionaron estos incidentes en Colombia?\/Mototaxistas\/Transportistas","var_imputation":"RUTA A PER\u00da E INCIDENTES DE PROTECCI\u00d3N\/\u00bfQui\u00e9nes ocacionaron estos incidentes en Colombia?\/Mototaxistas\/Transportistas","var_security":"RUTA A PER\u00da E INCIDENTES DE PROTECCI\u00d3N\/\u00bfQui\u00e9nes ocacionaron estos incidentes en Colombia?\/Mototaxistas\/Transportistas","var_resp_unit":"RUTA A PER\u00da E INCIDENTES DE PROTECCI\u00d3N\/\u00bfQui\u00e9nes ocacionaron estos incidentes en Colombia?\/Mototaxistas\/Transportistas","var_analysis_unit":null,"var_qstn_preqtxt":null,"var_qstn_qstnlit":null,"var_qstn_postqtxt":null,"var_qstn_ivuinstr":null,"var_universe":null,"var_universe_clusion":null,"var_sumstat":[{"value":"0","type":"vald","wgtd":null},{"value":"0","type":"invd","wgtd":null}],"var_txt":null,"var_catgry":[],"var_codinstr":null,"var_concept":[],"var_format":{"type":"numeric","schema":"other","category":null,"name":null},"var_notes":null,"var_val_range":{"min":null,"max":null},"fid":"F2"},{"file_id":"F2","vid":"V282","name":"quienes_incidentes_col_5","var_intrvl":"discrete","var_dcml":"0","var_wgt":null,"var_is_wgt":null,"loc_start_pos":null,"loc_end_pos":null,"loc_width":null,"loc_rec_seg_no":null,"labl":"RUTA A PER\u00da E INCIDENTES DE PROTECCI\u00d3N\/\u00bfQui\u00e9nes ocacionaron estos incidentes en Colombia?\/Gente de la comunidad","var_imputation":"RUTA A PER\u00da E INCIDENTES DE PROTECCI\u00d3N\/\u00bfQui\u00e9nes ocacionaron estos incidentes en Colombia?\/Gente de la comunidad","var_security":"RUTA A PER\u00da E INCIDENTES DE PROTECCI\u00d3N\/\u00bfQui\u00e9nes ocacionaron estos incidentes en Colombia?\/Gente de la comunidad","var_resp_unit":"RUTA A PER\u00da E INCIDENTES DE PROTECCI\u00d3N\/\u00bfQui\u00e9nes ocacionaron estos incidentes en Colombia?\/Gente de la comunidad","var_analysis_unit":null,"var_qstn_preqtxt":null,"var_qstn_qstnlit":null,"var_qstn_postqtxt":null,"var_qstn_ivuinstr":null,"var_universe":null,"var_universe_clusion":null,"var_sumstat":[{"value":"0","type":"vald","wgtd":null},{"value":"0","type":"invd","wgtd":null}],"var_txt":null,"var_catgry":[],"var_codinstr":null,"var_concept":[],"var_format":{"type":"numeric","schema":"other","category":null,"name":null},"var_notes":null,"var_val_range":{"min":null,"max":null},"fid":"F2"},{"file_id":"F2","vid":"V283","name":"quienes_incidentes_col_6","var_intrvl":"discrete","var_dcml":"0","var_wgt":null,"var_is_wgt":null,"loc_start_pos":null,"loc_end_pos":null,"loc_width":null,"loc_rec_seg_no":null,"labl":"RUTA A PER\u00da E INCIDENTES DE PROTECCI\u00d3N\/\u00bfQui\u00e9nes ocacionaron estos incidentes en Colombia?\/Otras personas de mi nacionalidad","var_imputation":"RUTA A PER\u00da E INCIDENTES DE PROTECCI\u00d3N\/\u00bfQui\u00e9nes ocacionaron estos incidentes en Colombia?\/Otras personas de mi nacionalidad","var_security":"RUTA A PER\u00da E INCIDENTES DE PROTECCI\u00d3N\/\u00bfQui\u00e9nes ocacionaron estos incidentes en Colombia?\/Otras personas de mi nacionalidad","var_resp_unit":"RUTA A PER\u00da E INCIDENTES DE PROTECCI\u00d3N\/\u00bfQui\u00e9nes ocacionaron estos incidentes en Colombia?\/Otras personas de mi nacionalidad","var_analysis_unit":null,"var_qstn_preqtxt":null,"var_qstn_qstnlit":null,"var_qstn_postqtxt":null,"var_qstn_ivuinstr":null,"var_universe":null,"var_universe_clusion":null,"var_sumstat":[{"value":"0","type":"vald","wgtd":null},{"value":"0","type":"invd","wgtd":null}],"var_txt":null,"var_catgry":[],"var_codinstr":null,"var_concept":[],"var_format":{"type":"numeric","schema":"other","category":null,"name":null},"var_notes":null,"var_val_range":{"min":null,"max":null},"fid":"F2"},{"file_id":"F2","vid":"V284","name":"quienes_incidentes_col_7","var_intrvl":"discrete","var_dcml":"0","var_wgt":null,"var_is_wgt":null,"loc_start_pos":null,"loc_end_pos":null,"loc_width":null,"loc_rec_seg_no":null,"labl":"RUTA A PER\u00da E INCIDENTES DE PROTECCI\u00d3N\/\u00bfQui\u00e9nes ocacionaron estos incidentes en Colombia?\/Familiar\/Alg\u00fan conocido","var_imputation":"RUTA A PER\u00da E INCIDENTES DE PROTECCI\u00d3N\/\u00bfQui\u00e9nes ocacionaron estos incidentes en Colombia?\/Familiar\/Alg\u00fan conocido","var_security":"RUTA A PER\u00da E INCIDENTES DE PROTECCI\u00d3N\/\u00bfQui\u00e9nes ocacionaron estos incidentes en Colombia?\/Familiar\/Alg\u00fan conocido","var_resp_unit":"RUTA A PER\u00da E INCIDENTES DE PROTECCI\u00d3N\/\u00bfQui\u00e9nes ocacionaron estos incidentes en Colombia?\/Familiar\/Alg\u00fan conocido","var_analysis_unit":null,"var_qstn_preqtxt":null,"var_qstn_qstnlit":null,"var_qstn_postqtxt":null,"var_qstn_ivuinstr":null,"var_universe":null,"var_universe_clusion":null,"var_sumstat":[{"value":"0","type":"vald","wgtd":null},{"value":"0","type":"invd","wgtd":null}],"var_txt":null,"var_catgry":[],"var_codinstr":null,"var_concept":[],"var_format":{"type":"numeric","schema":"other","category":null,"name":null},"var_notes":null,"var_val_range":{"min":null,"max":null},"fid":"F2"},{"file_id":"F2","vid":"V285","name":"quienes_incidentes_col_8","var_intrvl":"discrete","var_dcml":"0","var_wgt":null,"var_is_wgt":null,"loc_start_pos":null,"loc_end_pos":null,"loc_width":null,"loc_rec_seg_no":null,"labl":"RUTA A PER\u00da E INCIDENTES DE PROTECCI\u00d3N\/\u00bfQui\u00e9nes ocacionaron estos incidentes en Colombia?\/Grupos armados e hinchas","var_imputation":"RUTA A PER\u00da E INCIDENTES DE PROTECCI\u00d3N\/\u00bfQui\u00e9nes ocacionaron estos incidentes en Colombia?\/Grupos armados e hinchas","var_security":"RUTA A PER\u00da E INCIDENTES DE PROTECCI\u00d3N\/\u00bfQui\u00e9nes ocacionaron estos incidentes en Colombia?\/Grupos armados e hinchas","var_resp_unit":"RUTA A PER\u00da E INCIDENTES DE PROTECCI\u00d3N\/\u00bfQui\u00e9nes ocacionaron estos incidentes en Colombia?\/Grupos armados e hinchas","var_analysis_unit":null,"var_qstn_preqtxt":null,"var_qstn_qstnlit":null,"var_qstn_postqtxt":null,"var_qstn_ivuinstr":null,"var_universe":null,"var_universe_clusion":null,"var_sumstat":[{"value":"0","type":"vald","wgtd":null},{"value":"0","type":"invd","wgtd":null}],"var_txt":null,"var_catgry":[],"var_codinstr":null,"var_concept":[],"var_format":{"type":"numeric","schema":"other","category":null,"name":null},"var_notes":null,"var_val_range":{"min":null,"max":null},"fid":"F2"},{"file_id":"F2","vid":"V286","name":"quienes_incidentes_ecu_1","var_intrvl":"discrete","var_dcml":"0","var_wgt":null,"var_is_wgt":null,"loc_start_pos":null,"loc_end_pos":null,"loc_width":null,"loc_rec_seg_no":null,"labl":"RUTA A PER\u00da E INCIDENTES DE PROTECCI\u00d3N\/\u00bfQui\u00e9nes ocacionaron estos incidentes en Ecuador?\/Fuerzas del orden","var_imputation":"RUTA A PER\u00da E INCIDENTES DE PROTECCI\u00d3N\/\u00bfQui\u00e9nes ocacionaron estos incidentes en Ecuador?\/Fuerzas del orden","var_security":"RUTA A PER\u00da E INCIDENTES DE PROTECCI\u00d3N\/\u00bfQui\u00e9nes ocacionaron estos incidentes en Ecuador?\/Fuerzas del orden","var_resp_unit":"RUTA A PER\u00da E INCIDENTES DE PROTECCI\u00d3N\/\u00bfQui\u00e9nes ocacionaron estos incidentes en Ecuador?\/Fuerzas del orden","var_analysis_unit":null,"var_qstn_preqtxt":null,"var_qstn_qstnlit":null,"var_qstn_postqtxt":null,"var_qstn_ivuinstr":null,"var_universe":null,"var_universe_clusion":null,"var_sumstat":[{"value":"0","type":"vald","wgtd":null},{"value":"0","type":"invd","wgtd":null}],"var_txt":null,"var_catgry":[],"var_codinstr":null,"var_concept":[],"var_format":{"type":"numeric","schema":"other","category":null,"name":null},"var_notes":null,"var_val_range":{"min":null,"max":null},"fid":"F2"},{"file_id":"F2","vid":"V287","name":"quienes_incidentes_ecu_2","var_intrvl":"discrete","var_dcml":"0","var_wgt":null,"var_is_wgt":null,"loc_start_pos":null,"loc_end_pos":null,"loc_width":null,"loc_rec_seg_no":null,"labl":"RUTA A PER\u00da E INCIDENTES DE PROTECCI\u00d3N\/\u00bfQui\u00e9nes ocacionaron estos incidentes en Ecuador?\/Fuerzas del orden peruanas","var_imputation":"RUTA A PER\u00da E INCIDENTES DE PROTECCI\u00d3N\/\u00bfQui\u00e9nes ocacionaron estos incidentes en Ecuador?\/Fuerzas del orden peruanas","var_security":"RUTA A PER\u00da E INCIDENTES DE PROTECCI\u00d3N\/\u00bfQui\u00e9nes ocacionaron estos incidentes en Ecuador?\/Fuerzas del orden peruanas","var_resp_unit":"RUTA A PER\u00da E INCIDENTES DE PROTECCI\u00d3N\/\u00bfQui\u00e9nes ocacionaron estos incidentes en Ecuador?\/Fuerzas del orden peruanas","var_analysis_unit":null,"var_qstn_preqtxt":null,"var_qstn_qstnlit":null,"var_qstn_postqtxt":null,"var_qstn_ivuinstr":null,"var_universe":null,"var_universe_clusion":null,"var_sumstat":[{"value":"0","type":"vald","wgtd":null},{"value":"0","type":"invd","wgtd":null}],"var_txt":null,"var_catgry":[],"var_codinstr":null,"var_concept":[],"var_format":{"type":"numeric","schema":"other","category":null,"name":null},"var_notes":null,"var_val_range":{"min":null,"max":null},"fid":"F2"},{"file_id":"F2","vid":"V288","name":"quienes_incidentes_ecu_3","var_intrvl":"discrete","var_dcml":"0","var_wgt":null,"var_is_wgt":null,"loc_start_pos":null,"loc_end_pos":null,"loc_width":null,"loc_rec_seg_no":null,"labl":"RUTA A PER\u00da E INCIDENTES DE PROTECCI\u00d3N\/\u00bfQui\u00e9nes ocacionaron estos incidentes en Ecuador?\/Trocheros","var_imputation":"RUTA A PER\u00da E INCIDENTES DE PROTECCI\u00d3N\/\u00bfQui\u00e9nes ocacionaron estos incidentes en Ecuador?\/Trocheros","var_security":"RUTA A PER\u00da E INCIDENTES DE PROTECCI\u00d3N\/\u00bfQui\u00e9nes ocacionaron estos incidentes en Ecuador?\/Trocheros","var_resp_unit":"RUTA A PER\u00da E INCIDENTES DE PROTECCI\u00d3N\/\u00bfQui\u00e9nes ocacionaron estos incidentes en Ecuador?\/Trocheros","var_analysis_unit":null,"var_qstn_preqtxt":null,"var_qstn_qstnlit":null,"var_qstn_postqtxt":null,"var_qstn_ivuinstr":null,"var_universe":null,"var_universe_clusion":null,"var_sumstat":[{"value":"0","type":"vald","wgtd":null},{"value":"0","type":"invd","wgtd":null}],"var_txt":null,"var_catgry":[],"var_codinstr":null,"var_concept":[],"var_format":{"type":"numeric","schema":"other","category":null,"name":null},"var_notes":null,"var_val_range":{"min":null,"max":null},"fid":"F2"},{"file_id":"F2","vid":"V289","name":"quienes_incidentes_ecu_4","var_intrvl":"discrete","var_dcml":"0","var_wgt":null,"var_is_wgt":null,"loc_start_pos":null,"loc_end_pos":null,"loc_width":null,"loc_rec_seg_no":null,"labl":"RUTA A PER\u00da E INCIDENTES DE PROTECCI\u00d3N\/\u00bfQui\u00e9nes ocacionaron estos incidentes en Ecuador?\/Mototaxistas\/Transportistas","var_imputation":"RUTA A PER\u00da E INCIDENTES DE PROTECCI\u00d3N\/\u00bfQui\u00e9nes ocacionaron estos incidentes en Ecuador?\/Mototaxistas\/Transportistas","var_security":"RUTA A PER\u00da E INCIDENTES DE PROTECCI\u00d3N\/\u00bfQui\u00e9nes ocacionaron estos incidentes en Ecuador?\/Mototaxistas\/Transportistas","var_resp_unit":"RUTA A PER\u00da E INCIDENTES DE PROTECCI\u00d3N\/\u00bfQui\u00e9nes ocacionaron estos incidentes en Ecuador?\/Mototaxistas\/Transportistas","var_analysis_unit":null,"var_qstn_preqtxt":null,"var_qstn_qstnlit":null,"var_qstn_postqtxt":null,"var_qstn_ivuinstr":null,"var_universe":null,"var_universe_clusion":null,"var_sumstat":[{"value":"0","type":"vald","wgtd":null},{"value":"0","type":"invd","wgtd":null}],"var_txt":null,"var_catgry":[],"var_codinstr":null,"var_concept":[],"var_format":{"type":"numeric","schema":"other","category":null,"name":null},"var_notes":null,"var_val_range":{"min":null,"max":null},"fid":"F2"},{"file_id":"F2","vid":"V290","name":"quienes_incidentes_ecu_5","var_intrvl":"discrete","var_dcml":"0","var_wgt":null,"var_is_wgt":null,"loc_start_pos":null,"loc_end_pos":null,"loc_width":null,"loc_rec_seg_no":null,"labl":"RUTA A PER\u00da E INCIDENTES DE PROTECCI\u00d3N\/\u00bfQui\u00e9nes ocacionaron estos incidentes en Ecuador?\/Gente de la comunidad","var_imputation":"RUTA A PER\u00da E INCIDENTES DE PROTECCI\u00d3N\/\u00bfQui\u00e9nes ocacionaron estos incidentes en Ecuador?\/Gente de la comunidad","var_security":"RUTA A PER\u00da E INCIDENTES DE PROTECCI\u00d3N\/\u00bfQui\u00e9nes ocacionaron estos incidentes en Ecuador?\/Gente de la comunidad","var_resp_unit":"RUTA A PER\u00da E INCIDENTES DE PROTECCI\u00d3N\/\u00bfQui\u00e9nes ocacionaron estos incidentes en Ecuador?\/Gente de la comunidad","var_analysis_unit":null,"var_qstn_preqtxt":null,"var_qstn_qstnlit":null,"var_qstn_postqtxt":null,"var_qstn_ivuinstr":null,"var_universe":null,"var_universe_clusion":null,"var_sumstat":[{"value":"0","type":"vald","wgtd":null},{"value":"0","type":"invd","wgtd":null}],"var_txt":null,"var_catgry":[],"var_codinstr":null,"var_concept":[],"var_format":{"type":"numeric","schema":"other","category":null,"name":null},"var_notes":null,"var_val_range":{"min":null,"max":null},"fid":"F2"},{"file_id":"F2","vid":"V291","name":"quienes_incidentes_ecu_6","var_intrvl":"discrete","var_dcml":"0","var_wgt":null,"var_is_wgt":null,"loc_start_pos":null,"loc_end_pos":null,"loc_width":null,"loc_rec_seg_no":null,"labl":"RUTA A PER\u00da E INCIDENTES DE PROTECCI\u00d3N\/\u00bfQui\u00e9nes ocacionaron estos incidentes en Ecuador?\/Otras personas de mi nacionalidad","var_imputation":"RUTA A PER\u00da E INCIDENTES DE PROTECCI\u00d3N\/\u00bfQui\u00e9nes ocacionaron estos incidentes en Ecuador?\/Otras personas de mi nacionalidad","var_security":"RUTA A PER\u00da E INCIDENTES DE PROTECCI\u00d3N\/\u00bfQui\u00e9nes ocacionaron estos incidentes en Ecuador?\/Otras personas de mi nacionalidad","var_resp_unit":"RUTA A PER\u00da E INCIDENTES DE PROTECCI\u00d3N\/\u00bfQui\u00e9nes ocacionaron estos incidentes en Ecuador?\/Otras personas de mi nacionalidad","var_analysis_unit":null,"var_qstn_preqtxt":null,"var_qstn_qstnlit":null,"var_qstn_postqtxt":null,"var_qstn_ivuinstr":null,"var_universe":null,"var_universe_clusion":null,"var_sumstat":[{"value":"0","type":"vald","wgtd":null},{"value":"0","type":"invd","wgtd":null}],"var_txt":null,"var_catgry":[],"var_codinstr":null,"var_concept":[],"var_format":{"type":"numeric","schema":"other","category":null,"name":null},"var_notes":null,"var_val_range":{"min":null,"max":null},"fid":"F2"},{"file_id":"F2","vid":"V292","name":"quienes_incidentes_ecu_7","var_intrvl":"discrete","var_dcml":"0","var_wgt":null,"var_is_wgt":null,"loc_start_pos":null,"loc_end_pos":null,"loc_width":null,"loc_rec_seg_no":null,"labl":"RUTA A PER\u00da E INCIDENTES DE PROTECCI\u00d3N\/\u00bfQui\u00e9nes ocacionaron estos incidentes en Ecuador?\/Familiar\/Alg\u00fan conocido","var_imputation":"RUTA A PER\u00da E INCIDENTES DE PROTECCI\u00d3N\/\u00bfQui\u00e9nes ocacionaron estos incidentes en Ecuador?\/Familiar\/Alg\u00fan conocido","var_security":"RUTA A PER\u00da E INCIDENTES DE PROTECCI\u00d3N\/\u00bfQui\u00e9nes ocacionaron estos incidentes en Ecuador?\/Familiar\/Alg\u00fan conocido","var_resp_unit":"RUTA A PER\u00da E INCIDENTES DE PROTECCI\u00d3N\/\u00bfQui\u00e9nes ocacionaron estos incidentes en Ecuador?\/Familiar\/Alg\u00fan conocido","var_analysis_unit":null,"var_qstn_preqtxt":null,"var_qstn_qstnlit":null,"var_qstn_postqtxt":null,"var_qstn_ivuinstr":null,"var_universe":null,"var_universe_clusion":null,"var_sumstat":[{"value":"0","type":"vald","wgtd":null},{"value":"0","type":"invd","wgtd":null}],"var_txt":null,"var_catgry":[],"var_codinstr":null,"var_concept":[],"var_format":{"type":"numeric","schema":"other","category":null,"name":null},"var_notes":null,"var_val_range":{"min":null,"max":null},"fid":"F2"},{"file_id":"F2","vid":"V293","name":"quienes_incidentes_ecu_8","var_intrvl":"discrete","var_dcml":"0","var_wgt":null,"var_is_wgt":null,"loc_start_pos":null,"loc_end_pos":null,"loc_width":null,"loc_rec_seg_no":null,"labl":"RUTA A PER\u00da E INCIDENTES DE PROTECCI\u00d3N\/\u00bfQui\u00e9nes ocacionaron estos incidentes en Ecuador?\/Grupos armados e hinchas","var_imputation":"RUTA A PER\u00da E INCIDENTES DE PROTECCI\u00d3N\/\u00bfQui\u00e9nes ocacionaron estos incidentes en Ecuador?\/Grupos armados e hinchas","var_security":"RUTA A PER\u00da E INCIDENTES DE PROTECCI\u00d3N\/\u00bfQui\u00e9nes ocacionaron estos incidentes en Ecuador?\/Grupos armados e hinchas","var_resp_unit":"RUTA A PER\u00da E INCIDENTES DE PROTECCI\u00d3N\/\u00bfQui\u00e9nes ocacionaron estos incidentes en Ecuador?\/Grupos armados e hinchas","var_analysis_unit":null,"var_qstn_preqtxt":null,"var_qstn_qstnlit":null,"var_qstn_postqtxt":null,"var_qstn_ivuinstr":null,"var_universe":null,"var_universe_clusion":null,"var_sumstat":[{"value":"0","type":"vald","wgtd":null},{"value":"0","type":"invd","wgtd":null}],"var_txt":null,"var_catgry":[],"var_codinstr":null,"var_concept":[],"var_format":{"type":"numeric","schema":"other","category":null,"name":null},"var_notes":null,"var_val_range":{"min":null,"max":null},"fid":"F2"},{"file_id":"F2","vid":"V294","name":"quienes_incidentes_arg_1","var_intrvl":"discrete","var_dcml":"0","var_wgt":null,"var_is_wgt":null,"loc_start_pos":null,"loc_end_pos":null,"loc_width":null,"loc_rec_seg_no":null,"labl":"RUTA A PER\u00da E INCIDENTES DE PROTECCI\u00d3N\/\u00bfQui\u00e9nes ocacionaron estos incidentes en Argentina?\/Fuerzas del orden","var_imputation":"RUTA A PER\u00da E INCIDENTES DE PROTECCI\u00d3N\/\u00bfQui\u00e9nes ocacionaron estos incidentes en Argentina?\/Fuerzas del orden","var_security":"RUTA A PER\u00da E INCIDENTES DE PROTECCI\u00d3N\/\u00bfQui\u00e9nes ocacionaron estos incidentes en Argentina?\/Fuerzas del orden","var_resp_unit":"RUTA A PER\u00da E INCIDENTES DE PROTECCI\u00d3N\/\u00bfQui\u00e9nes ocacionaron estos incidentes en Argentina?\/Fuerzas del orden","var_analysis_unit":null,"var_qstn_preqtxt":null,"var_qstn_qstnlit":null,"var_qstn_postqtxt":null,"var_qstn_ivuinstr":null,"var_universe":null,"var_universe_clusion":null,"var_sumstat":[{"value":"0","type":"vald","wgtd":null},{"value":"0","type":"invd","wgtd":null}],"var_txt":null,"var_catgry":[{"value":"1","labl":"TRUE","is_missing":null,"stats":[]}],"var_codinstr":null,"var_concept":[],"var_format":{"type":"numeric","schema":"other","category":null,"name":null},"var_notes":null,"var_val_range":{"min":"1","max":"1"},"fid":"F2"},{"file_id":"F2","vid":"V295","name":"quienes_incidentes_arg_2","var_intrvl":"discrete","var_dcml":"0","var_wgt":null,"var_is_wgt":null,"loc_start_pos":null,"loc_end_pos":null,"loc_width":null,"loc_rec_seg_no":null,"labl":"RUTA A PER\u00da E INCIDENTES DE PROTECCI\u00d3N\/\u00bfQui\u00e9nes ocacionaron estos incidentes en Argentina?\/Fuerzas del orden peruanas","var_imputation":"RUTA A PER\u00da E INCIDENTES DE PROTECCI\u00d3N\/\u00bfQui\u00e9nes ocacionaron estos incidentes en Argentina?\/Fuerzas del orden peruanas","var_security":"RUTA A PER\u00da E INCIDENTES DE PROTECCI\u00d3N\/\u00bfQui\u00e9nes ocacionaron estos incidentes en Argentina?\/Fuerzas del orden peruanas","var_resp_unit":"RUTA A PER\u00da E INCIDENTES DE PROTECCI\u00d3N\/\u00bfQui\u00e9nes ocacionaron estos incidentes en Argentina?\/Fuerzas del orden peruanas","var_analysis_unit":null,"var_qstn_preqtxt":null,"var_qstn_qstnlit":null,"var_qstn_postqtxt":null,"var_qstn_ivuinstr":null,"var_universe":null,"var_universe_clusion":null,"var_sumstat":[{"value":"0","type":"vald","wgtd":null},{"value":"0","type":"invd","wgtd":null}],"var_txt":null,"var_catgry":[{"value":"1","labl":"TRUE","is_missing":null,"stats":[]}],"var_codinstr":null,"var_concept":[],"var_format":{"type":"numeric","schema":"other","category":null,"name":null},"var_notes":null,"var_val_range":{"min":"1","max":"1"},"fid":"F2"},{"file_id":"F2","vid":"V296","name":"quienes_incidentes_arg_3","var_intrvl":"discrete","var_dcml":"0","var_wgt":null,"var_is_wgt":null,"loc_start_pos":null,"loc_end_pos":null,"loc_width":null,"loc_rec_seg_no":null,"labl":"RUTA A PER\u00da E INCIDENTES DE PROTECCI\u00d3N\/\u00bfQui\u00e9nes ocacionaron estos incidentes en Argentina?\/Trocheros","var_imputation":"RUTA A PER\u00da E INCIDENTES DE PROTECCI\u00d3N\/\u00bfQui\u00e9nes ocacionaron estos incidentes en Argentina?\/Trocheros","var_security":"RUTA A PER\u00da E INCIDENTES DE PROTECCI\u00d3N\/\u00bfQui\u00e9nes ocacionaron estos incidentes en Argentina?\/Trocheros","var_resp_unit":"RUTA A PER\u00da E INCIDENTES DE PROTECCI\u00d3N\/\u00bfQui\u00e9nes ocacionaron estos incidentes en Argentina?\/Trocheros","var_analysis_unit":null,"var_qstn_preqtxt":null,"var_qstn_qstnlit":null,"var_qstn_postqtxt":null,"var_qstn_ivuinstr":null,"var_universe":null,"var_universe_clusion":null,"var_sumstat":[{"value":"0","type":"vald","wgtd":null},{"value":"0","type":"invd","wgtd":null}],"var_txt":null,"var_catgry":[{"value":"1","labl":"TRUE","is_missing":null,"stats":[]}],"var_codinstr":null,"var_concept":[],"var_format":{"type":"numeric","schema":"other","category":null,"name":null},"var_notes":null,"var_val_range":{"min":"1","max":"1"},"fid":"F2"},{"file_id":"F2","vid":"V297","name":"quienes_incidentes_arg_4","var_intrvl":"discrete","var_dcml":"0","var_wgt":null,"var_is_wgt":null,"loc_start_pos":null,"loc_end_pos":null,"loc_width":null,"loc_rec_seg_no":null,"labl":"RUTA A PER\u00da E INCIDENTES DE PROTECCI\u00d3N\/\u00bfQui\u00e9nes ocacionaron estos incidentes en Argentina?\/Mototaxistas\/Transportistas","var_imputation":"RUTA A PER\u00da E INCIDENTES DE PROTECCI\u00d3N\/\u00bfQui\u00e9nes ocacionaron estos incidentes en Argentina?\/Mototaxistas\/Transportistas","var_security":"RUTA A PER\u00da E INCIDENTES DE PROTECCI\u00d3N\/\u00bfQui\u00e9nes ocacionaron estos incidentes en Argentina?\/Mototaxistas\/Transportistas","var_resp_unit":"RUTA A PER\u00da E INCIDENTES DE PROTECCI\u00d3N\/\u00bfQui\u00e9nes ocacionaron estos incidentes en Argentina?\/Mototaxistas\/Transportistas","var_analysis_unit":null,"var_qstn_preqtxt":null,"var_qstn_qstnlit":null,"var_qstn_postqtxt":null,"var_qstn_ivuinstr":null,"var_universe":null,"var_universe_clusion":null,"var_sumstat":[{"value":"0","type":"vald","wgtd":null},{"value":"0","type":"invd","wgtd":null}],"var_txt":null,"var_catgry":[{"value":"1","labl":"TRUE","is_missing":null,"stats":[]}],"var_codinstr":null,"var_concept":[],"var_format":{"type":"numeric","schema":"other","category":null,"name":null},"var_notes":null,"var_val_range":{"min":"1","max":"1"},"fid":"F2"},{"file_id":"F2","vid":"V298","name":"quienes_incidentes_arg_5","var_intrvl":"discrete","var_dcml":"0","var_wgt":null,"var_is_wgt":null,"loc_start_pos":null,"loc_end_pos":null,"loc_width":null,"loc_rec_seg_no":null,"labl":"RUTA A PER\u00da E INCIDENTES DE PROTECCI\u00d3N\/\u00bfQui\u00e9nes ocacionaron estos incidentes en Argentina?\/Gente de la comunidad","var_imputation":"RUTA A PER\u00da E INCIDENTES DE PROTECCI\u00d3N\/\u00bfQui\u00e9nes ocacionaron estos incidentes en Argentina?\/Gente de la comunidad","var_security":"RUTA A PER\u00da E INCIDENTES DE PROTECCI\u00d3N\/\u00bfQui\u00e9nes ocacionaron estos incidentes en Argentina?\/Gente de la comunidad","var_resp_unit":"RUTA A PER\u00da E INCIDENTES DE PROTECCI\u00d3N\/\u00bfQui\u00e9nes ocacionaron estos incidentes en Argentina?\/Gente de la comunidad","var_analysis_unit":null,"var_qstn_preqtxt":null,"var_qstn_qstnlit":null,"var_qstn_postqtxt":null,"var_qstn_ivuinstr":null,"var_universe":null,"var_universe_clusion":null,"var_sumstat":[{"value":"0","type":"vald","wgtd":null},{"value":"0","type":"invd","wgtd":null}],"var_txt":null,"var_catgry":[{"value":"1","labl":"TRUE","is_missing":null,"stats":[]}],"var_codinstr":null,"var_concept":[],"var_format":{"type":"numeric","schema":"other","category":null,"name":null},"var_notes":null,"var_val_range":{"min":"1","max":"1"},"fid":"F2"},{"file_id":"F2","vid":"V299","name":"quienes_incidentes_arg_6","var_intrvl":"discrete","var_dcml":"0","var_wgt":null,"var_is_wgt":null,"loc_start_pos":null,"loc_end_pos":null,"loc_width":null,"loc_rec_seg_no":null,"labl":"RUTA A PER\u00da E INCIDENTES DE PROTECCI\u00d3N\/\u00bfQui\u00e9nes ocacionaron estos incidentes en Argentina?\/Otras personas de mi nacionalidad","var_imputation":"RUTA A PER\u00da E INCIDENTES DE PROTECCI\u00d3N\/\u00bfQui\u00e9nes ocacionaron estos incidentes en Argentina?\/Otras personas de mi nacionalidad","var_security":"RUTA A PER\u00da E INCIDENTES DE PROTECCI\u00d3N\/\u00bfQui\u00e9nes ocacionaron estos incidentes en Argentina?\/Otras personas de mi nacionalidad","var_resp_unit":"RUTA A PER\u00da E INCIDENTES DE PROTECCI\u00d3N\/\u00bfQui\u00e9nes ocacionaron estos incidentes en Argentina?\/Otras personas de mi nacionalidad","var_analysis_unit":null,"var_qstn_preqtxt":null,"var_qstn_qstnlit":null,"var_qstn_postqtxt":null,"var_qstn_ivuinstr":null,"var_universe":null,"var_universe_clusion":null,"var_sumstat":[{"value":"0","type":"vald","wgtd":null},{"value":"0","type":"invd","wgtd":null}],"var_txt":null,"var_catgry":[{"value":"1","labl":"TRUE","is_missing":null,"stats":[]}],"var_codinstr":null,"var_concept":[],"var_format":{"type":"numeric","schema":"other","category":null,"name":null},"var_notes":null,"var_val_range":{"min":"1","max":"1"},"fid":"F2"},{"file_id":"F2","vid":"V300","name":"quienes_incidentes_arg_7","var_intrvl":"discrete","var_dcml":"0","var_wgt":null,"var_is_wgt":null,"loc_start_pos":null,"loc_end_pos":null,"loc_width":null,"loc_rec_seg_no":null,"labl":"RUTA A PER\u00da E INCIDENTES DE PROTECCI\u00d3N\/\u00bfQui\u00e9nes ocacionaron estos incidentes en Argentina?\/Familiar\/Alg\u00fan conocido","var_imputation":"RUTA A PER\u00da E INCIDENTES DE PROTECCI\u00d3N\/\u00bfQui\u00e9nes ocacionaron estos incidentes en Argentina?\/Familiar\/Alg\u00fan conocido","var_security":"RUTA A PER\u00da E INCIDENTES DE PROTECCI\u00d3N\/\u00bfQui\u00e9nes ocacionaron estos incidentes en Argentina?\/Familiar\/Alg\u00fan conocido","var_resp_unit":"RUTA A PER\u00da E INCIDENTES DE PROTECCI\u00d3N\/\u00bfQui\u00e9nes ocacionaron estos incidentes en Argentina?\/Familiar\/Alg\u00fan conocido","var_analysis_unit":null,"var_qstn_preqtxt":null,"var_qstn_qstnlit":null,"var_qstn_postqtxt":null,"var_qstn_ivuinstr":null,"var_universe":null,"var_universe_clusion":null,"var_sumstat":[{"value":"0","type":"vald","wgtd":null},{"value":"0","type":"invd","wgtd":null}],"var_txt":null,"var_catgry":[{"value":"1","labl":"TRUE","is_missing":null,"stats":[]}],"var_codinstr":null,"var_concept":[],"var_format":{"type":"numeric","schema":"other","category":null,"name":null},"var_notes":null,"var_val_range":{"min":"1","max":"1"},"fid":"F2"},{"file_id":"F2","vid":"V301","name":"quienes_incidentes_arg_8","var_intrvl":"discrete","var_dcml":"0","var_wgt":null,"var_is_wgt":null,"loc_start_pos":null,"loc_end_pos":null,"loc_width":null,"loc_rec_seg_no":null,"labl":"RUTA A PER\u00da E INCIDENTES DE PROTECCI\u00d3N\/\u00bfQui\u00e9nes ocacionaron estos incidentes en Argentina?\/Grupos armados e hinchas","var_imputation":"RUTA A PER\u00da E INCIDENTES DE PROTECCI\u00d3N\/\u00bfQui\u00e9nes ocacionaron estos incidentes en Argentina?\/Grupos armados e hinchas","var_security":"RUTA A PER\u00da E INCIDENTES DE PROTECCI\u00d3N\/\u00bfQui\u00e9nes ocacionaron estos incidentes en Argentina?\/Grupos armados e hinchas","var_resp_unit":"RUTA A PER\u00da E INCIDENTES DE PROTECCI\u00d3N\/\u00bfQui\u00e9nes ocacionaron estos incidentes en Argentina?\/Grupos armados e hinchas","var_analysis_unit":null,"var_qstn_preqtxt":null,"var_qstn_qstnlit":null,"var_qstn_postqtxt":null,"var_qstn_ivuinstr":null,"var_universe":null,"var_universe_clusion":null,"var_sumstat":[{"value":"0","type":"vald","wgtd":null},{"value":"0","type":"invd","wgtd":null}],"var_txt":null,"var_catgry":[{"value":"1","labl":"TRUE","is_missing":null,"stats":[]}],"var_codinstr":null,"var_concept":[],"var_format":{"type":"numeric","schema":"other","category":null,"name":null},"var_notes":null,"var_val_range":{"min":"1","max":"1"},"fid":"F2"},{"file_id":"F2","vid":"V302","name":"quienes_incidentes_bol_1","var_intrvl":"discrete","var_dcml":"0","var_wgt":null,"var_is_wgt":null,"loc_start_pos":null,"loc_end_pos":null,"loc_width":null,"loc_rec_seg_no":null,"labl":"RUTA A PER\u00da E INCIDENTES DE PROTECCI\u00d3N\/\u00bfQui\u00e9nes ocacionaron estos incidentes en Bolivia?\/Fuerzas del orden","var_imputation":"RUTA A PER\u00da E INCIDENTES DE PROTECCI\u00d3N\/\u00bfQui\u00e9nes ocacionaron estos incidentes en Bolivia?\/Fuerzas del orden","var_security":"RUTA A PER\u00da E INCIDENTES DE PROTECCI\u00d3N\/\u00bfQui\u00e9nes ocacionaron estos incidentes en Bolivia?\/Fuerzas del orden","var_resp_unit":"RUTA A PER\u00da E INCIDENTES DE PROTECCI\u00d3N\/\u00bfQui\u00e9nes ocacionaron estos incidentes en Bolivia?\/Fuerzas del orden","var_analysis_unit":null,"var_qstn_preqtxt":null,"var_qstn_qstnlit":null,"var_qstn_postqtxt":null,"var_qstn_ivuinstr":null,"var_universe":null,"var_universe_clusion":null,"var_sumstat":[{"value":"0","type":"vald","wgtd":null},{"value":"0","type":"invd","wgtd":null}],"var_txt":null,"var_catgry":[{"value":"1","labl":"TRUE","is_missing":null,"stats":[]}],"var_codinstr":null,"var_concept":[],"var_format":{"type":"numeric","schema":"other","category":null,"name":null},"var_notes":null,"var_val_range":{"min":"1","max":"1"},"fid":"F2"},{"file_id":"F2","vid":"V303","name":"quienes_incidentes_bol_2","var_intrvl":"discrete","var_dcml":"0","var_wgt":null,"var_is_wgt":null,"loc_start_pos":null,"loc_end_pos":null,"loc_width":null,"loc_rec_seg_no":null,"labl":"RUTA A PER\u00da E INCIDENTES DE PROTECCI\u00d3N\/\u00bfQui\u00e9nes ocacionaron estos incidentes en Bolivia?\/Fuerzas del orden peruanas","var_imputation":"RUTA A PER\u00da E INCIDENTES DE PROTECCI\u00d3N\/\u00bfQui\u00e9nes ocacionaron estos incidentes en Bolivia?\/Fuerzas del orden peruanas","var_security":"RUTA A PER\u00da E INCIDENTES DE PROTECCI\u00d3N\/\u00bfQui\u00e9nes ocacionaron estos incidentes en Bolivia?\/Fuerzas del orden peruanas","var_resp_unit":"RUTA A PER\u00da E INCIDENTES DE PROTECCI\u00d3N\/\u00bfQui\u00e9nes ocacionaron estos incidentes en Bolivia?\/Fuerzas del orden peruanas","var_analysis_unit":null,"var_qstn_preqtxt":null,"var_qstn_qstnlit":null,"var_qstn_postqtxt":null,"var_qstn_ivuinstr":null,"var_universe":null,"var_universe_clusion":null,"var_sumstat":[{"value":"0","type":"vald","wgtd":null},{"value":"0","type":"invd","wgtd":null}],"var_txt":null,"var_catgry":[{"value":"1","labl":"TRUE","is_missing":null,"stats":[]}],"var_codinstr":null,"var_concept":[],"var_format":{"type":"numeric","schema":"other","category":null,"name":null},"var_notes":null,"var_val_range":{"min":"1","max":"1"},"fid":"F2"},{"file_id":"F2","vid":"V304","name":"quienes_incidentes_bol_3","var_intrvl":"discrete","var_dcml":"0","var_wgt":null,"var_is_wgt":null,"loc_start_pos":null,"loc_end_pos":null,"loc_width":null,"loc_rec_seg_no":null,"labl":"RUTA A PER\u00da E INCIDENTES DE PROTECCI\u00d3N\/\u00bfQui\u00e9nes ocacionaron estos incidentes en Bolivia?\/Trocheros","var_imputation":"RUTA A PER\u00da E INCIDENTES DE PROTECCI\u00d3N\/\u00bfQui\u00e9nes ocacionaron estos incidentes en Bolivia?\/Trocheros","var_security":"RUTA A PER\u00da E INCIDENTES DE PROTECCI\u00d3N\/\u00bfQui\u00e9nes ocacionaron estos incidentes en Bolivia?\/Trocheros","var_resp_unit":"RUTA A PER\u00da E INCIDENTES DE PROTECCI\u00d3N\/\u00bfQui\u00e9nes ocacionaron estos incidentes en Bolivia?\/Trocheros","var_analysis_unit":null,"var_qstn_preqtxt":null,"var_qstn_qstnlit":null,"var_qstn_postqtxt":null,"var_qstn_ivuinstr":null,"var_universe":null,"var_universe_clusion":null,"var_sumstat":[{"value":"0","type":"vald","wgtd":null},{"value":"0","type":"invd","wgtd":null}],"var_txt":null,"var_catgry":[{"value":"1","labl":"TRUE","is_missing":null,"stats":[]}],"var_codinstr":null,"var_concept":[],"var_format":{"type":"numeric","schema":"other","category":null,"name":null},"var_notes":null,"var_val_range":{"min":"1","max":"1"},"fid":"F2"},{"file_id":"F2","vid":"V305","name":"quienes_incidentes_bol_4","var_intrvl":"discrete","var_dcml":"0","var_wgt":null,"var_is_wgt":null,"loc_start_pos":null,"loc_end_pos":null,"loc_width":null,"loc_rec_seg_no":null,"labl":"RUTA A PER\u00da E INCIDENTES DE PROTECCI\u00d3N\/\u00bfQui\u00e9nes ocacionaron estos incidentes en Bolivia?\/Mototaxistas\/Transportistas","var_imputation":"RUTA A PER\u00da E INCIDENTES DE PROTECCI\u00d3N\/\u00bfQui\u00e9nes ocacionaron estos incidentes en Bolivia?\/Mototaxistas\/Transportistas","var_security":"RUTA A PER\u00da E INCIDENTES DE PROTECCI\u00d3N\/\u00bfQui\u00e9nes ocacionaron estos incidentes en Bolivia?\/Mototaxistas\/Transportistas","var_resp_unit":"RUTA A PER\u00da E INCIDENTES DE PROTECCI\u00d3N\/\u00bfQui\u00e9nes ocacionaron estos incidentes en Bolivia?\/Mototaxistas\/Transportistas","var_analysis_unit":null,"var_qstn_preqtxt":null,"var_qstn_qstnlit":null,"var_qstn_postqtxt":null,"var_qstn_ivuinstr":null,"var_universe":null,"var_universe_clusion":null,"var_sumstat":[{"value":"0","type":"vald","wgtd":null},{"value":"0","type":"invd","wgtd":null}],"var_txt":null,"var_catgry":[{"value":"1","labl":"TRUE","is_missing":null,"stats":[]}],"var_codinstr":null,"var_concept":[],"var_format":{"type":"numeric","schema":"other","category":null,"name":null},"var_notes":null,"var_val_range":{"min":"1","max":"1"},"fid":"F2"},{"file_id":"F2","vid":"V306","name":"quienes_incidentes_bol_5","var_intrvl":"discrete","var_dcml":"0","var_wgt":null,"var_is_wgt":null,"loc_start_pos":null,"loc_end_pos":null,"loc_width":null,"loc_rec_seg_no":null,"labl":"RUTA A PER\u00da E INCIDENTES DE PROTECCI\u00d3N\/\u00bfQui\u00e9nes ocacionaron estos incidentes en Bolivia?\/Gente de la comunidad","var_imputation":"RUTA A PER\u00da E INCIDENTES DE PROTECCI\u00d3N\/\u00bfQui\u00e9nes ocacionaron estos incidentes en Bolivia?\/Gente de la comunidad","var_security":"RUTA A PER\u00da E INCIDENTES DE PROTECCI\u00d3N\/\u00bfQui\u00e9nes ocacionaron estos incidentes en Bolivia?\/Gente de la comunidad","var_resp_unit":"RUTA A PER\u00da E INCIDENTES DE PROTECCI\u00d3N\/\u00bfQui\u00e9nes ocacionaron estos incidentes en Bolivia?\/Gente de la comunidad","var_analysis_unit":null,"var_qstn_preqtxt":null,"var_qstn_qstnlit":null,"var_qstn_postqtxt":null,"var_qstn_ivuinstr":null,"var_universe":null,"var_universe_clusion":null,"var_sumstat":[{"value":"0","type":"vald","wgtd":null},{"value":"0","type":"invd","wgtd":null}],"var_txt":null,"var_catgry":[{"value":"1","labl":"TRUE","is_missing":null,"stats":[]}],"var_codinstr":null,"var_concept":[],"var_format":{"type":"numeric","schema":"other","category":null,"name":null},"var_notes":null,"var_val_range":{"min":"1","max":"1"},"fid":"F2"},{"file_id":"F2","vid":"V307","name":"quienes_incidentes_bol_6","var_intrvl":"discrete","var_dcml":"0","var_wgt":null,"var_is_wgt":null,"loc_start_pos":null,"loc_end_pos":null,"loc_width":null,"loc_rec_seg_no":null,"labl":"RUTA A PER\u00da E INCIDENTES DE PROTECCI\u00d3N\/\u00bfQui\u00e9nes ocacionaron estos incidentes en Bolivia?\/Otras personas de mi nacionalidad","var_imputation":"RUTA A PER\u00da E INCIDENTES DE PROTECCI\u00d3N\/\u00bfQui\u00e9nes ocacionaron estos incidentes en Bolivia?\/Otras personas de mi nacionalidad","var_security":"RUTA A PER\u00da E INCIDENTES DE PROTECCI\u00d3N\/\u00bfQui\u00e9nes ocacionaron estos incidentes en Bolivia?\/Otras personas de mi nacionalidad","var_resp_unit":"RUTA A PER\u00da E INCIDENTES DE PROTECCI\u00d3N\/\u00bfQui\u00e9nes ocacionaron estos incidentes en Bolivia?\/Otras personas de mi nacionalidad","var_analysis_unit":null,"var_qstn_preqtxt":null,"var_qstn_qstnlit":null,"var_qstn_postqtxt":null,"var_qstn_ivuinstr":null,"var_universe":null,"var_universe_clusion":null,"var_sumstat":[{"value":"0","type":"vald","wgtd":null},{"value":"0","type":"invd","wgtd":null}],"var_txt":null,"var_catgry":[{"value":"1","labl":"TRUE","is_missing":null,"stats":[]}],"var_codinstr":null,"var_concept":[],"var_format":{"type":"numeric","schema":"other","category":null,"name":null},"var_notes":null,"var_val_range":{"min":"1","max":"1"},"fid":"F2"},{"file_id":"F2","vid":"V308","name":"quienes_incidentes_bol_7","var_intrvl":"discrete","var_dcml":"0","var_wgt":null,"var_is_wgt":null,"loc_start_pos":null,"loc_end_pos":null,"loc_width":null,"loc_rec_seg_no":null,"labl":"RUTA A PER\u00da E INCIDENTES DE PROTECCI\u00d3N\/\u00bfQui\u00e9nes ocacionaron estos incidentes en Bolivia?\/Familiar\/Alg\u00fan conocido","var_imputation":"RUTA A PER\u00da E INCIDENTES DE PROTECCI\u00d3N\/\u00bfQui\u00e9nes ocacionaron estos incidentes en Bolivia?\/Familiar\/Alg\u00fan conocido","var_security":"RUTA A PER\u00da E INCIDENTES DE PROTECCI\u00d3N\/\u00bfQui\u00e9nes ocacionaron estos incidentes en Bolivia?\/Familiar\/Alg\u00fan conocido","var_resp_unit":"RUTA A PER\u00da E INCIDENTES DE PROTECCI\u00d3N\/\u00bfQui\u00e9nes ocacionaron estos incidentes en Bolivia?\/Familiar\/Alg\u00fan conocido","var_analysis_unit":null,"var_qstn_preqtxt":null,"var_qstn_qstnlit":null,"var_qstn_postqtxt":null,"var_qstn_ivuinstr":null,"var_universe":null,"var_universe_clusion":null,"var_sumstat":[{"value":"0","type":"vald","wgtd":null},{"value":"0","type":"invd","wgtd":null}],"var_txt":null,"var_catgry":[{"value":"1","labl":"TRUE","is_missing":null,"stats":[]}],"var_codinstr":null,"var_concept":[],"var_format":{"type":"numeric","schema":"other","category":null,"name":null},"var_notes":null,"var_val_range":{"min":"1","max":"1"},"fid":"F2"},{"file_id":"F2","vid":"V309","name":"quienes_incidentes_bol_8","var_intrvl":"discrete","var_dcml":"0","var_wgt":null,"var_is_wgt":null,"loc_start_pos":null,"loc_end_pos":null,"loc_width":null,"loc_rec_seg_no":null,"labl":"RUTA A PER\u00da E INCIDENTES DE PROTECCI\u00d3N\/\u00bfQui\u00e9nes ocacionaron estos incidentes en Bolivia?\/Grupos armados e hinchas","var_imputation":"RUTA A PER\u00da E INCIDENTES DE PROTECCI\u00d3N\/\u00bfQui\u00e9nes ocacionaron estos incidentes en Bolivia?\/Grupos armados e hinchas","var_security":"RUTA A PER\u00da E INCIDENTES DE PROTECCI\u00d3N\/\u00bfQui\u00e9nes ocacionaron estos incidentes en Bolivia?\/Grupos armados e hinchas","var_resp_unit":"RUTA A PER\u00da E INCIDENTES DE PROTECCI\u00d3N\/\u00bfQui\u00e9nes ocacionaron estos incidentes en Bolivia?\/Grupos armados e hinchas","var_analysis_unit":null,"var_qstn_preqtxt":null,"var_qstn_qstnlit":null,"var_qstn_postqtxt":null,"var_qstn_ivuinstr":null,"var_universe":null,"var_universe_clusion":null,"var_sumstat":[{"value":"0","type":"vald","wgtd":null},{"value":"0","type":"invd","wgtd":null}],"var_txt":null,"var_catgry":[{"value":"1","labl":"TRUE","is_missing":null,"stats":[]}],"var_codinstr":null,"var_concept":[],"var_format":{"type":"numeric","schema":"other","category":null,"name":null},"var_notes":null,"var_val_range":{"min":"1","max":"1"},"fid":"F2"},{"file_id":"F2","vid":"V310","name":"quienes_incidentes_bra_1","var_intrvl":"discrete","var_dcml":"0","var_wgt":null,"var_is_wgt":null,"loc_start_pos":null,"loc_end_pos":null,"loc_width":null,"loc_rec_seg_no":null,"labl":"RUTA A PER\u00da E INCIDENTES DE PROTECCI\u00d3N\/\u00bfQui\u00e9nes ocacionaron estos incidentes en Brasil?\/Fuerzas del orden","var_imputation":"RUTA A PER\u00da E INCIDENTES DE PROTECCI\u00d3N\/\u00bfQui\u00e9nes ocacionaron estos incidentes en Brasil?\/Fuerzas del orden","var_security":"RUTA A PER\u00da E INCIDENTES DE PROTECCI\u00d3N\/\u00bfQui\u00e9nes ocacionaron estos incidentes en Brasil?\/Fuerzas del orden","var_resp_unit":"RUTA A PER\u00da E INCIDENTES DE PROTECCI\u00d3N\/\u00bfQui\u00e9nes ocacionaron estos incidentes en Brasil?\/Fuerzas del orden","var_analysis_unit":null,"var_qstn_preqtxt":null,"var_qstn_qstnlit":null,"var_qstn_postqtxt":null,"var_qstn_ivuinstr":null,"var_universe":null,"var_universe_clusion":null,"var_sumstat":[{"value":"0","type":"vald","wgtd":null},{"value":"0","type":"invd","wgtd":null}],"var_txt":null,"var_catgry":[{"value":"1","labl":"TRUE","is_missing":null,"stats":[]}],"var_codinstr":null,"var_concept":[],"var_format":{"type":"numeric","schema":"other","category":null,"name":null},"var_notes":null,"var_val_range":{"min":"1","max":"1"},"fid":"F2"},{"file_id":"F2","vid":"V311","name":"quienes_incidentes_bra_2","var_intrvl":"discrete","var_dcml":"0","var_wgt":null,"var_is_wgt":null,"loc_start_pos":null,"loc_end_pos":null,"loc_width":null,"loc_rec_seg_no":null,"labl":"RUTA A PER\u00da E INCIDENTES DE PROTECCI\u00d3N\/\u00bfQui\u00e9nes ocacionaron estos incidentes en Brasil?\/Fuerzas del orden peruanas","var_imputation":"RUTA A PER\u00da E INCIDENTES DE PROTECCI\u00d3N\/\u00bfQui\u00e9nes ocacionaron estos incidentes en Brasil?\/Fuerzas del orden peruanas","var_security":"RUTA A PER\u00da E INCIDENTES DE PROTECCI\u00d3N\/\u00bfQui\u00e9nes ocacionaron estos incidentes en Brasil?\/Fuerzas del orden peruanas","var_resp_unit":"RUTA A PER\u00da E INCIDENTES DE PROTECCI\u00d3N\/\u00bfQui\u00e9nes ocacionaron estos incidentes en Brasil?\/Fuerzas del orden peruanas","var_analysis_unit":null,"var_qstn_preqtxt":null,"var_qstn_qstnlit":null,"var_qstn_postqtxt":null,"var_qstn_ivuinstr":null,"var_universe":null,"var_universe_clusion":null,"var_sumstat":[{"value":"0","type":"vald","wgtd":null},{"value":"0","type":"invd","wgtd":null}],"var_txt":null,"var_catgry":[{"value":"1","labl":"TRUE","is_missing":null,"stats":[]}],"var_codinstr":null,"var_concept":[],"var_format":{"type":"numeric","schema":"other","category":null,"name":null},"var_notes":null,"var_val_range":{"min":"1","max":"1"},"fid":"F2"},{"file_id":"F2","vid":"V312","name":"quienes_incidentes_bra_3","var_intrvl":"discrete","var_dcml":"0","var_wgt":null,"var_is_wgt":null,"loc_start_pos":null,"loc_end_pos":null,"loc_width":null,"loc_rec_seg_no":null,"labl":"RUTA A PER\u00da E INCIDENTES DE PROTECCI\u00d3N\/\u00bfQui\u00e9nes ocacionaron estos incidentes en Brasil?\/Trocheros","var_imputation":"RUTA A PER\u00da E INCIDENTES DE PROTECCI\u00d3N\/\u00bfQui\u00e9nes ocacionaron estos incidentes en Brasil?\/Trocheros","var_security":"RUTA A PER\u00da E INCIDENTES DE PROTECCI\u00d3N\/\u00bfQui\u00e9nes ocacionaron estos incidentes en Brasil?\/Trocheros","var_resp_unit":"RUTA A PER\u00da E INCIDENTES DE PROTECCI\u00d3N\/\u00bfQui\u00e9nes ocacionaron estos incidentes en Brasil?\/Trocheros","var_analysis_unit":null,"var_qstn_preqtxt":null,"var_qstn_qstnlit":null,"var_qstn_postqtxt":null,"var_qstn_ivuinstr":null,"var_universe":null,"var_universe_clusion":null,"var_sumstat":[{"value":"0","type":"vald","wgtd":null},{"value":"0","type":"invd","wgtd":null}],"var_txt":null,"var_catgry":[{"value":"1","labl":"TRUE","is_missing":null,"stats":[]}],"var_codinstr":null,"var_concept":[],"var_format":{"type":"numeric","schema":"other","category":null,"name":null},"var_notes":null,"var_val_range":{"min":"1","max":"1"},"fid":"F2"},{"file_id":"F2","vid":"V313","name":"quienes_incidentes_bra_4","var_intrvl":"discrete","var_dcml":"0","var_wgt":null,"var_is_wgt":null,"loc_start_pos":null,"loc_end_pos":null,"loc_width":null,"loc_rec_seg_no":null,"labl":"RUTA A PER\u00da E INCIDENTES DE PROTECCI\u00d3N\/\u00bfQui\u00e9nes ocacionaron estos incidentes en Brasil?\/Mototaxistas\/Transportistas","var_imputation":"RUTA A PER\u00da E INCIDENTES DE PROTECCI\u00d3N\/\u00bfQui\u00e9nes ocacionaron estos incidentes en Brasil?\/Mototaxistas\/Transportistas","var_security":"RUTA A PER\u00da E INCIDENTES DE PROTECCI\u00d3N\/\u00bfQui\u00e9nes ocacionaron estos incidentes en Brasil?\/Mototaxistas\/Transportistas","var_resp_unit":"RUTA A PER\u00da E INCIDENTES DE PROTECCI\u00d3N\/\u00bfQui\u00e9nes ocacionaron estos incidentes en Brasil?\/Mototaxistas\/Transportistas","var_analysis_unit":null,"var_qstn_preqtxt":null,"var_qstn_qstnlit":null,"var_qstn_postqtxt":null,"var_qstn_ivuinstr":null,"var_universe":null,"var_universe_clusion":null,"var_sumstat":[{"value":"0","type":"vald","wgtd":null},{"value":"0","type":"invd","wgtd":null}],"var_txt":null,"var_catgry":[{"value":"1","labl":"TRUE","is_missing":null,"stats":[]}],"var_codinstr":null,"var_concept":[],"var_format":{"type":"numeric","schema":"other","category":null,"name":null},"var_notes":null,"var_val_range":{"min":"1","max":"1"},"fid":"F2"},{"file_id":"F2","vid":"V314","name":"quienes_incidentes_bra_5","var_intrvl":"discrete","var_dcml":"0","var_wgt":null,"var_is_wgt":null,"loc_start_pos":null,"loc_end_pos":null,"loc_width":null,"loc_rec_seg_no":null,"labl":"RUTA A PER\u00da E INCIDENTES DE PROTECCI\u00d3N\/\u00bfQui\u00e9nes ocacionaron estos incidentes en Brasil?\/Gente de la comunidad","var_imputation":"RUTA A PER\u00da E INCIDENTES DE PROTECCI\u00d3N\/\u00bfQui\u00e9nes ocacionaron estos incidentes en Brasil?\/Gente de la comunidad","var_security":"RUTA A PER\u00da E INCIDENTES DE PROTECCI\u00d3N\/\u00bfQui\u00e9nes ocacionaron estos incidentes en Brasil?\/Gente de la comunidad","var_resp_unit":"RUTA A PER\u00da E INCIDENTES DE PROTECCI\u00d3N\/\u00bfQui\u00e9nes ocacionaron estos incidentes en Brasil?\/Gente de la comunidad","var_analysis_unit":null,"var_qstn_preqtxt":null,"var_qstn_qstnlit":null,"var_qstn_postqtxt":null,"var_qstn_ivuinstr":null,"var_universe":null,"var_universe_clusion":null,"var_sumstat":[{"value":"0","type":"vald","wgtd":null},{"value":"0","type":"invd","wgtd":null}],"var_txt":null,"var_catgry":[{"value":"1","labl":"TRUE","is_missing":null,"stats":[]}],"var_codinstr":null,"var_concept":[],"var_format":{"type":"numeric","schema":"other","category":null,"name":null},"var_notes":null,"var_val_range":{"min":"1","max":"1"},"fid":"F2"},{"file_id":"F2","vid":"V315","name":"quienes_incidentes_bra_6","var_intrvl":"discrete","var_dcml":"0","var_wgt":null,"var_is_wgt":null,"loc_start_pos":null,"loc_end_pos":null,"loc_width":null,"loc_rec_seg_no":null,"labl":"RUTA A PER\u00da E INCIDENTES DE PROTECCI\u00d3N\/\u00bfQui\u00e9nes ocacionaron estos incidentes en Brasil?\/Otras personas de mi nacionalidad","var_imputation":"RUTA A PER\u00da E INCIDENTES DE PROTECCI\u00d3N\/\u00bfQui\u00e9nes ocacionaron estos incidentes en Brasil?\/Otras personas de mi nacionalidad","var_security":"RUTA A PER\u00da E INCIDENTES DE PROTECCI\u00d3N\/\u00bfQui\u00e9nes ocacionaron estos incidentes en Brasil?\/Otras personas de mi nacionalidad","var_resp_unit":"RUTA A PER\u00da E INCIDENTES DE PROTECCI\u00d3N\/\u00bfQui\u00e9nes ocacionaron estos incidentes en Brasil?\/Otras personas de mi nacionalidad","var_analysis_unit":null,"var_qstn_preqtxt":null,"var_qstn_qstnlit":null,"var_qstn_postqtxt":null,"var_qstn_ivuinstr":null,"var_universe":null,"var_universe_clusion":null,"var_sumstat":[{"value":"0","type":"vald","wgtd":null},{"value":"0","type":"invd","wgtd":null}],"var_txt":null,"var_catgry":[{"value":"1","labl":"TRUE","is_missing":null,"stats":[]}],"var_codinstr":null,"var_concept":[],"var_format":{"type":"numeric","schema":"other","category":null,"name":null},"var_notes":null,"var_val_range":{"min":"1","max":"1"},"fid":"F2"},{"file_id":"F2","vid":"V316","name":"quienes_incidentes_bra_7","var_intrvl":"discrete","var_dcml":"0","var_wgt":null,"var_is_wgt":null,"loc_start_pos":null,"loc_end_pos":null,"loc_width":null,"loc_rec_seg_no":null,"labl":"RUTA A PER\u00da E INCIDENTES DE PROTECCI\u00d3N\/\u00bfQui\u00e9nes ocacionaron estos incidentes en Brasil?\/Familiar\/Alg\u00fan conocido","var_imputation":"RUTA A PER\u00da E INCIDENTES DE PROTECCI\u00d3N\/\u00bfQui\u00e9nes ocacionaron estos incidentes en Brasil?\/Familiar\/Alg\u00fan conocido","var_security":"RUTA A PER\u00da E INCIDENTES DE PROTECCI\u00d3N\/\u00bfQui\u00e9nes ocacionaron estos incidentes en Brasil?\/Familiar\/Alg\u00fan conocido","var_resp_unit":"RUTA A PER\u00da E INCIDENTES DE PROTECCI\u00d3N\/\u00bfQui\u00e9nes ocacionaron estos incidentes en Brasil?\/Familiar\/Alg\u00fan conocido","var_analysis_unit":null,"var_qstn_preqtxt":null,"var_qstn_qstnlit":null,"var_qstn_postqtxt":null,"var_qstn_ivuinstr":null,"var_universe":null,"var_universe_clusion":null,"var_sumstat":[{"value":"0","type":"vald","wgtd":null},{"value":"0","type":"invd","wgtd":null}],"var_txt":null,"var_catgry":[{"value":"1","labl":"TRUE","is_missing":null,"stats":[]}],"var_codinstr":null,"var_concept":[],"var_format":{"type":"numeric","schema":"other","category":null,"name":null},"var_notes":null,"var_val_range":{"min":"1","max":"1"},"fid":"F2"},{"file_id":"F2","vid":"V317","name":"quienes_incidentes_bra_8","var_intrvl":"discrete","var_dcml":"0","var_wgt":null,"var_is_wgt":null,"loc_start_pos":null,"loc_end_pos":null,"loc_width":null,"loc_rec_seg_no":null,"labl":"RUTA A PER\u00da E INCIDENTES DE PROTECCI\u00d3N\/\u00bfQui\u00e9nes ocacionaron estos incidentes en Brasil?\/Grupos armados e hinchas","var_imputation":"RUTA A PER\u00da E INCIDENTES DE PROTECCI\u00d3N\/\u00bfQui\u00e9nes ocacionaron estos incidentes en Brasil?\/Grupos armados e hinchas","var_security":"RUTA A PER\u00da E INCIDENTES DE PROTECCI\u00d3N\/\u00bfQui\u00e9nes ocacionaron estos incidentes en Brasil?\/Grupos armados e hinchas","var_resp_unit":"RUTA A PER\u00da E INCIDENTES DE PROTECCI\u00d3N\/\u00bfQui\u00e9nes ocacionaron estos incidentes en Brasil?\/Grupos armados e hinchas","var_analysis_unit":null,"var_qstn_preqtxt":null,"var_qstn_qstnlit":null,"var_qstn_postqtxt":null,"var_qstn_ivuinstr":null,"var_universe":null,"var_universe_clusion":null,"var_sumstat":[{"value":"0","type":"vald","wgtd":null},{"value":"0","type":"invd","wgtd":null}],"var_txt":null,"var_catgry":[{"value":"1","labl":"TRUE","is_missing":null,"stats":[]}],"var_codinstr":null,"var_concept":[],"var_format":{"type":"numeric","schema":"other","category":null,"name":null},"var_notes":null,"var_val_range":{"min":"1","max":"1"},"fid":"F2"},{"file_id":"F2","vid":"V318","name":"quienes_incidentes_ven_1","var_intrvl":"discrete","var_dcml":"0","var_wgt":null,"var_is_wgt":null,"loc_start_pos":null,"loc_end_pos":null,"loc_width":null,"loc_rec_seg_no":null,"labl":"RUTA A PER\u00da E INCIDENTES DE PROTECCI\u00d3N\/\u00bfQui\u00e9nes ocacionaron estos incidentes en Venezuela?\/Fuerzas del orden","var_imputation":"RUTA A PER\u00da E INCIDENTES DE PROTECCI\u00d3N\/\u00bfQui\u00e9nes ocacionaron estos incidentes en Venezuela?\/Fuerzas del orden","var_security":"RUTA A PER\u00da E INCIDENTES DE PROTECCI\u00d3N\/\u00bfQui\u00e9nes ocacionaron estos incidentes en Venezuela?\/Fuerzas del orden","var_resp_unit":"RUTA A PER\u00da E INCIDENTES DE PROTECCI\u00d3N\/\u00bfQui\u00e9nes ocacionaron estos incidentes en Venezuela?\/Fuerzas del orden","var_analysis_unit":null,"var_qstn_preqtxt":null,"var_qstn_qstnlit":null,"var_qstn_postqtxt":null,"var_qstn_ivuinstr":null,"var_universe":null,"var_universe_clusion":null,"var_sumstat":[{"value":"0","type":"vald","wgtd":null},{"value":"0","type":"invd","wgtd":null}],"var_txt":null,"var_catgry":[{"value":"1","labl":"TRUE","is_missing":null,"stats":[]}],"var_codinstr":null,"var_concept":[],"var_format":{"type":"numeric","schema":"other","category":null,"name":null},"var_notes":null,"var_val_range":{"min":"1","max":"1"},"fid":"F2"},{"file_id":"F2","vid":"V319","name":"quienes_incidentes_ven_2","var_intrvl":"discrete","var_dcml":"0","var_wgt":null,"var_is_wgt":null,"loc_start_pos":null,"loc_end_pos":null,"loc_width":null,"loc_rec_seg_no":null,"labl":"RUTA A PER\u00da E INCIDENTES DE PROTECCI\u00d3N\/\u00bfQui\u00e9nes ocacionaron estos incidentes en Venezuela?\/Fuerzas del orden peruanas","var_imputation":"RUTA A PER\u00da E INCIDENTES DE PROTECCI\u00d3N\/\u00bfQui\u00e9nes ocacionaron estos incidentes en Venezuela?\/Fuerzas del orden peruanas","var_security":"RUTA A PER\u00da E INCIDENTES DE PROTECCI\u00d3N\/\u00bfQui\u00e9nes ocacionaron estos incidentes en Venezuela?\/Fuerzas del orden peruanas","var_resp_unit":"RUTA A PER\u00da E INCIDENTES DE PROTECCI\u00d3N\/\u00bfQui\u00e9nes ocacionaron estos incidentes en Venezuela?\/Fuerzas del orden peruanas","var_analysis_unit":null,"var_qstn_preqtxt":null,"var_qstn_qstnlit":null,"var_qstn_postqtxt":null,"var_qstn_ivuinstr":null,"var_universe":null,"var_universe_clusion":null,"var_sumstat":[{"value":"0","type":"vald","wgtd":null},{"value":"0","type":"invd","wgtd":null}],"var_txt":null,"var_catgry":[{"value":"1","labl":"TRUE","is_missing":null,"stats":[]}],"var_codinstr":null,"var_concept":[],"var_format":{"type":"numeric","schema":"other","category":null,"name":null},"var_notes":null,"var_val_range":{"min":"1","max":"1"},"fid":"F2"},{"file_id":"F2","vid":"V320","name":"quienes_incidentes_ven_3","var_intrvl":"discrete","var_dcml":"0","var_wgt":null,"var_is_wgt":null,"loc_start_pos":null,"loc_end_pos":null,"loc_width":null,"loc_rec_seg_no":null,"labl":"RUTA A PER\u00da E INCIDENTES DE PROTECCI\u00d3N\/\u00bfQui\u00e9nes ocacionaron estos incidentes en Venezuela?\/Trocheros","var_imputation":"RUTA A PER\u00da E INCIDENTES DE PROTECCI\u00d3N\/\u00bfQui\u00e9nes ocacionaron estos incidentes en Venezuela?\/Trocheros","var_security":"RUTA A PER\u00da E INCIDENTES DE PROTECCI\u00d3N\/\u00bfQui\u00e9nes ocacionaron estos incidentes en Venezuela?\/Trocheros","var_resp_unit":"RUTA A PER\u00da E INCIDENTES DE PROTECCI\u00d3N\/\u00bfQui\u00e9nes ocacionaron estos incidentes en Venezuela?\/Trocheros","var_analysis_unit":null,"var_qstn_preqtxt":null,"var_qstn_qstnlit":null,"var_qstn_postqtxt":null,"var_qstn_ivuinstr":null,"var_universe":null,"var_universe_clusion":null,"var_sumstat":[{"value":"0","type":"vald","wgtd":null},{"value":"0","type":"invd","wgtd":null}],"var_txt":null,"var_catgry":[{"value":"1","labl":"TRUE","is_missing":null,"stats":[]}],"var_codinstr":null,"var_concept":[],"var_format":{"type":"numeric","schema":"other","category":null,"name":null},"var_notes":null,"var_val_range":{"min":"1","max":"1"},"fid":"F2"},{"file_id":"F2","vid":"V321","name":"quienes_incidentes_ven_4","var_intrvl":"discrete","var_dcml":"0","var_wgt":null,"var_is_wgt":null,"loc_start_pos":null,"loc_end_pos":null,"loc_width":null,"loc_rec_seg_no":null,"labl":"RUTA A PER\u00da E INCIDENTES DE PROTECCI\u00d3N\/\u00bfQui\u00e9nes ocacionaron estos incidentes en Venezuela?\/Mototaxistas\/Transportistas","var_imputation":"RUTA A PER\u00da E INCIDENTES DE PROTECCI\u00d3N\/\u00bfQui\u00e9nes ocacionaron estos incidentes en Venezuela?\/Mototaxistas\/Transportistas","var_security":"RUTA A PER\u00da E INCIDENTES DE PROTECCI\u00d3N\/\u00bfQui\u00e9nes ocacionaron estos incidentes en Venezuela?\/Mototaxistas\/Transportistas","var_resp_unit":"RUTA A PER\u00da E INCIDENTES DE PROTECCI\u00d3N\/\u00bfQui\u00e9nes ocacionaron estos incidentes en Venezuela?\/Mototaxistas\/Transportistas","var_analysis_unit":null,"var_qstn_preqtxt":null,"var_qstn_qstnlit":null,"var_qstn_postqtxt":null,"var_qstn_ivuinstr":null,"var_universe":null,"var_universe_clusion":null,"var_sumstat":[{"value":"0","type":"vald","wgtd":null},{"value":"0","type":"invd","wgtd":null}],"var_txt":null,"var_catgry":[{"value":"1","labl":"TRUE","is_missing":null,"stats":[]}],"var_codinstr":null,"var_concept":[],"var_format":{"type":"numeric","schema":"other","category":null,"name":null},"var_notes":null,"var_val_range":{"min":"1","max":"1"},"fid":"F2"},{"file_id":"F2","vid":"V322","name":"quienes_incidentes_ven_5","var_intrvl":"discrete","var_dcml":"0","var_wgt":null,"var_is_wgt":null,"loc_start_pos":null,"loc_end_pos":null,"loc_width":null,"loc_rec_seg_no":null,"labl":"RUTA A PER\u00da E INCIDENTES DE PROTECCI\u00d3N\/\u00bfQui\u00e9nes ocacionaron estos incidentes en Venezuela?\/Gente de la comunidad","var_imputation":"RUTA A PER\u00da E INCIDENTES DE PROTECCI\u00d3N\/\u00bfQui\u00e9nes ocacionaron estos incidentes en Venezuela?\/Gente de la comunidad","var_security":"RUTA A PER\u00da E INCIDENTES DE PROTECCI\u00d3N\/\u00bfQui\u00e9nes ocacionaron estos incidentes en Venezuela?\/Gente de la comunidad","var_resp_unit":"RUTA A PER\u00da E INCIDENTES DE PROTECCI\u00d3N\/\u00bfQui\u00e9nes ocacionaron estos incidentes en Venezuela?\/Gente de la comunidad","var_analysis_unit":null,"var_qstn_preqtxt":null,"var_qstn_qstnlit":null,"var_qstn_postqtxt":null,"var_qstn_ivuinstr":null,"var_universe":null,"var_universe_clusion":null,"var_sumstat":[{"value":"0","type":"vald","wgtd":null},{"value":"0","type":"invd","wgtd":null}],"var_txt":null,"var_catgry":[{"value":"1","labl":"TRUE","is_missing":null,"stats":[]}],"var_codinstr":null,"var_concept":[],"var_format":{"type":"numeric","schema":"other","category":null,"name":null},"var_notes":null,"var_val_range":{"min":"1","max":"1"},"fid":"F2"},{"file_id":"F2","vid":"V323","name":"quienes_incidentes_ven_6","var_intrvl":"discrete","var_dcml":"0","var_wgt":null,"var_is_wgt":null,"loc_start_pos":null,"loc_end_pos":null,"loc_width":null,"loc_rec_seg_no":null,"labl":"RUTA A PER\u00da E INCIDENTES DE PROTECCI\u00d3N\/\u00bfQui\u00e9nes ocacionaron estos incidentes en Venezuela?\/Otras personas de mi nacionalidad","var_imputation":"RUTA A PER\u00da E INCIDENTES DE PROTECCI\u00d3N\/\u00bfQui\u00e9nes ocacionaron estos incidentes en Venezuela?\/Otras personas de mi nacionalidad","var_security":"RUTA A PER\u00da E INCIDENTES DE PROTECCI\u00d3N\/\u00bfQui\u00e9nes ocacionaron estos incidentes en Venezuela?\/Otras personas de mi nacionalidad","var_resp_unit":"RUTA A PER\u00da E INCIDENTES DE PROTECCI\u00d3N\/\u00bfQui\u00e9nes ocacionaron estos incidentes en Venezuela?\/Otras personas de mi nacionalidad","var_analysis_unit":null,"var_qstn_preqtxt":null,"var_qstn_qstnlit":null,"var_qstn_postqtxt":null,"var_qstn_ivuinstr":null,"var_universe":null,"var_universe_clusion":null,"var_sumstat":[{"value":"0","type":"vald","wgtd":null},{"value":"0","type":"invd","wgtd":null}],"var_txt":null,"var_catgry":[{"value":"1","labl":"TRUE","is_missing":null,"stats":[]}],"var_codinstr":null,"var_concept":[],"var_format":{"type":"numeric","schema":"other","category":null,"name":null},"var_notes":null,"var_val_range":{"min":"1","max":"1"},"fid":"F2"},{"file_id":"F2","vid":"V324","name":"quienes_incidentes_ven_7","var_intrvl":"discrete","var_dcml":"0","var_wgt":null,"var_is_wgt":null,"loc_start_pos":null,"loc_end_pos":null,"loc_width":null,"loc_rec_seg_no":null,"labl":"RUTA A PER\u00da E INCIDENTES DE PROTECCI\u00d3N\/\u00bfQui\u00e9nes ocacionaron estos incidentes en Venezuela?\/Familiar\/Alg\u00fan conocido","var_imputation":"RUTA A PER\u00da E INCIDENTES DE PROTECCI\u00d3N\/\u00bfQui\u00e9nes ocacionaron estos incidentes en Venezuela?\/Familiar\/Alg\u00fan conocido","var_security":"RUTA A PER\u00da E INCIDENTES DE PROTECCI\u00d3N\/\u00bfQui\u00e9nes ocacionaron estos incidentes en Venezuela?\/Familiar\/Alg\u00fan conocido","var_resp_unit":"RUTA A PER\u00da E INCIDENTES DE PROTECCI\u00d3N\/\u00bfQui\u00e9nes ocacionaron estos incidentes en Venezuela?\/Familiar\/Alg\u00fan conocido","var_analysis_unit":null,"var_qstn_preqtxt":null,"var_qstn_qstnlit":null,"var_qstn_postqtxt":null,"var_qstn_ivuinstr":null,"var_universe":null,"var_universe_clusion":null,"var_sumstat":[{"value":"0","type":"vald","wgtd":null},{"value":"0","type":"invd","wgtd":null}],"var_txt":null,"var_catgry":[{"value":"1","labl":"TRUE","is_missing":null,"stats":[]}],"var_codinstr":null,"var_concept":[],"var_format":{"type":"numeric","schema":"other","category":null,"name":null},"var_notes":null,"var_val_range":{"min":"1","max":"1"},"fid":"F2"},{"file_id":"F2","vid":"V325","name":"quienes_incidentes_ven_8","var_intrvl":"discrete","var_dcml":"0","var_wgt":null,"var_is_wgt":null,"loc_start_pos":null,"loc_end_pos":null,"loc_width":null,"loc_rec_seg_no":null,"labl":"RUTA A PER\u00da E INCIDENTES DE PROTECCI\u00d3N\/\u00bfQui\u00e9nes ocacionaron estos incidentes en Venezuela?\/Grupos armados e hinchas","var_imputation":"RUTA A PER\u00da E INCIDENTES DE PROTECCI\u00d3N\/\u00bfQui\u00e9nes ocacionaron estos incidentes en Venezuela?\/Grupos armados e hinchas","var_security":"RUTA A PER\u00da E INCIDENTES DE PROTECCI\u00d3N\/\u00bfQui\u00e9nes ocacionaron estos incidentes en Venezuela?\/Grupos armados e hinchas","var_resp_unit":"RUTA A PER\u00da E INCIDENTES DE PROTECCI\u00d3N\/\u00bfQui\u00e9nes ocacionaron estos incidentes en Venezuela?\/Grupos armados e hinchas","var_analysis_unit":null,"var_qstn_preqtxt":null,"var_qstn_qstnlit":null,"var_qstn_postqtxt":null,"var_qstn_ivuinstr":null,"var_universe":null,"var_universe_clusion":null,"var_sumstat":[{"value":"0","type":"vald","wgtd":null},{"value":"0","type":"invd","wgtd":null}],"var_txt":null,"var_catgry":[{"value":"1","labl":"TRUE","is_missing":null,"stats":[]}],"var_codinstr":null,"var_concept":[],"var_format":{"type":"numeric","schema":"other","category":null,"name":null},"var_notes":null,"var_val_range":{"min":"1","max":"1"},"fid":"F2"},{"file_id":"F2","vid":"V326","name":"quienes_incidentes_chi_1","var_intrvl":"discrete","var_dcml":"0","var_wgt":null,"var_is_wgt":null,"loc_start_pos":null,"loc_end_pos":null,"loc_width":null,"loc_rec_seg_no":null,"labl":"RUTA A PER\u00da E INCIDENTES DE PROTECCI\u00d3N\/\u00bfQui\u00e9nes ocacionaron estos incidentes en Chile?\/Fuerzas del orden","var_imputation":"RUTA A PER\u00da E INCIDENTES DE PROTECCI\u00d3N\/\u00bfQui\u00e9nes ocacionaron estos incidentes en Chile?\/Fuerzas del orden","var_security":"RUTA A PER\u00da E INCIDENTES DE PROTECCI\u00d3N\/\u00bfQui\u00e9nes ocacionaron estos incidentes en Chile?\/Fuerzas del orden","var_resp_unit":"RUTA A PER\u00da E INCIDENTES DE PROTECCI\u00d3N\/\u00bfQui\u00e9nes ocacionaron estos incidentes en Chile?\/Fuerzas del orden","var_analysis_unit":null,"var_qstn_preqtxt":null,"var_qstn_qstnlit":null,"var_qstn_postqtxt":null,"var_qstn_ivuinstr":null,"var_universe":null,"var_universe_clusion":null,"var_sumstat":[{"value":"0","type":"vald","wgtd":null},{"value":"0","type":"invd","wgtd":null}],"var_txt":null,"var_catgry":[{"value":"1","labl":"TRUE","is_missing":null,"stats":[]}],"var_codinstr":null,"var_concept":[],"var_format":{"type":"numeric","schema":"other","category":null,"name":null},"var_notes":null,"var_val_range":{"min":"1","max":"1"},"fid":"F2"},{"file_id":"F2","vid":"V327","name":"quienes_incidentes_chi_2","var_intrvl":"discrete","var_dcml":"0","var_wgt":null,"var_is_wgt":null,"loc_start_pos":null,"loc_end_pos":null,"loc_width":null,"loc_rec_seg_no":null,"labl":"RUTA A PER\u00da E INCIDENTES DE PROTECCI\u00d3N\/\u00bfQui\u00e9nes ocacionaron estos incidentes en Chile?\/Fuerzas del orden peruanas","var_imputation":"RUTA A PER\u00da E INCIDENTES DE PROTECCI\u00d3N\/\u00bfQui\u00e9nes ocacionaron estos incidentes en Chile?\/Fuerzas del orden peruanas","var_security":"RUTA A PER\u00da E INCIDENTES DE PROTECCI\u00d3N\/\u00bfQui\u00e9nes ocacionaron estos incidentes en Chile?\/Fuerzas del orden peruanas","var_resp_unit":"RUTA A PER\u00da E INCIDENTES DE PROTECCI\u00d3N\/\u00bfQui\u00e9nes ocacionaron estos incidentes en Chile?\/Fuerzas del orden peruanas","var_analysis_unit":null,"var_qstn_preqtxt":null,"var_qstn_qstnlit":null,"var_qstn_postqtxt":null,"var_qstn_ivuinstr":null,"var_universe":null,"var_universe_clusion":null,"var_sumstat":[{"value":"0","type":"vald","wgtd":null},{"value":"0","type":"invd","wgtd":null}],"var_txt":null,"var_catgry":[{"value":"1","labl":"TRUE","is_missing":null,"stats":[]}],"var_codinstr":null,"var_concept":[],"var_format":{"type":"numeric","schema":"other","category":null,"name":null},"var_notes":null,"var_val_range":{"min":"1","max":"1"},"fid":"F2"},{"file_id":"F2","vid":"V328","name":"quienes_incidentes_chi_3","var_intrvl":"discrete","var_dcml":"0","var_wgt":null,"var_is_wgt":null,"loc_start_pos":null,"loc_end_pos":null,"loc_width":null,"loc_rec_seg_no":null,"labl":"RUTA A PER\u00da E INCIDENTES DE PROTECCI\u00d3N\/\u00bfQui\u00e9nes ocacionaron estos incidentes en Chile?\/Trocheros","var_imputation":"RUTA A PER\u00da E INCIDENTES DE PROTECCI\u00d3N\/\u00bfQui\u00e9nes ocacionaron estos incidentes en Chile?\/Trocheros","var_security":"RUTA A PER\u00da E INCIDENTES DE PROTECCI\u00d3N\/\u00bfQui\u00e9nes ocacionaron estos incidentes en Chile?\/Trocheros","var_resp_unit":"RUTA A PER\u00da E INCIDENTES DE PROTECCI\u00d3N\/\u00bfQui\u00e9nes ocacionaron estos incidentes en Chile?\/Trocheros","var_analysis_unit":null,"var_qstn_preqtxt":null,"var_qstn_qstnlit":null,"var_qstn_postqtxt":null,"var_qstn_ivuinstr":null,"var_universe":null,"var_universe_clusion":null,"var_sumstat":[{"value":"0","type":"vald","wgtd":null},{"value":"0","type":"invd","wgtd":null}],"var_txt":null,"var_catgry":[{"value":"1","labl":"TRUE","is_missing":null,"stats":[]}],"var_codinstr":null,"var_concept":[],"var_format":{"type":"numeric","schema":"other","category":null,"name":null},"var_notes":null,"var_val_range":{"min":"1","max":"1"},"fid":"F2"},{"file_id":"F2","vid":"V329","name":"quienes_incidentes_chi_4","var_intrvl":"discrete","var_dcml":"0","var_wgt":null,"var_is_wgt":null,"loc_start_pos":null,"loc_end_pos":null,"loc_width":null,"loc_rec_seg_no":null,"labl":"RUTA A PER\u00da E INCIDENTES DE PROTECCI\u00d3N\/\u00bfQui\u00e9nes ocacionaron estos incidentes en Chile?\/Mototaxistas\/Transportistas","var_imputation":"RUTA A PER\u00da E INCIDENTES DE PROTECCI\u00d3N\/\u00bfQui\u00e9nes ocacionaron estos incidentes en Chile?\/Mototaxistas\/Transportistas","var_security":"RUTA A PER\u00da E INCIDENTES DE PROTECCI\u00d3N\/\u00bfQui\u00e9nes ocacionaron estos incidentes en Chile?\/Mototaxistas\/Transportistas","var_resp_unit":"RUTA A PER\u00da E INCIDENTES DE PROTECCI\u00d3N\/\u00bfQui\u00e9nes ocacionaron estos incidentes en Chile?\/Mototaxistas\/Transportistas","var_analysis_unit":null,"var_qstn_preqtxt":null,"var_qstn_qstnlit":null,"var_qstn_postqtxt":null,"var_qstn_ivuinstr":null,"var_universe":null,"var_universe_clusion":null,"var_sumstat":[{"value":"0","type":"vald","wgtd":null},{"value":"0","type":"invd","wgtd":null}],"var_txt":null,"var_catgry":[{"value":"1","labl":"TRUE","is_missing":null,"stats":[]}],"var_codinstr":null,"var_concept":[],"var_format":{"type":"numeric","schema":"other","category":null,"name":null},"var_notes":null,"var_val_range":{"min":"1","max":"1"},"fid":"F2"},{"file_id":"F2","vid":"V330","name":"quienes_incidentes_chi_5","var_intrvl":"discrete","var_dcml":"0","var_wgt":null,"var_is_wgt":null,"loc_start_pos":null,"loc_end_pos":null,"loc_width":null,"loc_rec_seg_no":null,"labl":"RUTA A PER\u00da E INCIDENTES DE PROTECCI\u00d3N\/\u00bfQui\u00e9nes ocacionaron estos incidentes en Chile?\/Gente de la comunidad","var_imputation":"RUTA A PER\u00da E INCIDENTES DE PROTECCI\u00d3N\/\u00bfQui\u00e9nes ocacionaron estos incidentes en Chile?\/Gente de la comunidad","var_security":"RUTA A PER\u00da E INCIDENTES DE PROTECCI\u00d3N\/\u00bfQui\u00e9nes ocacionaron estos incidentes en Chile?\/Gente de la comunidad","var_resp_unit":"RUTA A PER\u00da E INCIDENTES DE PROTECCI\u00d3N\/\u00bfQui\u00e9nes ocacionaron estos incidentes en Chile?\/Gente de la comunidad","var_analysis_unit":null,"var_qstn_preqtxt":null,"var_qstn_qstnlit":null,"var_qstn_postqtxt":null,"var_qstn_ivuinstr":null,"var_universe":null,"var_universe_clusion":null,"var_sumstat":[{"value":"0","type":"vald","wgtd":null},{"value":"0","type":"invd","wgtd":null}],"var_txt":null,"var_catgry":[{"value":"1","labl":"TRUE","is_missing":null,"stats":[]}],"var_codinstr":null,"var_concept":[],"var_format":{"type":"numeric","schema":"other","category":null,"name":null},"var_notes":null,"var_val_range":{"min":"1","max":"1"},"fid":"F2"},{"file_id":"F2","vid":"V331","name":"quienes_incidentes_chi_6","var_intrvl":"discrete","var_dcml":"0","var_wgt":null,"var_is_wgt":null,"loc_start_pos":null,"loc_end_pos":null,"loc_width":null,"loc_rec_seg_no":null,"labl":"RUTA A PER\u00da E INCIDENTES DE PROTECCI\u00d3N\/\u00bfQui\u00e9nes ocacionaron estos incidentes en Chile?\/Otras personas de mi nacionalidad","var_imputation":"RUTA A PER\u00da E INCIDENTES DE PROTECCI\u00d3N\/\u00bfQui\u00e9nes ocacionaron estos incidentes en Chile?\/Otras personas de mi nacionalidad","var_security":"RUTA A PER\u00da E INCIDENTES DE PROTECCI\u00d3N\/\u00bfQui\u00e9nes ocacionaron estos incidentes en Chile?\/Otras personas de mi nacionalidad","var_resp_unit":"RUTA A PER\u00da E INCIDENTES DE PROTECCI\u00d3N\/\u00bfQui\u00e9nes ocacionaron estos incidentes en Chile?\/Otras personas de mi nacionalidad","var_analysis_unit":null,"var_qstn_preqtxt":null,"var_qstn_qstnlit":null,"var_qstn_postqtxt":null,"var_qstn_ivuinstr":null,"var_universe":null,"var_universe_clusion":null,"var_sumstat":[{"value":"0","type":"vald","wgtd":null},{"value":"0","type":"invd","wgtd":null}],"var_txt":null,"var_catgry":[{"value":"1","labl":"TRUE","is_missing":null,"stats":[]}],"var_codinstr":null,"var_concept":[],"var_format":{"type":"numeric","schema":"other","category":null,"name":null},"var_notes":null,"var_val_range":{"min":"1","max":"1"},"fid":"F2"},{"file_id":"F2","vid":"V332","name":"quienes_incidentes_chi_7","var_intrvl":"discrete","var_dcml":"0","var_wgt":null,"var_is_wgt":null,"loc_start_pos":null,"loc_end_pos":null,"loc_width":null,"loc_rec_seg_no":null,"labl":"RUTA A PER\u00da E INCIDENTES DE PROTECCI\u00d3N\/\u00bfQui\u00e9nes ocacionaron estos incidentes en Chile?\/Familiar\/Alg\u00fan conocido","var_imputation":"RUTA A PER\u00da E INCIDENTES DE PROTECCI\u00d3N\/\u00bfQui\u00e9nes ocacionaron estos incidentes en Chile?\/Familiar\/Alg\u00fan conocido","var_security":"RUTA A PER\u00da E INCIDENTES DE PROTECCI\u00d3N\/\u00bfQui\u00e9nes ocacionaron estos incidentes en Chile?\/Familiar\/Alg\u00fan conocido","var_resp_unit":"RUTA A PER\u00da E INCIDENTES DE PROTECCI\u00d3N\/\u00bfQui\u00e9nes ocacionaron estos incidentes en Chile?\/Familiar\/Alg\u00fan conocido","var_analysis_unit":null,"var_qstn_preqtxt":null,"var_qstn_qstnlit":null,"var_qstn_postqtxt":null,"var_qstn_ivuinstr":null,"var_universe":null,"var_universe_clusion":null,"var_sumstat":[{"value":"0","type":"vald","wgtd":null},{"value":"0","type":"invd","wgtd":null}],"var_txt":null,"var_catgry":[{"value":"1","labl":"TRUE","is_missing":null,"stats":[]}],"var_codinstr":null,"var_concept":[],"var_format":{"type":"numeric","schema":"other","category":null,"name":null},"var_notes":null,"var_val_range":{"min":"1","max":"1"},"fid":"F2"},{"file_id":"F2","vid":"V333","name":"quienes_incidentes_chi_8","var_intrvl":"discrete","var_dcml":"0","var_wgt":null,"var_is_wgt":null,"loc_start_pos":null,"loc_end_pos":null,"loc_width":null,"loc_rec_seg_no":null,"labl":"RUTA A PER\u00da E INCIDENTES DE PROTECCI\u00d3N\/\u00bfQui\u00e9nes ocacionaron estos incidentes en Chile?\/Grupos armados e hinchas","var_imputation":"RUTA A PER\u00da E INCIDENTES DE PROTECCI\u00d3N\/\u00bfQui\u00e9nes ocacionaron estos incidentes en Chile?\/Grupos armados e hinchas","var_security":"RUTA A PER\u00da E INCIDENTES DE PROTECCI\u00d3N\/\u00bfQui\u00e9nes ocacionaron estos incidentes en Chile?\/Grupos armados e hinchas","var_resp_unit":"RUTA A PER\u00da E INCIDENTES DE PROTECCI\u00d3N\/\u00bfQui\u00e9nes ocacionaron estos incidentes en Chile?\/Grupos armados e hinchas","var_analysis_unit":null,"var_qstn_preqtxt":null,"var_qstn_qstnlit":null,"var_qstn_postqtxt":null,"var_qstn_ivuinstr":null,"var_universe":null,"var_universe_clusion":null,"var_sumstat":[{"value":"0","type":"vald","wgtd":null},{"value":"0","type":"invd","wgtd":null}],"var_txt":null,"var_catgry":[{"value":"1","labl":"TRUE","is_missing":null,"stats":[]}],"var_codinstr":null,"var_concept":[],"var_format":{"type":"numeric","schema":"other","category":null,"name":null},"var_notes":null,"var_val_range":{"min":"1","max":"1"},"fid":"F2"},{"file_id":"F2","vid":"V334","name":"quienes_incidentes_otro_1","var_intrvl":"discrete","var_dcml":"0","var_wgt":null,"var_is_wgt":null,"loc_start_pos":null,"loc_end_pos":null,"loc_width":null,"loc_rec_seg_no":null,"labl":"RUTA A PER\u00da E INCIDENTES DE PROTECCI\u00d3N\/\u00bfQui\u00e9nes ocacionaron estos incidentes en el otro pa\u00eds?\/Fuerzas del orden","var_imputation":"RUTA A PER\u00da E INCIDENTES DE PROTECCI\u00d3N\/\u00bfQui\u00e9nes ocacionaron estos incidentes en el otro pa\u00eds?\/Fuerzas del orden","var_security":"RUTA A PER\u00da E INCIDENTES DE PROTECCI\u00d3N\/\u00bfQui\u00e9nes ocacionaron estos incidentes en el otro pa\u00eds?\/Fuerzas del orden","var_resp_unit":"RUTA A PER\u00da E INCIDENTES DE PROTECCI\u00d3N\/\u00bfQui\u00e9nes ocacionaron estos incidentes en el otro pa\u00eds?\/Fuerzas del orden","var_analysis_unit":null,"var_qstn_preqtxt":null,"var_qstn_qstnlit":null,"var_qstn_postqtxt":null,"var_qstn_ivuinstr":null,"var_universe":null,"var_universe_clusion":null,"var_sumstat":[{"value":"0","type":"vald","wgtd":null},{"value":"0","type":"invd","wgtd":null}],"var_txt":null,"var_catgry":[{"value":"1","labl":"TRUE","is_missing":null,"stats":[]}],"var_codinstr":null,"var_concept":[],"var_format":{"type":"numeric","schema":"other","category":null,"name":null},"var_notes":null,"var_val_range":{"min":"1","max":"1"},"fid":"F2"},{"file_id":"F2","vid":"V335","name":"quienes_incidentes_otro_2","var_intrvl":"discrete","var_dcml":"0","var_wgt":null,"var_is_wgt":null,"loc_start_pos":null,"loc_end_pos":null,"loc_width":null,"loc_rec_seg_no":null,"labl":"RUTA A PER\u00da E INCIDENTES DE PROTECCI\u00d3N\/\u00bfQui\u00e9nes ocacionaron estos incidentes en el otro pa\u00eds?\/Fuerzas del orden peruanas","var_imputation":"RUTA A PER\u00da E INCIDENTES DE PROTECCI\u00d3N\/\u00bfQui\u00e9nes ocacionaron estos incidentes en el otro pa\u00eds?\/Fuerzas del orden peruanas","var_security":"RUTA A PER\u00da E INCIDENTES DE PROTECCI\u00d3N\/\u00bfQui\u00e9nes ocacionaron estos incidentes en el otro pa\u00eds?\/Fuerzas del orden peruanas","var_resp_unit":"RUTA A PER\u00da E INCIDENTES DE PROTECCI\u00d3N\/\u00bfQui\u00e9nes ocacionaron estos incidentes en el otro pa\u00eds?\/Fuerzas del orden peruanas","var_analysis_unit":null,"var_qstn_preqtxt":null,"var_qstn_qstnlit":null,"var_qstn_postqtxt":null,"var_qstn_ivuinstr":null,"var_universe":null,"var_universe_clusion":null,"var_sumstat":[{"value":"0","type":"vald","wgtd":null},{"value":"0","type":"invd","wgtd":null}],"var_txt":null,"var_catgry":[{"value":"1","labl":"TRUE","is_missing":null,"stats":[]}],"var_codinstr":null,"var_concept":[],"var_format":{"type":"numeric","schema":"other","category":null,"name":null},"var_notes":null,"var_val_range":{"min":"1","max":"1"},"fid":"F2"},{"file_id":"F2","vid":"V336","name":"quienes_incidentes_otro_3","var_intrvl":"discrete","var_dcml":"0","var_wgt":null,"var_is_wgt":null,"loc_start_pos":null,"loc_end_pos":null,"loc_width":null,"loc_rec_seg_no":null,"labl":"RUTA A PER\u00da E INCIDENTES DE PROTECCI\u00d3N\/\u00bfQui\u00e9nes ocacionaron estos incidentes en el otro pa\u00eds?\/Trocheros","var_imputation":"RUTA A PER\u00da E INCIDENTES DE PROTECCI\u00d3N\/\u00bfQui\u00e9nes ocacionaron estos incidentes en el otro pa\u00eds?\/Trocheros","var_security":"RUTA A PER\u00da E INCIDENTES DE PROTECCI\u00d3N\/\u00bfQui\u00e9nes ocacionaron estos incidentes en el otro pa\u00eds?\/Trocheros","var_resp_unit":"RUTA A PER\u00da E INCIDENTES DE PROTECCI\u00d3N\/\u00bfQui\u00e9nes ocacionaron estos incidentes en el otro pa\u00eds?\/Trocheros","var_analysis_unit":null,"var_qstn_preqtxt":null,"var_qstn_qstnlit":null,"var_qstn_postqtxt":null,"var_qstn_ivuinstr":null,"var_universe":null,"var_universe_clusion":null,"var_sumstat":[{"value":"0","type":"vald","wgtd":null},{"value":"0","type":"invd","wgtd":null}],"var_txt":null,"var_catgry":[{"value":"1","labl":"TRUE","is_missing":null,"stats":[]}],"var_codinstr":null,"var_concept":[],"var_format":{"type":"numeric","schema":"other","category":null,"name":null},"var_notes":null,"var_val_range":{"min":"1","max":"1"},"fid":"F2"},{"file_id":"F2","vid":"V337","name":"quienes_incidentes_otro_4","var_intrvl":"discrete","var_dcml":"0","var_wgt":null,"var_is_wgt":null,"loc_start_pos":null,"loc_end_pos":null,"loc_width":null,"loc_rec_seg_no":null,"labl":"RUTA A PER\u00da E INCIDENTES DE PROTECCI\u00d3N\/\u00bfQui\u00e9nes ocacionaron estos incidentes en el otro pa\u00eds?\/Mototaxistas\/Transportistas","var_imputation":"RUTA A PER\u00da E INCIDENTES DE PROTECCI\u00d3N\/\u00bfQui\u00e9nes ocacionaron estos incidentes en el otro pa\u00eds?\/Mototaxistas\/Transportistas","var_security":"RUTA A PER\u00da E INCIDENTES DE PROTECCI\u00d3N\/\u00bfQui\u00e9nes ocacionaron estos incidentes en el otro pa\u00eds?\/Mototaxistas\/Transportistas","var_resp_unit":"RUTA A PER\u00da E INCIDENTES DE PROTECCI\u00d3N\/\u00bfQui\u00e9nes ocacionaron estos incidentes en el otro pa\u00eds?\/Mototaxistas\/Transportistas","var_analysis_unit":null,"var_qstn_preqtxt":null,"var_qstn_qstnlit":null,"var_qstn_postqtxt":null,"var_qstn_ivuinstr":null,"var_universe":null,"var_universe_clusion":null,"var_sumstat":[{"value":"0","type":"vald","wgtd":null},{"value":"0","type":"invd","wgtd":null}],"var_txt":null,"var_catgry":[{"value":"1","labl":"TRUE","is_missing":null,"stats":[]}],"var_codinstr":null,"var_concept":[],"var_format":{"type":"numeric","schema":"other","category":null,"name":null},"var_notes":null,"var_val_range":{"min":"1","max":"1"},"fid":"F2"},{"file_id":"F2","vid":"V338","name":"quienes_incidentes_otro_5","var_intrvl":"discrete","var_dcml":"0","var_wgt":null,"var_is_wgt":null,"loc_start_pos":null,"loc_end_pos":null,"loc_width":null,"loc_rec_seg_no":null,"labl":"RUTA A PER\u00da E INCIDENTES DE PROTECCI\u00d3N\/\u00bfQui\u00e9nes ocacionaron estos incidentes en el otro pa\u00eds?\/Gente de la comunidad","var_imputation":"RUTA A PER\u00da E INCIDENTES DE PROTECCI\u00d3N\/\u00bfQui\u00e9nes ocacionaron estos incidentes en el otro pa\u00eds?\/Gente de la comunidad","var_security":"RUTA A PER\u00da E INCIDENTES DE PROTECCI\u00d3N\/\u00bfQui\u00e9nes ocacionaron estos incidentes en el otro pa\u00eds?\/Gente de la comunidad","var_resp_unit":"RUTA A PER\u00da E INCIDENTES DE PROTECCI\u00d3N\/\u00bfQui\u00e9nes ocacionaron estos incidentes en el otro pa\u00eds?\/Gente de la comunidad","var_analysis_unit":null,"var_qstn_preqtxt":null,"var_qstn_qstnlit":null,"var_qstn_postqtxt":null,"var_qstn_ivuinstr":null,"var_universe":null,"var_universe_clusion":null,"var_sumstat":[{"value":"0","type":"vald","wgtd":null},{"value":"0","type":"invd","wgtd":null}],"var_txt":null,"var_catgry":[{"value":"1","labl":"TRUE","is_missing":null,"stats":[]}],"var_codinstr":null,"var_concept":[],"var_format":{"type":"numeric","schema":"other","category":null,"name":null},"var_notes":null,"var_val_range":{"min":"1","max":"1"},"fid":"F2"},{"file_id":"F2","vid":"V339","name":"quienes_incidentes_otro_6","var_intrvl":"discrete","var_dcml":"0","var_wgt":null,"var_is_wgt":null,"loc_start_pos":null,"loc_end_pos":null,"loc_width":null,"loc_rec_seg_no":null,"labl":"RUTA A PER\u00da E INCIDENTES DE PROTECCI\u00d3N\/\u00bfQui\u00e9nes ocacionaron estos incidentes en el otro pa\u00eds?\/Otras personas de mi nacionalidad","var_imputation":"RUTA A PER\u00da E INCIDENTES DE PROTECCI\u00d3N\/\u00bfQui\u00e9nes ocacionaron estos incidentes en el otro pa\u00eds?\/Otras personas de mi nacionalidad","var_security":"RUTA A PER\u00da E INCIDENTES DE PROTECCI\u00d3N\/\u00bfQui\u00e9nes ocacionaron estos incidentes en el otro pa\u00eds?\/Otras personas de mi nacionalidad","var_resp_unit":"RUTA A PER\u00da E INCIDENTES DE PROTECCI\u00d3N\/\u00bfQui\u00e9nes ocacionaron estos incidentes en el otro pa\u00eds?\/Otras personas de mi nacionalidad","var_analysis_unit":null,"var_qstn_preqtxt":null,"var_qstn_qstnlit":null,"var_qstn_postqtxt":null,"var_qstn_ivuinstr":null,"var_universe":null,"var_universe_clusion":null,"var_sumstat":[{"value":"0","type":"vald","wgtd":null},{"value":"0","type":"invd","wgtd":null}],"var_txt":null,"var_catgry":[{"value":"1","labl":"TRUE","is_missing":null,"stats":[]}],"var_codinstr":null,"var_concept":[],"var_format":{"type":"numeric","schema":"other","category":null,"name":null},"var_notes":null,"var_val_range":{"min":"1","max":"1"},"fid":"F2"},{"file_id":"F2","vid":"V340","name":"quienes_incidentes_otro_7","var_intrvl":"discrete","var_dcml":"0","var_wgt":null,"var_is_wgt":null,"loc_start_pos":null,"loc_end_pos":null,"loc_width":null,"loc_rec_seg_no":null,"labl":"RUTA A PER\u00da E INCIDENTES DE PROTECCI\u00d3N\/\u00bfQui\u00e9nes ocacionaron estos incidentes en el otro pa\u00eds?\/Familiar\/Alg\u00fan conocido","var_imputation":"RUTA A PER\u00da E INCIDENTES DE PROTECCI\u00d3N\/\u00bfQui\u00e9nes ocacionaron estos incidentes en el otro pa\u00eds?\/Familiar\/Alg\u00fan conocido","var_security":"RUTA A PER\u00da E INCIDENTES DE PROTECCI\u00d3N\/\u00bfQui\u00e9nes ocacionaron estos incidentes en el otro pa\u00eds?\/Familiar\/Alg\u00fan conocido","var_resp_unit":"RUTA A PER\u00da E INCIDENTES DE PROTECCI\u00d3N\/\u00bfQui\u00e9nes ocacionaron estos incidentes en el otro pa\u00eds?\/Familiar\/Alg\u00fan conocido","var_analysis_unit":null,"var_qstn_preqtxt":null,"var_qstn_qstnlit":null,"var_qstn_postqtxt":null,"var_qstn_ivuinstr":null,"var_universe":null,"var_universe_clusion":null,"var_sumstat":[{"value":"0","type":"vald","wgtd":null},{"value":"0","type":"invd","wgtd":null}],"var_txt":null,"var_catgry":[{"value":"1","labl":"TRUE","is_missing":null,"stats":[]}],"var_codinstr":null,"var_concept":[],"var_format":{"type":"numeric","schema":"other","category":null,"name":null},"var_notes":null,"var_val_range":{"min":"1","max":"1"},"fid":"F2"},{"file_id":"F2","vid":"V341","name":"quienes_incidentes_otro_8","var_intrvl":"discrete","var_dcml":"0","var_wgt":null,"var_is_wgt":null,"loc_start_pos":null,"loc_end_pos":null,"loc_width":null,"loc_rec_seg_no":null,"labl":"RUTA A PER\u00da E INCIDENTES DE PROTECCI\u00d3N\/\u00bfQui\u00e9nes ocacionaron estos incidentes en el otro pa\u00eds?\/Grupos armados e hinchas","var_imputation":"RUTA A PER\u00da E INCIDENTES DE PROTECCI\u00d3N\/\u00bfQui\u00e9nes ocacionaron estos incidentes en el otro pa\u00eds?\/Grupos armados e hinchas","var_security":"RUTA A PER\u00da E INCIDENTES DE PROTECCI\u00d3N\/\u00bfQui\u00e9nes ocacionaron estos incidentes en el otro pa\u00eds?\/Grupos armados e hinchas","var_resp_unit":"RUTA A PER\u00da E INCIDENTES DE PROTECCI\u00d3N\/\u00bfQui\u00e9nes ocacionaron estos incidentes en el otro pa\u00eds?\/Grupos armados e hinchas","var_analysis_unit":null,"var_qstn_preqtxt":null,"var_qstn_qstnlit":null,"var_qstn_postqtxt":null,"var_qstn_ivuinstr":null,"var_universe":null,"var_universe_clusion":null,"var_sumstat":[{"value":"0","type":"vald","wgtd":null},{"value":"0","type":"invd","wgtd":null}],"var_txt":null,"var_catgry":[{"value":"1","labl":"TRUE","is_missing":null,"stats":[]}],"var_codinstr":null,"var_concept":[],"var_format":{"type":"numeric","schema":"other","category":null,"name":null},"var_notes":null,"var_val_range":{"min":"1","max":"1"},"fid":"F2"},{"file_id":"F2","vid":"V342","name":"mas_desplazamientos","var_intrvl":"discrete","var_dcml":"0","var_wgt":null,"var_is_wgt":null,"loc_start_pos":null,"loc_end_pos":null,"loc_width":null,"loc_rec_seg_no":null,"labl":"RUTA A PER\u00da E INCIDENTES DE PROTECCI\u00d3N\/\u00bfTuvo que huir o salir de otro pais antes de este viaje?","var_imputation":"RUTA A PER\u00da E INCIDENTES DE PROTECCI\u00d3N\/\u00bfTuvo que huir o salir de otro pais antes de este viaje?","var_security":"RUTA A PER\u00da E INCIDENTES DE PROTECCI\u00d3N\/\u00bfTuvo que huir o salir de otro pais antes de este viaje?","var_resp_unit":"RUTA A PER\u00da E INCIDENTES DE PROTECCI\u00d3N\/\u00bfTuvo que huir o salir de otro pais antes de este viaje?","var_analysis_unit":null,"var_qstn_preqtxt":null,"var_qstn_qstnlit":null,"var_qstn_postqtxt":null,"var_qstn_ivuinstr":null,"var_universe":null,"var_universe_clusion":null,"var_sumstat":[{"value":"0","type":"vald","wgtd":null},{"value":"0","type":"invd","wgtd":null}],"var_txt":null,"var_catgry":[{"value":"1","labl":"No","is_missing":null,"stats":[]},{"value":"2","labl":"Si","is_missing":null,"stats":[]}],"var_codinstr":null,"var_concept":[],"var_format":{"type":"numeric","schema":"other","category":null,"name":null},"var_notes":null,"var_val_range":{"min":"1","max":"2"},"fid":"F2"},{"file_id":"F2","vid":"V343","name":"riesgos_1","var_intrvl":"discrete","var_dcml":"0","var_wgt":null,"var_is_wgt":null,"loc_start_pos":null,"loc_end_pos":null,"loc_width":null,"loc_rec_seg_no":null,"labl":"REFUGIO Y RIESGOS DE RETORNO\/\u00bfQu\u00e9 riesgos enfrentar\u00eda usted o su familia si tuviera que regresar a su pa\u00eds de origen?\/Habr\u00eda una amenaza directa sobre m\u00ed o alguno de los miembros de mi grupo familiar","var_imputation":"REFUGIO Y RIESGOS DE RETORNO\/\u00bfQu\u00e9 riesgos enfrentar\u00eda usted o su familia si tuviera que regresar a su pa\u00eds de origen?\/Habr\u00eda una amenaza directa sobre m\u00ed o alguno de los miembros de mi grupo familiar","var_security":"REFUGIO Y RIESGOS DE RETORNO\/\u00bfQu\u00e9 riesgos enfrentar\u00eda usted o su familia si tuviera que regresar a su pa\u00eds de origen?\/Habr\u00eda una amenaza directa sobre m\u00ed o alguno de los miembros de mi grupo familiar","var_resp_unit":"REFUGIO Y RIESGOS DE RETORNO\/\u00bfQu\u00e9 riesgos enfrentar\u00eda usted o su familia si tuviera que regresar a su pa\u00eds de origen?\/Habr\u00eda una amenaza directa sobre m\u00ed o alguno de los miembros de mi grupo familiar","var_analysis_unit":null,"var_qstn_preqtxt":null,"var_qstn_qstnlit":null,"var_qstn_postqtxt":null,"var_qstn_ivuinstr":null,"var_universe":null,"var_universe_clusion":null,"var_sumstat":[{"value":"0","type":"vald","wgtd":null},{"value":"0","type":"invd","wgtd":null}],"var_txt":null,"var_catgry":[],"var_codinstr":null,"var_concept":[],"var_format":{"type":"numeric","schema":"other","category":null,"name":null},"var_notes":null,"var_val_range":{"min":null,"max":null},"fid":"F2"},{"file_id":"F2","vid":"V344","name":"riesgos_2","var_intrvl":"discrete","var_dcml":"0","var_wgt":null,"var_is_wgt":null,"loc_start_pos":null,"loc_end_pos":null,"loc_width":null,"loc_rec_seg_no":null,"labl":"REFUGIO Y RIESGOS DE RETORNO\/\u00bfQu\u00e9 riesgos enfrentar\u00eda usted o su familia si tuviera que regresar a su pa\u00eds de origen?\/Estar\u00eda en riesgo de extorsi\u00f3n","var_imputation":"REFUGIO Y RIESGOS DE RETORNO\/\u00bfQu\u00e9 riesgos enfrentar\u00eda usted o su familia si tuviera que regresar a su pa\u00eds de origen?\/Estar\u00eda en riesgo de extorsi\u00f3n","var_security":"REFUGIO Y RIESGOS DE RETORNO\/\u00bfQu\u00e9 riesgos enfrentar\u00eda usted o su familia si tuviera que regresar a su pa\u00eds de origen?\/Estar\u00eda en riesgo de extorsi\u00f3n","var_resp_unit":"REFUGIO Y RIESGOS DE RETORNO\/\u00bfQu\u00e9 riesgos enfrentar\u00eda usted o su familia si tuviera que regresar a su pa\u00eds de origen?\/Estar\u00eda en riesgo de extorsi\u00f3n","var_analysis_unit":null,"var_qstn_preqtxt":null,"var_qstn_qstnlit":null,"var_qstn_postqtxt":null,"var_qstn_ivuinstr":null,"var_universe":null,"var_universe_clusion":null,"var_sumstat":[{"value":"0","type":"vald","wgtd":null},{"value":"0","type":"invd","wgtd":null}],"var_txt":null,"var_catgry":[],"var_codinstr":null,"var_concept":[],"var_format":{"type":"numeric","schema":"other","category":null,"name":null},"var_notes":null,"var_val_range":{"min":null,"max":null},"fid":"F2"},{"file_id":"F2","vid":"V345","name":"riesgos_3","var_intrvl":"discrete","var_dcml":"0","var_wgt":null,"var_is_wgt":null,"loc_start_pos":null,"loc_end_pos":null,"loc_width":null,"loc_rec_seg_no":null,"labl":"REFUGIO Y RIESGOS DE RETORNO\/\u00bfQu\u00e9 riesgos enfrentar\u00eda usted o su familia si tuviera que regresar a su pa\u00eds de origen?\/Mi grupo familiar estar\u00eda en riesgo por la violencia generalizada en mi ciudad","var_imputation":"REFUGIO Y RIESGOS DE RETORNO\/\u00bfQu\u00e9 riesgos enfrentar\u00eda usted o su familia si tuviera que regresar a su pa\u00eds de origen?\/Mi grupo familiar estar\u00eda en riesgo por la violencia generalizada en mi ciudad","var_security":"REFUGIO Y RIESGOS DE RETORNO\/\u00bfQu\u00e9 riesgos enfrentar\u00eda usted o su familia si tuviera que regresar a su pa\u00eds de origen?\/Mi grupo familiar estar\u00eda en riesgo por la violencia generalizada en mi ciudad","var_resp_unit":"REFUGIO Y RIESGOS DE RETORNO\/\u00bfQu\u00e9 riesgos enfrentar\u00eda usted o su familia si tuviera que regresar a su pa\u00eds de origen?\/Mi grupo familiar estar\u00eda en riesgo por la violencia generalizada en mi ciudad","var_analysis_unit":null,"var_qstn_preqtxt":null,"var_qstn_qstnlit":null,"var_qstn_postqtxt":null,"var_qstn_ivuinstr":null,"var_universe":null,"var_universe_clusion":null,"var_sumstat":[{"value":"0","type":"vald","wgtd":null},{"value":"0","type":"invd","wgtd":null}],"var_txt":null,"var_catgry":[],"var_codinstr":null,"var_concept":[],"var_format":{"type":"numeric","schema":"other","category":null,"name":null},"var_notes":null,"var_val_range":{"min":null,"max":null},"fid":"F2"},{"file_id":"F2","vid":"V346","name":"riesgos_4","var_intrvl":"discrete","var_dcml":"0","var_wgt":null,"var_is_wgt":null,"loc_start_pos":null,"loc_end_pos":null,"loc_width":null,"loc_rec_seg_no":null,"labl":"REFUGIO Y RIESGOS DE RETORNO\/\u00bfQu\u00e9 riesgos enfrentar\u00eda usted o su familia si tuviera que regresar a su pa\u00eds de origen?\/Mi gupo familiar estaria en riesgo por la inseguridad del pa\u00eds","var_imputation":"REFUGIO Y RIESGOS DE RETORNO\/\u00bfQu\u00e9 riesgos enfrentar\u00eda usted o su familia si tuviera que regresar a su pa\u00eds de origen?\/Mi gupo familiar estaria en riesgo por la inseguridad del pa\u00eds","var_security":"REFUGIO Y RIESGOS DE RETORNO\/\u00bfQu\u00e9 riesgos enfrentar\u00eda usted o su familia si tuviera que regresar a su pa\u00eds de origen?\/Mi gupo familiar estaria en riesgo por la inseguridad del pa\u00eds","var_resp_unit":"REFUGIO Y RIESGOS DE RETORNO\/\u00bfQu\u00e9 riesgos enfrentar\u00eda usted o su familia si tuviera que regresar a su pa\u00eds de origen?\/Mi gupo familiar estaria en riesgo por la inseguridad del pa\u00eds","var_analysis_unit":null,"var_qstn_preqtxt":null,"var_qstn_qstnlit":null,"var_qstn_postqtxt":null,"var_qstn_ivuinstr":null,"var_universe":null,"var_universe_clusion":null,"var_sumstat":[{"value":"0","type":"vald","wgtd":null},{"value":"0","type":"invd","wgtd":null}],"var_txt":null,"var_catgry":[],"var_codinstr":null,"var_concept":[],"var_format":{"type":"numeric","schema":"other","category":null,"name":null},"var_notes":null,"var_val_range":{"min":null,"max":null},"fid":"F2"},{"file_id":"F2","vid":"V347","name":"riesgos_5","var_intrvl":"discrete","var_dcml":"0","var_wgt":null,"var_is_wgt":null,"loc_start_pos":null,"loc_end_pos":null,"loc_width":null,"loc_rec_seg_no":null,"labl":"REFUGIO Y RIESGOS DE RETORNO\/\u00bfQu\u00e9 riesgos enfrentar\u00eda usted o su familia si tuviera que regresar a su pa\u00eds de origen?\/Tendr\u00eda miedo de alg\u00fan grupo armado","var_imputation":"REFUGIO Y RIESGOS DE RETORNO\/\u00bfQu\u00e9 riesgos enfrentar\u00eda usted o su familia si tuviera que regresar a su pa\u00eds de origen?\/Tendr\u00eda miedo de alg\u00fan grupo armado","var_security":"REFUGIO Y RIESGOS DE RETORNO\/\u00bfQu\u00e9 riesgos enfrentar\u00eda usted o su familia si tuviera que regresar a su pa\u00eds de origen?\/Tendr\u00eda miedo de alg\u00fan grupo armado","var_resp_unit":"REFUGIO Y RIESGOS DE RETORNO\/\u00bfQu\u00e9 riesgos enfrentar\u00eda usted o su familia si tuviera que regresar a su pa\u00eds de origen?\/Tendr\u00eda miedo de alg\u00fan grupo armado","var_analysis_unit":null,"var_qstn_preqtxt":null,"var_qstn_qstnlit":null,"var_qstn_postqtxt":null,"var_qstn_ivuinstr":null,"var_universe":null,"var_universe_clusion":null,"var_sumstat":[{"value":"0","type":"vald","wgtd":null},{"value":"0","type":"invd","wgtd":null}],"var_txt":null,"var_catgry":[],"var_codinstr":null,"var_concept":[],"var_format":{"type":"numeric","schema":"other","category":null,"name":null},"var_notes":null,"var_val_range":{"min":null,"max":null},"fid":"F2"},{"file_id":"F2","vid":"V348","name":"riesgos_6","var_intrvl":"discrete","var_dcml":"0","var_wgt":null,"var_is_wgt":null,"loc_start_pos":null,"loc_end_pos":null,"loc_width":null,"loc_rec_seg_no":null,"labl":"REFUGIO Y RIESGOS DE RETORNO\/\u00bfQu\u00e9 riesgos enfrentar\u00eda usted o su familia si tuviera que regresar a su pa\u00eds de origen?\/Ser\u00edamos perseguidos, agredidos o discriminados","var_imputation":"REFUGIO Y RIESGOS DE RETORNO\/\u00bfQu\u00e9 riesgos enfrentar\u00eda usted o su familia si tuviera que regresar a su pa\u00eds de origen?\/Ser\u00edamos perseguidos, agredidos o discriminados","var_security":"REFUGIO Y RIESGOS DE RETORNO\/\u00bfQu\u00e9 riesgos enfrentar\u00eda usted o su familia si tuviera que regresar a su pa\u00eds de origen?\/Ser\u00edamos perseguidos, agredidos o discriminados","var_resp_unit":"REFUGIO Y RIESGOS DE RETORNO\/\u00bfQu\u00e9 riesgos enfrentar\u00eda usted o su familia si tuviera que regresar a su pa\u00eds de origen?\/Ser\u00edamos perseguidos, agredidos o discriminados","var_analysis_unit":null,"var_qstn_preqtxt":null,"var_qstn_qstnlit":null,"var_qstn_postqtxt":null,"var_qstn_ivuinstr":null,"var_universe":null,"var_universe_clusion":null,"var_sumstat":[{"value":"0","type":"vald","wgtd":null},{"value":"0","type":"invd","wgtd":null}],"var_txt":null,"var_catgry":[],"var_codinstr":null,"var_concept":[],"var_format":{"type":"numeric","schema":"other","category":null,"name":null},"var_notes":null,"var_val_range":{"min":null,"max":null},"fid":"F2"},{"file_id":"F2","vid":"V349","name":"riesgos_7","var_intrvl":"discrete","var_dcml":"0","var_wgt":null,"var_is_wgt":null,"loc_start_pos":null,"loc_end_pos":null,"loc_width":null,"loc_rec_seg_no":null,"labl":"REFUGIO Y RIESGOS DE RETORNO\/\u00bfQu\u00e9 riesgos enfrentar\u00eda usted o su familia si tuviera que regresar a su pa\u00eds de origen?\/Alg\u00fan miembro de mi grupo familiar podr\u00eda ser reclutado forzadamente por grupos armados\/criminales","var_imputation":"REFUGIO Y RIESGOS DE RETORNO\/\u00bfQu\u00e9 riesgos enfrentar\u00eda usted o su familia si tuviera que regresar a su pa\u00eds de origen?\/Alg\u00fan miembro de mi grupo familiar podr\u00eda ser reclutado forzadamente por grupos armados\/criminales","var_security":"REFUGIO Y RIESGOS DE RETORNO\/\u00bfQu\u00e9 riesgos enfrentar\u00eda usted o su familia si tuviera que regresar a su pa\u00eds de origen?\/Alg\u00fan miembro de mi grupo familiar podr\u00eda ser reclutado forzadamente por grupos armados\/criminales","var_resp_unit":"REFUGIO Y RIESGOS DE RETORNO\/\u00bfQu\u00e9 riesgos enfrentar\u00eda usted o su familia si tuviera que regresar a su pa\u00eds de origen?\/Alg\u00fan miembro de mi grupo familiar podr\u00eda ser reclutado forzadamente por grupos armados\/criminales","var_analysis_unit":null,"var_qstn_preqtxt":null,"var_qstn_qstnlit":null,"var_qstn_postqtxt":null,"var_qstn_ivuinstr":null,"var_universe":null,"var_universe_clusion":null,"var_sumstat":[{"value":"0","type":"vald","wgtd":null},{"value":"0","type":"invd","wgtd":null}],"var_txt":null,"var_catgry":[],"var_codinstr":null,"var_concept":[],"var_format":{"type":"numeric","schema":"other","category":null,"name":null},"var_notes":null,"var_val_range":{"min":null,"max":null},"fid":"F2"},{"file_id":"F2","vid":"V350","name":"riesgos_8","var_intrvl":"discrete","var_dcml":"0","var_wgt":null,"var_is_wgt":null,"loc_start_pos":null,"loc_end_pos":null,"loc_width":null,"loc_rec_seg_no":null,"labl":"REFUGIO Y RIESGOS DE RETORNO\/\u00bfQu\u00e9 riesgos enfrentar\u00eda usted o su familia si tuviera que regresar a su pa\u00eds de origen?\/No conseguir\u00eda un trabajo con el cual pudiese garantizar mi subsistencia o la de mi familia","var_imputation":"REFUGIO Y RIESGOS DE RETORNO\/\u00bfQu\u00e9 riesgos enfrentar\u00eda usted o su familia si tuviera que regresar a su pa\u00eds de origen?\/No conseguir\u00eda un trabajo con el cual pudiese garantizar mi subsistencia o la de mi familia","var_security":"REFUGIO Y RIESGOS DE RETORNO\/\u00bfQu\u00e9 riesgos enfrentar\u00eda usted o su familia si tuviera que regresar a su pa\u00eds de origen?\/No conseguir\u00eda un trabajo con el cual pudiese garantizar mi subsistencia o la de mi familia","var_resp_unit":"REFUGIO Y RIESGOS DE RETORNO\/\u00bfQu\u00e9 riesgos enfrentar\u00eda usted o su familia si tuviera que regresar a su pa\u00eds de origen?\/No conseguir\u00eda un trabajo con el cual pudiese garantizar mi subsistencia o la de mi familia","var_analysis_unit":null,"var_qstn_preqtxt":null,"var_qstn_qstnlit":null,"var_qstn_postqtxt":null,"var_qstn_ivuinstr":null,"var_universe":null,"var_universe_clusion":null,"var_sumstat":[{"value":"0","type":"vald","wgtd":null},{"value":"0","type":"invd","wgtd":null}],"var_txt":null,"var_catgry":[],"var_codinstr":null,"var_concept":[],"var_format":{"type":"numeric","schema":"other","category":null,"name":null},"var_notes":null,"var_val_range":{"min":null,"max":null},"fid":"F2"},{"file_id":"F2","vid":"V351","name":"riesgos_9","var_intrvl":"discrete","var_dcml":"0","var_wgt":null,"var_is_wgt":null,"loc_start_pos":null,"loc_end_pos":null,"loc_width":null,"loc_rec_seg_no":null,"labl":"REFUGIO Y RIESGOS DE RETORNO\/\u00bfQu\u00e9 riesgos enfrentar\u00eda usted o su familia si tuviera que regresar a su pa\u00eds de origen?\/Mi grupo familiar estar\u00eda en riesgo por falta de alimentos","var_imputation":"REFUGIO Y RIESGOS DE RETORNO\/\u00bfQu\u00e9 riesgos enfrentar\u00eda usted o su familia si tuviera que regresar a su pa\u00eds de origen?\/Mi grupo familiar estar\u00eda en riesgo por falta de alimentos","var_security":"REFUGIO Y RIESGOS DE RETORNO\/\u00bfQu\u00e9 riesgos enfrentar\u00eda usted o su familia si tuviera que regresar a su pa\u00eds de origen?\/Mi grupo familiar estar\u00eda en riesgo por falta de alimentos","var_resp_unit":"REFUGIO Y RIESGOS DE RETORNO\/\u00bfQu\u00e9 riesgos enfrentar\u00eda usted o su familia si tuviera que regresar a su pa\u00eds de origen?\/Mi grupo familiar estar\u00eda en riesgo por falta de alimentos","var_analysis_unit":null,"var_qstn_preqtxt":null,"var_qstn_qstnlit":null,"var_qstn_postqtxt":null,"var_qstn_ivuinstr":null,"var_universe":null,"var_universe_clusion":null,"var_sumstat":[{"value":"0","type":"vald","wgtd":null},{"value":"0","type":"invd","wgtd":null}],"var_txt":null,"var_catgry":[],"var_codinstr":null,"var_concept":[],"var_format":{"type":"numeric","schema":"other","category":null,"name":null},"var_notes":null,"var_val_range":{"min":null,"max":null},"fid":"F2"},{"file_id":"F2","vid":"V352","name":"riesgos_10","var_intrvl":"discrete","var_dcml":"0","var_wgt":null,"var_is_wgt":null,"loc_start_pos":null,"loc_end_pos":null,"loc_width":null,"loc_rec_seg_no":null,"labl":"REFUGIO Y RIESGOS DE RETORNO\/\u00bfQu\u00e9 riesgos enfrentar\u00eda usted o su familia si tuviera que regresar a su pa\u00eds de origen?\/Mi grupo familiar estar\u00eda en riesgo por no acceder a servicios m\u00e9dicos","var_imputation":"REFUGIO Y RIESGOS DE RETORNO\/\u00bfQu\u00e9 riesgos enfrentar\u00eda usted o su familia si tuviera que regresar a su pa\u00eds de origen?\/Mi grupo familiar estar\u00eda en riesgo por no acceder a servicios m\u00e9dicos","var_security":"REFUGIO Y RIESGOS DE RETORNO\/\u00bfQu\u00e9 riesgos enfrentar\u00eda usted o su familia si tuviera que regresar a su pa\u00eds de origen?\/Mi grupo familiar estar\u00eda en riesgo por no acceder a servicios m\u00e9dicos","var_resp_unit":"REFUGIO Y RIESGOS DE RETORNO\/\u00bfQu\u00e9 riesgos enfrentar\u00eda usted o su familia si tuviera que regresar a su pa\u00eds de origen?\/Mi grupo familiar estar\u00eda en riesgo por no acceder a servicios m\u00e9dicos","var_analysis_unit":null,"var_qstn_preqtxt":null,"var_qstn_qstnlit":null,"var_qstn_postqtxt":null,"var_qstn_ivuinstr":null,"var_universe":null,"var_universe_clusion":null,"var_sumstat":[{"value":"0","type":"vald","wgtd":null},{"value":"0","type":"invd","wgtd":null}],"var_txt":null,"var_catgry":[],"var_codinstr":null,"var_concept":[],"var_format":{"type":"numeric","schema":"other","category":null,"name":null},"var_notes":null,"var_val_range":{"min":null,"max":null},"fid":"F2"},{"file_id":"F2","vid":"V353","name":"riesgos_11","var_intrvl":"discrete","var_dcml":"0","var_wgt":null,"var_is_wgt":null,"loc_start_pos":null,"loc_end_pos":null,"loc_width":null,"loc_rec_seg_no":null,"labl":"REFUGIO Y RIESGOS DE RETORNO\/\u00bfQu\u00e9 riesgos enfrentar\u00eda usted o su familia si tuviera que regresar a su pa\u00eds de origen?\/Estar\u00eda en riesgo de salud inminente","var_imputation":"REFUGIO Y RIESGOS DE RETORNO\/\u00bfQu\u00e9 riesgos enfrentar\u00eda usted o su familia si tuviera que regresar a su pa\u00eds de origen?\/Estar\u00eda en riesgo de salud inminente","var_security":"REFUGIO Y RIESGOS DE RETORNO\/\u00bfQu\u00e9 riesgos enfrentar\u00eda usted o su familia si tuviera que regresar a su pa\u00eds de origen?\/Estar\u00eda en riesgo de salud inminente","var_resp_unit":"REFUGIO Y RIESGOS DE RETORNO\/\u00bfQu\u00e9 riesgos enfrentar\u00eda usted o su familia si tuviera que regresar a su pa\u00eds de origen?\/Estar\u00eda en riesgo de salud inminente","var_analysis_unit":null,"var_qstn_preqtxt":null,"var_qstn_qstnlit":null,"var_qstn_postqtxt":null,"var_qstn_ivuinstr":null,"var_universe":null,"var_universe_clusion":null,"var_sumstat":[{"value":"0","type":"vald","wgtd":null},{"value":"0","type":"invd","wgtd":null}],"var_txt":null,"var_catgry":[],"var_codinstr":null,"var_concept":[],"var_format":{"type":"numeric","schema":"other","category":null,"name":null},"var_notes":null,"var_val_range":{"min":null,"max":null},"fid":"F2"},{"file_id":"F2","vid":"V354","name":"riesgos_12","var_intrvl":"discrete","var_dcml":"0","var_wgt":null,"var_is_wgt":null,"loc_start_pos":null,"loc_end_pos":null,"loc_width":null,"loc_rec_seg_no":null,"labl":"REFUGIO Y RIESGOS DE RETORNO\/\u00bfQu\u00e9 riesgos enfrentar\u00eda usted o su familia si tuviera que regresar a su pa\u00eds de origen?\/No tendr\u00eda ning\u00fan riesgo","var_imputation":"REFUGIO Y RIESGOS DE RETORNO\/\u00bfQu\u00e9 riesgos enfrentar\u00eda usted o su familia si tuviera que regresar a su pa\u00eds de origen?\/No tendr\u00eda ning\u00fan riesgo","var_security":"REFUGIO Y RIESGOS DE RETORNO\/\u00bfQu\u00e9 riesgos enfrentar\u00eda usted o su familia si tuviera que regresar a su pa\u00eds de origen?\/No tendr\u00eda ning\u00fan riesgo","var_resp_unit":"REFUGIO Y RIESGOS DE RETORNO\/\u00bfQu\u00e9 riesgos enfrentar\u00eda usted o su familia si tuviera que regresar a su pa\u00eds de origen?\/No tendr\u00eda ning\u00fan riesgo","var_analysis_unit":null,"var_qstn_preqtxt":null,"var_qstn_qstnlit":null,"var_qstn_postqtxt":null,"var_qstn_ivuinstr":null,"var_universe":null,"var_universe_clusion":null,"var_sumstat":[{"value":"0","type":"vald","wgtd":null},{"value":"0","type":"invd","wgtd":null}],"var_txt":null,"var_catgry":[],"var_codinstr":null,"var_concept":[],"var_format":{"type":"numeric","schema":"other","category":null,"name":null},"var_notes":null,"var_val_range":{"min":null,"max":null},"fid":"F2"},{"file_id":"F2","vid":"V355","name":"refugio_sabe","var_intrvl":"discrete","var_dcml":"0","var_wgt":null,"var_is_wgt":null,"loc_start_pos":null,"loc_end_pos":null,"loc_width":null,"loc_rec_seg_no":null,"labl":"REFUGIO Y RIESGOS DE RETORNO\/\u00bfSabe lo que es la solicitud de refugio?","var_imputation":"REFUGIO Y RIESGOS DE RETORNO\/\u00bfSabe lo que es la solicitud de refugio?","var_security":"REFUGIO Y RIESGOS DE RETORNO\/\u00bfSabe lo que es la solicitud de refugio?","var_resp_unit":"REFUGIO Y RIESGOS DE RETORNO\/\u00bfSabe lo que es la solicitud de refugio?","var_analysis_unit":null,"var_qstn_preqtxt":null,"var_qstn_qstnlit":null,"var_qstn_postqtxt":null,"var_qstn_ivuinstr":null,"var_universe":null,"var_universe_clusion":null,"var_sumstat":[{"value":"0","type":"vald","wgtd":null},{"value":"0","type":"invd","wgtd":null}],"var_txt":null,"var_catgry":[{"value":"1","labl":"No","is_missing":null,"stats":[]},{"value":"2","labl":"Si","is_missing":null,"stats":[]}],"var_codinstr":null,"var_concept":[],"var_format":{"type":"numeric","schema":"other","category":null,"name":null},"var_notes":null,"var_val_range":{"min":"1","max":"2"},"fid":"F2"},{"file_id":"F2","vid":"V356","name":"refugio","var_intrvl":"discrete","var_dcml":"0","var_wgt":null,"var_is_wgt":null,"loc_start_pos":null,"loc_end_pos":null,"loc_width":null,"loc_rec_seg_no":null,"labl":"REFUGIO Y RIESGOS DE RETORNO\/\u00bfPiensa realizar el tr\u00e1mite para solicitar la condicion de refugiado en su lugar de destino?","var_imputation":"REFUGIO Y RIESGOS DE RETORNO\/\u00bfPiensa realizar el tr\u00e1mite para solicitar la condicion de refugiado en su lugar de destino?","var_security":"REFUGIO Y RIESGOS DE RETORNO\/\u00bfPiensa realizar el tr\u00e1mite para solicitar la condicion de refugiado en su lugar de destino?","var_resp_unit":"REFUGIO Y RIESGOS DE RETORNO\/\u00bfPiensa realizar el tr\u00e1mite para solicitar la condicion de refugiado en su lugar de destino?","var_analysis_unit":null,"var_qstn_preqtxt":null,"var_qstn_qstnlit":null,"var_qstn_postqtxt":null,"var_qstn_ivuinstr":null,"var_universe":null,"var_universe_clusion":null,"var_sumstat":[{"value":"0","type":"vald","wgtd":null},{"value":"0","type":"invd","wgtd":null}],"var_txt":null,"var_catgry":[{"value":"1","labl":"No. No s\u00e9 lo que es \/ no tengo informaci\u00f3n","is_missing":null,"stats":[]},{"value":"2","labl":"Si","is_missing":null,"stats":[]}],"var_codinstr":null,"var_concept":[],"var_format":{"type":"numeric","schema":"other","category":null,"name":null},"var_notes":null,"var_val_range":{"min":"1","max":"2"},"fid":"F2"},{"file_id":"F2","vid":"V357","name":"id","var_intrvl":"discrete","var_dcml":"0","var_wgt":null,"var_is_wgt":null,"loc_start_pos":null,"loc_end_pos":null,"loc_width":null,"loc_rec_seg_no":null,"labl":"ID","var_imputation":"ID","var_security":"ID","var_resp_unit":"ID","var_analysis_unit":null,"var_qstn_preqtxt":null,"var_qstn_qstnlit":null,"var_qstn_postqtxt":null,"var_qstn_ivuinstr":null,"var_universe":null,"var_universe_clusion":null,"var_sumstat":[{"value":"0","type":"vald","wgtd":null},{"value":"0","type":"invd","wgtd":null}],"var_txt":null,"var_catgry":[],"var_codinstr":null,"var_concept":[],"var_format":{"type":"numeric","schema":"other","category":null,"name":null},"var_notes":null,"var_val_range":{"min":null,"max":null},"fid":"F2"},{"file_id":"F2","vid":"V358","name":"relationship","var_intrvl":"discrete","var_dcml":"0","var_wgt":null,"var_is_wgt":null,"loc_start_pos":null,"loc_end_pos":null,"loc_width":null,"loc_rec_seg_no":null,"labl":"INFORMACI\u00d3N DE MIEMBROS DE LA FAMILIA\/Por favor, responda a las preguntas para cada miembro del grupo familiar\/Relaci\u00f3n con la persona entrevistada","var_imputation":"INFORMACI\u00d3N DE MIEMBROS DE LA FAMILIA\/Por favor, responda a las preguntas para cada miembro del grupo familiar\/Relaci\u00f3n con la persona entrevistada","var_security":"INFORMACI\u00d3N DE MIEMBROS DE LA FAMILIA\/Por favor, responda a las preguntas para cada miembro del grupo familiar\/Relaci\u00f3n con la persona entrevistada","var_resp_unit":"INFORMACI\u00d3N DE MIEMBROS DE LA FAMILIA\/Por favor, responda a las preguntas para cada miembro del grupo familiar\/Relaci\u00f3n con la persona entrevistada","var_analysis_unit":null,"var_qstn_preqtxt":null,"var_qstn_qstnlit":null,"var_qstn_postqtxt":null,"var_qstn_ivuinstr":null,"var_universe":null,"var_universe_clusion":null,"var_sumstat":[{"value":"0","type":"vald","wgtd":null},{"value":"0","type":"invd","wgtd":null}],"var_txt":null,"var_catgry":[{"value":"1","labl":"1. Entrevistado_a","is_missing":null,"stats":[]},{"value":"2","labl":"10. Primo o Prima","is_missing":null,"stats":[]},{"value":"3","labl":"11. Otros parientes","is_missing":null,"stats":[]},{"value":"4","labl":"12. Ninguna relacion familiar","is_missing":null,"stats":[]},{"value":"5","labl":"2. C\u00f3nyuge o pareja","is_missing":null,"stats":[]},{"value":"6","labl":"3. Hijo o hija","is_missing":null,"stats":[]},{"value":"7","labl":"4. Hermano o hermana","is_missing":null,"stats":[]},{"value":"8","labl":"6. Yerno_Nuera","is_missing":null,"stats":[]},{"value":"9","labl":"7. Nieto o Nieta","is_missing":null,"stats":[]},{"value":"10","labl":"9. Sobrino o Sobrina","is_missing":null,"stats":[]}],"var_codinstr":null,"var_concept":[],"var_format":{"type":"numeric","schema":"other","category":null,"name":null},"var_notes":null,"var_val_range":{"min":"1","max":"10"},"fid":"F2"},{"file_id":"F2","vid":"V359","name":"age","var_intrvl":"discrete","var_dcml":"0","var_wgt":null,"var_is_wgt":null,"loc_start_pos":null,"loc_end_pos":null,"loc_width":null,"loc_rec_seg_no":null,"labl":"INFORMACI\u00d3N DE MIEMBROS DE LA FAMILIA\/Por favor, responda a las preguntas para cada miembro del grupo familiar\/\u00bfCu\u00e1l es la edad de este miembro de la familia?","var_imputation":"INFORMACI\u00d3N DE MIEMBROS DE LA FAMILIA\/Por favor, responda a las preguntas para cada miembro del grupo familiar\/\u00bfCu\u00e1l es la edad de este miembro de la familia?","var_security":"INFORMACI\u00d3N DE MIEMBROS DE LA FAMILIA\/Por favor, responda a las preguntas para cada miembro del grupo familiar\/\u00bfCu\u00e1l es la edad de este miembro de la familia?","var_resp_unit":"INFORMACI\u00d3N DE MIEMBROS DE LA FAMILIA\/Por favor, responda a las preguntas para cada miembro del grupo familiar\/\u00bfCu\u00e1l es la edad de este miembro de la familia?","var_analysis_unit":null,"var_qstn_preqtxt":null,"var_qstn_qstnlit":null,"var_qstn_postqtxt":null,"var_qstn_ivuinstr":null,"var_universe":null,"var_universe_clusion":null,"var_sumstat":[{"value":"0","type":"vald","wgtd":null},{"value":"0","type":"invd","wgtd":null}],"var_txt":null,"var_catgry":[{"value":"1","labl":"00 - 04","is_missing":null,"stats":[]},{"value":"2","labl":"05 - 14","is_missing":null,"stats":[]},{"value":"3","labl":"15 - 17","is_missing":null,"stats":[]},{"value":"4","labl":"18 - 21","is_missing":null,"stats":[]},{"value":"5","labl":"22 - 35","is_missing":null,"stats":[]},{"value":"6","labl":"36 - 59","is_missing":null,"stats":[]},{"value":"7","labl":"60+","is_missing":null,"stats":[]}],"var_codinstr":null,"var_concept":[],"var_format":{"type":"numeric","schema":"other","category":null,"name":null},"var_notes":null,"var_val_range":{"min":"1","max":"7"},"fid":"F2"},{"file_id":"F2","vid":"V360","name":"paisnac","var_intrvl":"discrete","var_dcml":"0","var_wgt":null,"var_is_wgt":null,"loc_start_pos":null,"loc_end_pos":null,"loc_width":null,"loc_rec_seg_no":null,"labl":"INFORMACI\u00d3N DE MIEMBROS DE LA FAMILIA\/Por favor, responda a las preguntas para cada miembro del grupo familiar\/\u00bfCu\u00e1l es el pa\u00eds de nacimiento de este miembro de la familia?","var_imputation":"INFORMACI\u00d3N DE MIEMBROS DE LA FAMILIA\/Por favor, responda a las preguntas para cada miembro del grupo familiar\/\u00bfCu\u00e1l es el pa\u00eds de nacimiento de este miembro de la familia?","var_security":"INFORMACI\u00d3N DE MIEMBROS DE LA FAMILIA\/Por favor, responda a las preguntas para cada miembro del grupo familiar\/\u00bfCu\u00e1l es el pa\u00eds de nacimiento de este miembro de la familia?","var_resp_unit":"INFORMACI\u00d3N DE MIEMBROS DE LA FAMILIA\/Por favor, responda a las preguntas para cada miembro del grupo familiar\/\u00bfCu\u00e1l es el pa\u00eds de nacimiento de este miembro de la familia?","var_analysis_unit":null,"var_qstn_preqtxt":null,"var_qstn_qstnlit":null,"var_qstn_postqtxt":null,"var_qstn_ivuinstr":null,"var_universe":null,"var_universe_clusion":null,"var_sumstat":[{"value":"0","type":"vald","wgtd":null},{"value":"0","type":"invd","wgtd":null}],"var_txt":null,"var_catgry":[{"value":"1","labl":"Bolivia","is_missing":null,"stats":[]},{"value":"2","labl":"Colombia","is_missing":null,"stats":[]},{"value":"3","labl":"Ecuador","is_missing":null,"stats":[]},{"value":"4","labl":"Per\u00fa","is_missing":null,"stats":[]},{"value":"5","labl":"Venezuela","is_missing":null,"stats":[]}],"var_codinstr":null,"var_concept":[],"var_format":{"type":"numeric","schema":"other","category":null,"name":null},"var_notes":null,"var_val_range":{"min":"1","max":"5"},"fid":"F2"},{"file_id":"F2","vid":"V361","name":"registronac","var_intrvl":"discrete","var_dcml":"0","var_wgt":null,"var_is_wgt":null,"loc_start_pos":null,"loc_end_pos":null,"loc_width":null,"loc_rec_seg_no":null,"labl":"INFORMACI\u00d3N DE MIEMBROS DE LA FAMILIA\/Por favor, responda a las preguntas para cada miembro del grupo familiar\/\u00bfEl ni\u00f1o\/a tiene registro de nacimiento?","var_imputation":"INFORMACI\u00d3N DE MIEMBROS DE LA FAMILIA\/Por favor, responda a las preguntas para cada miembro del grupo familiar\/\u00bfEl ni\u00f1o\/a tiene registro de nacimiento?","var_security":"INFORMACI\u00d3N DE MIEMBROS DE LA FAMILIA\/Por favor, responda a las preguntas para cada miembro del grupo familiar\/\u00bfEl ni\u00f1o\/a tiene registro de nacimiento?","var_resp_unit":"INFORMACI\u00d3N DE MIEMBROS DE LA FAMILIA\/Por favor, responda a las preguntas para cada miembro del grupo familiar\/\u00bfEl ni\u00f1o\/a tiene registro de nacimiento?","var_analysis_unit":null,"var_qstn_preqtxt":null,"var_qstn_qstnlit":null,"var_qstn_postqtxt":null,"var_qstn_ivuinstr":null,"var_universe":null,"var_universe_clusion":null,"var_sumstat":[{"value":"0","type":"vald","wgtd":null},{"value":"0","type":"invd","wgtd":null}],"var_txt":null,"var_catgry":[{"value":"1","labl":"No","is_missing":null,"stats":[]},{"value":"2","labl":"Si","is_missing":null,"stats":[]}],"var_codinstr":null,"var_concept":[],"var_format":{"type":"numeric","schema":"other","category":null,"name":null},"var_notes":null,"var_val_range":{"min":"1","max":"2"},"fid":"F2"},{"file_id":"F2","vid":"V362","name":"motivos_nacimiento_1","var_intrvl":"discrete","var_dcml":"0","var_wgt":null,"var_is_wgt":null,"loc_start_pos":null,"loc_end_pos":null,"loc_width":null,"loc_rec_seg_no":null,"labl":"INFORMACI\u00d3N DE MIEMBROS DE LA FAMILIA\/Por favor, responda a las preguntas para cada miembro del grupo familiar\/\u00bfPor qu\u00e9 no est\u00e1 registrado el ni\u00f1o\/a?\/Porque naci\u00f3 durante COVID y las instituciones estaban cerradas","var_imputation":"INFORMACI\u00d3N DE MIEMBROS DE LA FAMILIA\/Por favor, responda a las preguntas para cada miembro del grupo familiar\/\u00bfPor qu\u00e9 no est\u00e1 registrado el ni\u00f1o\/a?\/Porque naci\u00f3 durante COVID y las instituciones estaban cerradas","var_security":"INFORMACI\u00d3N DE MIEMBROS DE LA FAMILIA\/Por favor, responda a las preguntas para cada miembro del grupo familiar\/\u00bfPor qu\u00e9 no est\u00e1 registrado el ni\u00f1o\/a?\/Porque naci\u00f3 durante COVID y las instituciones estaban cerradas","var_resp_unit":"INFORMACI\u00d3N DE MIEMBROS DE LA FAMILIA\/Por favor, responda a las preguntas para cada miembro del grupo familiar\/\u00bfPor qu\u00e9 no est\u00e1 registrado el ni\u00f1o\/a?\/Porque naci\u00f3 durante COVID y las instituciones estaban cerradas","var_analysis_unit":null,"var_qstn_preqtxt":null,"var_qstn_qstnlit":null,"var_qstn_postqtxt":null,"var_qstn_ivuinstr":null,"var_universe":null,"var_universe_clusion":null,"var_sumstat":[{"value":"0","type":"vald","wgtd":null},{"value":"0","type":"invd","wgtd":null}],"var_txt":null,"var_catgry":[],"var_codinstr":null,"var_concept":[],"var_format":{"type":"numeric","schema":"other","category":null,"name":null},"var_notes":null,"var_val_range":{"min":null,"max":null},"fid":"F2"},{"file_id":"F2","vid":"V363","name":"motivos_nacimiento_2","var_intrvl":"discrete","var_dcml":"0","var_wgt":null,"var_is_wgt":null,"loc_start_pos":null,"loc_end_pos":null,"loc_width":null,"loc_rec_seg_no":null,"labl":"INFORMACI\u00d3N DE MIEMBROS DE LA FAMILIA\/Por favor, responda a las preguntas para cada miembro del grupo familiar\/\u00bfPor qu\u00e9 no est\u00e1 registrado el ni\u00f1o\/a?\/Porque sus pap\u00e1s no tienen documentos","var_imputation":"INFORMACI\u00d3N DE MIEMBROS DE LA FAMILIA\/Por favor, responda a las preguntas para cada miembro del grupo familiar\/\u00bfPor qu\u00e9 no est\u00e1 registrado el ni\u00f1o\/a?\/Porque sus pap\u00e1s no tienen documentos","var_security":"INFORMACI\u00d3N DE MIEMBROS DE LA FAMILIA\/Por favor, responda a las preguntas para cada miembro del grupo familiar\/\u00bfPor qu\u00e9 no est\u00e1 registrado el ni\u00f1o\/a?\/Porque sus pap\u00e1s no tienen documentos","var_resp_unit":"INFORMACI\u00d3N DE MIEMBROS DE LA FAMILIA\/Por favor, responda a las preguntas para cada miembro del grupo familiar\/\u00bfPor qu\u00e9 no est\u00e1 registrado el ni\u00f1o\/a?\/Porque sus pap\u00e1s no tienen documentos","var_analysis_unit":null,"var_qstn_preqtxt":null,"var_qstn_qstnlit":null,"var_qstn_postqtxt":null,"var_qstn_ivuinstr":null,"var_universe":null,"var_universe_clusion":null,"var_sumstat":[{"value":"0","type":"vald","wgtd":null},{"value":"0","type":"invd","wgtd":null}],"var_txt":null,"var_catgry":[],"var_codinstr":null,"var_concept":[],"var_format":{"type":"numeric","schema":"other","category":null,"name":null},"var_notes":null,"var_val_range":{"min":null,"max":null},"fid":"F2"},{"file_id":"F2","vid":"V364","name":"motivos_nacimiento_3","var_intrvl":"discrete","var_dcml":"0","var_wgt":null,"var_is_wgt":null,"loc_start_pos":null,"loc_end_pos":null,"loc_width":null,"loc_rec_seg_no":null,"labl":"INFORMACI\u00d3N DE MIEMBROS DE LA FAMILIA\/Por favor, responda a las preguntas para cada miembro del grupo familiar\/\u00bfPor qu\u00e9 no est\u00e1 registrado el ni\u00f1o\/a?\/Por discriminaci\u00f3n","var_imputation":"INFORMACI\u00d3N DE MIEMBROS DE LA FAMILIA\/Por favor, responda a las preguntas para cada miembro del grupo familiar\/\u00bfPor qu\u00e9 no est\u00e1 registrado el ni\u00f1o\/a?\/Por discriminaci\u00f3n","var_security":"INFORMACI\u00d3N DE MIEMBROS DE LA FAMILIA\/Por favor, responda a las preguntas para cada miembro del grupo familiar\/\u00bfPor qu\u00e9 no est\u00e1 registrado el ni\u00f1o\/a?\/Por discriminaci\u00f3n","var_resp_unit":"INFORMACI\u00d3N DE MIEMBROS DE LA FAMILIA\/Por favor, responda a las preguntas para cada miembro del grupo familiar\/\u00bfPor qu\u00e9 no est\u00e1 registrado el ni\u00f1o\/a?\/Por discriminaci\u00f3n","var_analysis_unit":null,"var_qstn_preqtxt":null,"var_qstn_qstnlit":null,"var_qstn_postqtxt":null,"var_qstn_ivuinstr":null,"var_universe":null,"var_universe_clusion":null,"var_sumstat":[{"value":"0","type":"vald","wgtd":null},{"value":"0","type":"invd","wgtd":null}],"var_txt":null,"var_catgry":[],"var_codinstr":null,"var_concept":[],"var_format":{"type":"numeric","schema":"other","category":null,"name":null},"var_notes":null,"var_val_range":{"min":null,"max":null},"fid":"F2"},{"file_id":"F2","vid":"V365","name":"motivos_nacimiento_4","var_intrvl":"discrete","var_dcml":"0","var_wgt":null,"var_is_wgt":null,"loc_start_pos":null,"loc_end_pos":null,"loc_width":null,"loc_rec_seg_no":null,"labl":"INFORMACI\u00d3N DE MIEMBROS DE LA FAMILIA\/Por favor, responda a las preguntas para cada miembro del grupo familiar\/\u00bfPor qu\u00e9 no est\u00e1 registrado el ni\u00f1o\/a?\/Porque les dijeron que una persona irregular no puede registrar a sus hijos","var_imputation":"INFORMACI\u00d3N DE MIEMBROS DE LA FAMILIA\/Por favor, responda a las preguntas para cada miembro del grupo familiar\/\u00bfPor qu\u00e9 no est\u00e1 registrado el ni\u00f1o\/a?\/Porque les dijeron que una persona irregular no puede registrar a sus hijos","var_security":"INFORMACI\u00d3N DE MIEMBROS DE LA FAMILIA\/Por favor, responda a las preguntas para cada miembro del grupo familiar\/\u00bfPor qu\u00e9 no est\u00e1 registrado el ni\u00f1o\/a?\/Porque les dijeron que una persona irregular no puede registrar a sus hijos","var_resp_unit":"INFORMACI\u00d3N DE MIEMBROS DE LA FAMILIA\/Por favor, responda a las preguntas para cada miembro del grupo familiar\/\u00bfPor qu\u00e9 no est\u00e1 registrado el ni\u00f1o\/a?\/Porque les dijeron que una persona irregular no puede registrar a sus hijos","var_analysis_unit":null,"var_qstn_preqtxt":null,"var_qstn_qstnlit":null,"var_qstn_postqtxt":null,"var_qstn_ivuinstr":null,"var_universe":null,"var_universe_clusion":null,"var_sumstat":[{"value":"0","type":"vald","wgtd":null},{"value":"0","type":"invd","wgtd":null}],"var_txt":null,"var_catgry":[],"var_codinstr":null,"var_concept":[],"var_format":{"type":"numeric","schema":"other","category":null,"name":null},"var_notes":null,"var_val_range":{"min":null,"max":null},"fid":"F2"},{"file_id":"F2","vid":"V366","name":"motivos_nacimiento_5","var_intrvl":"discrete","var_dcml":"0","var_wgt":null,"var_is_wgt":null,"loc_start_pos":null,"loc_end_pos":null,"loc_width":null,"loc_rec_seg_no":null,"labl":"INFORMACI\u00d3N DE MIEMBROS DE LA FAMILIA\/Por favor, responda a las preguntas para cada miembro del grupo familiar\/\u00bfPor qu\u00e9 no est\u00e1 registrado el ni\u00f1o\/a?\/Porque en el pa\u00eds donde naci\u00f3 no lo permit\u00edan (nota: p.ej. Ni\u00f1os nacidos en Colombia)","var_imputation":"INFORMACI\u00d3N DE MIEMBROS DE LA FAMILIA\/Por favor, responda a las preguntas para cada miembro del grupo familiar\/\u00bfPor qu\u00e9 no est\u00e1 registrado el ni\u00f1o\/a?\/Porque en el pa\u00eds donde naci\u00f3 no lo permit\u00edan (nota: p.ej. Ni\u00f1os nacidos en Colombia)","var_security":"INFORMACI\u00d3N DE MIEMBROS DE LA FAMILIA\/Por favor, responda a las preguntas para cada miembro del grupo familiar\/\u00bfPor qu\u00e9 no est\u00e1 registrado el ni\u00f1o\/a?\/Porque en el pa\u00eds donde naci\u00f3 no lo permit\u00edan (nota: p.ej. Ni\u00f1os nacidos en Colombia)","var_resp_unit":"INFORMACI\u00d3N DE MIEMBROS DE LA FAMILIA\/Por favor, responda a las preguntas para cada miembro del grupo familiar\/\u00bfPor qu\u00e9 no est\u00e1 registrado el ni\u00f1o\/a?\/Porque en el pa\u00eds donde naci\u00f3 no lo permit\u00edan (nota: p.ej. Ni\u00f1os nacidos en Colombia)","var_analysis_unit":null,"var_qstn_preqtxt":null,"var_qstn_qstnlit":null,"var_qstn_postqtxt":null,"var_qstn_ivuinstr":null,"var_universe":null,"var_universe_clusion":null,"var_sumstat":[{"value":"0","type":"vald","wgtd":null},{"value":"0","type":"invd","wgtd":null}],"var_txt":null,"var_catgry":[],"var_codinstr":null,"var_concept":[],"var_format":{"type":"numeric","schema":"other","category":null,"name":null},"var_notes":null,"var_val_range":{"min":null,"max":null},"fid":"F2"},{"file_id":"F2","vid":"V367","name":"motivos_nacimiento_6","var_intrvl":"discrete","var_dcml":"0","var_wgt":null,"var_is_wgt":null,"loc_start_pos":null,"loc_end_pos":null,"loc_width":null,"loc_rec_seg_no":null,"labl":"INFORMACI\u00d3N DE MIEMBROS DE LA FAMILIA\/Por favor, responda a las preguntas para cada miembro del grupo familiar\/\u00bfPor qu\u00e9 no est\u00e1 registrado el ni\u00f1o\/a?\/Porque ten\u00edan temor de realizar el tr\u00e1mite en Venezuela","var_imputation":"INFORMACI\u00d3N DE MIEMBROS DE LA FAMILIA\/Por favor, responda a las preguntas para cada miembro del grupo familiar\/\u00bfPor qu\u00e9 no est\u00e1 registrado el ni\u00f1o\/a?\/Porque ten\u00edan temor de realizar el tr\u00e1mite en Venezuela","var_security":"INFORMACI\u00d3N DE MIEMBROS DE LA FAMILIA\/Por favor, responda a las preguntas para cada miembro del grupo familiar\/\u00bfPor qu\u00e9 no est\u00e1 registrado el ni\u00f1o\/a?\/Porque ten\u00edan temor de realizar el tr\u00e1mite en Venezuela","var_resp_unit":"INFORMACI\u00d3N DE MIEMBROS DE LA FAMILIA\/Por favor, responda a las preguntas para cada miembro del grupo familiar\/\u00bfPor qu\u00e9 no est\u00e1 registrado el ni\u00f1o\/a?\/Porque ten\u00edan temor de realizar el tr\u00e1mite en Venezuela","var_analysis_unit":null,"var_qstn_preqtxt":null,"var_qstn_qstnlit":null,"var_qstn_postqtxt":null,"var_qstn_ivuinstr":null,"var_universe":null,"var_universe_clusion":null,"var_sumstat":[{"value":"0","type":"vald","wgtd":null},{"value":"0","type":"invd","wgtd":null}],"var_txt":null,"var_catgry":[],"var_codinstr":null,"var_concept":[],"var_format":{"type":"numeric","schema":"other","category":null,"name":null},"var_notes":null,"var_val_range":{"min":null,"max":null},"fid":"F2"},{"file_id":"F2","vid":"V368","name":"motivos_nacimiento_7","var_intrvl":"discrete","var_dcml":"0","var_wgt":null,"var_is_wgt":null,"loc_start_pos":null,"loc_end_pos":null,"loc_width":null,"loc_rec_seg_no":null,"labl":"INFORMACI\u00d3N DE MIEMBROS DE LA FAMILIA\/Por favor, responda a las preguntas para cada miembro del grupo familiar\/\u00bfPor qu\u00e9 no est\u00e1 registrado el ni\u00f1o\/a?\/Otro","var_imputation":"INFORMACI\u00d3N DE MIEMBROS DE LA FAMILIA\/Por favor, responda a las preguntas para cada miembro del grupo familiar\/\u00bfPor qu\u00e9 no est\u00e1 registrado el ni\u00f1o\/a?\/Otro","var_security":"INFORMACI\u00d3N DE MIEMBROS DE LA FAMILIA\/Por favor, responda a las preguntas para cada miembro del grupo familiar\/\u00bfPor qu\u00e9 no est\u00e1 registrado el ni\u00f1o\/a?\/Otro","var_resp_unit":"INFORMACI\u00d3N DE MIEMBROS DE LA FAMILIA\/Por favor, responda a las preguntas para cada miembro del grupo familiar\/\u00bfPor qu\u00e9 no est\u00e1 registrado el ni\u00f1o\/a?\/Otro","var_analysis_unit":null,"var_qstn_preqtxt":null,"var_qstn_qstnlit":null,"var_qstn_postqtxt":null,"var_qstn_ivuinstr":null,"var_universe":null,"var_universe_clusion":null,"var_sumstat":[{"value":"0","type":"vald","wgtd":null},{"value":"0","type":"invd","wgtd":null}],"var_txt":null,"var_catgry":[],"var_codinstr":null,"var_concept":[],"var_format":{"type":"numeric","schema":"other","category":null,"name":null},"var_notes":null,"var_val_range":{"min":null,"max":null},"fid":"F2"},{"file_id":"F2","vid":"V369","name":"motivos_nacimiento_8","var_intrvl":"discrete","var_dcml":"0","var_wgt":null,"var_is_wgt":null,"loc_start_pos":null,"loc_end_pos":null,"loc_width":null,"loc_rec_seg_no":null,"labl":"INFORMACI\u00d3N DE MIEMBROS DE LA FAMILIA\/Por favor, responda a las preguntas para cada miembro del grupo familiar\/\u00bfPor qu\u00e9 no est\u00e1 registrado el ni\u00f1o\/a?\/Es muy costoso","var_imputation":"INFORMACI\u00d3N DE MIEMBROS DE LA FAMILIA\/Por favor, responda a las preguntas para cada miembro del grupo familiar\/\u00bfPor qu\u00e9 no est\u00e1 registrado el ni\u00f1o\/a?\/Es muy costoso","var_security":"INFORMACI\u00d3N DE MIEMBROS DE LA FAMILIA\/Por favor, responda a las preguntas para cada miembro del grupo familiar\/\u00bfPor qu\u00e9 no est\u00e1 registrado el ni\u00f1o\/a?\/Es muy costoso","var_resp_unit":"INFORMACI\u00d3N DE MIEMBROS DE LA FAMILIA\/Por favor, responda a las preguntas para cada miembro del grupo familiar\/\u00bfPor qu\u00e9 no est\u00e1 registrado el ni\u00f1o\/a?\/Es muy costoso","var_analysis_unit":null,"var_qstn_preqtxt":null,"var_qstn_qstnlit":null,"var_qstn_postqtxt":null,"var_qstn_ivuinstr":null,"var_universe":null,"var_universe_clusion":null,"var_sumstat":[{"value":"0","type":"vald","wgtd":null},{"value":"0","type":"invd","wgtd":null}],"var_txt":null,"var_catgry":[],"var_codinstr":null,"var_concept":[],"var_format":{"type":"numeric","schema":"other","category":null,"name":null},"var_notes":null,"var_val_range":{"min":null,"max":null},"fid":"F2"},{"file_id":"F2","vid":"V370","name":"motivos_nacimiento_9","var_intrvl":"discrete","var_dcml":"0","var_wgt":null,"var_is_wgt":null,"loc_start_pos":null,"loc_end_pos":null,"loc_width":null,"loc_rec_seg_no":null,"labl":"INFORMACI\u00d3N DE MIEMBROS DE LA FAMILIA\/Por favor, responda a las preguntas para cada miembro del grupo familiar\/\u00bfPor qu\u00e9 no est\u00e1 registrado el ni\u00f1o\/a?\/No tuve tiempo de registrarlo","var_imputation":"INFORMACI\u00d3N DE MIEMBROS DE LA FAMILIA\/Por favor, responda a las preguntas para cada miembro del grupo familiar\/\u00bfPor qu\u00e9 no est\u00e1 registrado el ni\u00f1o\/a?\/No tuve tiempo de registrarlo","var_security":"INFORMACI\u00d3N DE MIEMBROS DE LA FAMILIA\/Por favor, responda a las preguntas para cada miembro del grupo familiar\/\u00bfPor qu\u00e9 no est\u00e1 registrado el ni\u00f1o\/a?\/No tuve tiempo de registrarlo","var_resp_unit":"INFORMACI\u00d3N DE MIEMBROS DE LA FAMILIA\/Por favor, responda a las preguntas para cada miembro del grupo familiar\/\u00bfPor qu\u00e9 no est\u00e1 registrado el ni\u00f1o\/a?\/No tuve tiempo de registrarlo","var_analysis_unit":null,"var_qstn_preqtxt":null,"var_qstn_qstnlit":null,"var_qstn_postqtxt":null,"var_qstn_ivuinstr":null,"var_universe":null,"var_universe_clusion":null,"var_sumstat":[{"value":"0","type":"vald","wgtd":null},{"value":"0","type":"invd","wgtd":null}],"var_txt":null,"var_catgry":[],"var_codinstr":null,"var_concept":[],"var_format":{"type":"numeric","schema":"other","category":null,"name":null},"var_notes":null,"var_val_range":{"min":null,"max":null},"fid":"F2"},{"file_id":"F2","vid":"V371","name":"sex","var_intrvl":"discrete","var_dcml":"0","var_wgt":null,"var_is_wgt":null,"loc_start_pos":null,"loc_end_pos":null,"loc_width":null,"loc_rec_seg_no":null,"labl":"INFORMACI\u00d3N DE MIEMBROS DE LA FAMILIA\/Por favor, responda a las preguntas para cada miembro del grupo familiar\/\u00bfCu\u00e1l es el g\u00e9nero de este miembro de la familia?","var_imputation":"INFORMACI\u00d3N DE MIEMBROS DE LA FAMILIA\/Por favor, responda a las preguntas para cada miembro del grupo familiar\/\u00bfCu\u00e1l es el g\u00e9nero de este miembro de la familia?","var_security":"INFORMACI\u00d3N DE MIEMBROS DE LA FAMILIA\/Por favor, responda a las preguntas para cada miembro del grupo familiar\/\u00bfCu\u00e1l es el g\u00e9nero de este miembro de la familia?","var_resp_unit":"INFORMACI\u00d3N DE MIEMBROS DE LA FAMILIA\/Por favor, responda a las preguntas para cada miembro del grupo familiar\/\u00bfCu\u00e1l es el g\u00e9nero de este miembro de la familia?","var_analysis_unit":null,"var_qstn_preqtxt":null,"var_qstn_qstnlit":null,"var_qstn_postqtxt":null,"var_qstn_ivuinstr":null,"var_universe":null,"var_universe_clusion":null,"var_sumstat":[{"value":"0","type":"vald","wgtd":null},{"value":"0","type":"invd","wgtd":null}],"var_txt":null,"var_catgry":[{"value":"1","labl":"Femenino","is_missing":null,"stats":[]},{"value":"2","labl":"Masculino","is_missing":null,"stats":[]}],"var_codinstr":null,"var_concept":[],"var_format":{"type":"numeric","schema":"other","category":null,"name":null},"var_notes":null,"var_val_range":{"min":"1","max":"2"},"fid":"F2"},{"file_id":"F2","vid":"V372","name":"necesidades_1","var_intrvl":"discrete","var_dcml":"0","var_wgt":null,"var_is_wgt":null,"loc_start_pos":null,"loc_end_pos":null,"loc_width":null,"loc_rec_seg_no":null,"labl":"INFORMACI\u00d3N DE MIEMBROS DE LA FAMILIA\/Por favor, responda a las preguntas para cada miembro del grupo familiar\/Necesidades espec\u00edficas\/Persona que padece una discapacidad mental","var_imputation":"INFORMACI\u00d3N DE MIEMBROS DE LA FAMILIA\/Por favor, responda a las preguntas para cada miembro del grupo familiar\/Necesidades espec\u00edficas\/Persona que padece una discapacidad mental","var_security":"INFORMACI\u00d3N DE MIEMBROS DE LA FAMILIA\/Por favor, responda a las preguntas para cada miembro del grupo familiar\/Necesidades espec\u00edficas\/Persona que padece una discapacidad mental","var_resp_unit":"INFORMACI\u00d3N DE MIEMBROS DE LA FAMILIA\/Por favor, responda a las preguntas para cada miembro del grupo familiar\/Necesidades espec\u00edficas\/Persona que padece una discapacidad mental","var_analysis_unit":null,"var_qstn_preqtxt":null,"var_qstn_qstnlit":null,"var_qstn_postqtxt":null,"var_qstn_ivuinstr":null,"var_universe":null,"var_universe_clusion":null,"var_sumstat":[{"value":"0","type":"vald","wgtd":null},{"value":"0","type":"invd","wgtd":null}],"var_txt":null,"var_catgry":[],"var_codinstr":null,"var_concept":[],"var_format":{"type":"numeric","schema":"other","category":null,"name":null},"var_notes":null,"var_val_range":{"min":null,"max":null},"fid":"F2"},{"file_id":"F2","vid":"V373","name":"necesidades_2","var_intrvl":"discrete","var_dcml":"0","var_wgt":null,"var_is_wgt":null,"loc_start_pos":null,"loc_end_pos":null,"loc_width":null,"loc_rec_seg_no":null,"labl":"INFORMACI\u00d3N DE MIEMBROS DE LA FAMILIA\/Por favor, responda a las preguntas para cada miembro del grupo familiar\/Necesidades espec\u00edficas\/Persona con una condici\u00f3n m\u00e9dica cr\u00edtica o cr\u00f3nica (y NO tiene acceso a tratamiento o medicinas)","var_imputation":"INFORMACI\u00d3N DE MIEMBROS DE LA FAMILIA\/Por favor, responda a las preguntas para cada miembro del grupo familiar\/Necesidades espec\u00edficas\/Persona con una condici\u00f3n m\u00e9dica cr\u00edtica o cr\u00f3nica (y NO tiene acceso a tratamiento o medicinas)","var_security":"INFORMACI\u00d3N DE MIEMBROS DE LA FAMILIA\/Por favor, responda a las preguntas para cada miembro del grupo familiar\/Necesidades espec\u00edficas\/Persona con una condici\u00f3n m\u00e9dica cr\u00edtica o cr\u00f3nica (y NO tiene acceso a tratamiento o medicinas)","var_resp_unit":"INFORMACI\u00d3N DE MIEMBROS DE LA FAMILIA\/Por favor, responda a las preguntas para cada miembro del grupo familiar\/Necesidades espec\u00edficas\/Persona con una condici\u00f3n m\u00e9dica cr\u00edtica o cr\u00f3nica (y NO tiene acceso a tratamiento o medicinas)","var_analysis_unit":null,"var_qstn_preqtxt":null,"var_qstn_qstnlit":null,"var_qstn_postqtxt":null,"var_qstn_ivuinstr":null,"var_universe":null,"var_universe_clusion":null,"var_sumstat":[{"value":"0","type":"vald","wgtd":null},{"value":"0","type":"invd","wgtd":null}],"var_txt":null,"var_catgry":[],"var_codinstr":null,"var_concept":[],"var_format":{"type":"numeric","schema":"other","category":null,"name":null},"var_notes":null,"var_val_range":{"min":null,"max":null},"fid":"F2"},{"file_id":"F2","vid":"V374","name":"necesidades_3","var_intrvl":"discrete","var_dcml":"0","var_wgt":null,"var_is_wgt":null,"loc_start_pos":null,"loc_end_pos":null,"loc_width":null,"loc_rec_seg_no":null,"labl":"INFORMACI\u00d3N DE MIEMBROS DE LA FAMILIA\/Por favor, responda a las preguntas para cada miembro del grupo familiar\/Necesidades espec\u00edficas\/Persona con una condici\u00f3n m\u00e9dica cr\u00edtica o cr\u00f3nica (y S\u00cd tiene acceso a tratamiento o medicinas)","var_imputation":"INFORMACI\u00d3N DE MIEMBROS DE LA FAMILIA\/Por favor, responda a las preguntas para cada miembro del grupo familiar\/Necesidades espec\u00edficas\/Persona con una condici\u00f3n m\u00e9dica cr\u00edtica o cr\u00f3nica (y S\u00cd tiene acceso a tratamiento o medicinas)","var_security":"INFORMACI\u00d3N DE MIEMBROS DE LA FAMILIA\/Por favor, responda a las preguntas para cada miembro del grupo familiar\/Necesidades espec\u00edficas\/Persona con una condici\u00f3n m\u00e9dica cr\u00edtica o cr\u00f3nica (y S\u00cd tiene acceso a tratamiento o medicinas)","var_resp_unit":"INFORMACI\u00d3N DE MIEMBROS DE LA FAMILIA\/Por favor, responda a las preguntas para cada miembro del grupo familiar\/Necesidades espec\u00edficas\/Persona con una condici\u00f3n m\u00e9dica cr\u00edtica o cr\u00f3nica (y S\u00cd tiene acceso a tratamiento o medicinas)","var_analysis_unit":null,"var_qstn_preqtxt":null,"var_qstn_qstnlit":null,"var_qstn_postqtxt":null,"var_qstn_ivuinstr":null,"var_universe":null,"var_universe_clusion":null,"var_sumstat":[{"value":"0","type":"vald","wgtd":null},{"value":"0","type":"invd","wgtd":null}],"var_txt":null,"var_catgry":[],"var_codinstr":null,"var_concept":[],"var_format":{"type":"numeric","schema":"other","category":null,"name":null},"var_notes":null,"var_val_range":{"min":null,"max":null},"fid":"F2"},{"file_id":"F2","vid":"V375","name":"necesidades_4","var_intrvl":"discrete","var_dcml":"0","var_wgt":null,"var_is_wgt":null,"loc_start_pos":null,"loc_end_pos":null,"loc_width":null,"loc_rec_seg_no":null,"labl":"INFORMACI\u00d3N DE MIEMBROS DE LA FAMILIA\/Por favor, responda a las preguntas para cada miembro del grupo familiar\/Necesidades espec\u00edficas\/Ni\u00f1o o ni\u00f1a o adolescente separado","var_imputation":"INFORMACI\u00d3N DE MIEMBROS DE LA FAMILIA\/Por favor, responda a las preguntas para cada miembro del grupo familiar\/Necesidades espec\u00edficas\/Ni\u00f1o o ni\u00f1a o adolescente separado","var_security":"INFORMACI\u00d3N DE MIEMBROS DE LA FAMILIA\/Por favor, responda a las preguntas para cada miembro del grupo familiar\/Necesidades espec\u00edficas\/Ni\u00f1o o ni\u00f1a o adolescente separado","var_resp_unit":"INFORMACI\u00d3N DE MIEMBROS DE LA FAMILIA\/Por favor, responda a las preguntas para cada miembro del grupo familiar\/Necesidades espec\u00edficas\/Ni\u00f1o o ni\u00f1a o adolescente separado","var_analysis_unit":null,"var_qstn_preqtxt":null,"var_qstn_qstnlit":null,"var_qstn_postqtxt":null,"var_qstn_ivuinstr":null,"var_universe":null,"var_universe_clusion":null,"var_sumstat":[{"value":"0","type":"vald","wgtd":null},{"value":"0","type":"invd","wgtd":null}],"var_txt":null,"var_catgry":[],"var_codinstr":null,"var_concept":[],"var_format":{"type":"numeric","schema":"other","category":null,"name":null},"var_notes":null,"var_val_range":{"min":null,"max":null},"fid":"F2"},{"file_id":"F2","vid":"V376","name":"necesidades_5","var_intrvl":"discrete","var_dcml":"0","var_wgt":null,"var_is_wgt":null,"loc_start_pos":null,"loc_end_pos":null,"loc_width":null,"loc_rec_seg_no":null,"labl":"INFORMACI\u00d3N DE MIEMBROS DE LA FAMILIA\/Por favor, responda a las preguntas para cada miembro del grupo familiar\/Necesidades espec\u00edficas\/Ni\u00f1o o ni\u00f1a o adolescente no acompa\u00f1ado","var_imputation":"INFORMACI\u00d3N DE MIEMBROS DE LA FAMILIA\/Por favor, responda a las preguntas para cada miembro del grupo familiar\/Necesidades espec\u00edficas\/Ni\u00f1o o ni\u00f1a o adolescente no acompa\u00f1ado","var_security":"INFORMACI\u00d3N DE MIEMBROS DE LA FAMILIA\/Por favor, responda a las preguntas para cada miembro del grupo familiar\/Necesidades espec\u00edficas\/Ni\u00f1o o ni\u00f1a o adolescente no acompa\u00f1ado","var_resp_unit":"INFORMACI\u00d3N DE MIEMBROS DE LA FAMILIA\/Por favor, responda a las preguntas para cada miembro del grupo familiar\/Necesidades espec\u00edficas\/Ni\u00f1o o ni\u00f1a o adolescente no acompa\u00f1ado","var_analysis_unit":null,"var_qstn_preqtxt":null,"var_qstn_qstnlit":null,"var_qstn_postqtxt":null,"var_qstn_ivuinstr":null,"var_universe":null,"var_universe_clusion":null,"var_sumstat":[{"value":"0","type":"vald","wgtd":null},{"value":"0","type":"invd","wgtd":null}],"var_txt":null,"var_catgry":[],"var_codinstr":null,"var_concept":[],"var_format":{"type":"numeric","schema":"other","category":null,"name":null},"var_notes":null,"var_val_range":{"min":null,"max":null},"fid":"F2"},{"file_id":"F2","vid":"V377","name":"necesidades_6","var_intrvl":"discrete","var_dcml":"0","var_wgt":null,"var_is_wgt":null,"loc_start_pos":null,"loc_end_pos":null,"loc_width":null,"loc_rec_seg_no":null,"labl":"INFORMACI\u00d3N DE MIEMBROS DE LA FAMILIA\/Por favor, responda a las preguntas para cada miembro del grupo familiar\/Necesidades espec\u00edficas\/Personas adultas mayores (60 a\u00f1os o m\u00e1s)","var_imputation":"INFORMACI\u00d3N DE MIEMBROS DE LA FAMILIA\/Por favor, responda a las preguntas para cada miembro del grupo familiar\/Necesidades espec\u00edficas\/Personas adultas mayores (60 a\u00f1os o m\u00e1s)","var_security":"INFORMACI\u00d3N DE MIEMBROS DE LA FAMILIA\/Por favor, responda a las preguntas para cada miembro del grupo familiar\/Necesidades espec\u00edficas\/Personas adultas mayores (60 a\u00f1os o m\u00e1s)","var_resp_unit":"INFORMACI\u00d3N DE MIEMBROS DE LA FAMILIA\/Por favor, responda a las preguntas para cada miembro del grupo familiar\/Necesidades espec\u00edficas\/Personas adultas mayores (60 a\u00f1os o m\u00e1s)","var_analysis_unit":null,"var_qstn_preqtxt":null,"var_qstn_qstnlit":null,"var_qstn_postqtxt":null,"var_qstn_ivuinstr":null,"var_universe":null,"var_universe_clusion":null,"var_sumstat":[{"value":"0","type":"vald","wgtd":null},{"value":"0","type":"invd","wgtd":null}],"var_txt":null,"var_catgry":[],"var_codinstr":null,"var_concept":[],"var_format":{"type":"numeric","schema":"other","category":null,"name":null},"var_notes":null,"var_val_range":{"min":null,"max":null},"fid":"F2"},{"file_id":"F2","vid":"V378","name":"necesidades_7","var_intrvl":"discrete","var_dcml":"0","var_wgt":null,"var_is_wgt":null,"loc_start_pos":null,"loc_end_pos":null,"loc_width":null,"loc_rec_seg_no":null,"labl":"INFORMACI\u00d3N DE MIEMBROS DE LA FAMILIA\/Por favor, responda a las preguntas para cada miembro del grupo familiar\/Necesidades espec\u00edficas\/Mujer embarazada","var_imputation":"INFORMACI\u00d3N DE MIEMBROS DE LA FAMILIA\/Por favor, responda a las preguntas para cada miembro del grupo familiar\/Necesidades espec\u00edficas\/Mujer embarazada","var_security":"INFORMACI\u00d3N DE MIEMBROS DE LA FAMILIA\/Por favor, responda a las preguntas para cada miembro del grupo familiar\/Necesidades espec\u00edficas\/Mujer embarazada","var_resp_unit":"INFORMACI\u00d3N DE MIEMBROS DE LA FAMILIA\/Por favor, responda a las preguntas para cada miembro del grupo familiar\/Necesidades espec\u00edficas\/Mujer embarazada","var_analysis_unit":null,"var_qstn_preqtxt":null,"var_qstn_qstnlit":null,"var_qstn_postqtxt":null,"var_qstn_ivuinstr":null,"var_universe":null,"var_universe_clusion":null,"var_sumstat":[{"value":"0","type":"vald","wgtd":null},{"value":"0","type":"invd","wgtd":null}],"var_txt":null,"var_catgry":[],"var_codinstr":null,"var_concept":[],"var_format":{"type":"numeric","schema":"other","category":null,"name":null},"var_notes":null,"var_val_range":{"min":null,"max":null},"fid":"F2"},{"file_id":"F2","vid":"V379","name":"necesidades_8","var_intrvl":"discrete","var_dcml":"0","var_wgt":null,"var_is_wgt":null,"loc_start_pos":null,"loc_end_pos":null,"loc_width":null,"loc_rec_seg_no":null,"labl":"INFORMACI\u00d3N DE MIEMBROS DE LA FAMILIA\/Por favor, responda a las preguntas para cada miembro del grupo familiar\/Necesidades espec\u00edficas\/Mujer en per\u00edodo de lactancia","var_imputation":"INFORMACI\u00d3N DE MIEMBROS DE LA FAMILIA\/Por favor, responda a las preguntas para cada miembro del grupo familiar\/Necesidades espec\u00edficas\/Mujer en per\u00edodo de lactancia","var_security":"INFORMACI\u00d3N DE MIEMBROS DE LA FAMILIA\/Por favor, responda a las preguntas para cada miembro del grupo familiar\/Necesidades espec\u00edficas\/Mujer en per\u00edodo de lactancia","var_resp_unit":"INFORMACI\u00d3N DE MIEMBROS DE LA FAMILIA\/Por favor, responda a las preguntas para cada miembro del grupo familiar\/Necesidades espec\u00edficas\/Mujer en per\u00edodo de lactancia","var_analysis_unit":null,"var_qstn_preqtxt":null,"var_qstn_qstnlit":null,"var_qstn_postqtxt":null,"var_qstn_ivuinstr":null,"var_universe":null,"var_universe_clusion":null,"var_sumstat":[{"value":"0","type":"vald","wgtd":null},{"value":"0","type":"invd","wgtd":null}],"var_txt":null,"var_catgry":[],"var_codinstr":null,"var_concept":[],"var_format":{"type":"numeric","schema":"other","category":null,"name":null},"var_notes":null,"var_val_range":{"min":null,"max":null},"fid":"F2"},{"file_id":"F2","vid":"V380","name":"necesidades_9","var_intrvl":"discrete","var_dcml":"0","var_wgt":null,"var_is_wgt":null,"loc_start_pos":null,"loc_end_pos":null,"loc_width":null,"loc_rec_seg_no":null,"labl":"INFORMACI\u00d3N DE MIEMBROS DE LA FAMILIA\/Por favor, responda a las preguntas para cada miembro del grupo familiar\/Necesidades espec\u00edficas\/Madre\/padre sola\/o con hijos\/as menores de edad","var_imputation":"INFORMACI\u00d3N DE MIEMBROS DE LA FAMILIA\/Por favor, responda a las preguntas para cada miembro del grupo familiar\/Necesidades espec\u00edficas\/Madre\/padre sola\/o con hijos\/as menores de edad","var_security":"INFORMACI\u00d3N DE MIEMBROS DE LA FAMILIA\/Por favor, responda a las preguntas para cada miembro del grupo familiar\/Necesidades espec\u00edficas\/Madre\/padre sola\/o con hijos\/as menores de edad","var_resp_unit":"INFORMACI\u00d3N DE MIEMBROS DE LA FAMILIA\/Por favor, responda a las preguntas para cada miembro del grupo familiar\/Necesidades espec\u00edficas\/Madre\/padre sola\/o con hijos\/as menores de edad","var_analysis_unit":null,"var_qstn_preqtxt":null,"var_qstn_qstnlit":null,"var_qstn_postqtxt":null,"var_qstn_ivuinstr":null,"var_universe":null,"var_universe_clusion":null,"var_sumstat":[{"value":"0","type":"vald","wgtd":null},{"value":"0","type":"invd","wgtd":null}],"var_txt":null,"var_catgry":[],"var_codinstr":null,"var_concept":[],"var_format":{"type":"numeric","schema":"other","category":null,"name":null},"var_notes":null,"var_val_range":{"min":null,"max":null},"fid":"F2"},{"file_id":"F2","vid":"V381","name":"necesidades_10","var_intrvl":"discrete","var_dcml":"0","var_wgt":null,"var_is_wgt":null,"loc_start_pos":null,"loc_end_pos":null,"loc_width":null,"loc_rec_seg_no":null,"labl":"INFORMACI\u00d3N DE MIEMBROS DE LA FAMILIA\/Por favor, responda a las preguntas para cada miembro del grupo familiar\/Necesidades espec\u00edficas\/Sobreviviente de violencia o abuso f\u00edsico, psicol\u00f3gico y\/o sexual","var_imputation":"INFORMACI\u00d3N DE MIEMBROS DE LA FAMILIA\/Por favor, responda a las preguntas para cada miembro del grupo familiar\/Necesidades espec\u00edficas\/Sobreviviente de violencia o abuso f\u00edsico, psicol\u00f3gico y\/o sexual","var_security":"INFORMACI\u00d3N DE MIEMBROS DE LA FAMILIA\/Por favor, responda a las preguntas para cada miembro del grupo familiar\/Necesidades espec\u00edficas\/Sobreviviente de violencia o abuso f\u00edsico, psicol\u00f3gico y\/o sexual","var_resp_unit":"INFORMACI\u00d3N DE MIEMBROS DE LA FAMILIA\/Por favor, responda a las preguntas para cada miembro del grupo familiar\/Necesidades espec\u00edficas\/Sobreviviente de violencia o abuso f\u00edsico, psicol\u00f3gico y\/o sexual","var_analysis_unit":null,"var_qstn_preqtxt":null,"var_qstn_qstnlit":null,"var_qstn_postqtxt":null,"var_qstn_ivuinstr":null,"var_universe":null,"var_universe_clusion":null,"var_sumstat":[{"value":"0","type":"vald","wgtd":null},{"value":"0","type":"invd","wgtd":null}],"var_txt":null,"var_catgry":[],"var_codinstr":null,"var_concept":[],"var_format":{"type":"numeric","schema":"other","category":null,"name":null},"var_notes":null,"var_val_range":{"min":null,"max":null},"fid":"F2"},{"file_id":"F2","vid":"V382","name":"necesidades_11","var_intrvl":"discrete","var_dcml":"0","var_wgt":null,"var_is_wgt":null,"loc_start_pos":null,"loc_end_pos":null,"loc_width":null,"loc_rec_seg_no":null,"labl":"INFORMACI\u00d3N DE MIEMBROS DE LA FAMILIA\/Por favor, responda a las preguntas para cada miembro del grupo familiar\/Necesidades espec\u00edficas\/Persona de la comunidad LGTBI","var_imputation":"INFORMACI\u00d3N DE MIEMBROS DE LA FAMILIA\/Por favor, responda a las preguntas para cada miembro del grupo familiar\/Necesidades espec\u00edficas\/Persona de la comunidad LGTBI","var_security":"INFORMACI\u00d3N DE MIEMBROS DE LA FAMILIA\/Por favor, responda a las preguntas para cada miembro del grupo familiar\/Necesidades espec\u00edficas\/Persona de la comunidad LGTBI","var_resp_unit":"INFORMACI\u00d3N DE MIEMBROS DE LA FAMILIA\/Por favor, responda a las preguntas para cada miembro del grupo familiar\/Necesidades espec\u00edficas\/Persona de la comunidad LGTBI","var_analysis_unit":null,"var_qstn_preqtxt":null,"var_qstn_qstnlit":null,"var_qstn_postqtxt":null,"var_qstn_ivuinstr":null,"var_universe":null,"var_universe_clusion":null,"var_sumstat":[{"value":"0","type":"vald","wgtd":null},{"value":"0","type":"invd","wgtd":null}],"var_txt":null,"var_catgry":[],"var_codinstr":null,"var_concept":[],"var_format":{"type":"numeric","schema":"other","category":null,"name":null},"var_notes":null,"var_val_range":{"min":null,"max":null},"fid":"F2"},{"file_id":"F2","vid":"V383","name":"necesidades_12","var_intrvl":"discrete","var_dcml":"0","var_wgt":null,"var_is_wgt":null,"loc_start_pos":null,"loc_end_pos":null,"loc_width":null,"loc_rec_seg_no":null,"labl":"INFORMACI\u00d3N DE MIEMBROS DE LA FAMILIA\/Por favor, responda a las preguntas para cada miembro del grupo familiar\/Necesidades espec\u00edficas\/Perfil del 51","var_imputation":"INFORMACI\u00d3N DE MIEMBROS DE LA FAMILIA\/Por favor, responda a las preguntas para cada miembro del grupo familiar\/Necesidades espec\u00edficas\/Perfil del 51","var_security":"INFORMACI\u00d3N DE MIEMBROS DE LA FAMILIA\/Por favor, responda a las preguntas para cada miembro del grupo familiar\/Necesidades espec\u00edficas\/Perfil del 51","var_resp_unit":"INFORMACI\u00d3N DE MIEMBROS DE LA FAMILIA\/Por favor, responda a las preguntas para cada miembro del grupo familiar\/Necesidades espec\u00edficas\/Perfil del 51","var_analysis_unit":null,"var_qstn_preqtxt":null,"var_qstn_qstnlit":null,"var_qstn_postqtxt":null,"var_qstn_ivuinstr":null,"var_universe":null,"var_universe_clusion":null,"var_sumstat":[{"value":"0","type":"vald","wgtd":null},{"value":"0","type":"invd","wgtd":null}],"var_txt":null,"var_catgry":[],"var_codinstr":null,"var_concept":[],"var_format":{"type":"numeric","schema":"other","category":null,"name":null},"var_notes":null,"var_val_range":{"min":null,"max":null},"fid":"F2"},{"file_id":"F2","vid":"V384","name":"necesidades_13","var_intrvl":"discrete","var_dcml":"0","var_wgt":null,"var_is_wgt":null,"loc_start_pos":null,"loc_end_pos":null,"loc_width":null,"loc_rec_seg_no":null,"labl":"INFORMACI\u00d3N DE MIEMBROS DE LA FAMILIA\/Por favor, responda a las preguntas para cada miembro del grupo familiar\/Necesidades espec\u00edficas\/No presenta estas necesidades","var_imputation":"INFORMACI\u00d3N DE MIEMBROS DE LA FAMILIA\/Por favor, responda a las preguntas para cada miembro del grupo familiar\/Necesidades espec\u00edficas\/No presenta estas necesidades","var_security":"INFORMACI\u00d3N DE MIEMBROS DE LA FAMILIA\/Por favor, responda a las preguntas para cada miembro del grupo familiar\/Necesidades espec\u00edficas\/No presenta estas necesidades","var_resp_unit":"INFORMACI\u00d3N DE MIEMBROS DE LA FAMILIA\/Por favor, responda a las preguntas para cada miembro del grupo familiar\/Necesidades espec\u00edficas\/No presenta estas necesidades","var_analysis_unit":null,"var_qstn_preqtxt":null,"var_qstn_qstnlit":null,"var_qstn_postqtxt":null,"var_qstn_ivuinstr":null,"var_universe":null,"var_universe_clusion":null,"var_sumstat":[{"value":"0","type":"vald","wgtd":null},{"value":"0","type":"invd","wgtd":null}],"var_txt":null,"var_catgry":[],"var_codinstr":null,"var_concept":[],"var_format":{"type":"numeric","schema":"other","category":null,"name":null},"var_notes":null,"var_val_range":{"min":null,"max":null},"fid":"F2"},{"file_id":"F2","vid":"V385","name":"necesidades_14","var_intrvl":"discrete","var_dcml":"0","var_wgt":null,"var_is_wgt":null,"loc_start_pos":null,"loc_end_pos":null,"loc_width":null,"loc_rec_seg_no":null,"labl":"INFORMACI\u00d3N DE MIEMBROS DE LA FAMILIA\/Por favor, responda a las preguntas para cada miembro del grupo familiar\/Necesidades espec\u00edficas\/Persona que padece una discapacidad f\u00edsica","var_imputation":"INFORMACI\u00d3N DE MIEMBROS DE LA FAMILIA\/Por favor, responda a las preguntas para cada miembro del grupo familiar\/Necesidades espec\u00edficas\/Persona que padece una discapacidad f\u00edsica","var_security":"INFORMACI\u00d3N DE MIEMBROS DE LA FAMILIA\/Por favor, responda a las preguntas para cada miembro del grupo familiar\/Necesidades espec\u00edficas\/Persona que padece una discapacidad f\u00edsica","var_resp_unit":"INFORMACI\u00d3N DE MIEMBROS DE LA FAMILIA\/Por favor, responda a las preguntas para cada miembro del grupo familiar\/Necesidades espec\u00edficas\/Persona que padece una discapacidad f\u00edsica","var_analysis_unit":null,"var_qstn_preqtxt":null,"var_qstn_qstnlit":null,"var_qstn_postqtxt":null,"var_qstn_ivuinstr":null,"var_universe":null,"var_universe_clusion":null,"var_sumstat":[{"value":"0","type":"vald","wgtd":null},{"value":"0","type":"invd","wgtd":null}],"var_txt":null,"var_catgry":[],"var_codinstr":null,"var_concept":[],"var_format":{"type":"numeric","schema":"other","category":null,"name":null},"var_notes":null,"var_val_range":{"min":null,"max":null},"fid":"F2"},{"file_id":"F2","vid":"V386","name":"documentos_1","var_intrvl":"discrete","var_dcml":"0","var_wgt":null,"var_is_wgt":null,"loc_start_pos":null,"loc_end_pos":null,"loc_width":null,"loc_rec_seg_no":null,"labl":"INFORMACI\u00d3N DE MIEMBROS DE LA FAMILIA\/Por favor, responda a las preguntas para cada miembro del grupo familiar\/\u00bfQu\u00e9 documentos tiene con usted?\/Pasaporte vigente","var_imputation":"INFORMACI\u00d3N DE MIEMBROS DE LA FAMILIA\/Por favor, responda a las preguntas para cada miembro del grupo familiar\/\u00bfQu\u00e9 documentos tiene con usted?\/Pasaporte vigente","var_security":"INFORMACI\u00d3N DE MIEMBROS DE LA FAMILIA\/Por favor, responda a las preguntas para cada miembro del grupo familiar\/\u00bfQu\u00e9 documentos tiene con usted?\/Pasaporte vigente","var_resp_unit":"INFORMACI\u00d3N DE MIEMBROS DE LA FAMILIA\/Por favor, responda a las preguntas para cada miembro del grupo familiar\/\u00bfQu\u00e9 documentos tiene con usted?\/Pasaporte vigente","var_analysis_unit":null,"var_qstn_preqtxt":null,"var_qstn_qstnlit":null,"var_qstn_postqtxt":null,"var_qstn_ivuinstr":null,"var_universe":null,"var_universe_clusion":null,"var_sumstat":[{"value":"0","type":"vald","wgtd":null},{"value":"0","type":"invd","wgtd":null}],"var_txt":null,"var_catgry":[],"var_codinstr":null,"var_concept":[],"var_format":{"type":"numeric","schema":"other","category":null,"name":null},"var_notes":null,"var_val_range":{"min":null,"max":null},"fid":"F2"},{"file_id":"F2","vid":"V387","name":"documentos_2","var_intrvl":"discrete","var_dcml":"0","var_wgt":null,"var_is_wgt":null,"loc_start_pos":null,"loc_end_pos":null,"loc_width":null,"loc_rec_seg_no":null,"labl":"INFORMACI\u00d3N DE MIEMBROS DE LA FAMILIA\/Por favor, responda a las preguntas para cada miembro del grupo familiar\/\u00bfQu\u00e9 documentos tiene con usted?\/Pasaporte vencido","var_imputation":"INFORMACI\u00d3N DE MIEMBROS DE LA FAMILIA\/Por favor, responda a las preguntas para cada miembro del grupo familiar\/\u00bfQu\u00e9 documentos tiene con usted?\/Pasaporte vencido","var_security":"INFORMACI\u00d3N DE MIEMBROS DE LA FAMILIA\/Por favor, responda a las preguntas para cada miembro del grupo familiar\/\u00bfQu\u00e9 documentos tiene con usted?\/Pasaporte vencido","var_resp_unit":"INFORMACI\u00d3N DE MIEMBROS DE LA FAMILIA\/Por favor, responda a las preguntas para cada miembro del grupo familiar\/\u00bfQu\u00e9 documentos tiene con usted?\/Pasaporte vencido","var_analysis_unit":null,"var_qstn_preqtxt":null,"var_qstn_qstnlit":null,"var_qstn_postqtxt":null,"var_qstn_ivuinstr":null,"var_universe":null,"var_universe_clusion":null,"var_sumstat":[{"value":"0","type":"vald","wgtd":null},{"value":"0","type":"invd","wgtd":null}],"var_txt":null,"var_catgry":[],"var_codinstr":null,"var_concept":[],"var_format":{"type":"numeric","schema":"other","category":null,"name":null},"var_notes":null,"var_val_range":{"min":null,"max":null},"fid":"F2"},{"file_id":"F2","vid":"V388","name":"documentos_3","var_intrvl":"discrete","var_dcml":"0","var_wgt":null,"var_is_wgt":null,"loc_start_pos":null,"loc_end_pos":null,"loc_width":null,"loc_rec_seg_no":null,"labl":"INFORMACI\u00d3N DE MIEMBROS DE LA FAMILIA\/Por favor, responda a las preguntas para cada miembro del grupo familiar\/\u00bfQu\u00e9 documentos tiene con usted?\/C\u00e9dula o Documento de identidad del pa\u00eds de origen","var_imputation":"INFORMACI\u00d3N DE MIEMBROS DE LA FAMILIA\/Por favor, responda a las preguntas para cada miembro del grupo familiar\/\u00bfQu\u00e9 documentos tiene con usted?\/C\u00e9dula o Documento de identidad del pa\u00eds de origen","var_security":"INFORMACI\u00d3N DE MIEMBROS DE LA FAMILIA\/Por favor, responda a las preguntas para cada miembro del grupo familiar\/\u00bfQu\u00e9 documentos tiene con usted?\/C\u00e9dula o Documento de identidad del pa\u00eds de origen","var_resp_unit":"INFORMACI\u00d3N DE MIEMBROS DE LA FAMILIA\/Por favor, responda a las preguntas para cada miembro del grupo familiar\/\u00bfQu\u00e9 documentos tiene con usted?\/C\u00e9dula o Documento de identidad del pa\u00eds de origen","var_analysis_unit":null,"var_qstn_preqtxt":null,"var_qstn_qstnlit":null,"var_qstn_postqtxt":null,"var_qstn_ivuinstr":null,"var_universe":null,"var_universe_clusion":null,"var_sumstat":[{"value":"0","type":"vald","wgtd":null},{"value":"0","type":"invd","wgtd":null}],"var_txt":null,"var_catgry":[],"var_codinstr":null,"var_concept":[],"var_format":{"type":"numeric","schema":"other","category":null,"name":null},"var_notes":null,"var_val_range":{"min":null,"max":null},"fid":"F2"},{"file_id":"F2","vid":"V389","name":"documentos_4","var_intrvl":"discrete","var_dcml":"0","var_wgt":null,"var_is_wgt":null,"loc_start_pos":null,"loc_end_pos":null,"loc_width":null,"loc_rec_seg_no":null,"labl":"INFORMACI\u00d3N DE MIEMBROS DE LA FAMILIA\/Por favor, responda a las preguntas para cada miembro del grupo familiar\/\u00bfQu\u00e9 documentos tiene con usted?\/Fotocopia de la c\u00e9dula o documento de identidad del pa\u00eds de origen","var_imputation":"INFORMACI\u00d3N DE MIEMBROS DE LA FAMILIA\/Por favor, responda a las preguntas para cada miembro del grupo familiar\/\u00bfQu\u00e9 documentos tiene con usted?\/Fotocopia de la c\u00e9dula o documento de identidad del pa\u00eds de origen","var_security":"INFORMACI\u00d3N DE MIEMBROS DE LA FAMILIA\/Por favor, responda a las preguntas para cada miembro del grupo familiar\/\u00bfQu\u00e9 documentos tiene con usted?\/Fotocopia de la c\u00e9dula o documento de identidad del pa\u00eds de origen","var_resp_unit":"INFORMACI\u00d3N DE MIEMBROS DE LA FAMILIA\/Por favor, responda a las preguntas para cada miembro del grupo familiar\/\u00bfQu\u00e9 documentos tiene con usted?\/Fotocopia de la c\u00e9dula o documento de identidad del pa\u00eds de origen","var_analysis_unit":null,"var_qstn_preqtxt":null,"var_qstn_qstnlit":null,"var_qstn_postqtxt":null,"var_qstn_ivuinstr":null,"var_universe":null,"var_universe_clusion":null,"var_sumstat":[{"value":"0","type":"vald","wgtd":null},{"value":"0","type":"invd","wgtd":null}],"var_txt":null,"var_catgry":[],"var_codinstr":null,"var_concept":[],"var_format":{"type":"numeric","schema":"other","category":null,"name":null},"var_notes":null,"var_val_range":{"min":null,"max":null},"fid":"F2"},{"file_id":"F2","vid":"V390","name":"documentos_5","var_intrvl":"discrete","var_dcml":"0","var_wgt":null,"var_is_wgt":null,"loc_start_pos":null,"loc_end_pos":null,"loc_width":null,"loc_rec_seg_no":null,"labl":"INFORMACI\u00d3N DE MIEMBROS DE LA FAMILIA\/Por favor, responda a las preguntas para cada miembro del grupo familiar\/\u00bfQu\u00e9 documentos tiene con usted?\/Registro de Nacimiento del pa\u00eds de origen","var_imputation":"INFORMACI\u00d3N DE MIEMBROS DE LA FAMILIA\/Por favor, responda a las preguntas para cada miembro del grupo familiar\/\u00bfQu\u00e9 documentos tiene con usted?\/Registro de Nacimiento del pa\u00eds de origen","var_security":"INFORMACI\u00d3N DE MIEMBROS DE LA FAMILIA\/Por favor, responda a las preguntas para cada miembro del grupo familiar\/\u00bfQu\u00e9 documentos tiene con usted?\/Registro de Nacimiento del pa\u00eds de origen","var_resp_unit":"INFORMACI\u00d3N DE MIEMBROS DE LA FAMILIA\/Por favor, responda a las preguntas para cada miembro del grupo familiar\/\u00bfQu\u00e9 documentos tiene con usted?\/Registro de Nacimiento del pa\u00eds de origen","var_analysis_unit":null,"var_qstn_preqtxt":null,"var_qstn_qstnlit":null,"var_qstn_postqtxt":null,"var_qstn_ivuinstr":null,"var_universe":null,"var_universe_clusion":null,"var_sumstat":[{"value":"0","type":"vald","wgtd":null},{"value":"0","type":"invd","wgtd":null}],"var_txt":null,"var_catgry":[],"var_codinstr":null,"var_concept":[],"var_format":{"type":"numeric","schema":"other","category":null,"name":null},"var_notes":null,"var_val_range":{"min":null,"max":null},"fid":"F2"},{"file_id":"F2","vid":"V391","name":"documentos_6","var_intrvl":"discrete","var_dcml":"0","var_wgt":null,"var_is_wgt":null,"loc_start_pos":null,"loc_end_pos":null,"loc_width":null,"loc_rec_seg_no":null,"labl":"INFORMACI\u00d3N DE MIEMBROS DE LA FAMILIA\/Por favor, responda a las preguntas para cada miembro del grupo familiar\/\u00bfQu\u00e9 documentos tiene con usted?\/Tarjeta andina","var_imputation":"INFORMACI\u00d3N DE MIEMBROS DE LA FAMILIA\/Por favor, responda a las preguntas para cada miembro del grupo familiar\/\u00bfQu\u00e9 documentos tiene con usted?\/Tarjeta andina","var_security":"INFORMACI\u00d3N DE MIEMBROS DE LA FAMILIA\/Por favor, responda a las preguntas para cada miembro del grupo familiar\/\u00bfQu\u00e9 documentos tiene con usted?\/Tarjeta andina","var_resp_unit":"INFORMACI\u00d3N DE MIEMBROS DE LA FAMILIA\/Por favor, responda a las preguntas para cada miembro del grupo familiar\/\u00bfQu\u00e9 documentos tiene con usted?\/Tarjeta andina","var_analysis_unit":null,"var_qstn_preqtxt":null,"var_qstn_qstnlit":null,"var_qstn_postqtxt":null,"var_qstn_ivuinstr":null,"var_universe":null,"var_universe_clusion":null,"var_sumstat":[{"value":"0","type":"vald","wgtd":null},{"value":"0","type":"invd","wgtd":null}],"var_txt":null,"var_catgry":[],"var_codinstr":null,"var_concept":[],"var_format":{"type":"numeric","schema":"other","category":null,"name":null},"var_notes":null,"var_val_range":{"min":null,"max":null},"fid":"F2"},{"file_id":"F2","vid":"V392","name":"documentos_7","var_intrvl":"discrete","var_dcml":"0","var_wgt":null,"var_is_wgt":null,"loc_start_pos":null,"loc_end_pos":null,"loc_width":null,"loc_rec_seg_no":null,"labl":"INFORMACI\u00d3N DE MIEMBROS DE LA FAMILIA\/Por favor, responda a las preguntas para cada miembro del grupo familiar\/\u00bfQu\u00e9 documentos tiene con usted?\/Acta de nacido vivo","var_imputation":"INFORMACI\u00d3N DE MIEMBROS DE LA FAMILIA\/Por favor, responda a las preguntas para cada miembro del grupo familiar\/\u00bfQu\u00e9 documentos tiene con usted?\/Acta de nacido vivo","var_security":"INFORMACI\u00d3N DE MIEMBROS DE LA FAMILIA\/Por favor, responda a las preguntas para cada miembro del grupo familiar\/\u00bfQu\u00e9 documentos tiene con usted?\/Acta de nacido vivo","var_resp_unit":"INFORMACI\u00d3N DE MIEMBROS DE LA FAMILIA\/Por favor, responda a las preguntas para cada miembro del grupo familiar\/\u00bfQu\u00e9 documentos tiene con usted?\/Acta de nacido vivo","var_analysis_unit":null,"var_qstn_preqtxt":null,"var_qstn_qstnlit":null,"var_qstn_postqtxt":null,"var_qstn_ivuinstr":null,"var_universe":null,"var_universe_clusion":null,"var_sumstat":[{"value":"0","type":"vald","wgtd":null},{"value":"0","type":"invd","wgtd":null}],"var_txt":null,"var_catgry":[],"var_codinstr":null,"var_concept":[],"var_format":{"type":"numeric","schema":"other","category":null,"name":null},"var_notes":null,"var_val_range":{"min":null,"max":null},"fid":"F2"},{"file_id":"F2","vid":"V393","name":"documentos_8","var_intrvl":"discrete","var_dcml":"0","var_wgt":null,"var_is_wgt":null,"loc_start_pos":null,"loc_end_pos":null,"loc_width":null,"loc_rec_seg_no":null,"labl":"INFORMACI\u00d3N DE MIEMBROS DE LA FAMILIA\/Por favor, responda a las preguntas para cada miembro del grupo familiar\/\u00bfQu\u00e9 documentos tiene con usted?\/Ninguno","var_imputation":"INFORMACI\u00d3N DE MIEMBROS DE LA FAMILIA\/Por favor, responda a las preguntas para cada miembro del grupo familiar\/\u00bfQu\u00e9 documentos tiene con usted?\/Ninguno","var_security":"INFORMACI\u00d3N DE MIEMBROS DE LA FAMILIA\/Por favor, responda a las preguntas para cada miembro del grupo familiar\/\u00bfQu\u00e9 documentos tiene con usted?\/Ninguno","var_resp_unit":"INFORMACI\u00d3N DE MIEMBROS DE LA FAMILIA\/Por favor, responda a las preguntas para cada miembro del grupo familiar\/\u00bfQu\u00e9 documentos tiene con usted?\/Ninguno","var_analysis_unit":null,"var_qstn_preqtxt":null,"var_qstn_qstnlit":null,"var_qstn_postqtxt":null,"var_qstn_ivuinstr":null,"var_universe":null,"var_universe_clusion":null,"var_sumstat":[{"value":"0","type":"vald","wgtd":null},{"value":"0","type":"invd","wgtd":null}],"var_txt":null,"var_catgry":[],"var_codinstr":null,"var_concept":[],"var_format":{"type":"numeric","schema":"other","category":null,"name":null},"var_notes":null,"var_val_range":{"min":null,"max":null},"fid":"F2"},{"file_id":"F2","vid":"V394","name":"documentos_9","var_intrvl":"discrete","var_dcml":"0","var_wgt":null,"var_is_wgt":null,"loc_start_pos":null,"loc_end_pos":null,"loc_width":null,"loc_rec_seg_no":null,"labl":"INFORMACI\u00d3N DE MIEMBROS DE LA FAMILIA\/Por favor, responda a las preguntas para cada miembro del grupo familiar\/\u00bfQu\u00e9 documentos tiene con usted?\/Prefiero no decir","var_imputation":"INFORMACI\u00d3N DE MIEMBROS DE LA FAMILIA\/Por favor, responda a las preguntas para cada miembro del grupo familiar\/\u00bfQu\u00e9 documentos tiene con usted?\/Prefiero no decir","var_security":"INFORMACI\u00d3N DE MIEMBROS DE LA FAMILIA\/Por favor, responda a las preguntas para cada miembro del grupo familiar\/\u00bfQu\u00e9 documentos tiene con usted?\/Prefiero no decir","var_resp_unit":"INFORMACI\u00d3N DE MIEMBROS DE LA FAMILIA\/Por favor, responda a las preguntas para cada miembro del grupo familiar\/\u00bfQu\u00e9 documentos tiene con usted?\/Prefiero no decir","var_analysis_unit":null,"var_qstn_preqtxt":null,"var_qstn_qstnlit":null,"var_qstn_postqtxt":null,"var_qstn_ivuinstr":null,"var_universe":null,"var_universe_clusion":null,"var_sumstat":[{"value":"0","type":"vald","wgtd":null},{"value":"0","type":"invd","wgtd":null}],"var_txt":null,"var_catgry":[],"var_codinstr":null,"var_concept":[],"var_format":{"type":"numeric","schema":"other","category":null,"name":null},"var_notes":null,"var_val_range":{"min":null,"max":null},"fid":"F2"},{"file_id":"F2","vid":"V395","name":"permiso","var_intrvl":"discrete","var_dcml":"0","var_wgt":null,"var_is_wgt":null,"loc_start_pos":null,"loc_end_pos":null,"loc_width":null,"loc_rec_seg_no":null,"labl":"INFORMACI\u00d3N DE MIEMBROS DE LA FAMILIA\/Por favor, responda a las preguntas para cada miembro del grupo familiar\/\u00bfQu\u00e9 permiso tiene para estar en Per\u00fa?","var_imputation":"INFORMACI\u00d3N DE MIEMBROS DE LA FAMILIA\/Por favor, responda a las preguntas para cada miembro del grupo familiar\/\u00bfQu\u00e9 permiso tiene para estar en Per\u00fa?","var_security":"INFORMACI\u00d3N DE MIEMBROS DE LA FAMILIA\/Por favor, responda a las preguntas para cada miembro del grupo familiar\/\u00bfQu\u00e9 permiso tiene para estar en Per\u00fa?","var_resp_unit":"INFORMACI\u00d3N DE MIEMBROS DE LA FAMILIA\/Por favor, responda a las preguntas para cada miembro del grupo familiar\/\u00bfQu\u00e9 permiso tiene para estar en Per\u00fa?","var_analysis_unit":null,"var_qstn_preqtxt":null,"var_qstn_qstnlit":null,"var_qstn_postqtxt":null,"var_qstn_ivuinstr":null,"var_universe":null,"var_universe_clusion":null,"var_sumstat":[{"value":"0","type":"vald","wgtd":null},{"value":"0","type":"invd","wgtd":null}],"var_txt":null,"var_catgry":[{"value":"1","labl":"Es peruano\/a","is_missing":null,"stats":[]},{"value":"2","labl":"Sin ning\u00fan tipo de permiso (nota: si se le venci\u00f3 el PTP antes del estado de emergencia y no hizo ning\u00fan otro tr\u00e1mite, si no sell\u00f3 su ingreso, si se le venci\u00f3 la tarjeta andina y no hizo ning\u00fan otro tr\u00e1mite)","is_missing":null,"stats":[]}],"var_codinstr":null,"var_concept":[],"var_format":{"type":"numeric","schema":"other","category":null,"name":null},"var_notes":null,"var_val_range":{"min":"1","max":"2"},"fid":"F2"},{"file_id":"F2","vid":"V396","name":"vacuna","var_intrvl":"discrete","var_dcml":"0","var_wgt":null,"var_is_wgt":null,"loc_start_pos":null,"loc_end_pos":null,"loc_width":null,"loc_rec_seg_no":null,"labl":"INFORMACI\u00d3N DE MIEMBROS DE LA FAMILIA\/Por favor, responda a las preguntas para cada miembro del grupo familiar\/\u00bfCon cu\u00e1ntas dosis de vacunas contra el Covid-19 cuenta?","var_imputation":"INFORMACI\u00d3N DE MIEMBROS DE LA FAMILIA\/Por favor, responda a las preguntas para cada miembro del grupo familiar\/\u00bfCon cu\u00e1ntas dosis de vacunas contra el Covid-19 cuenta?","var_security":"INFORMACI\u00d3N DE MIEMBROS DE LA FAMILIA\/Por favor, responda a las preguntas para cada miembro del grupo familiar\/\u00bfCon cu\u00e1ntas dosis de vacunas contra el Covid-19 cuenta?","var_resp_unit":"INFORMACI\u00d3N DE MIEMBROS DE LA FAMILIA\/Por favor, responda a las preguntas para cada miembro del grupo familiar\/\u00bfCon cu\u00e1ntas dosis de vacunas contra el Covid-19 cuenta?","var_analysis_unit":null,"var_qstn_preqtxt":null,"var_qstn_qstnlit":null,"var_qstn_postqtxt":null,"var_qstn_ivuinstr":null,"var_universe":null,"var_universe_clusion":null,"var_sumstat":[{"value":"0","type":"vald","wgtd":null},{"value":"0","type":"invd","wgtd":null}],"var_txt":null,"var_catgry":[],"var_codinstr":null,"var_concept":[],"var_format":{"type":"numeric","schema":"other","category":null,"name":null},"var_notes":null,"var_val_range":{"min":null,"max":null},"fid":"F2"},{"file_id":"F2","vid":"V397","name":"carnet_vacuna","var_intrvl":"discrete","var_dcml":"0","var_wgt":null,"var_is_wgt":null,"loc_start_pos":null,"loc_end_pos":null,"loc_width":null,"loc_rec_seg_no":null,"labl":"INFORMACI\u00d3N DE MIEMBROS DE LA FAMILIA\/Por favor, responda a las preguntas para cada miembro del grupo familiar\/\u00bfTiene carnet de vacunaci\u00f3n?","var_imputation":"INFORMACI\u00d3N DE MIEMBROS DE LA FAMILIA\/Por favor, responda a las preguntas para cada miembro del grupo familiar\/\u00bfTiene carnet de vacunaci\u00f3n?","var_security":"INFORMACI\u00d3N DE MIEMBROS DE LA FAMILIA\/Por favor, responda a las preguntas para cada miembro del grupo familiar\/\u00bfTiene carnet de vacunaci\u00f3n?","var_resp_unit":"INFORMACI\u00d3N DE MIEMBROS DE LA FAMILIA\/Por favor, responda a las preguntas para cada miembro del grupo familiar\/\u00bfTiene carnet de vacunaci\u00f3n?","var_analysis_unit":null,"var_qstn_preqtxt":null,"var_qstn_qstnlit":null,"var_qstn_postqtxt":null,"var_qstn_ivuinstr":null,"var_universe":null,"var_universe_clusion":null,"var_sumstat":[{"value":"0","type":"vald","wgtd":null},{"value":"0","type":"invd","wgtd":null}],"var_txt":null,"var_catgry":[{"value":"1","labl":"No, lo he perdido","is_missing":null,"stats":[]},{"value":"2","labl":"S\u00ed","is_missing":null,"stats":[]}],"var_codinstr":null,"var_concept":[],"var_format":{"type":"numeric","schema":"other","category":null,"name":null},"var_notes":null,"var_val_range":{"min":"1","max":"2"},"fid":"F2"},{"file_id":"F2","vid":"V398","name":"vacuna_no","var_intrvl":"discrete","var_dcml":"0","var_wgt":null,"var_is_wgt":null,"loc_start_pos":null,"loc_end_pos":null,"loc_width":null,"loc_rec_seg_no":null,"labl":"INFORMACI\u00d3N DE MIEMBROS DE LA FAMILIA\/Por favor, responda a las preguntas para cada miembro del grupo familiar\/\u00bfPor qu\u00e9 no se ha vacunado?","var_imputation":"INFORMACI\u00d3N DE MIEMBROS DE LA FAMILIA\/Por favor, responda a las preguntas para cada miembro del grupo familiar\/\u00bfPor qu\u00e9 no se ha vacunado?","var_security":"INFORMACI\u00d3N DE MIEMBROS DE LA FAMILIA\/Por favor, responda a las preguntas para cada miembro del grupo familiar\/\u00bfPor qu\u00e9 no se ha vacunado?","var_resp_unit":"INFORMACI\u00d3N DE MIEMBROS DE LA FAMILIA\/Por favor, responda a las preguntas para cada miembro del grupo familiar\/\u00bfPor qu\u00e9 no se ha vacunado?","var_analysis_unit":null,"var_qstn_preqtxt":null,"var_qstn_qstnlit":null,"var_qstn_postqtxt":null,"var_qstn_ivuinstr":null,"var_universe":null,"var_universe_clusion":null,"var_sumstat":[{"value":"0","type":"vald","wgtd":null},{"value":"0","type":"invd","wgtd":null}],"var_txt":null,"var_catgry":[{"value":"1","labl":"No me permitieron vacunarme","is_missing":null,"stats":[]},{"value":"2","labl":"Prefiero vacunarme al llegar a mi destino","is_missing":null,"stats":[]},{"value":"3","labl":"Tengo miedo","is_missing":null,"stats":[]}],"var_codinstr":null,"var_concept":[],"var_format":{"type":"numeric","schema":"other","category":null,"name":null},"var_notes":null,"var_val_range":{"min":"1","max":"3"},"fid":"F2"}],"variable_groups":[]}